{"id":2595,"date":"2018-11-09T18:47:10","date_gmt":"2018-11-09T18:47:10","guid":{"rendered":"http:\/\/v3.dobreszczepionki.pl\/?page_id=2595"},"modified":"2026-05-01T14:21:14","modified_gmt":"2026-05-01T14:21:14","slug":"szczepionki-nieetyczne-i-alternatywne","status":"publish","type":"page","link":"http:\/\/dobreszczepionki.pl\/?page_id=2595","title":{"rendered":"Szczepionki zwi\u0105zane z aborcj\u0105 i alternatywne"},"content":{"rendered":"\n<p><strong>Poni\u017cej zamieszczono informacje o szczepionkach&nbsp;zwi\u0105zanych&nbsp;z aborcj\u0105 stosowanych w ramach realizacji Programu Szczepie\u0144 Ochronnych w Polsce&nbsp;oraz o szczepionkach alternatywnych na \u015bwiecie, a tak\u017ce&nbsp;informacje o szczepionkach przeciw COVID-19 pod k\u0105tem ich zwi\u0105zku z aborcj\u0105.<\/strong><\/p>\n\n\n\n<p class=\"has-text-align-center\">*<\/p>\n\n\n\n<p class=\"has-text-align-center\"><strong>Szczepionki zwi\u0105zane z aborcj\u0105<br><strong>stosowane w ramach realizacji Programu Szczepie\u0144 Ochronnych w Polsce<\/strong><br><strong>i szczepionki alternatywne na <strong><strong>\u015bwiecie<\/strong><br><\/strong><\/strong>31.12.2025<strong><strong><br><\/strong><\/strong>[<a href=\"http:\/\/dobreszczepionki.pl\/wp-content\/uploads\/2026\/01\/4.1._Szczepionki-alternatywne-31-12-2025.pdf\">PDF<\/a>]<\/strong><\/p>\n\n\n<a href=\"http:\/\/dobreszczepionki.pl\/wp-content\/uploads\/2026\/01\/4.1._Szczepionki-alternatywne-31-12-2025.pdf\" class=\"pdfemb-viewer\" style=\"\" data-width=\"max\" data-height=\"max\"  data-toolbar=\"both\" data-toolbar-fixed=\"on\">4.1._Szczepionki-alternatywne-31-12-2025<br\/><\/a>\n\n\n<p><strong>Opis szczepu Wistar RA 27\/3:<\/strong><\/p>\n<ul>\n<li>Szczep wirusa r\u00f3\u017cyczki uzyskany z nerki abortowanej dziewczynki, kt\u00f3rej matka mia\u0142a r\u00f3\u017cyczk\u0119 w czasie ci\u0105\u017cy; nazwany klinicznie <strong>RA 27\/3<\/strong>, gdzie R oznacza \u2013 r\u00f3\u017cyczk\u0119; A \u2013 aborcj\u0119; 27 \u2013 27. p\u0142\u00f3d; 3 \u2013 3. pobranie tkanki; wytworzony w Instytucie Wistar w Filadelfii; hodowany na p\u0142odowych liniach kom\u00f3rkowych <strong>WI-38<\/strong> [w USA] oraz <strong>MRC-5<\/strong> [w UK].<\/li>\n<\/ul>\n<p><strong>Opis hodowli kom\u00f3rkowych WI-38 oraz MRC-5:<\/strong><\/p>\n<ul>\n<li><span dir=\"ltr\" role=\"presentation\">Hodowle diploidalnych fibroblast\u00f3w p\u0142ucnych pochodz\u0105cych z abortowanych p\u0142od\u00f3w ludzkich: \u017ce\u0144skiego [kom\u00f3rki WI-38] oraz m\u0119skiego [kom\u00f3rki MRC-5].<\/span><span dir=\"ltr\" role=\"presentation\"><br><\/span><\/li>\n<\/ul>\n<p><strong>Uwagi:<\/strong><\/p>\n<p><strong>1.<\/strong> W Polsce i w innych krajach Unii Europejskiej nie ma alternatywnych szczepionek:<\/p>\n<ul>\n<li>przeciw odrze, \u015bwince i r\u00f3\u017cyczce [szczepienie obowi\u0105zkowe]<\/li>\n<li>przeciw ospie wietrznej [szczepienie zalecane]<\/li>\n<li>przeciw wirusowemu zapaleniu w\u0105troby typu A [szczepienie zalecane].<\/li>\n<\/ul>\n<p><strong>2.<\/strong> Na \u015bwiecie nie ma alternatywnej szczepionki przeciw ospie wietrznej.<\/p>\n<p><strong>3.<\/strong> Alternatywne szczepionki przeciw r\u00f3\u017cyczce, przeciw odrze i r\u00f3\u017cyczce oraz przeciw wirusowemu zapaleniu w\u0105troby typu A wytwarzane s\u0105 w Japonii. Ponadto alternatywna szczepionka przeciw odrze i r\u00f3\u017cyczce wytwarzana jest w Wietnamie [transfer japo\u0144skiej technologii].<\/p>\n<p>Zobacz:<\/p>\n<ul>\n<li><a href=\"https:\/\/www.kegg.jp\/\">KEGG &#8211; Kyoto Encyclopedia of Genes and Genomes<\/a>.<\/li>\n<li><a href=\"http:\/\/polyvac.com.vn\/\">Center for Research and Production of Vaccines and Biologicals (POLYVAC)<\/a>.<\/li>\n<\/ul>\n<p><strong>4.<\/strong> Alternatywna szczepionka przeciw \u015bwince, \u017cywa \u2013 Mumpsvax by\u0142a kiedy\u015b zarejestrowana w Polsce. Pod koniec 2009 roku firma Merck &amp; Co., Inc. zaprzesta\u0142a produkcji tej monowalentnej szczepionki. Aktualnie szczepionka Mumpsvax jest niedost\u0119pna.<\/p>\n<p>Zobacz:<\/p>\n<ul>\n<li><a href=\"http:\/\/www2.mz.gov.pl\/wwwfiles\/ma_struktura\/docs\/stan_rejestru_na_30.09.2002.xls\">Stan rejestru na 30.09.2002. Lp. 4737 [Mumpsvax]<\/a>, w: [XLS] Dane z systemu INREP XP.<\/li>\n<li><a href=\"https:\/\/rejestrymedyczne.ezdrowie.gov.pl\/rpl\/search\/public\">Rejestr produkt\u00f3w leczniczych<\/a>.<\/li>\n<\/ul>\n\n\n<p class=\"has-text-align-center\">*<\/p>\n\n\n\n<p><strong>Prze\u0142om w produkcji szczepionek<\/strong><\/p>\n\n\n\n<p>Zobacz:<\/p>\n\n\n\n<ul><li>Human Life International &#8211; Polska,&nbsp;<a href=\"https:\/\/www.hli.org.pl\/pl\/news-pl\/4918-wielki-koncern-farmaceutyczny-przestaje-produkowac-szczepionki-przeciwko-polio-na-bazie-linii-komorkowej-od-abortowanego-dziecka\">Wielki koncern farmaceutyczny przestaje produkowa\u0107 szczepionki przeciwko polio na bazie linii kom\u00f3rkowej od abortowanego dziecka<\/a>, hli.org.pl, 09.06.2020.<\/li><\/ul>\n\n\n\n<p class=\"has-text-align-center\">*<\/p>\n\n\n\n<p><strong>Kandydaci na szczepionk\u0119 przeciw COVID-19 i linie kom\u00f3rkowe pochodz\u0105ce z aborcji<\/strong><\/p>\n\n\n\n<p>Zobacz:<\/p>\n\n\n\n<ul><li>Charlotte Lozier Institute, <a href=\"https:\/\/lozierinstitute.org\/wp-content\/uploads\/2020\/12\/CHART-Analysis-of-COVID-19-Vaccines-02June21.pdf\">Analysis of SARS-CoV-2 (COVID-19) vaccine candidates<\/a>, lozierinstitute.org, 06.02.2021.<\/li><li>Charlotte Lozier Institute, <a href=\"http:\/\/lozierinstitute.org\/wp-content\/uploads\/2020\/12\/06.02.21-warp-speed-vaccines-June.pdf\">Analysis of COVID-19 vaccine candidates<\/a>, lozierinstitute.org, 06.02.2021.<\/li><\/ul>\n\n\n\n<p class=\"has-text-align-center\">*<\/p>\n\n\n\n<p><strong>Infograficzny opis tego, jak p\u0142odowe linie kom\u00f3rkowe s\u0105 czasami wykorzystywane do produkcji szczepionek<\/strong><\/p>\n\n\n\n<p>Zobacz:<\/p>\n\n\n\n<ul><li>Charlotte Lozier Institute, <a href=\"https:\/\/lozierinstitute.org\/wp-content\/uploads\/2021\/11\/11.02.20-Fetal-Cell-Line-Fact-Sheet-3.pdf\">COVID vaccines &amp; Fetal cell lines<\/a>, lozierinstitute.org, 11.02.2021.<\/li><\/ul>\n\n\n\n<div class=\"wp-container-1 wp-block-group\"><div class=\"wp-block-group__inner-container\">\n<p class=\"has-text-align-center\">*<\/p>\n<\/div><\/div>\n\n\n\n<p><strong>21.12.2020<\/strong><\/p>\n\n\n\n<p><strong>Komisja Europejska dopu\u015bci\u0142a do obrotu na terytorium Unii Europejskiej szczepionk\u0119 przeciw COVID-19, Comirnaty, firmy Pfizer\/BioNTech<\/strong><\/p>\n\n\n\n<p>Zobacz:<\/p>\n\n\n\n<ul><li><strong><a href=\"https:\/\/www.ema.europa.eu\/pl\/documents\/product-information\/comirnaty-epar-product-information_pl.pdf\">Druki informacyjne<\/a><\/strong>, ema.europa.eu, 14.11.2025.<\/li><\/ul>\n\n\n\n<p class=\"has-text-align-center\">*<\/p>\n\n\n\n<p><strong>Children of God for Life \u2013 \u015bwiatowy lider Pro-Life w Kampanii na rzecz Etycznych Szczepionek, Lek\u00f3w i Produkt\u00f3w Konsumenckich, kt\u00f3ra chroni godno\u015b\u0107 ludzkiego \u017cycia \u2013 o szczepionce przeciw COVID-19 firmy Pfizer-BioNTech<\/strong><\/p>\n\n\n\n<p>Zobacz:<\/p>\n\n\n\n<ul><li><a href=\"https:\/\/cogforlife.org\/guidance\/\"><strong>Pfizer<\/strong><\/a>, cogforlife.org, 8\/2025.<\/li><\/ul>\n\n\n\n<p class=\"has-text-align-center\">*<\/p>\n\n\n\n<p><strong>Szczepionka mRNA przeciw COVID-19, Comirnaty, firmy Pfizer\/BioNTech w cz\u0119\u015bci test\u00f3w laboratoryjnych by\u0142a przygotowywana na bazie kom\u00f3rek HEK293, kt\u00f3re s\u0105 lini\u0105 kom\u00f3rkow\u0105 pierwotnie pochodz\u0105c\u0105 z ludzkich embrionalnych \u017ce\u0144skich kom\u00f3rek nerki<\/strong><\/p>\n\n\n\n<p>Zobacz:<\/p>\n\n\n\n<ul><li>Wyrostkiewicz R., <a href=\"https:\/\/www.radiomaryja.pl\/informacje\/tylko-u-nas-czy-szczepionka-przeciwko-covid-19-ma-zwiazek-z-aborcja-zapytalismy-rzad-i-producenta\/\">[TYLKO U NAS] Czy szczepionka przeciwko COVID-19 ma zwi\u0105zek z aborcj\u0105? Zapytali\u015bmy rz\u0105d i producenta!<\/a>, radiomaryja.pl, 01.01.2021.<\/li><li>Wywiad z bp. Athanasiusem Schneiderem dla Life Site News z 18.12.2020   [<a href=\"https:\/\/www.lifesitenews.com\/blogs\/pro-death-world-powers-wish-to-use-vaccine-mandates-to-force-cooperation-with-abortion\"><strong>tutaj<\/strong><\/a>].<\/li><\/ul>\n\n\n\n<p class=\"has-text-align-center\">*<\/p>\n\n\n\n<p><strong>6.01.2021<\/strong><\/p>\n\n\n\n<p><strong>Komisja Europejska dopu\u015bci\u0142a do obrotu na terytorium Unii Europejskiej szczepionk\u0119 przeciw COVID-19,&nbsp;COVID-19 Vaccine Moderna*, firmy MODERNA BIOTECH SPAIN, S.L.<\/strong><\/p>\n\n\n\n<p><strong>*<\/strong> 23.06.2021 &#8211; zmiana nazwy szczepionki na <strong>Spikevax<\/strong>.<\/p>\n\n\n\n<p>Zobacz:<\/p>\n\n\n\n<ul><li><strong><a href=\"https:\/\/www.ema.europa.eu\/pl\/documents\/product-information\/spikevax-epar-product-information_pl.pdf\">Druki informacyjne<\/a><\/strong>, ema.europa.eu, 20.01.2026<\/li><\/ul>\n\n\n\n<p class=\"has-text-align-center\">*<\/p>\n\n\n\n<p><strong>Children of God for Life \u2013 \u015bwiatowy lider Pro-Life w Kampanii na rzecz Etycznych Szczepionek, Lek\u00f3w i Produkt\u00f3w Konsumenckich, kt\u00f3ra chroni godno\u015b\u0107 ludzkiego \u017cycia \u2013 o szczepionce przeciw COVID-19 firmy Moderna<\/strong><\/p>\n\n\n\n<p>Zobacz:<\/p>\n\n\n\n<ul><li><a href=\"https:\/\/cogforlife.org\/guidance\/\"><strong>Moderna<\/strong><\/a>, cogforlife.org, 8\/2025.<\/li><\/ul>\n\n\n\n<p class=\"has-text-align-center\">*<\/p>\n\n\n\n<p><strong>Kontrola jako\u015bci, testowanie i produkcja s\u0105 r\u00f3wnowa\u017cne etycznie<\/strong><\/p>\n\n\n\n<p>Zobacz:<\/p>\n\n\n\n<ul><li>Trasancos S., <a href=\"https:\/\/cogforlife.org\/2021\/01\/07\/covid-19-vaccine-hek293-testing-and-production-are-ethically-equal\/\">COVID-19 vaccine and HEK293: Testing and production are ethically equal<\/a>, cogforlife.org, 01.07.2021.<\/li><\/ul>\n\n\n\n<p class=\"has-text-align-center\">*<\/p>\n\n\n\n<p><strong>Prof. Andrzej Kocha\u0144ski, lekarz genetyk z Instytutu Medycyny Do\u015bwiadczalnej i Klinicznej PAN, cz\u0142onek Zespo\u0142u Ekspert\u00f3w KEP ds.&nbsp;Bioetycznych, w programie \u201ePolski punkt widzenia\u201d na antenie TV Trwam<\/strong><\/p>\n\n\n\n<p>\u201eBiotechnologia nie potrzebuje linii kom\u00f3rkowych, \u017cadnych, do tego, \u017ceby te szczepionki wytwarza\u0107. Natomiast jest to preparat, kt\u00f3ry by\u0142 badany, bo prowadzono badania r\u00f3wnie\u017c podstawowe nad tym preparatem i w tym przypadku nie r\u00f3\u017cni si\u0119 niczym od innych lek\u00f3w dost\u0119pnych na rynku. Je\u015bli we\u017amiemy pod uwag\u0119 te linie kom\u00f3rkowe \u2013 tutaj chodzi g\u0142\u00f3wnie o lini\u0119 <strong>HEK293<\/strong> i sprawdzimy jej rekord w bazach danych, to zobaczymy, \u017ce <strong>z u\u017cyciem tej linii kom\u00f3rkowej wykonano ponad 60 tys. bada\u0144 i publikacji naukowych<\/strong>. Od psychiatrii po kardiologi\u0119 w\u0142a\u015bciwie nie mamy dziedziny medycyny, gdzie one by nie by\u0142y u\u017cyte\u201d &#8211; powiedzia\u0142 prof. Andrzej Kocha\u0144ski.<\/p>\n\n\n\n<p>Ca\u0142\u0105 audycj\u0119 z 16.01.2021 mo\u017cna ods\u0142ucha\u0107   [<a href=\"https:\/\/www.radiomaryja.pl\/informacje\/tylko-u-nas-prof-a-kochanski-przed-kazdym-szczepieniem-odbywa-sie-konsultacja-z-lekarzem-jest-to-indywidualna-decyzja-osoby-ktora-bedzie-zaszczepiona\/\"><strong>tutaj<\/strong><\/a>].<\/p>\n\n\n\n<p class=\"has-text-align-center\">*<\/p>\n\n\n\n<p><strong>29.01.2021<\/strong><\/p>\n\n\n\n<p><strong>Komisja Europejska dopu\u015bci\u0142a do obrotu na terytorium Unii Europejskiej szczepionk\u0119 przeciw COVID-19,&nbsp;COVID-19 Vaccine AstraZeneca*, firmy AstraZeneca AB<\/strong><\/p>\n\n\n\n<p><strong>*<\/strong> 25.03.2021 &#8211; zmiana nazwy szczepionki na <strong>Vaxzevria**<\/strong>.<\/p>\n\n\n\n<p><strong>**<\/strong> 07.05.2024 &#8211; wycofanie pozwolenia na wprowadzenie szczepionki do obrotu.<\/p>\n\n\n\n<p>Zobacz:<\/p>\n\n\n\n<ul><li><strong><a href=\"https:\/\/www.ema.europa.eu\/pl\/documents\/overview\/vaxzevria-previously-covid-19-vaccine-astrazeneca-epar-medicine-overview_pl.pdf\">Druki informacyjne<\/a><\/strong>, ema.europa.eu, 07.05.2024<\/li><\/ul>\n\n\n\n<p class=\"has-text-align-center\">*<\/p>\n\n\n\n<p><strong>Children of God for Life \u2013 \u015bwiatowy lider Pro-Life w Kampanii na rzecz Etycznych Szczepionek, Lek\u00f3w i Produkt\u00f3w Konsumenckich, kt\u00f3ra chroni godno\u015b\u0107 ludzkiego \u017cycia \u2013 o szczepionce COVID-19 firmy AstraZeneca<\/strong><\/p>\n\n\n\n<p>Zobacz:<\/p>\n\n\n\n<ul><li><a href=\"https:\/\/cogforlife.org\/guidance\/\"><strong>AstraZeneca<\/strong><\/a>, cogforlife.org, 11\/2022.<\/li><\/ul>\n\n\n\n<p class=\"has-text-align-center\">*<\/p>\n\n\n\n<p><strong>Koncern przyzna\u0142, tak\u017ce przed s\u0105dem, \u017ce preparat mo\u017ce powodowa\u0107 zakrzepy<\/strong><\/p>\n\n\n\n<p>Zobacz:<\/p>\n\n\n\n<ul><li>Wr\u00f3bel U., <a href=\"https:\/\/wp.naszdziennik.pl\/2024-05-15\/382188,wycofana-szczepionka.html\">Wycofana szczepionka<\/a>, naszdziennik.pl, 15.05.2024.<\/li><\/ul>\n\n\n\n<p class=\"has-text-align-center\">*<\/p>\n\n\n\n<p><strong>Szczepionka przeciw COVID-19 firmy Johnson &amp; Johnson rodzi moralny sprzeciw. Powsta\u0142a z wykorzystaniem kom\u00f3rek abortowanych dzieci<\/strong><\/p>\n\n\n\n<p>Zobacz:<\/p>\n\n\n\n<ul><li>\u0141ukasz So\u015bniak SJ \u2013 Watykan, <a href=\"https:\/\/www.vaticannews.va\/pl\/kosciol\/news\/2021-03\/biskupi-usa-szczepionka-firmy-johnsonjohnson-budzi-moralne-obawy.html\">Biskupi USA: szczepionka firmy Johnson &amp; Johnson budzi zastrze\u017cenia<\/a>, vaticannews.va, 03.03.2021.<\/li><\/ul>\n\n\n\n<p>Wi\u0119cej:<\/p>\n\n\n\n<ul><li>O\u015bwiadczenie Konferencji Biskup\u00f3w Katolickich Stan\u00f3w Zjednoczonych z 02.03.2021   [<strong><a href=\"https:\/\/www.usccb.org\/news\/2021\/us-bishop-chairmen-doctrine-and-pro-life-address-use-johnson-johnson-covid-19-vaccine\">tutaj<\/a><\/strong>].<\/li><\/ul>\n\n\n\n<p class=\"has-text-align-center\">*<\/p>\n\n\n\n<p><strong>O\u015bwiadczenie CLI w sprawie szczepionki Johnson &amp; Johnson: W procesie produkcji u\u017cyto linii kom\u00f3rkowych pochodz\u0105cych z aborcji<\/strong><\/p>\n\n\n\n<p>Zobacz:<\/p>\n\n\n\n<ul><li><a href=\"https:\/\/lozierinstitute.org\/cli-statement-on-johnson-johnson-vaccine-abortion-derived-cell-lines-used-in-production-process\/\">CLI Statement on Johnson &amp; Johnson Vaccine: Abortion-Derived Cell Lines Used in Production Process<\/a>, lozierinstitute.org, 03.03.2021.<\/li><\/ul>\n\n\n\n<p class=\"has-text-align-center\">*<\/p>\n\n\n\n<p><strong>11.03.2021<\/strong><\/p>\n\n\n\n<p><strong>Komisja Europejska dopu\u015bci\u0142a do obrotu na terytorium Unii Europejskiej szczepionk\u0119 przeciw COVID-19,&nbsp;COVID-19 Vaccine Janssen*, firmy Janssen-Cilag International NV<\/strong><\/p>\n\n\n\n<p><strong>*<\/strong> 28.04.2022 &#8211; zmiana nazwy szczepionki na <strong>Jcovden<\/strong>.<\/p>\n\n\n\n<p>Zobacz:<\/p>\n\n\n\n<ul><li><strong><a href=\"https:\/\/www.ema.europa.eu\/pl\/documents\/product-information\/jcovden-epar-product-information_pl.pdf\">Druki informacyjne<\/a><\/strong>, ema.europa.eu, 09.08.2024.<\/li><\/ul>\n\n\n\n<p class=\"has-text-align-center\">*<\/p>\n\n\n\n<p><strong>Children of God for Life \u2013 \u015bwiatowy lider Pro-Life w Kampanii na rzecz Etycznych Szczepionek, Lek\u00f3w i Produkt\u00f3w Konsumenckich, kt\u00f3ra chroni godno\u015b\u0107 ludzkiego \u017cycia \u2013 o szczepionce przeciw COVID-19 firmy Johnson &amp; Johnson<\/strong><\/p>\n\n\n\n<p>Zobacz:<\/p>\n\n\n\n<ul><li><a href=\"https:\/\/cogforlife.org\/guidance\/\"><strong>Johnson &amp; Johnson<\/strong><\/a>, cogforlife.org, 6\/2023.<\/li><\/ul>\n\n\n\n<p class=\"has-text-align-center\">*<\/p>\n\n\n\n<p class=\"has-text-align-left\"><strong>Szczepionki przeciw&nbsp;COVID-19 i ich zwi\u0105zek z liniami kom\u00f3rkowymi pochodz\u0105cymi z tkanek abortowanych p\u0142od\u00f3w ludzkich<\/strong><\/p>\n\n\n\n<ul><li>Pfizer<\/li><li>Moderna<\/li><li>Johnson &amp; Johnson<\/li><li>AstraZeneca<\/li><li>Sanofi\/GlaxoSmithKline.<\/li><\/ul>\n\n\n\n<p>Zobacz:<\/p>\n\n\n\n<ul><li>Berchelmann K.M., <a href=\"https:\/\/pl.aleteia.org\/2021\/04\/27\/co-katolicy-powinni-wiedziec-o-poszczegolnych-szczepionkach\/\">Co katolicy powinni wiedzie\u0107 o poszczeg\u00f3lnych szczepionkach?<\/a>, pl.aleteia.org, 27.04.2021.<\/li><\/ul>\n\n\n\n<p class=\"has-text-align-center\">*<\/p>\n\n\n\n<p class=\"has-text-align-left\"><strong>Polska zawar\u0142a umowy na zakup szczepionek przeciw COVID-19 z 7 producentami<\/strong><\/p>\n\n\n\n<ul><li>AstraZeneca<\/li><li>Pfizer\/BioNTech<\/li><li>Moderna<\/li><li>Janssen Pharmaceutica NV<\/li><li>CureVac<\/li><li>Novavax<\/li><li>Valneva.<\/li><\/ul>\n\n\n\n<p>Zobacz:<\/p>\n\n\n\n<ul><li><a href=\"https:\/\/orka2.sejm.gov.pl\/INT9.nsf\/klucz\/ATTC3VCSY\/%24FILE\/i17415-o1.pdf\">Odpowied\u017a na interpelacj\u0119 nr 17415 w sprawie etycznego aspektu szczepionek przeciwko COVID-19<\/a>, orka2.sejm.gov.pl, 09.06.2021.<\/li><\/ul>\n\n\n\n<p class=\"has-text-align-center\">*<\/p>\n\n\n\n<p><strong>Wywiad z dr. n. med. Dorot\u0105 \u0141ucj\u0105 Jarczewsk\u0105<\/strong><\/p>\n\n\n\n<p>Zobacz:<\/p>\n\n\n\n<ul><li>Jarczewska D.\u0141., <a href=\"https:\/\/stronazycia.pl\/dostepne-na-rynku-szczepionki-na-koronawirusa-korzystaly-z-aborcji\/\">Wszystkie obecnie dost\u0119pne na rynku szczepionki na koronawirusa korzysta\u0142y z aborcji. Nie tylko one<\/a>, rozmow\u0119 przeprowadzi\u0142a A. Musia\u0142, stronazycia.pl, 06.07.2021.<\/li><\/ul>\n\n\n\n<p class=\"has-text-align-center\">*<\/p>\n\n\n\n<p><strong>Wycofajcie szczepionki ska\u017cone aborcj\u0105!<\/strong><\/p>\n\n\n\n<p>Zobacz:<\/p>\n\n\n\n<ul><li>Rewucka F.,&nbsp;<a href=\"https:\/\/ratujzycie.pl\/wyprodukowane-na-zbrodni\/\">Wyprodukowane na zbrodni<\/a>, ratujzycie.pl, 11.09.2021.<\/li><\/ul>\n\n\n\n<p class=\"has-text-align-center\">*<\/p>\n\n\n\n<p class=\"has-text-align-center\"><strong><strong>Raport o powi\u0105zaniach korporacji farmaceutycznych z aborcj\u0105<\/strong><br>16.09.2021<\/strong><\/p>\n\n\n<div class=\"wp-block-image\">\n<figure class=\"aligncenter size-full is-resized\"><img loading=\"lazy\" src=\"http:\/\/dobreszczepionki.pl\/wp-content\/uploads\/2026\/01\/0.9._abortowane-dzieci.jpg\" alt=\"\" class=\"wp-image-42992\" width=\"414\" height=\"588\"\/><figcaption>Fot via stronazycia.pl<\/figcaption><\/figure><\/div>\n\n\n<p>Zobacz:<\/p>\n\n\n\n<ul><li><a href=\"https:\/\/stronazycia.pl\/stop-aborcji\/raport\/\">stronazycia.pl<\/a>.<\/li><\/ul>\n\n\n\n<p class=\"has-text-align-center\">*<\/p>\n\n\n\n<p><strong>Zwi\u0105zek szczepionki z aborcj\u0105 jest o wiele bardziej realny, ni\u017c wielu ludzi chce wierzy\u0107<\/strong><\/p>\n\n\n\n<p>Zobacz:<\/p>\n\n\n\n<ul><li>LifeSiteNews staff, <a href=\"https:\/\/www.lifesitenews.com\/news\/us-bishop-slams-pfizer-after-emails-show-company-wanted-to-hide-jabs-connection-to-abortion\/\">US bishop slams Pfizer after emails show company wanted to hide jab&#8217;s connection to abortion<\/a>, lifesitenews.com, 10.19.2021.<\/li><\/ul>\n\n\n\n<p class=\"has-text-align-center\">*<\/p>\n\n\n\n<p><strong>Cia\u0142a dzieci zabijanych w \u0142onach mam s\u0105 nadal powszechnie wykorzystywane przez biznes farmaceutyczno-medyczny<\/strong><\/p>\n\n\n\n<p>Zobacz:<\/p>\n\n\n\n<ul><li>Przysi\u0119\u017cniuk-Parys A., <a href=\"https:\/\/wp.naszdziennik.pl\/2021-10-23\/356993,morderstwa-dzieci-na-ogromna-skale.html\">Morderstwa dzieci na ogromn\u0105 skal\u0119<\/a>, naszdziennik.pl, 23-24.10.2021.<\/li><\/ul>\n\n\n\n<p class=\"has-text-align-center\">*<\/p>\n\n\n\n<p><strong>Kulisy powstawania szczepionek z cia\u0142 zabitych dzieci<\/strong><\/p>\n\n\n\n<p>Zobacz:<\/p>\n\n\n\n<ul><li>Blumczy\u0144ska J., Prusak M., <a href=\"http:\/\/dobreszczepionki.pl\/wp-content\/uploads\/2026\/01\/4.3._Blumczynska-J-Prusak-M-Nieetyczne-szczepionki-ND-23-24-10-2021.pdf\">Nieetyczne szczepionki<\/a>, \u201eNasz Dziennik\u201d, 23-24.10.2021.<\/li><\/ul>\n\n\n\n<p class=\"has-text-align-center\">*<\/p>\n\n\n\n<p><strong>Tworzenie i produkcja szczepionek z wykorzystaniem abortowanych dzieci to nie jedyny obszar wsp\u00f3\u0142pracy krwawego biznesu z Big Pfarm\u0105 i nauk\u0105<\/strong><\/p>\n\n\n\n<p>Zobacz:<\/p>\n\n\n\n<ul><li>Rutkowska M., <a href=\"https:\/\/wp.naszdziennik.pl\/2021-10-23\/356996,biznes-za-cene-ludzkiego-zycia.html\">Biznes za cen\u0119 ludzkiego \u017cycia<\/a>, naszdziennik.pl, 23-24.10.2021.<\/li><\/ul>\n\n\n\n<p class=\"has-text-align-center\">*<\/p>\n\n\n\n<p><strong>Fran\u00e7ois Rabelais: \u201eNauka bez sumienia jest \u015bmierci\u0105 duszy\u201d<\/strong><\/p>\n\n\n\n<p>Zobacz:<\/p>\n\n\n\n<ul><li>Grysa B., <a href=\"https:\/\/milujciesie.pl\/aborcja-dla-biznesu-porzucajac-boga-dla-dobra-nauki.html\">Aborcja dla biznesu \u2013 porzucaj\u0105c Boga dla \u201edobra nauki\u201d<\/a>, milujciesie.pl, 27.10.2021.<\/li><\/ul>\n\n\n\n<p class=\"has-text-align-center\">*<\/p>\n\n\n\n<p><strong>20.12.2021<\/strong><\/p>\n\n\n\n<p><strong>Komisja Europejska dopu\u015bci\u0142a do obrotu na terytorium Unii Europejskiej szczepionk\u0119 przeciw COVID-19,&nbsp;Nuvaxovid, firmy Novavax CZ a.s.<\/strong><\/p>\n\n\n\n<p>Zobacz:<\/p>\n\n\n\n<ul><li><strong><a href=\"https:\/\/www.ema.europa.eu\/pl\/documents\/product-information\/nuvaxovid-epar-product-information_pl.pdf\">Druki informacyjne<\/a><\/strong>, ema.europa.eu, 22.01.2026.<\/li><\/ul>\n\n\n\n<p class=\"has-text-align-center\">*<\/p>\n\n\n\n<p><strong>Children of God for Life \u2013 \u015bwiatowy lider Pro-Life w Kampanii na rzecz Etycznych Szczepionek, Lek\u00f3w i Produkt\u00f3w Konsumenckich, kt\u00f3ra chroni godno\u015b\u0107 ludzkiego \u017cycia \u2013 o szczepionce przeciw COVID-19 firmy Novavax<\/strong><\/p>\n\n\n\n<p>Zobacz:<\/p>\n\n\n\n<ul><li><strong><a href=\"https:\/\/cogforlife.org\/guidance\/\">Novavax<\/a><\/strong>, cogforlife.org, 10\/2025.<\/li><\/ul>\n\n\n\n<p class=\"has-text-align-center\">*<\/p>\n\n\n\n<p class=\"has-text-align-left\"><strong>Z raportu&nbsp;Instytutu Ordo Iuris o zdrowotnych aspektach ogranicze\u0144 covidowych<\/strong><\/p>\n\n\n\n<p class=\"has-text-align-left\">Dr nauk med. Dorota \u0141ucja Jarczewska<\/p>\n\n\n\n<p class=\"has-text-align-left\">Linie p\u0142odowe i ich zwi\u0105zek ze szczepieniami przeciwko COVID-19 &#8211; aspekty etyczne<\/p>\n\n\n\n<ul><li>Szczepienia na COVID-19 i ich powi\u0105zania z liniami p\u0142odowymi&nbsp;&nbsp; [<strong><a href=\"https:\/\/ordoiuris.pl\/sites\/default\/files\/inline-files\/Raport_OI_Raport_OI_COVID_cz2_aspekty_zdrowotne_0.pdf\">125-126<\/a><\/strong>]<\/li><li>Czym s\u0105 linie p\u0142odowe&nbsp;&nbsp; [<strong><a href=\"https:\/\/ordoiuris.pl\/sites\/default\/files\/inline-files\/Raport_OI_Raport_OI_COVID_cz2_aspekty_zdrowotne_0.pdf\">126-127<\/a><\/strong>]<\/li><li>Linie p\u0142odowe ludzkie &#8211; przegl\u0105d&nbsp;&nbsp; [<strong><a href=\"https:\/\/ordoiuris.pl\/sites\/default\/files\/inline-files\/Raport_OI_Raport_OI_COVID_cz2_aspekty_zdrowotne_0.pdf\">127-129<\/a><\/strong>]<\/li><li>Mity kr\u0105\u017c\u0105ce wok\u00f3\u0142 tematu linii p\u0142odowych&nbsp;&nbsp; [<strong><a href=\"https:\/\/ordoiuris.pl\/sites\/default\/files\/inline-files\/Raport_OI_Raport_OI_COVID_cz2_aspekty_zdrowotne_0.pdf\">130-131<\/a><\/strong>]<\/li><li>Zwi\u0105zek historycznych aborcji z dzisiejszym biznesem farmaceutycznym&nbsp;&nbsp; [<strong><a href=\"https:\/\/ordoiuris.pl\/sites\/default\/files\/inline-files\/Raport_OI_Raport_OI_COVID_cz2_aspekty_zdrowotne_0.pdf\">131-132<\/a><\/strong>]<\/li><li>Problem szczepie\u0144 na COVID-19 a powi\u0105zania z liniami p\u0142odowymi &#8211; sytuacja w innych krajach \u015bwiata&nbsp;&nbsp; [<strong><a href=\"https:\/\/ordoiuris.pl\/sites\/default\/files\/inline-files\/Raport_OI_Raport_OI_COVID_cz2_aspekty_zdrowotne_0.pdf\">132-133<\/a><\/strong>]<\/li><li>Szczepienia przeciw COVID-19 jako problem etyczny &#8211; wnioski i przes\u0142anki do dalszych dzia\u0142a\u0144&nbsp;&nbsp; [<a href=\"https:\/\/ordoiuris.pl\/sites\/default\/files\/inline-files\/Raport_OI_Raport_OI_COVID_cz2_aspekty_zdrowotne_0.pdf\"><strong>133-134<\/strong>]<\/a>.<\/li><\/ul>\n\n\n\n<p>Zobacz:<\/p>\n\n\n\n<ul><li>Jarczewska D.\u0141. Linie p\u0142odowe i ich zwi\u0105zek ze szczepieniami przeciwko COVID-19 &#8211; aspekty etyczne, w: <a href=\"https:\/\/ordoiuris.pl\/sites\/default\/files\/inline-files\/Raport_OI_Raport_OI_COVID_cz2_aspekty_zdrowotne_0.pdf\">Ograniczenia praw i wolno\u015bci wprowadzone w Polsce w zwi\u0105zku z epidemi\u0105 COVID-19. Cz\u0119\u015b\u0107 druga \u2013 aspekty zdrowotne<\/a>, red. nauk. \u0141. Bernaci\u0144ski, J. Kwa\u015bniewski, Instytut na rzecz Kultury Prawnej Ordo Iuris, Warszawa 2021, 125-134, ordoiuris.pl, 12.01.2022.<\/li><\/ul>\n\n\n\n<p class=\"has-text-align-center\">*<\/p>\n\n\n\n<p><strong>24.06.2022<\/strong><\/p>\n\n\n\n<p><strong>Komisja Europejska dopu\u015bci\u0142a do obrotu na terytorium Unii Europejskiej szczepionk\u0119 przeciw COVID-19, Covid-19 Vaccine (inactivated, adjuvanted) Valneva, firmy Valneva Austria GmbH<\/strong><\/p>\n\n\n\n<p>Zobacz:<\/p>\n\n\n\n<ul><li><strong><a href=\"https:\/\/www.ema.europa.eu\/pl\/documents\/product-information\/covid-19-vaccine-inactivated-adjuvanted-valneva-epar-product-information_pl.pdf\">Druki informacyjne<\/a><\/strong>, ema.europa.eu, 01.12.2023.<\/li><\/ul>\n\n\n\n<p class=\"has-text-align-center\">*<\/p>\n\n\n\n<p><strong>10.11.2022<\/strong><\/p>\n\n\n\n<p><strong>Komisja Europejska dopu\u015bci\u0142a do obrotu na terytorium Unii Europejskiej szczepionk\u0119 przeciw COVID-19, VidPrevtyn Beta, firmy Sanofi Pasteur<\/strong><\/p>\n\n\n\n<p>Zobacz:<\/p>\n\n\n\n<ul><li><strong><a href=\"https:\/\/www.ema.europa.eu\/pl\/documents\/product-information\/vidprevtyn-beta-epar-product-information_pl.pdf\">Druki informacyjne<\/a><\/strong>, ema.europa.eu, 20.03.2024.<\/li><\/ul>\n\n\n\n<p class=\"has-text-align-center\">*<\/p>\n\n\n\n<p class=\"has-text-align-center\"><strong><a href=\"https:\/\/www.gov.pl\/web\/zdrowie\/petycja-z-13-grudnia-2022-r-w-sprawie-zakupu-i-dystrybucji-szczepionki-valneva\">Petycja do Ministra Zdrowia<br>w sprawie zakupu i dystrybucji szczepionki przeciw COVID-19 firmy Valneva<\/a><br>13.12.2022<br>[gov.pl]<\/strong><\/p>\n\n\n\n<p class=\"has-text-align-center\">*<\/p>\n\n\n\n<p class=\"has-text-align-center\"><strong><a href=\"https:\/\/www.gov.pl\/web\/zdrowie\/petycja-z-13-grudnia-2022-r-w-sprawie-zakupu-i-dystrybucji-szczepionki-valneva\"><strong>Odpowied\u017a<\/strong> <strong>Podsekretarza Stanu w Ministerstwie Zdrowia<\/strong><br>na petycj\u0119 w sprawie zakupu i dystrybucji szczepionki przeciw COVID-19 firmy Valneva<\/a><br>19.01.2023<br>[gov.pl]<\/strong><\/p>\n\n\n\n<p class=\"has-text-align-center\">*<\/p>\n\n\n\n<p><strong>30.03.2023<\/strong><\/p>\n\n\n\n<p><strong>Komisja Europejska dopu\u015bci\u0142a do obrotu na terytorium Unii Europejskiej szczepionk\u0119 przeciw<\/strong> <strong>COVID-19, Bimervax, firmy Hipra Human Health S.L.U.<\/strong><\/p>\n\n\n\n<p>Zobacz:<\/p>\n\n\n\n<ul><li><strong><a href=\"https:\/\/www.ema.europa.eu\/pl\/documents\/product-information\/bimervax-epar-product-information_pl.pdf\">Druki informacyjne<\/a><\/strong>, ema.europa.eu, 21.10.2025.<\/li><\/ul>\n\n\n\n<p class=\"has-text-align-center\">*<\/p>\n\n\n\n<p><strong>Nieko\u0144cz\u0105ca si\u0119 historia stosowania szczepionek pochodz\u0105cych&nbsp;z abortowanych p\u0142od\u00f3w ludzkich<\/strong><\/p>\n\n\n\n<p>Zobacz:<\/p>\n\n\n\n<ul><li>Bal\u00e1k R., <a href=\"https:\/\/ojs.tnkul.pl\/index.php\/rt\/article\/view\/9098\">Neverending history of the use of vaccines derived from aborted infants. P. 1, Critique of teleological proportionalism and consequentialism from the perspective of moral theology<\/a>, <span class=\"name\">\u201e<\/span>Roczniki Teologiczne\u201d [2017] vol. 64, no 3, 93-110, ojs.tnkul.pl, 16.12.2019.<\/li><li>Bal\u00e1k R., <a href=\"https:\/\/ojs.tnkul.pl\/index.php\/rt\/article\/view\/9285\">Neverending history of the use of vaccines derived from aborted infants. P. 2, Moral evaluation in the light of the principle of double effect and Encyclicals Veritatis splendor and Evangelium vitae<\/a>, <span class=\"name\">\u201e<\/span>Roczniki Teologiczne\u201d [2018] vol. 65, no 3, 101-116, ojs.tnkul.pl, 20.01.2020.<\/li><\/ul>\n\n\n\n<p class=\"has-text-align-center\">*<\/p>\n\n\n\n<p><strong>Zobacz:<\/strong><\/p>\n\n\n\n<ul><li><strong><a href=\"http:\/\/dobreszczepionki.pl\/?page_id=28776\">Literatura o szczepionkach<\/a>.<\/strong><\/li><\/ul>\n\n\n\n<p class=\"has-text-align-right\"><strong>Aktualizacja: 01.05.2026<\/strong><\/p>\n","protected":false},"excerpt":{"rendered":"<p>Poni\u017cej zamieszczono informacje o szczepionkach&nbsp;zwi\u0105zanych&nbsp;z aborcj\u0105 stosowanych w ramach realizacji Programu Szczepie\u0144 Ochronnych w Polsce&nbsp;oraz o szczepionkach alternatywnych na \u015bwiecie, a tak\u017ce&nbsp;informacje o szczepionkach przeciw COVID-19 pod k\u0105tem ich zwi\u0105zku z aborcj\u0105. * Szczepionki zwi\u0105zane z aborcj\u0105stosowane w ramach realizacji Programu Szczepie\u0144 Ochronnych w Polscei szczepionki alternatywne na \u015bwiecie31.12.2025[PDF] Opis szczepu Wistar RA 27\/3: Szczep <a href=\"http:\/\/dobreszczepionki.pl\/?page_id=2595\">Read More<\/a><\/p>\n","protected":false},"author":3,"featured_media":0,"parent":0,"menu_order":4,"comment_status":"closed","ping_status":"closed","template":"","meta":[],"_links":{"self":[{"href":"http:\/\/dobreszczepionki.pl\/index.php?rest_route=\/wp\/v2\/pages\/2595"}],"collection":[{"href":"http:\/\/dobreszczepionki.pl\/index.php?rest_route=\/wp\/v2\/pages"}],"about":[{"href":"http:\/\/dobreszczepionki.pl\/index.php?rest_route=\/wp\/v2\/types\/page"}],"author":[{"embeddable":true,"href":"http:\/\/dobreszczepionki.pl\/index.php?rest_route=\/wp\/v2\/users\/3"}],"replies":[{"embeddable":true,"href":"http:\/\/dobreszczepionki.pl\/index.php?rest_route=%2Fwp%2Fv2%2Fcomments&post=2595"}],"version-history":[{"count":3074,"href":"http:\/\/dobreszczepionki.pl\/index.php?rest_route=\/wp\/v2\/pages\/2595\/revisions"}],"predecessor-version":[{"id":43935,"href":"http:\/\/dobreszczepionki.pl\/index.php?rest_route=\/wp\/v2\/pages\/2595\/revisions\/43935"}],"wp:attachment":[{"href":"http:\/\/dobreszczepionki.pl\/index.php?rest_route=%2Fwp%2Fv2%2Fmedia&parent=2595"}],"curies":[{"name":"wp","href":"https:\/\/api.w.org\/{rel}","templated":true}]}}