{"id":7130,"date":"2020-11-11T19:55:05","date_gmt":"2020-11-11T19:55:05","guid":{"rendered":"http:\/\/dobreszczepionki.pl\/?page_id=7130"},"modified":"2026-04-14T18:53:29","modified_gmt":"2026-04-14T18:53:29","slug":"w-obronie-zycia","status":"publish","type":"page","link":"http:\/\/dobreszczepionki.pl\/?page_id=7130","title":{"rendered":"W obronie \u017cycia"},"content":{"rendered":"\n<p class=\"has-text-align-right\"><strong>\u201eNic i nikt nie mo\u017ce da\u0107 prawa do zabicia niewinnej istoty ludzkiej, czy to jest embrion czy p\u0142\u00f3d, dziecko czy doros\u0142y, cz\u0142owiek stary, nieuleczalnie chory czy umieraj\u0105cy\u201d<\/strong><\/p>\n\n\n\n<p class=\"has-text-align-right\">Jan Pawe\u0142 II, \u201eEvangelium vitae\u201d 57<\/p>\n\n\n\n<p class=\"has-text-align-center\">*<\/p>\n\n\n\n<p><strong>Historia legalizacji aborcji w Europie i w Polsce oraz ofiary ludob\u00f3jstwa XX i XXI wieku<\/strong><\/p>\n\n\n\n<p>Zobacz:<\/p>\n\n\n\n<ul><li>Ulotki pro-life.pl   [<a href=\"https:\/\/archiwalna.pro-life.pl\/wp-content\/uploads\/2014\/01\/Ulotka.a4-Historia.i.ofiary.ludobojstwa.pdf\"><strong>tutaj<\/strong><\/a>].<\/li><\/ul>\n\n\n\n<p class=\"has-text-align-center\">*<\/p>\n\n\n\n<p class=\"has-text-align-center\"><strong>\u201eKr\u00f3lowo Polski, przyrzekamy!\u201d<\/strong><\/p>\n\n\n<a href=\"http:\/\/dobreszczepionki.pl\/wp-content\/uploads\/2026\/01\/9.1._Z-Jasnogorskich-Slubow-Narodu-Polskiego-26-08-1956.pdf\" class=\"pdfemb-viewer\" style=\"\" data-width=\"max\" data-height=\"max\"  data-toolbar=\"both\" data-toolbar-fixed=\"on\">9.1._Z-Jasnogorskich-Slubow-Narodu-Polskiego-26-08-1956<br\/><\/a>\n\n\n\n<p class=\"has-text-align-center\">*<\/p>\n\n\n\n<p><strong>\u015aw. Jan Pawe\u0142 II:<\/strong><\/p>\n\n\n\n<p>\u201eStosunek do daru \u017cycia jest wyk\u0142adnikiem i podstawowym sprawdzianem autentycznej religijno\u015bci i moralno\u015bci\u201d.<\/p>\n\n\n\n<p class=\"has-text-align-right\">Jasna G\u00f3ra, 19.06.1983<\/p>\n\n\n\n<p class=\"has-text-align-center\">*<\/p>\n\n\n\n<p><strong>Dla farmaceuty katolickiego nauczanie Ko\u015bcio\u0142a o poszanowaniu \u017cycia i godno\u015bci osoby<br>ludzkiej od momentu pocz\u0119cia a\u017c do jego ko\u0144ca jest wi\u0105\u017c\u0105ce etycznie i moralnie<\/strong><\/p>\n\n\n\n<p>Zobacz:<\/p>\n\n\n\n<ul><li>Jan Pawe\u0142 II, Przem\u00f3wienie do Mi\u0119dzynarodowej Federacji Farmaceut\u00f3w Katolickich, 03.11.1990, t\u0142um. M. Prusak   [<strong><a href=\"http:\/\/teologiamoralna.pl\/wp-content\/uploads\/2012\/05\/JP-II-1990.pdf\">tutaj<\/a><\/strong>].<\/li><\/ul>\n\n\n\n<p class=\"has-text-align-center\">*<\/p>\n\n\n<a href=\"http:\/\/dobreszczepionki.pl\/wp-content\/uploads\/2026\/01\/9.2._Skrzetnie-przemilczany-efekt-2003.pdf\" class=\"pdfemb-viewer\" style=\"\" data-width=\"max\" data-height=\"max\"  data-toolbar=\"both\" data-toolbar-fixed=\"on\">9.2._Skrzetnie-przemilczany-efekt-2003<br\/><\/a>\n\n\n\n<p class=\"has-text-align-center\">*<\/p>\n\n\n\n<p><strong>Warto przeczyta\u0107!<\/strong><\/p>\n\n\n\n<ul><li>Bezdro\u017ca antykoncepcji, pod red. A.J. Katalo, Lublin: Wydawnictwo Archidiecezji Lubelskiej Gaudium, 2001.<\/li><li>Szkodliwo\u015b\u0107 doustnej antykoncepcji hormonalnej, pr. zb. pod red. D.\u0141. Jarczewskiej, Warszawa: MediPage, 2015.<\/li><\/ul>\n\n\n\n<p class=\"has-text-align-center\">*<\/p>\n\n\n<a href=\"http:\/\/dobreszczepionki.pl\/wp-content\/uploads\/2026\/01\/9.3._Z-przysiegi-Hipokratesa-1892.pdf\" class=\"pdfemb-viewer\" style=\"\" data-width=\"max\" data-height=\"max\"  data-toolbar=\"both\" data-toolbar-fixed=\"on\">9.3._Z-przysiegi-Hipokratesa-1892<br\/><\/a>\n\n\n\n<p class=\"has-text-align-center\">*<\/p>\n\n\n\n<p class=\"has-text-align-left\"><strong>\u201eUpomn\u0119 si\u0119 te\u017c u&nbsp;cz\u0142owieka o&nbsp;\u017cycie cz\u0142owieka i&nbsp;u ka\u017cdego \u2013 o&nbsp;\u017cycie brata\u201d<\/strong> (Rdz 9, 5)<\/p>\n\n\n\n<p>Zobacz:<\/p>\n\n\n\n<ul><li>Dokument przyj\u0119ty na 361. Zebraniu Plenarnym Konferencji Episkopatu Polski. <a href=\"https:\/\/episkopat.pl\/doc\/167885.o-wyzwaniach-bioetycznych-przed-ktorymi-stoi-wspolczesny-czlowiek\">O wyzwaniach bioetycznych, przed kt\u00f3rymi stoi wsp\u00f3\u0142czesny cz\u0142owiek<\/a>, Warszawa, 05.03.2013, episkopat.pl, 05.03.2013.<\/li><\/ul>\n\n\n\n<p class=\"has-text-align-center\">*<\/p>\n\n\n\n<p class=\"has-text-align-center\"><strong><a href=\"https:\/\/episkopat.pl\/doc\/168621.stanowisko-zespolu-ekspertow-ds-bioetycznych-konferencji-episkopatu-polski-w-sprawie-dopuszczenia-do-swobodnego-obrotu-handlowego-pigulki-postkoitalnej\">Stanowisko Zespo\u0142u Ekspert\u00f3w ds. Bioetycznych Konferencji Episkopatu Polski <\/a><br><a href=\"https:\/\/episkopat.pl\/doc\/168621.stanowisko-zespolu-ekspertow-ds-bioetycznych-konferencji-episkopatu-polski-w-sprawie-dopuszczenia-do-swobodnego-obrotu-handlowego-pigulki-postkoitalnej\">w sprawie dopuszczenia do swobodnego obrotu handlowego pigu\u0142ki&nbsp; postkoitalnej<\/a><br>16.01.2015<br>[episkopat.pl]<\/strong><\/p>\n\n\n\n<p class=\"has-text-align-center\">*<\/p>\n\n\n\n<p><strong>Czy z in vitro trzeba si\u0119 spowiada\u0107?<\/strong><\/p>\n\n\n\n<p>Zobacz:<\/p>\n\n\n\n<ul><li>Olczyk A., <a href=\"https:\/\/www.niedziela.pl\/artykul\/117567\/nd\/In-vitro-w-konfesjonale\">In vitro w konfesjonale<\/a>, niedziela.pl, 23.03.2015.<\/li><\/ul>\n\n\n\n<p><strong>Ks. dr hab. Arkadiusz Olczyk<\/strong> [13.07.1966-01.10.2018] &#8211; teolog moralista, bioetyk, nauczyciel akademicki.<\/p>\n\n\n\n<p class=\"has-text-align-center\">*<\/p>\n\n\n\n<p class=\"has-text-align-center\"><strong><a href=\"https:\/\/episkopat.pl\/doc\/169556.oswiadczenie-zespolu-ekspertow-ds-bioetycznych-konferencji-episkopatu-polski-w-sprawie-uchwalenia-dnia-25-czerwca-2015-roku-przez-sejm-rzeczypospolitej-polskiej-ustawy-o-leczeniu-nieplodnosci\">O\u015bwiadczenie Zespo\u0142u Ekspert\u00f3w KEP ds. Bioetycznych<br>w sprawie uchwalenia dnia 25 czerwca 2015 roku przez Sejm Rzeczypospolitej Polskiej<br>ustawy o leczeniu niep\u0142odno\u015bci<\/a><br>26.06.2015<br>[episkopat.pl]<\/strong><\/p>\n\n\n\n<p class=\"has-text-align-center\">*<\/p>\n\n\n\n<p class=\"has-text-align-center\"><strong><a href=\"https:\/\/episkopat.pl\/doc\/169634.list-przewodniczacego-kep-do-prezydenta-rp-2\">List Przewodnicz\u0105cego Konferencji Episkopatu Polski do Prezydenta RP<\/a><br>17.07.2015<br><strong>[episkopat.pl]<\/strong><\/strong><\/p>\n\n\n\n<p class=\"has-text-align-center\">*<\/p>\n\n\n\n<p class=\"has-text-align-left\"><strong>Wypowied\u017a ks. prof. dr. hab. Paw\u0142a Bortkiewicza<\/strong> <strong>po podpisaniu przez prezydenta Bronis\u0142awa Komorowskiego barbarzy\u0144skiej ustawy o in vitro<\/strong><\/p>\n\n\n\n<p>Zobacz:<\/p>\n\n\n\n<ul><li>Radio Maryja,&nbsp;<a href=\"https:\/\/www.radiomaryja.pl\/informacje\/ks-prof-bortkiewicz-ustawe-nalezalo-odrzucic-bo-jest-zla\/\">Ks. prof. Bortkiewicz: Ustaw\u0119 nale\u017ca\u0142o odrzuci\u0107, bo jest z\u0142a<\/a>, radiomaryja.pl, 23.07.2015.<\/li><\/ul>\n\n\n\n<p class=\"has-text-align-center\">*<\/p>\n\n\n\n<p class=\"has-text-align-center\"><strong>Stanowisko Zespo\u0142u Ekspert\u00f3w KEP ds. Bioetycznych<br><a href=\"https:\/\/episkopat.pl\/doc\/171987.stanowisko-zespolu-ds-bioetyki-kep-genom-czlowieka-dziedzictwo-i-zobowiazanie\">Genom cz\u0142owieka \u2013 dziedzictwo i zobowi\u0105zanie<\/a><br>4.03.2016<br>[episkopat.pl]<\/strong><\/p>\n\n\n\n<p class=\"has-text-align-center\">*<\/p>\n\n\n\n<p class=\"has-text-align-left\"><strong>Wobec in vitro. Podr\u0119cznik bioetyczny pod patronatem abp. Henryka Franciszka Hosera SAC<\/strong><\/p>\n\n\n\n<p>Zobacz:<\/p>\n\n\n\n<ul><li><a href=\"https:\/\/episkopat.pl\/wp-content\/uploads\/2017\/12\/wobec-in-vitro-str-1-15.pdf\">Wobec in vitro. Genetyczne, moralne, filozoficzne, teologiczne i prawne aspekty zap\u0142odnienia pozaustrojowego<\/a>, red. J. Grzybowski, F. Longchamps de B\u00e9rier, Kielce 2017.<\/li><\/ul>\n\n\n\n<p class=\"has-text-align-center\">*<\/p>\n\n\n\n<p><strong>Kara \u015bmierci jest niedopuszczalna<\/strong><\/p>\n\n\n\n<p>Zobacz:<\/p>\n\n\n\n<ul><li>Beata Zaj\u0105czkowska \u2013 Watykan, <a href=\"https:\/\/www.vaticannews.va\/pl\/papiez\/news\/2018-08\/reskrypt-karze-smierci-kongregacja-nauki-wiary-katechizm.html\">Papie\u017c Franciszek zmieni\u0142 paragraf Katechizmu na temat kary \u015bmierci<\/a>, vaticannews.va, 02.08.2018.<\/li><\/ul>\n\n\n\n<p class=\"has-text-align-center\">*<\/p>\n\n\n\n<p class=\"has-text-align-center\"><strong><a href=\"https:\/\/episkopat.pl\/doc\/183069.zespol-ds-bioetycznych-episkopatu-nt-tworzenia-hybryd-ludzko-zwierzecych-biomedycyna-nie-musi-korzystac-z-metod-ryzykownych-i-moralnie-watpliwych-2\">Stanowisko Zespo\u0142u Ekspert\u00f3w KEP ds. Bioetycznych<br>w sprawie tworzenia hybryd ludzko-zwierz\u0119cych<\/a><br>28.10.2019<br>[episkopat.pl]<\/strong><\/p>\n\n\n\n<p class=\"has-text-align-center\">*<\/p>\n\n\n\n<p><strong>Mi\u0142osierny Samarytanin<\/strong><\/p>\n\n\n\n<p>Zobacz;<\/p>\n\n\n\n<ul><li>Kongregacja Nauki Wiary, <a href=\"https:\/\/www.vatican.va\/roman_curia\/congregations\/cfaith\/documents\/rc_con_cfaith_doc_20200714_samaritanus-bonus_pl.html\">List o opiece nad osobami w krytycznych i ko\u0144cowych fazach \u017cycia Samaritanus bonus<\/a>, Rzym, 14.07.2020, vatican.va, 14.07.2020.<\/li><\/ul>\n\n\n\n<p class=\"has-text-align-center\">*<\/p>\n\n\n\n<p class=\"has-text-align-center\"><strong>Kompendium pastoralne<br>o rodzinnym pogrzebie dziecka martwo urodzonego<br>i towarzyszeniu w \u017ca\u0142obie osieroconej rodzinie<\/strong><\/p>\n\n\n<div class=\"wp-block-image\">\n<figure class=\"aligncenter size-full is-resized\"><img loading=\"lazy\" src=\"http:\/\/dobreszczepionki.pl\/wp-content\/uploads\/2026\/01\/0.7._kompedium-pastoralne.jpg\" alt=\"\" class=\"wp-image-42990\" width=\"622\" height=\"416\"\/><figcaption>Fot. via episkopat.pl<\/figcaption><\/figure><\/div>\n\n\n<p>Zobacz:<\/p>\n\n\n\n<ul><li>Rada ds. Rodziny Konferencji Episkopatu Polski, Polskie Stowarzyszenie Obro\u0144c\u00f3w \u017bycia Cz\u0142owieka,&nbsp;<a href=\"https:\/\/kodr.pl\/wp-content\/uploads\/2023\/03\/E-Book-Kompendium-pastoralne-2022_.pdf\">Kompendium pastoralne o rodzinnym pogrzebie dziecka martwo urodzonego i towarzyszeniu w \u017ca\u0142obie osieroconej rodzinie<\/a>, Krak\u00f3w \u2013 Warszawa 2020.<\/li><\/ul>\n\n\n\n<p>Zobacz tak\u017ce:<\/p>\n\n\n\n<ul><li>Mi\u0119dzynarodowa Komisja Teologiczna,&nbsp;<a href=\"https:\/\/www.vatican.va\/roman_curia\/congregations\/cfaith\/cti_documents\/rc_con_cfaith_doc_20070419_un-baptised-infants_pl.pdf\">Nadzieja zbawienia dla dzieci, kt\u00f3re umieraj\u0105 bez chrztu<\/a>, 19.01.2007, t\u0142um J. Kr\u00f3likowski, Pallotinum 2008.<\/li><li><a href=\"http:\/\/bc.upjp2.edu.pl\/Content\/1755\/dziedzic_od_bolu_po_stracie_dziecka.pdf\">Od b\u00f3lu po stracie do nadziei \u017cycia. Pogrzeb dziecka poronionego<\/a>, red. J. Dziedzic, P. Guzdek, Krak\u00f3w 2013, bc.upjp2.edu.pl, [b.d.].<\/li><li>Guzdek P.,&nbsp;<a href=\"http:\/\/bc.upjp2.edu.pl\/Content\/5066\/Pastoralne%20aspekty%20p.%20Guzdek%20rep.pdf\">Pastoralne aspekty rodzinnego pogrzebu dziecka zmar\u0142ego na skutek poronienia klinicznego<\/a>, w: Rodzina w spo\u0142ecze\u0144stwie \u2013 relacje i wyzwania, red. E. Osewska, J. Stala, Krak\u00f3w 2019, s. 359\u2013426.<\/li><li>Kubacka A., Modrzewska J.,&nbsp;<a href=\"https:\/\/www.niedziela.pl\/download\/dokumenty\/Poradnik_prawny_dzieci_utracone.pdf\">Poradnik prawny dla os\u00f3b chc\u0105cych pochowa\u0107&nbsp;dziecko zmar\u0142e przed narodzeniem<\/a>, Warszawa: Instytut na rzecz Kultury Prawnej Ordo Iuris, 2021.<\/li><li>Bochenek M.,&nbsp;<a href=\"https:\/\/naszdziennik.pl\/polska-kraj\/258923,obowiazek-i-powinnosc.html\">Obowi\u0105zek i powinno\u015b\u0107<\/a>, naszdziennik.pl, 17.07.2022.<\/li><li>Radio Maryja,&nbsp;<a href=\"https:\/\/www.radiomaryja.pl\/informacje\/tylko-u-nas-p-guzdek-tak-jak-dla-dzieci-zywo-urodzonych-szykujemy-kolyske-tak-dla-zmarlego-przed-narodzeniem-trzeba-przygotowac-rodzinna-mogile-ktora-stanie-sie-dla-niego-kolyska-do-snu-wieczneg\/\">[TYLKO U NAS] P. Guzdek: Tak jak dla dzieci \u017cywo urodzonych szykujemy ko\u0142ysk\u0119, tak dla zmar\u0142ego przed narodzeniem trzeba przygotowa\u0107 rodzinn\u0105 mogi\u0142\u0119, kt\u00f3r stanie si\u0119 dla niego ko\u0142ysk\u0105 do snu wiecznego<\/a>, radiomaryja.pl, 24.07.2022.<\/li><li><a href=\"https:\/\/iws.gov.pl\/prawa-dziecka-zmarlego-przed-urodzeniem-publikacja\/\">Status prawny dziecka martwo urodzonego<\/a>, red. nauk. P. Sobczyk, Warszawa: Wydawnictwo Instytutu Wymiaru Sprawiedliwo\u015bci, 2024.<\/li><li>Family News Service, <a href=\"https:\/\/ewtn.pl\/aktualnosci\/family-news-service\/polska-upraszcza-dostep-do-swiadczen-po-poronieniu-nowe-przepisy-wejda-w-zycie-w-sierpniu\/\">Polska upraszcza dost\u0119p do \u015bwiadcze\u0144 po poronieniu. Nowe przepisy wejd\u0105 w \u017cycie w sierpniu<\/a>, ewtn.pl, 24.07.2025.<\/li><\/ul>\n\n\n\n<p class=\"has-text-align-center\">*<\/p>\n\n\n\n<p class=\"has-text-align-center\"><strong><a href=\"https:\/\/trybunal.gov.pl\/postepowanie-i-orzeczenia\/wyroki\/art\/11300-planowanie-rodziny-ochrona-plodu-ludzkiego-i-warunki-dopuszczalnosci-przerywania-ciazy\">Wyrok<br>Trybuna\u0142u Konstytucyjnego z 22.10.2020 sygn. akt K 1\/20<br><\/a>[trybunal.gov.pl]<\/strong><\/p>\n\n\n\n<p>Art. 4a ust. 1 pkt 2 ustawy z dnia 7 stycznia 1993 r. o planowaniu rodziny, ochronie p\u0142odu ludzkiego i warunkach dopuszczalno\u015bci przerywania ci\u0105\u017cy  jest niezgodny z art. 38 w zwi\u0105zku z art. 30 w zwi\u0105zku z art. 31 ust. 3 Konstytucji Rzeczypospolitej Polskiej.<\/p>\n\n\n\n<p>Zobacz:<\/p>\n\n\n\n<ul><li>Publikacja wyroku Trybuna\u0142u Konstytucyjnego z 22.10.2020 sygn. akt K 1\/20   [<a href=\"https:\/\/dziennikustaw.gov.pl\/D2021000017501.pdf\"><strong>tutaj<\/strong><\/a>].<\/li><li>Og\u0142oszenie uzasadnienia do wyroku Trybuna\u0142u Konstytucyjnego z 22.10.2020 sygn. akt K 1\/2   [<strong><a href=\"https:\/\/monitorpolski.gov.pl\/M2021000011401.pdf\">tutaj<\/a><\/strong>].<\/li><\/ul>\n\n\n\n<p class=\"has-text-align-center\">*<\/p>\n\n\n\n<p class=\"has-text-align-center\"><strong>Prezydencka propozycja wprowadzenia do prawa tzw. przes\u0142anki letalnej<\/strong><\/p>\n\n\n\n<p>Zobacz:<\/p>\n\n\n\n<ul><li>O\u015bwiadczenie Prezydenta Rzeczypospolitej Polskiej Andrzeja Dudy z 30.10.2020   [<strong><a href=\"https:\/\/www.prezydent.pl\/aktualnosci\/wypowiedzi-prezydenta-rp\/wystapienia\/oswiadczenie-prezydenta-rp,4381\">tutaj<\/a><\/strong>].<\/li><li>Przedstawiony przez Prezydenta Rzeczypospolitej Polskiej projekt ustawy z 30.10.2020 o zmianie ustawy o planowaniu rodziny, ochronie p\u0142odu ludzkiego i warunkach dopuszczalno\u015bci przerywania ci\u0105\u017cy   [<strong><a href=\"https:\/\/sejm.gov.pl\/Sejm9.nsf\/PrzebiegProc.xsp?nr=727\">tutaj<\/a><\/strong>].<\/li><\/ul>\n\n\n\n<p class=\"has-text-align-center\">*<\/p>\n\n\n\n<p class=\"has-text-align-center\"><a href=\"http:\/\/kslpmazowsze.pl\/wp-content\/uploads\/2020\/11\/List-ginekolog%C3%B3-KSLP-do-Prezydenta-RP-4.XI-2020.pdf\"><strong>List Og\u00f3lnopolskiej Sekcji Ginekologiczno-Po\u0142o\u017cniczej <\/strong><br><strong>Katolickiego Stowarzyszenia Lekarzy Polskich do Prezydenta RP<\/strong><br><strong>ws. projektu ustawy o zmianie ustawy<\/strong><br><strong>o planowaniu rodziny, ochronie p\u0142odu ludzkiego i warunkach dopuszczalno\u015bci przerywania <strong>ci\u0105\u017cy <\/strong><\/strong><\/a><strong><br><strong><strong>3.11.2020<\/strong><\/strong><br>[kslpmazowsze.pl]<\/strong><\/p>\n\n\n\n<p class=\"has-text-align-center\">*<\/p>\n\n\n\n<p><strong>Ks. abp Stanis\u0142aw G\u0105decki:<\/strong><\/p>\n\n\n\n<p>\u201ePrawo do \u017cycia jest podstawowym prawem cz\u0142owieka, pierwszym prawem, kt\u00f3re warunkuje stosowanie wszystkich pozosta\u0142ych praw i wykazuje w szczeg\u00f3lno\u015bci <strong>bezprawno\u015b\u0107 wszelkich form przerywania ci\u0105\u017cy i eutanazji<\/strong>. [&#8230;] Prezydencka propozycja by\u0142aby now\u0105 form\u0105 eutanazji, kt\u00f3ra selekcjonuje osoby ze wzgl\u0119du na mo\u017cliwo\u015b\u0107 prze\u017cycia. [&#8230;] <strong>Powo\u0142ywanie si\u0119 na nr 73 \u201aEvangelium vitae\u2019 nie jest uprawnione<\/strong> w tym przypadku, bo po decyzji Trybuna\u0142u Konstytucyjnego kierunek proponowanej zmiany jest odwrotny w stosunku do wymienionego w tym\u017ce fragmencie encykliki\u201d.<\/p>\n\n\n\n<p>Zobacz wywiad dla KAI:<\/p>\n\n\n\n<ul><li>G\u0105decki S., <a href=\"https:\/\/episkopat.pl\/doc\/185101.abp-gadecki-prawo-do-zycia-podstawowym-i-pierwszym-prawem-czlowieka\">Abp G\u0105decki: Prawo do \u017cycia podstawowym i pierwszym prawem cz\u0142owieka<\/a>, rozmow\u0119 przeprowadzili M. Przeciszewski, T. Kr\u00f3lak \/ Pozna\u0144 (KAI), episkopat.pl, 03.11.2020.<\/li><\/ul>\n\n\n\n<p class=\"has-text-align-center\">*<\/p>\n\n\n\n<p><strong>Prezydenckiej inicjatywy nie da si\u0119 uzasadni\u0107 w \u015bwietle pkt. 73 encykliki \u201eEvangelium vitae\u201d<\/strong><\/p>\n\n\n\n<p>Zobacz analiz\u0119 bp. dr. hab. J\u00f3zefa Wr\u00f3bla SCJ, prof. KUL:<\/p>\n\n\n\n<ul><li>Bp J\u00f3zef Wr\u00f3bel SCJ \/ Lublin (KAI), <a href=\"https:\/\/www.niedziela.pl\/artykul\/60582\/Bp-Wrobel-Trudno-jest-obronic-inicjatywe\">Bp Wr\u00f3bel: Trudno jest obroni\u0107 inicjatyw\u0119 ustawodawcz\u0105 prezydenta Dudy<\/a>, niedziela.pl, 03.11.2020.<\/li><\/ul>\n\n\n\n<p class=\"has-text-align-center\">*<\/p>\n\n\n\n<p><strong>Prezydencka propozycja wprowadzenia do prawa tzw. przes\u0142anki letalnej uderza w podstawowe prawa cz\u0142owieka<\/strong><\/p>\n\n\n\n<p> Zobacz:<\/p>\n\n\n\n<ul><li>Stefaniuk R., <a href=\"https:\/\/wp.naszdziennik.pl\/2020-11-05\/345719,to-eutanazja-prenatalna.html\">To eutanazja prenatalna<\/a>, naszdziennik.pl, 05.11.2020.<\/li><\/ul>\n\n\n\n<p class=\"has-text-align-center\">*<\/p>\n\n\n\n<p><strong>Cho\u0107by ca\u0142y \u015bwiat chcia\u0142 aborcji, Ko\u015bci\u00f3\u0142 nigdy jej nie zaakceptuje. Zawsze tak by\u0142o i zawsze tak b\u0119dzie<\/strong><\/p>\n\n\n\n<p>Zobacz:<\/p>\n\n\n\n<ul><li>Kucharczak F., <a href=\"https:\/\/www.gosc.pl\/doc\/6600880.Okropne-przestepstwo\">Okropne przest\u0119pstwo<\/a>, gosc.pl, 05.11.2020.<\/li><\/ul>\n\n\n\n<p class=\"has-text-align-center\">*<\/p>\n\n\n\n<p><strong>Cz\u0142owiek r\u00f3\u017cni si\u0119 istotowo od pozosta\u0142ego \u015bwiata stworze\u0144 \u017cyj\u0105cych, m.in. tym, \u017ce posiada dusz\u0119 nie\u015bmierteln\u0105 z jej duchowymi w\u0142adzami: rozumem i woln\u0105 wol\u0105<\/strong><\/p>\n\n\n\n<p>\u201eWsp\u00f3\u0142czesna walka z pocz\u0119tym, a nienarodzonym dzieckiem jest owocem \u2013 jakby powiedzia\u0142 Georg W. F. Hegel w Fenomenologii ducha &#8211; \u201alekkomy\u015blno\u015bci i nudy podkopuj\u0105ce istniej\u0105c\u0105 rzeczywisto\u015b\u0107\u2019. Jest tak\u017ce owocem posthumanizmu, kt\u00f3ry g\u0142osi, \u017ce cz\u0142owiek takim jakim go znamy dotychczas, jest ma\u0142o warto\u015bciowy i w gruncie rzeczy banalny. Gdy rozum nie szuka ju\u017c prawdy, a wolna wola nie poda\u017c\u0105 za dobrem, cz\u0142owiek ucieka w \u015bwiat iluzji o swojej wszechmocy i samowystarczalno\u015bci mniemaj\u0105c, \u017ce jest w nim jeszcze co\u015b wart, pocieszaj\u0105c si\u0119 hardo\u015bci\u0105, kt\u00f3r\u0105 bierze za odwag\u0119, zarozumia\u0142o\u015bci\u0105, kt\u00f3ra stwarza mu pozory m\u0105dro\u015bci, cynizmem, kt\u00f3ry staje si\u0119 jego moralno\u015bci\u0105.<\/p>\n\n\n\n<p>Gdy cz\u0142owiek rezygnuje z poszukiwania prawdy i my\u015blenia wed\u0142ug warto\u015bci \u2013 wtedy pojawia si\u0119 g\u0142upota, b\u0119d\u0105ca g\u0142\u0119bokim problem filozoficznym i egzystencjalnym. Jej przejawem jest m.in. walka z faktami i post\u0119powanie wbrew logice oraz wszelkiej racjonalno\u015bci. G\u0142upota \u2013 jak zauwa\u017ca ks. M. Heller w Moralno\u015bci my\u015blenia &#8211; to ma do siebie, \u017ce nie milczy, ale wprost przeciwnie m\u00f3wi wiele i g\u0142o\u015bno, powi\u0119kszaj\u0105c sum\u0119 bezsensu we Wszech\u015bwiecie\u201d.*<\/p>\n\n\n\n<p>* Fragmenty artyku\u0142u ks. Mariusza Sztaby: <a href=\"https:\/\/www.niedziela.pl\/artykul\/61617\/Zabijanie-nienarodzonych-w-kontekscie\">Zabijanie nienarodzonych w kontek\u015bcie prawdy i wolno\u015bci<\/a>, niedziela.pl, 27.11.2020.<\/p>\n\n\n\n<p class=\"has-text-align-center\">*<\/p>\n\n\n\n<p class=\"has-text-align-center\"><strong><a href=\"https:\/\/episkopat.pl\/doc\/185223.przewodniczacy-episkopatu-w-dyskusji-o-zyciu-ludzkim-nie-moze-byc-mowy-o-kompromisie\">O\u015bwiadczenie Przewodnicz\u0105cego Konferencji Episkopatu Polski<br>w kontek\u015bcie rezolucji Parlamentu Europejskiego ws. aborcji w Polsce<\/a><br>2.12.2020<br>[episkopat.pl]<\/strong><\/p>\n\n\n\n<p class=\"has-text-align-center\">*<\/p>\n\n\n\n<p class=\"has-text-align-center\"><strong><a href=\"http:\/\/kslpmazowsze.pl\/wp-content\/uploads\/2020\/12\/LIST-OTWARTY-KSLP-6-XII-2020-do-p.Prezydenta-RP-w-sprawie-publikacji-wyroku-TK-z-22-X-2020.pdf\">List otwarty Katolickiego Stowarzyszenia Lekarzy Polskich do Prezydenta RP<br>z pro\u015bb\u0105 o zrezygnowanie z inicjatywy prawnego dopuszczenia aborcji w przypadkach<br>tzw. letalnych wad p\u0142odu oraz opublikowanie wyroku Trybuna\u0142u Konstytucyjnego z 22.10.2020<\/a><br>6.12.2020<br>[kslpmazowsze.pl]<\/strong><\/p>\n\n\n\n<p class=\"has-text-align-center\">*<\/p>\n\n\n\n<p><strong>Wywiad z ks. kard. Robertem Sarahem, prefektem watyka\u0144skiej Kongregacji ds. Kultu Bo\u017cego i Dyscypliny Sakrament\u00f3w<\/strong><\/p>\n\n\n\n<p>Zobacz:<\/p>\n\n\n\n<ul><li>Sarah R., <a href=\"https:\/\/wp.naszdziennik.pl\/2020-12-24\/347237,zycie-ludzkie-jest-swiete.html\">\u017bycie ludzkie jest \u015bwi\u0119te<\/a>, rozmow\u0119 przeprowadzi\u0142 S. Jagodzi\u0144ski t\u0142um. A. Kury\u015b, naszdziennik.pl, 24-27.12.2020.<\/li><\/ul>\n\n\n\n<p>Ca\u0142y artyku\u0142 mozna przeczyta\u0107   [<strong><a href=\"https:\/\/www.radiomaryja.pl\/kosciol\/ks-kard-r-sarah-w-nd-aborcja-jest-barbarzynska-zbrodnia-na-niewinnych-otumanienie-sumienia-bierze-sie-z-kryzysu-wiary-ktory-pograzyl-nas-w-obrzydliwej-mazi-relatywizmu\/\">tutaj<\/a><\/strong>].<\/p>\n\n\n\n<p class=\"has-text-align-center\">*<\/p>\n\n\n\n<p><strong>Prof. Joanna Szymkiewicz-Dangel, specjalista w zakresie pediatrii, kardiologii dzieci\u0119cej oraz perinatologii, w rozmowie z TV Trwam<\/strong><\/p>\n\n\n\n<p>Zobacz:<\/p>\n\n\n\n<ul><li>Radio Maryja, <a href=\"https:\/\/www.radiomaryja.pl\/informacje\/tylko-u-nas-prof-j-szymkiewicz-dangel-jestesmy-trzecim-co-do-wielkosci-zespolem-wykonujacym-prenatalne-interwencje-kardiologiczne-na-swiecie-niestety-panuje-przekonanie-ze-wiekszosc-wad-wrodzon\/\">[TYLKO U NAS] Prof. J. Szymkiewicz-Dangel: Jeste\u015bmy trzecim co do wielko\u015bci zespo\u0142em wykonuj\u0105cym prenatalne interwencje kardiologiczne na \u015bwiecie. Niestety panuje przekonanie, \u017ce wi\u0119kszo\u015b\u0107 wad wrodzonych serca to wyrok<\/a>, radiomaryja.pl, 15.02.2021.<\/li><\/ul>\n\n\n\n<p class=\"has-text-align-center\">*<\/p>\n\n\n\n<p><strong>Ks. prof. dr hab. Piotr Mazurkiewicz, kierownik Katedry Teorii Polityki i My\u015bli Politycznej w INPA UKSW, by\u0142y sekretarz generalny COMECE, w audycji \u201eAktualno\u015bci dnia\u201d na antenie Radia Maryja<\/strong><\/p>\n\n\n\n<p>Zobacz:<\/p>\n\n\n\n<ul><li>Radio Maryja, <a href=\"https:\/\/www.radiomaryja.pl\/informacje\/tylko-u-nas-ks-prof-p-mazurkiewicz-nie-istnieje-cos-takiego-jak-prawo-do-tzw-aborcji-w-zadnych-dokumentach-z-zakresu-praw-czlowieka-nie-ma-takiego-sformulowania\/\">[TYLKO U NAS] Ks. prof. P. Mazurkiewicz: Nie istnieje co\u015b takiego jak prawo do tzw. aborcji. W \u017cadnych dokumentach z zakresu praw cz\u0142owieka nie ma takiego sformu\u0142owania<\/a>, radiomaryja.pl, 26.02.2021.<\/li><\/ul>\n\n\n\n<p>Ca\u0142\u0105 audycj\u0119 mo\u017cna ods\u0142ucha\u0107   [<a href=\"https:\/\/www.radiomaryja.pl\/multimedia\/reakcja-biskupow-europejskich-na-decyzje-unii-europejskiej-w-sprawie-tzw-prawa-do-aborcji-ataki-na-koscioly-i-miejsca-kultu\/\"><strong>tutaj<\/strong><\/a>].<\/p>\n\n\n\n<p class=\"has-text-align-center\">*<\/p>\n\n\n\n<p><strong>Piotr \u0141ukasz Andrzejewski, s\u0119dzia Trybuna\u0142u Stanu, w audycji \u201eAktualno\u015bci dnia\u201d na antenie Radia Maryja<\/strong><\/p>\n\n\n\n<p>Zobacz:<\/p>\n\n\n\n<ul><li>Radio Maryja, <a href=\"https:\/\/www.radiomaryja.pl\/informacje\/tylko-u-nas-p-l-andrzejewski-tzw-aborcji-nie-mozna-traktowac-jako-zabiegu-chirurgicznego-czy-uwolnienia-sie-od-obowiazkow-nalezy-przywrocic-zapis-o-osobowosci-prawnej-dziecka-poczetego\/\">[TYLKO U NAS] P. \u0141. Andrzejewski: Tzw. aborcji nie mo\u017cna traktowa\u0107 jako zabiegu chirurgicznego czy uwolnienia si\u0119 od obowi\u0105zk\u00f3w. Nale\u017cy przywr\u00f3ci\u0107 zapis o osobowo\u015bci prawnej dziecka pocz\u0119tego<\/a>, radiomaryja.pl, 09.03.2021.<\/li><\/ul>\n\n\n\n<p>Ca\u0142\u0105 audycj\u0119 mo\u017cna ods\u0142ucha\u0107   [<a href=\"https:\/\/www.radiomaryja.pl\/multimedia\/apel-do-poslow-i-senatorow-by-jak-najszybciej-rozpoczeli-prace-nad-przywroceniem-stanu-prawnego-dzieci-nienarodzonych\/\"><strong>tutaj<\/strong><\/a>].<\/p>\n\n\n\n<p class=\"has-text-align-center\">*<\/p>\n\n\n\n<p><strong>Ks. abp Marek J\u0119draszewski o Pi\u0142atowym s\u0105dzie nad dzieckiem nienarodzonym<\/strong><\/p>\n\n\n\n<p>Zobacz:<\/p>\n\n\n\n<ul><li>diecezja.pl\/radiomaryja.pl, <a href=\"https:\/\/www.radiomaryja.pl\/informacje\/ks-abp-m-jedraszewski-o-pilatowym-sadzie-nad-dzieckiem-nienarodzonym\/\">Ks. abp M. J\u0119draszewski: Zamiast Jezusa, oskar\u017conym jest dzi\u015b nienarodzone dziecko. T\u0142um zamiast: \u201eUkrzy\u017cuj! Ukrzy\u017cuj!\u201d \u2013 krzyczy: \u201eAborcja! Aborcja!\u201d<\/a>, radiomaryja.pl, 02.04.2021.<\/li><\/ul>\n\n\n\n<p class=\"has-text-align-center\">*<\/p>\n\n\n\n<p><strong>Nielegalny proceder<\/strong><\/p>\n\n\n\n<p>Zobacz:<\/p>\n\n\n\n<ul><li>Weronika Przebiera\u0142a &#8211; Centrum Analiz Legislacyjnych Ordo Iuris, <a href=\"https:\/\/ordoiuris.pl\/ochrona-zycia\/analiza-prawna-dotyczaca-zjawiska-tzw-turystyki-aborcyjnej\">Analiza prawna dotycz\u0105ca zjawiska tzw. turystyki aborcyjnej<\/a>, ordoiuris.pl, 21.05.2021.<\/li><\/ul>\n\n\n\n<p class=\"has-text-align-center\">*<\/p>\n\n\n\n<p class=\"has-text-align-center\"><strong>31 maja &#8211; Dzie\u0144 Przeb\u0142agania<strong><br><\/strong><a href=\"https:\/\/www.hli.org\/wp-content\/uploads\/2021\/06\/polish-prayer.pdf\">Modlitwa przeb\u0142agalna<br><strong>za zabijanie nienarodzonych dzieci i wykorzystywanie ich cia\u0142 do eksperyment\u00f3w medycznych<\/strong><\/a><strong><br><\/strong>[hli.org]<\/strong><\/p>\n\n\n\n<p class=\"has-text-align-center\">*<\/p>\n\n\n\n<p><strong>Ks. prof. Pawe\u0142 Bortkiewicz TChr, teolog moralista, w rozmowie na temat aborcji i \u201epraw cz\u0142owieka\u201d na antenie Polskiego Radia 24<\/strong><\/p>\n\n\n\n<p>Zobacz:<\/p>\n\n\n\n<ul><li>Bortkiewicz P.,&nbsp;<a href=\"https:\/\/polskieradio24.pl\/artykul\/2753189,kiedys-traktowana-jako-zbrodnia-dzis-jako-prawo-czlowieka-ks-prof-bortkiewicz-o-aborcji\">\u201eKiedy\u015b traktowana jako zbrodnia, dzi\u015b jako prawo cz\u0142owieka\u201d. Ks. prof. Bortkiewicz o aborcji<\/a>, audycja \u201eWojna cywilizacji\u201d, prowadz\u0105cy R. Tekieli, polskieradio24.pl, 12.06.2021 7:35.<\/li><\/ul>\n\n\n\n<p class=\"has-text-align-center\">*<\/p>\n\n\n\n<p class=\"has-text-align-center\"><strong><a href=\"https:\/\/episkopat.pl\/doc\/186253.przewodniczacy-episkopatu-apeluje-o-glosowanie-przeciwko-rezolucji-popierajacej-aborcje\">O\u015bwiadczenie Przewodnicz\u0105cego Konferencji Episkopatu Polski<br>na temat rezolucji Parlamentu Europejskiego ws. prawa do aborcji jako prawa cz\u0142owieka<\/a><br>22.06.2021<br>[episkopat.pl]<\/strong><\/p>\n\n\n\n<p class=\"has-text-align-center\">*<\/p>\n\n\n\n<p><strong>Przewodnicz\u0105cy Episkopatu na Twitterze:<\/strong><\/p>\n\n\n\n<p>\u201eWyra\u017cam g\u0142\u0119boki smutek po rezolucji Europarlamentu, w kt\u00f3rej wzywa si\u0119 do zapewnienia mo\u017cliwo\u015bci zabijania dzieci nienarodzonych. Kultura \u017cycia, o jakiej my\u015bleli Ojcowie Za\u0142o\u017cyciele UE przeradza si\u0119 w kultur\u0119 \u015bmierci i wykluczenia, a ideologia bierze g\u00f3r\u0119 nad rozumem\u201d.<\/p>\n\n\n\n<p><a rel=\"noreferrer noopener\" href=\"https:\/\/twitter.com\/Abp_Gadecki\/status\/1408125970322702340?ref_src=twsrc%5Etfw%7Ctwcamp%5Etweetembed%7Ctwterm%5E1408125970322702340%7Ctwgr%5E%7Ctwcon%5Es1_&amp;ref_url=https%3A%2F%2Fepiskopat.pl%2Fprzewodniczacy-episkopatu-wyrazam-gleboki-smutek-po-rezolucji-europarlamentu%2F\" target=\"_blank\">8:12 PM \u00b7 24 cze 2021<\/a><\/p>\n\n\n\n<p class=\"has-text-align-center\">*<\/p>\n\n\n\n<p><strong>Przewodnicz\u0105cy Konferencji Episkopatu Polski: Rezolucja Parlamentu Europejskiego narusza prawo do \u017cycia<\/strong><\/p>\n\n\n\n<p>Zobacz homili\u0119:<\/p>\n\n\n\n<ul><li>G\u0105decki S., <a href=\"https:\/\/episkopat.pl\/doc\/186287.bog-miluje-zycie-szatan-je-nienawidzi-xiii-niedziela-zwykla-wielen-zaobrzanski-27-06-2021\">B\u00f3g mi\u0142uje \u017cycie \u2013 szatan je nienawidzi<\/a>, Sanktuarium Matki Bo\u017cej Ucieczki Grzesznik\u00f3w w Wieleniu Zaobrza\u0144skim, 27.06.2021, episkopat.pl, 27.06.2021.<\/li><\/ul>\n\n\n\n<p class=\"has-text-align-center\">*<strong><br><a href=\"http:\/\/kslpmazowsze.pl\/wp-content\/uploads\/2021\/06\/Sprzeciw-KSLP-wobec-stanowiska-Parlamentu-Europejskiego-odnoszacego-si%C4%99-do-tzw-Raportu-Matica.pdf\">Sprzeciw Katolickiego Stowarzyszenia Lekarzy Polskich<br>wobec stanowiska Parlamentu Europejskiego odnosz\u0105cego si\u0119 do tre\u015bci tzw. Raportu <strong><strong><strong><strong><strong><strong><strong>Matica<\/strong><\/strong><\/strong><\/strong><\/strong><\/strong><\/strong><\/a><strong><strong><strong><strong><strong><strong><strong><br>28.06.2021<br><\/strong><\/strong><\/strong><\/strong><\/strong><\/strong><\/strong>[kslpmazowsze.pl]<\/strong><\/p>\n\n\n\n<p class=\"has-text-align-center\">*<\/p>\n\n\n\n<p><strong>Etyczny wymiar bada\u0144 nad kom\u00f3rkami macierzystymi<\/strong><\/p>\n\n\n\n<p>Zobacz:<\/p>\n\n\n\n<ul><li>Akademia Ignatianum, Praca doktorska K. Szymoniaka&nbsp;<a href=\"https:\/\/ignatianum.edu.pl\/storage\/files\/July2021\/Rozprawa%20doktorska_Etyczne%20aspekty%20badan%20nad%20komorkami%20macierzystymi_K.Szymoniak.pdf\">Etyczne aspekty bada\u0144 nad kom\u00f3rkami macierzystymi<\/a>, napisana pod kier. nauk. ks. prof. dr. hab. G. Ho\u0142uba oraz prof. dr hab. E. Zuby-Surmy, Krak\u00f3w 2021, ss. 280, ignatianum.edu.pl, 07\/2021.<\/li><\/ul>\n\n\n\n<p class=\"has-text-align-center\">*<\/p>\n\n\n\n<p><strong>Magdalena Guziak-Nowak, dyrektor ds. edukacji w Polskim Stowarzyszeniu Obro\u0144c\u00f3w \u017bycia Cz\u0142owieka, w audycji \u201eAktualno\u015bci dnia<strong>\u201d<\/strong> na antenie Radia Maryja<\/strong><\/p>\n\n\n\n<p>Zobacz:<\/p>\n\n\n\n<ul><li>Radio Maryja, <a href=\"https:\/\/www.radiomaryja.pl\/informacje\/tylko-u-nas-m-guziak-nowak-kazda-aborcja-pociaga-za-soba-przynajmniej-dwie-ofiary-pierwsza-z-nich-jest-niewinne-dziecko-druga-matka-ktora-dzwiga-ciezar-tej-decyzji-na-swoich-barkach-do-konca\/\">[TYLKO U NAS] M. Guziak-Nowak: Ka\u017cda aborcja poci\u0105ga za sob\u0105 przynajmniej dwie ofiary. Pierwsz\u0105 z nich jest niewinne dziecko, drug\u0105 &#8211; matka, kt\u00f3ra d\u017awiga ci\u0119\u017car tej decyzji na swoich barkach do ko\u0144ca \u017cycia<\/a>, radiomaryja.pl, 21.07.2021.<\/li><\/ul>\n\n\n\n<p class=\"has-text-align-center\">*<\/p>\n\n\n\n<p><strong>Ofiary z dzieci trwaj\u0105. Zmieni\u0142y si\u0119 tylko troch\u0119 bo\u017cki, przed kt\u00f3rymi s\u0105 sk\u0142adane<\/strong><\/p>\n\n\n\n<p>Zobacz:<\/p>\n\n\n\n<ul><li>Dzier\u017cawski M., <a href=\"https:\/\/stronazycia.pl\/ofiary-z-dzieci-trwaja\/\">Ofiary z dzieci trwaj\u0105<\/a>, stronazycia.pl, 13.08.2021.<\/li><\/ul>\n\n\n\n<p class=\"has-text-align-center\">*<\/p>\n\n\n\n<p><strong>Piotr Guzdek z Polskiego Stowarzyszenia Obro\u0144c\u00f3w \u017bycia Cz\u0142owieka w rozmowie z TV Trwam<\/strong><\/p>\n\n\n\n<p>Zobacz:<\/p>\n\n\n\n<ul><li>Radio Maryja, <a href=\"https:\/\/www.radiomaryja.pl\/informacje\/tylko-u-nas-p-guzdek-o-projekcie-nowelizacji-ustawy-aborcyjnej-zlozonym-przez-a-dude-sformulowania-zawarte-w-nowelizacji-de-facto-przywracaja-tzw-kompromis-aborcyjny\/\">[TYLKO U NAS] P. Guzdek o projekcie nowelizacji ustawy aborcyjnej z\u0142o\u017conym przez A. Dud\u0119: Sformu\u0142owania zawarte w nowelizacji de facto przywracaj\u0105 tzw. kompromis aborcyjny<\/a>, radiomaryja.pl, 30.08.2021.<\/li><\/ul>\n\n\n\n<p class=\"has-text-align-center\">*<\/p>\n\n\n\n<p class=\"has-text-align-center\"><strong><strong>Beatyfikacja Prymasa Tysi\u0105clecia<\/strong><br>12.09.2021<\/strong><\/p>\n\n\n\n<p class=\"has-text-align-center\">*<\/p>\n\n\n\n<p class=\"has-text-align-center\"><strong>S\u0142owa b\u0142. Stefana Wyszy\u0144skiego wypowiedziane przed swoim uwi\u0119zieniem do Marii Oko\u0144skiej<br>[<a href=\"http:\/\/dobreszczepionki.pl\/wp-content\/uploads\/2025\/10\/9.4._Slowa-bl.-Stefana-Wyszynskiego-25-09-1953.pdf\">PDF<\/a>]<\/strong><\/p>\n\n\n<a href=\"http:\/\/dobreszczepionki.pl\/wp-content\/uploads\/2026\/01\/9.4._Slowa-bl.-Stefana-Wyszynskiego-25-09-1953.pdf\" class=\"pdfemb-viewer\" style=\"\" data-width=\"max\" data-height=\"max\"  data-toolbar=\"both\" data-toolbar-fixed=\"on\">9.4._Slowa-bl.-Stefana-Wyszynskiego-25-09-1953<br\/><\/a>\n\n\n\n<p><strong>Maria Oko\u0144ska<\/strong> [16.12.1920-06.05.2013] &#8211; polonistka, psycholog, uczestniczka powstania warszawskiego, za\u0142o\u017cycielka i wieloletnia odpowiedzialna generalna Instytutu Prymasa Wyszy\u0144skiego; \u015bci\u015ble wsp\u00f3\u0142pracowa\u0142a z prymasem Stefanem Wyszy\u0144skim; podczas jego uwi\u0119zienia przedostawa\u0142a si\u0119 do Koma\u0144czy; <strong>jedyny \u015bwiadek sk\u0142adania przez Ksi\u0119dza Prymasa Jasnog\u00f3rskich \u015alub\u00f3w Narodu<\/strong>; cz\u0142onkini Komisji Maryjnej Episkopatu Polski; odznaczona w 2009 Krzy\u017cem Komandorskim Orderu Odrodzenia Polski. <\/p>\n\n\n\n<p class=\"has-text-align-center\">*<\/p>\n\n\n\n<p><strong>Barbarzy\u0144skie praktyki na Uniwersytecie w Pittsburghu<\/strong><\/p>\n\n\n\n<p>Zobacz:<\/p>\n\n\n\n<ul><li>JB, <a href=\"https:\/\/pro-life.pl\/eksperymenty-plodowe-w-pittsburghu\/\">Eksperymenty p\u0142odowe w Pittsburghu<\/a>, pro-life.pl, 17.09.2021.<\/li><\/ul>\n\n\n\n<p class=\"has-text-align-center\">*<\/p>\n\n\n\n<p><strong>Polskie Stowarzyszenie Obro\u0144c\u00f3w \u017bycia Cz\u0142owieka apeluje do Rzecznika Praw Obywatelskich o to, by stan\u0105\u0142 on po stronie nienarodzonych dzieci<\/strong><\/p>\n\n\n\n<p>Zobacz:<\/p>\n\n\n\n<ul><li>TV Trwam News, <a href=\"https:\/\/www.radiomaryja.pl\/informacje\/apel-o-ochrone-dzieci-poczetych\/\">Apel o ochron\u0119 dzieci pocz\u0119tych<\/a>, radiomaryja.pl, 18.09.2021.<\/li><\/ul>\n\n\n\n<p class=\"has-text-align-center\">*<\/p>\n\n\n\n<p><strong>Prawna ochrona \u017cycia cz\u0142owieka przys\u0142uguje mu tak\u017ce w&nbsp;fazie prenatalnej<\/strong><\/p>\n\n\n\n<p>Zobacz:<\/p>\n\n\n\n<ul><li>MGN, <a href=\"https:\/\/pro-life.pl\/opieka-perinatalna\/\">Opieka perinatalna<\/a>, pro-life.pl, 21.10.2021<\/li><\/ul>\n\n\n\n<p class=\"has-text-align-center\">*<\/p>\n\n\n\n<p><strong>Prof. Grzegorz Kucharczyk, historyk z Instytutu Historii PAN, w&nbsp;audycji <strong><strong>\u201e<\/strong><\/strong>Rozmowy niedoko\u0144czone<strong><strong>\u201d<\/strong><\/strong> na antenie TV Trwam<\/strong><\/p>\n\n\n\n<p>Zobacz:<\/p>\n\n\n\n<ul><li>Radio Maryja, <a href=\"https:\/\/www.radiomaryja.pl\/informacje\/tylko-u-nas-prof-g-kucharczyk-dzisiaj-probuje-sie-wmowic-nam-ze-prawo-czlowieka-jest-prawem-do-zabijania-prymas-tysiaclecia-jest-odsiecza-na-nasze-czasy\/\">[TYLKO U NAS] Profesor G. Kucharczyk: Dzisiaj pr\u00f3buje si\u0119 wm\u00f3wi\u0107 nam, \u017ce prawo cz\u0142owieka jest prawem do zabijania. Prymas Tysi\u0105clecia jest odsiecz\u0105 na nasze czasy<\/a>, radiomaryja.pl, 22.10.2021.<\/li><\/ul>\n\n\n\n<p class=\"has-text-align-center\">*<\/p>\n\n\n\n<p class=\"has-text-align-center\"><strong><strong>Stanowisko prawnik\u00f3w, lekarzy i naukowc\u00f3w<\/strong><br>ws. obowi\u0105zuj\u0105cych w Polsce standard\u00f3w ochrony \u017cycia<br>2.11.2021<\/strong><\/p>\n\n\n\n<p>Zobacz:<\/p>\n\n\n\n<ul><li>Instytut na rzecz Kultury Prawnej Ordo Iuris, <a href=\"https:\/\/ordoiuris.pl\/ochrona-zycia\/stop-dezinformacji-opinii-publicznej-list-prawnikow-lekarzy-i-naukowcow-w-sprawie\">Stop dezinformacji opinii publicznej. List prawnik\u00f3w, lekarzy i naukowc\u00f3w w sprawie kobiety z Pszczyny<\/a>, ordoiuris.pl, 02.11.2021.<\/li><\/ul>\n\n\n\n<p class=\"has-text-align-center\">*<strong><br><a href=\"http:\/\/kslpmazowsze.pl\/wp-content\/uploads\/2021\/11\/Stanowisko-KSLP-18.XI_.2021-wobec-rezolucji-PE-z-11.XI_.2021.pdf\">Stanowisko <strong>Katolickiego Stowarzyszenia Lekarzy Polskich <br>wobec rezolucji Parlamentu Europejskiego<\/strong><br>ws. przepis\u00f3w polskiego prawa odnosz\u0105cego si\u0119 do aborcji<\/a><br>18.11.2021<br>[kslpmazowsze.pl]<\/strong><\/p>\n\n\n\n<p class=\"has-text-align-center\">*<\/p>\n\n\n\n<p><strong>Pro-life jest pro-naukowe<\/strong><\/p>\n\n\n\n<p>Zobacz:<\/p>\n\n\n\n<ul><li>\u0141ukasz So\u015bniak SJ &#8211; Watykan, <a href=\"https:\/\/www.vaticannews.va\/pl\/swiat\/news\/2021-12\/w-walce-z-przemyslem-aborcyjnym-najwazniejsza-jest-edukacja.html\">W walce z przemys\u0142em aborcyjnym najwa\u017cniejsza jest edukacja<\/a>, vaticannews.va, 01.12.2021.<\/li><\/ul>\n\n\n\n<p class=\"has-text-align-center\">*<\/p>\n\n\n\n<p><strong>Projekt prezydenckiej ustawy ws. aborcji to powr\u00f3t do zbrodni eugeniki<\/strong><\/p>\n\n\n\n<p>Zobacz:<\/p>\n\n\n\n<ul><li>Gajkowski K., <a href=\"https:\/\/wp.naszdziennik.pl\/2021-12-11\/358747,nie-dla-eugeniki.html\">Nie dla eugeniki<\/a>, naszdziennik.pl, 11-12.12.2021.<\/li><\/ul>\n\n\n\n<p>Ca\u0142y artyku\u0142 mo\u017cna przeczyta\u0107   [<strong><a href=\"https:\/\/www.radiomaryja.pl\/informacje\/nasz-dziennik-nie-dla-eugeniki\/\">tutaj<\/a><\/strong>].<\/p>\n\n\n\n<p class=\"has-text-align-center\">*<\/p>\n\n\n\n<p><strong>W wyniku nacisku mordowane s\u0105 zar\u00f3wno zdrowe, jak i chore nienarodzone dzieci<\/strong><\/p>\n\n\n\n<p>Zobacz:<\/p>\n\n\n\n<ul><li>AM\/LifeNews.com\/radiomaryja.pl, <a href=\"https:\/\/www.radiomaryja.pl\/informacje\/testy-prenatalne-w-85-procentach-daja-falszywy-wynik-mimo-to-nadal-sa-podstawa-do-zabijania-nienarodzonych-dzieci\/\">Testy prenatalne w 85-procentach daj\u0105 fa\u0142szywy wynik. Mimo to nadal s\u0105 podstaw\u0105 do zabijania nienarodzonych dzieci<\/a>, radiomaryja.pl, 09.01.2022.<\/li><\/ul>\n\n\n\n<p class=\"has-text-align-center\">*<\/p>\n\n\n\n<p class=\"has-text-align-center\"><strong><a href=\"https:\/\/episkopat.pl\/doc\/187610.stanowisko-zespolu-kep-ds-bioetycznych-w-sprawie-badan-nad-ludzko-zwierzecymi-organizmami\">Stanowisko Zespo\u0142u KEP ds. Bioetycznych<br>w sprawie bada\u0144 nad ludzko-zwierz\u0119cymi organizmami<\/a><br>28.01.2022<br>[episkopat.pl]<\/strong><\/p>\n\n\n\n<p class=\"has-text-align-center\">*<\/p>\n\n\n\n<p><strong>Ks. prof. Pawe\u0142 Bortkiewicz TChr, teolog moralista, w audycji \u201eAktualno\u015bci dnia\u201d na antenie Radia Maryja<\/strong><\/p>\n\n\n\n<p>Zobacz:<\/p>\n\n\n\n<ul><li>Radio Maryja, <a title=\"Odno\u015bnik bezpo\u015bredni: [TYLKO U NAS] Ks. prof. P. Bortkiewicz TChr o eksperymentach z ludzko-zwierz\u0119cymi organizmami: Nie trzeba wielkiej wra\u017cliwo\u015bci etycznej, \u017ceby dostrzec, \u017ce zostaje przekroczona pewna bardzo radykalna granica\" href=\"https:\/\/www.radiomaryja.pl\/informacje\/tylko-u-nas-ks-prof-p-bortkiewicz-tchr-o-eksperymentach-z-ludzko-zwierzecymi-organizmami-nie-trzeba-wielkiej-wrazliwosci-etycznej-zeby-dostrzec-ze-zostaje-przekroczona-pewna-bardzo-radykalna-g\/\" rel=\"bookmark\">[TYLKO U NAS] Ks. prof. P. Bortkiewicz TChr o eksperymentach z ludzko-zwierz\u0119cymi organizmami: Nie trzeba wielkiej wra\u017cliwo\u015bci etycznej, \u017ceby dostrzec, \u017ce zostaje przekroczona pewna bardzo radykalna granica<\/a>, radiomaryja.pl, 31.01.2022.<\/li><\/ul>\n\n\n\n<p class=\"has-text-align-center\">*<\/p>\n\n\n\n<p><strong>Wywiad z ks. bp. J\u00f3zefem Wr\u00f3blem SCJ, przewodnicz\u0105cym Zespo\u0142u Ekspert\u00f3w KEP ds. Bioetycznych<\/strong><\/p>\n\n\n\n<p>Zobacz:<\/p>\n\n\n\n<ul><li>Wr\u00f3bel J., <a href=\"https:\/\/naszdziennik.pl\/polska-kraj\/250282,godnosc-czlowieka-granica-nauki.html\">Godno\u015b\u0107 cz\u0142owieka granic\u0105 nauki<\/a>, rozmow\u0119 przeprowadzi\u0142 K. Gajkowski, naszdziennik.pl, 05.02.2022.<\/li><\/ul>\n\n\n\n<p class=\"has-text-align-center\">*<\/p>\n\n\n\n<p class=\"has-text-align-center\"><strong><a href=\"https:\/\/kslp.pl\/oswiadczenie-finansowania-metod-zaplodnienia-pozaustrojowego-ze-srodkow-publicznych-na-podstawie-pozytywnych-rekomendacji-prezesa-aotmit\/\">O\u015bwiadczenie Katolickiego Stowarzyszenia Lekarzy Polskich<\/a><br>5.02.2022<br>[kslp.pl]<\/strong><\/p>\n\n\n<a href=\"http:\/\/dobreszczepionki.pl\/wp-content\/uploads\/2026\/01\/9.5._Oswiadczenie-KSLP-05-02-2022.pdf\" class=\"pdfemb-viewer\" style=\"\" data-width=\"max\" data-height=\"max\"  data-toolbar=\"both\" data-toolbar-fixed=\"on\">9.5._Oswiadczenie-KSLP-05-02-2022<br\/><\/a>\n\n\n\n<p class=\"has-text-align-center\">*<\/p>\n\n\n\n<p><strong>Magdalena Korzekwa-Kaliszuk, prawnik i psycholog, prezes zarz\u0105du Fundacji Grupa Proelio, w rozmowie z TV Trwam<\/strong><\/p>\n\n\n\n<p>Zobacz:<\/p>\n\n\n\n<ul><li>Radio Maryja, <a title=\"Odno\u015bnik bezpo\u015bredni: [TYLKO U NAS] M. Korzekwa-Kaliszuk: Publiczna przest\u0119pcza dzia\u0142alno\u015b\u0107 proaborcyjnych organizacji jest kompromitacj\u0105 polskiego pa\u0144stwa. Pokazuje, \u017ce Polska nie uskutecznia swojego prawa\" rel=\"bookmark\" href=\"https:\/\/www.radiomaryja.pl\/informacje\/tylko-u-nas-m-korzekwa-kaliszuk-publiczna-przestepcza-dzialalnosc-proaborcyjnych-organizacji-jest-kompromitacja-polskiego-panstwa-pokazuje-ze-polska-nie-uskutecznia-swojego-prawa\/\">[TYLKO U NAS] M. Korzekwa-Kaliszuk: Publiczna przest\u0119pcza dzia\u0142alno\u015b\u0107 proaborcyjnych organizacji jest kompromitacj\u0105 polskiego pa\u0144stwa. Pokazuje, \u017ce Polska nie uskutecznia swojego prawa<\/a>, radiomaryja.pl, 11.02.2022.<\/li><\/ul>\n\n\n\n<p class=\"has-text-align-center\">*<\/p>\n\n\n\n<p class=\"has-text-align-left\"><strong>Dzie\u0144 \u015awi\u0119to\u015bci \u017bycia<\/strong><\/p>\n\n\n\n<p>Zobacz:<\/p>\n\n\n\n<ul><li>Family News Service, <a href=\"https:\/\/www.radiomaryja.pl\/informacje\/m-guziak-nowak-mamo-nikt-inny-nigdy-nie-bedzie-cie-kochal-bardziej-niz-twoje-dziecko\/\">M. Guziak-Nowak: Mamo, nikt inny nigdy nie b\u0119dzie Ci\u0119 kocha\u0142 bardziej ni\u017c Twoje dziecko!<\/a>, radiomaryja.pl, 25.03.2022.<\/li><\/ul>\n\n\n\n<p class=\"has-text-align-center\">*<\/p>\n\n\n\n<p><strong>Przedstawiciele Mi\u0119dzynarodowej Federacji Farmaceut\u00f3w Katolickich FIPC spotkali si\u0119 z Ojcem \u015awi\u0119tym Franciszkiem. Polsk\u0119 reprezentowa\u0142a dr Ma\u0142gorzata Prusak<\/strong><\/p>\n\n\n\n<p>Zobacz:<\/p>\n\n\n\n<ul><li>Stowarzyszenie Farmaceut\u00f3w Katolickich Polski, <a href=\"https:\/\/www.sfkp.pl\/art,spotkanie-z-papiezem-franciszkiem.html\">Spotkanie z Papie\u017cem Franciszkiem<\/a>, sfkp.pl, 02.05.2022.<\/li><\/ul>\n\n\n\n<p><strong>Dr Ma\u0142gorzata Prusak<\/strong> \u2013 dr teologii, mgr farmacji, prezes zarz\u0105du&nbsp;<a href=\"https:\/\/www.sfkp.pl\/\">Stowarzyszenia Farmaceut\u00f3w Katolickich Polski<\/a>; od 11.06.2021 cz\u0142onek Zespo\u0142u Ekspert\u00f3w KEP ds. Bioetycznych; od 14.03.2023 cz\u0142onek Zespo\u0142u KEP ds. Duszpasterstwa S\u0142u\u017cby Zdrowia.<\/p>\n\n\n\n<p class=\"has-text-align-center\">*<\/p>\n\n\n\n<p><strong>Wywiad z Katie Yoder, dziennikark\u0105 z Catholic News Agency<\/strong><\/p>\n\n\n\n<p>Zobacz:<\/p>\n\n\n\n<ul><li>Yoder K., <a href=\"https:\/\/wp.naszdziennik.pl\/2022-05-21\/363358,naciski-zwolennikow-cywilizacji-smierci.html\">Naciski zwolennik\u00f3w cywilizacji \u015bmierci<\/a>, rozmow\u0119 przeprowadzi\u0142a B. Falkowska, t\u0142um. A. Ba\u0142aban, naszdziennik.pl, 21-22.05.2022.<\/li><\/ul>\n\n\n\n<p>Ca\u0142y artyku\u0142 mo\u017cna przeczyta\u0107   [<strong><a href=\"https:\/\/www.radiomaryja.pl\/informacje\/nasz-dziennik-naciski-zwolennikow-cywilizacji-smierci\/\">tutaj<\/a><\/strong>]. <\/p>\n\n\n\n<p class=\"has-text-align-center\">*<\/p>\n\n\n\n<p class=\"has-text-align-left\"><strong>Madonna z Dzieci\u0105tkiem<\/strong><\/p>\n\n\n\n<p>Zobacz:<\/p>\n\n\n\n<ul><li>Vatican News, <a href=\"https:\/\/www.vaticannews.va\/pl\/watykan\/news\/2022-06\/pomnik-zycia-jezus-nienarodzony.html\">\u201ePomnik \u017bycia\u201d: Jezus nienarodzony<\/a>, vaticannews.va, 05.06.2022.<\/li><\/ul>\n\n\n\n<p class=\"has-text-align-center\">*<\/p>\n\n\n\n<p><strong>Krzysztof Kasprzak, cz\u0142onek zarz\u0105du Fundacji \u017bycie i Rodzina, w rozmowie z Redakcj\u0105 Informacyjn\u0105 Radia Maryja<\/strong><\/p>\n\n\n\n<p>Zobacz:<\/p>\n\n\n\n<ul><li>RIRM\/radiomaryja.pl, <a href=\"https:\/\/www.radiomaryja.pl\/informacje\/k-kasprzak-o-deklaracji-d-tuska-w-kwestii-mordowania-nienarodzonych-dzieci-d-tusk-realizuje-niemiecka-polityke-w-polsce-chodzi-o-zniszczenie-polskiego-narodu-i-polskiej-tozsamosci\/\">K. Kasprzak o deklaracji D. Tuska w kwestii mordowania nienarodzonych dzieci: D. Tusk realizuje niemieck\u0105 polityk\u0119 w Polsce. Chodzi o zniszczenie polskiego narodu i polskiej to\u017csamo\u015bci<\/a>, radiomaryja.pl, 08.06.2022.<\/li><\/ul>\n\n\n\n<p class=\"has-text-align-center\">*<\/p>\n\n\n\n<p><strong>Radio Maryja na Twitterze:<\/strong><\/p>\n\n\n\n<p>\u201eUSA: S\u0105d Najwy\u017cszy uniewa\u017cni\u0142 wyrok Roe vs. Wade. Tzw. aborcja nie jest ju\u017c konstytucyjnym prawem w Stanach Zjednoczonych\u201d.<\/p>\n\n\n\n<p><a href=\"https:\/\/twitter.com\/RadioMaryja\/status\/1540378614373486593\">6:57 PM \u00b7 24 cze 2022<\/a><\/p>\n\n\n\n<p class=\"has-text-align-center\">*<\/p>\n\n\n\n<p><strong>Ochrona i obrona \u017cycia ludzkiego jest spraw\u0105 o szerokim znaczeniu spo\u0142ecznym<\/strong><\/p>\n\n\n\n<p>Zobacz:<\/p>\n\n\n\n<ul><li>Marek Krzysztofiak SJ \u2013 Watykan, <a href=\"https:\/\/www.vaticannews.va\/pl\/kosciol\/news\/2022-06\/biskupi-usa-o-wyroku-sn-ws-aborcji-to-sukces-ale-i-wyzwanie.html\">Biskupi USA o wyroku SN ws. aborcji: to sukces, ale i wyzwanie<\/a>, vaticannews.va, 25.06.2022.<\/li><\/ul>\n\n\n\n<p>Zobacz tak\u017ce:<\/p>\n\n\n\n<ul><li>O\u015bwiadczenie Konferencji Biskup\u00f3w Katolickich USA z 24.06.2022   [<strong><a href=\"https:\/\/www.usccb.org\/news\/2022\/usccb-statement-us-supreme-court-ruling-dobbs-v-jackson\">tutaj<\/a><\/strong>].<\/li><li>O\u015bwiadczenie Papieskiej Akademii \u017bycia z 24.06.2022   [<strong><a href=\"https:\/\/www.academyforlife.va\/content\/pav\/en\/news\/2022\/us-supreme-court-abortion.html\">tutaj<\/a><\/strong>].<\/li><\/ul>\n\n\n\n<p class=\"has-text-align-center\">*<\/p>\n\n\n\n<p><strong>Decyzja S\u0105du Najwy\u017cszego w Stanach Zjednoczonych, kt\u00f3ra znosi powszechne prawo do aborcji, mo\u017ce by\u0107 impulsem dla kraj\u00f3w europejskich<\/strong><\/p>\n\n\n\n<p>Zobacz:<\/p>\n\n\n\n<ul><li>Radio Watyka\u0144skie, <a href=\"https:\/\/www.vaticannews.va\/pl\/swiat\/news\/2022-06\/uchylenie-prawa-do-aborcji-w-usa-bodzcem-dla-europy-by-przelama.html\">Uchylenie prawa do aborcji w USA bod\u017acem dla Europy, by prze\u0142ama\u0107 tabu<\/a>, vaticannews.va, 28.06.2022.<\/li><\/ul>\n\n\n\n<p class=\"has-text-align-center\">*<\/p>\n\n\n\n<p><strong>Ks. prof. Pawe\u0142 Bortkiewicz TChr, teolog moralista, w audycji \u201eAktualno\u015bci dnia\u201d na antenie Radia Maryja<\/strong><\/p>\n\n\n\n<p>Zobacz:<\/p>\n\n\n\n<ul><li>Radio Maryja, <a href=\"https:\/\/www.radiomaryja.pl\/informacje\/tylko-u-nas-ks-prof-p-bortkiewicz-tchr-nie-ma-kosciola-chrystusowego-ktory-dalby-sie-pogodzic-z-ideologia-przeciwna-zyciu-i-milosci\/\">[TYLKO U NAS] Ks. prof. P. Bortkiewicz TChr: Nie ma Ko\u015bcio\u0142a Chrystusowego, kt\u00f3ry da\u0142by si\u0119 pogodzi\u0107 z ideologi\u0105 przeciwn\u0105 \u017cyciu i mi\u0142o\u015bci<\/a>, radiomaryja.pl, 30.06.2022.<\/li><\/ul>\n\n\n\n<p>Ca\u0142\u0105 audycj\u0119 mo\u017cna ods\u0142ucha\u0107   [<strong><a href=\"https:\/\/www.radiomaryja.pl\/multimedia\/podsumowanie-czerwca-z-perspektywy-katolika\/\">tutaj<\/a><\/strong>].<\/p>\n\n\n\n<p class=\"has-text-align-center\">*<\/p>\n\n\n\n<p><strong>Piotr Guzdek z Polskiego Stowarzyszenia Obro\u0144c\u00f3w \u017bycia Cz\u0142owieka w audycji \u201eAktualno\u015bci dnia\u201d na antenie Radia Maryja<\/strong><\/p>\n\n\n\n<p>Zobacz:<\/p>\n\n\n\n<ul><li>Radio Maryja, <a href=\"https:\/\/www.radiomaryja.pl\/informacje\/tylko-u-nas-p-guzdek-na-tzw-przemysle-aborcyjnym-zostala-zbudowana-jeszcze-jedna-galaz-to-handel-narzadami-dzieci-nienarodzonych\/\">[TYLKO U NAS] P. Guzdek: Na tzw. przemy\u015ble aborcyjnym zosta\u0142a zbudowana jeszcze jedna ga\u0142\u0105\u017a \u2013 to handel narz\u0105dami dzieci nienarodzonych<\/a>, radiomaryja.pl, 04.07.2022.<\/li><\/ul>\n\n\n\n<p>Ca\u0142\u0105 audycj\u0119 mo\u017cna ods\u0142ucha\u0107   [<strong><a href=\"https:\/\/www.radiomaryja.pl\/multimedia\/sad-najwyzszy-usa-wskazal-ze-prawa-do-tzw-aborcji-nie-mozna-wyinterpretowac-z-konstytucji\/\">tutaj<\/a><\/strong>].<\/p>\n\n\n\n<p class=\"has-text-align-center\">*<strong><br><a href=\"http:\/\/kslpmazowsze.pl\/wp-content\/uploads\/2022\/07\/13.07-2022-Stanowisko-KSLPwobec-PROABORCYJNEJ-REZOLUCJI-PE-z-7.07.2022-r.pdf\">Stanowisko <strong>Katolickiego Stowarzyszenia Lekarzy Polskich <br>wobec proaborcyjnej rezolucji Parlamentu Europejskiego<\/strong> z 7.07.2022<\/a><br>13.07.2022<br>[kslp.mazowsze.pl]<\/strong><\/p>\n\n\n\n<p class=\"has-text-align-center\">*<\/p>\n\n\n\n<p><strong>Polacy apeluj\u0105 do Prezydenta, aby wycofa\u0142 si\u0119 z projektu zezwalaj\u0105cego na aborcj\u0119<\/strong><\/p>\n\n\n\n<p>Zobacz:<\/p>\n\n\n\n<ul><li>Wr\u00f3bel U., <a href=\"https:\/\/naszdziennik.pl\/polska-kraj\/258818,nie-slowa-a-czyny.html\">Nie s\u0142owa, ale czyny<\/a>, naszdziennik, 15.07.2022.<\/li><\/ul>\n\n\n\n<p class=\"has-text-align-center\">*<\/p>\n\n\n\n<p><strong>Sebastian Karczewski, redaktor naczelny miesi\u0119cznika \u201eNon Possumus. Imperatyw\u201d, w audycji \u201eAktualno\u015bci dnia\u201d na antenie Radia Maryja<\/strong><\/p>\n\n\n\n<p>Zobacz:<\/p>\n\n\n\n<ul><li>Radio Maryja, <a href=\"https:\/\/www.radiomaryja.pl\/informacje\/tylko-u-nas-red-s-karczewski-swiat-jest-wielka-arena-walki-o-zycie\/\">[TYLKO U NAS] Red. S. Karczewski: \u015awiat jest wielk\u0105 aren\u0105 walki o \u017cycie<\/a>, radiomaryja.pl, 31.07.2022.<\/li><\/ul>\n\n\n\n<p>Ca\u0142\u0105 audycj\u0119 mo\u017cna ods\u0142ucha\u0107   [<strong><a href=\"https:\/\/www.radiomaryja.pl\/multimedia\/dalsze-nastepstwa-zniesienia-przez-sad-najwyzszy-usa-konstytucyjnego-prawa-do-tzw-aborcji\/\">tutaj<\/a><\/strong>].<\/p>\n\n\n\n<p class=\"has-text-align-center\">*<\/p>\n\n\n\n<p><strong>Najwi\u0119kszy problem wsp\u00f3\u0142czesnego \u015bwiata<\/strong><\/p>\n\n\n\n<p>Zobacz:<\/p>\n\n\n\n<ul><li>Mazan A.,&nbsp;<a href=\"https:\/\/www.radiomaryja.pl\/informacje\/w-jaki-sposob-zachod-i-politycy-usiluja-doprowadzic-do-globalnych-rzadow-kontrolujacych-cala-populacje-za-pomoca-rozpowszechniania-tzw-aborcji\/\">Nasz Dziennik: W jaki spos\u00f3b Zach\u00f3d i politycy usi\u0142uj\u0105 doprowadzi\u0107 do globalnych rz\u0105d\u00f3w kontroluj\u0105cych ca\u0142\u0105 populacj\u0119 za pomoc\u0105 rozpowszechniania tzw. aborcji?<\/a>, radiomaryja.pl, 02.08.2022.<\/li><\/ul>\n\n\n\n<p><strong>Warto przeczyta\u0107!<\/strong><\/p>\n\n\n\n<ul><li>Schooyans M., Aborcja a polityka, t\u0142um. K. Dery\u0142o, Lublin: Instytut Jana Paw\u0142a II KUL, 1991.<\/li><li>Schooyans M., Ukryte oblicze ONZ, t\u0142um. M. Zawadzki, Toru\u0144: Wydawnictwo Wy\u017cszej Szko\u0142y Kultury Spo\u0142ecznej i Medialnej, 2002.<\/li><\/ul>\n\n\n\n<p><strong>O. prof. Michel Schooyans SJ<\/strong>&nbsp;[06.07.1930\u201303.05.2022] \u2013 belgijski jezuita, filozof i teolog; by\u0142 profesorem filozofii polityki oraz profesorem teologii moralnej na katolickich uniwersytetach w S\u00e3o Paulo i w Louvain; by\u0142 cz\u0142onkiem Papieskiej Rady ds. Rodziny, Papieskiej Akademii Nauk Spo\u0142ecznych, Kr\u00f3lewskiego Instytutu Stosunk\u00f3w Mi\u0119dzynarodowych w Brukseli, Instytutu Demografii Politycznej w Pary\u017cu i Instytutu Bada\u0144 nad Populacj\u0105 w Waszyngtonie; autor licznych publikacji, w tym oko\u0142o 20 ksi\u0105\u017cek, m.in.&nbsp;<strong>L\u2019avortement: enjeux politiques<\/strong>&nbsp;i&nbsp;<strong>La face cach\u00e9e de l\u2019ONU<\/strong>.<\/p>\n\n\n\n<p class=\"has-text-align-center\">*<\/p>\n\n\n\n<p><strong>Dziesi\u0119ciokrotny spadek liczby tzw. aborcji w Polsce po wprowadzeniu przepis\u00f3w pro-life<\/strong><\/p>\n\n\n\n<p>Zobacz:<\/p>\n\n\n\n<ul><li>PSO\u017bC\/radiomaryja.pl, <a href=\"https:\/\/www.radiomaryja.pl\/informacje\/w-polsce-w-2021-r-legalnie-zostalo-zabitych-107-nienarodzonych-dzieci-w-zieba-liczba-aborcji-spadla-dziesieciokrotnie-a-obawy-srodowisk-pro-choice-sie-nie-ziscily\/\">W Polsce w 2021 r. legalnie zosta\u0142o zabitych 107 nienarodzonych dzieci. W. Zi\u0119ba: Liczba aborcji spad\u0142a dziesi\u0119ciokrotnie, a obawy \u015brodowisk pro-choice si\u0119 nie zi\u015bci\u0142y<\/a>, radiomaryja.pl, 05.08.2022.<\/li><\/ul>\n\n\n\n<p class=\"has-text-align-center\">*<\/p>\n\n\n\n<p><strong>Europejski Trybuna\u0142 Praw Cz\u0142owieka og\u0142osi\u0142 odrzucenie pi\u0119ciu pierwszych skarg polskich aktywistek aborcyjnych, kt\u00f3re d\u0105\u017c\u0105 do obalenia wyroku Trybuna\u0142u Konstytucyjnego z 22.10.2020<\/strong><\/p>\n\n\n\n<p>Zobacz:<\/p>\n\n\n\n<ul><li>Weronika Przebiera\u0142a \u2013 dyrektor Centrum Prawa Mi\u0119dzynarodowego Ordo Iuris, <a href=\"https:\/\/ordoiuris.pl\/ordoiuris.pl\/-trybuna%C5%82-%20w-strasburgu-odrzuci%C5%82-skargi-polskich-feministek\">Trybuna\u0142 w Strasburgu odrzuci\u0142 skargi polskich feministek<\/a>, ordoiuris.pl, 10.08.2022.<\/li><\/ul>\n\n\n\n<p class=\"has-text-align-center\">*<\/p>\n\n\n\n<p><strong>Pawe\u0142 Ozdoba, prezes zarz\u0105du Fundacji Centrum \u017bycia i Rodziny, w audycji \u201eAktualno\u015bci dnia\u201d na antenie Radia Maryja<\/strong><\/p>\n\n\n\n<p>Zobacz:<\/p>\n\n\n\n<ul><li>Radio Maryja, <a href=\"https:\/\/www.radiomaryja.pl\/informacje\/tylko-u-nas-p-ozdoba-o-probie-legalizacji-surogacji-w-europie-jest-to-konsekwencja-wielu-lat-dzialan-rozwijania-antycywilizacji-i-mowiac-wprost-zalegalizowania-handlu-dziecmi\/\">[TYLKO U NAS] P. Ozdoba o pr\u00f3bie legalizacji surogacji w Europie: Jest to konsekwencja wielu lat dzia\u0142a\u0144 rozwijania antycywilizacji i \u2013 m\u00f3wi\u0105c wprost \u2013 zalegalizowania handlu dzie\u0107mi<\/a>, radiomaryja.pl, 11.08.2022.<\/li><\/ul>\n\n\n\n<p>Ca\u0142\u0105 audycj\u0119 mo\u017cna ods\u0142ucha\u0107   [<strong><a href=\"https:\/\/www.radiomaryja.pl\/multimedia\/europa-chce-legalizacji-surogacji\/\">tutaj<\/a><\/strong>].<\/p>\n\n\n\n<p class=\"has-text-align-center\">*<\/p>\n\n\n\n<p><strong>Anna Kubacka, ekspert Instytutu Ordo Iuris, w audycji  \u201eAktualno\u015bci dnia\u201d na antenie Radia Maryja<\/strong><\/p>\n\n\n\n<p>Zobacz:<\/p>\n\n\n\n<ul><li>Radio Maryja,&nbsp;<a href=\"https:\/\/www.radiomaryja.pl\/informacje\/tylko-u-nas-a-kubacka-o-strategii-ke-dot-ochrony-zdrowia-na-swiecie-komisja-europejska-wprost-wskazuje-na-cele-zrownowazonego-rozwoju-onz-w-mysl-ktorych-chce-wprowadzac-prawo-do-aborcji\/\">[TYLKO U NAS] A. Kubacka o strategii KE dot. ochrony zdrowia na \u015bwiecie: Komisja Europejska wprost wskazuje na cele zr\u00f3wnowa\u017conego rozwoju ONZ, w my\u015bl kt\u00f3rych chce wprowadza\u0107 prawo do aborcji<\/a>, radiomaryja.pl, 23.08.2022.<\/li><\/ul>\n\n\n\n<p>Ca\u0142\u0105 audycj\u0119 mo\u017cna ods\u0142ucha\u0107   [<strong><a href=\"https:\/\/www.radiomaryja.pl\/multimedia\/zagrozenia-zwiazane-z-miedzynarodowym-traktatem-antypandemicznym-who\/\">tutaj<\/a><\/strong>].<\/p>\n\n\n\n<p class=\"has-text-align-center\">*<\/p>\n\n\n\n<p class=\"has-text-align-left\"><strong>Podstawy prawne przeciwdzia\u0142ania aborcji farmakologicznej<\/strong><\/p>\n\n\n\n<p>Zobacz:<\/p>\n\n\n\n<ul><li>Instytut na rzecz Kultury Prawnej Ordo Iuris, <a href=\"https:\/\/ordoiuris.pl\/ochrona-zycia\/stop-pigulkom-smierci-poradnik-dla-prokuratorow-w-sprawie-scigania-aborcji\">Stop pigu\u0142kom \u015bmierci. Poradnik dla prokurator\u00f3w w sprawie \u015bcigania aborcji farmakologicznej<\/a>, ordoiuris.pl, 24.08.2022.<\/li><\/ul>\n\n\n\n<p class=\"has-text-align-center\">*<\/p>\n\n\n\n<p class=\"has-text-align-left\"><strong>List Zarz\u0105du Polskiego Stowarzyszenia Familiologicznego<\/strong> <strong>ws. zap\u0142odnienia pozaustrojowego<\/strong><\/p>\n\n\n\n<p>Zobacz:<\/p>\n\n\n\n<ul><li>Zarz\u0105d Polskiego Stowarzyszenia Familiologicznego, <a href=\"https:\/\/wp.naszdziennik.pl\/2022-09-05\/366183,mlodziez-musi-poznac-prawde-o-in-vitro.html\">M\u0142odzie\u017c musi pozna\u0107 prawd\u0119 o in vitro. List otwarty dotycz\u0105cy konieczno\u015bci obiektywnego zaprezentowania problematyki zap\u0142odnienia pozaustrojowego w materia\u0142ach edukacyjnych<\/a>, Krak\u00f3w, 31.08.2022, naszdziennik.pl, 05.09.2022.<\/li><\/ul>\n\n\n\n<p>Ca\u0142e o\u015bwiadczenie mo\u017cna przeczyta\u0107   [<strong><a href=\"https:\/\/familiolodzy.pl\/list-zarzadu-psf-ws-zaplodnienia-pozaustrojowego\/\">tutaj<\/a><\/strong>]. <\/p>\n\n\n\n<p class=\"has-text-align-center\">*<\/p>\n\n\n\n<p><strong>Przed g\u0142osowaniem nad rezolucj\u0105 ONZ uznaj\u0105c\u0105 tzw. aborcj\u0119 za prawo<\/strong> <strong>cz\u0142owieka Instytut Ordo Iuris wystosowa\u0142 list do Prezydenta RP i Sta\u0142ego Przedstawiciela RP przy ONZ, domagaj\u0105c si\u0119 sprzeciwu wobec tego dokumentu<\/strong><\/p>\n\n\n\n<p>Zobacz:<\/p>\n\n\n\n<ul><li>RIRM\/radiomaryja.pl, <a href=\"https:\/\/www.radiomaryja.pl\/informacje\/haniebne-milczenie-polski-ws-zabijania-nienarodzonych-dzieci-mec-jerzy-kwasniewski-polska-powinna-byc-jasnym-rzecznikiem-zycia-na-forum-organizacji-narodow-zjednoczonych-i-powinna-dawac-jasne-swia\/\">Haniebne milczenie Polski ws. zabijania nienarodzonych dzieci. Mec. Jerzy Kwa\u015bniewski: Polska powinna by\u0107 jasnym rzecznikiem \u017cycia na forum Organizacji Narod\u00f3w Zjednoczonych i powinna dawa\u0107 jasne \u015bwiadectwo cywilizacji \u017cycia<\/a>, radiomaryja.pl, 07.09.2022.<\/li><\/ul>\n\n\n\n<p class=\"has-text-align-center\">*<\/p>\n\n\n\n<p><strong>Ujmowanie aborcji w kategorii praw cz\u0142owieka jest pomy\u0142k\u0105<\/strong><\/p>\n\n\n\n<p>Zobacz:<\/p>\n\n\n\n<ul><li>mp \/ Warszawa (KAI), <a href=\"https:\/\/www.ekai.pl\/przewodniczacy-kep-nie-mozna-mowic-o-aborcji-jako-o-prawie-kobiety\/\">Przewodnicz\u0105cy KEP: nie mo\u017cna m\u00f3wi\u0107 o aborcji jako o prawie kobiety<\/a>, ekai.pl, 13.09.2022.<\/li><\/ul>\n\n\n\n<p class=\"has-text-align-center\">*<\/p>\n\n\n\n<p><strong>Prof. Andrzej Kocha\u0144ski, <strong>lekarz genetyk z Instytutu Medycyny Do\u015bwiadczalnej i Klinicznej PAN, cz\u0142onek Zespo\u0142u Ekspert\u00f3w KEP ds.&nbsp;Bioetycznych<\/strong><\/strong>, <strong>w audycji \u201eAktualno\u015bci dnia\u201d na antenie Radia Maryja<\/strong><\/p>\n\n\n\n<p>Zobacz:<\/p>\n\n\n\n<ul><li>Radio Maryja, <a href=\"https:\/\/www.radiomaryja.pl\/informacje\/tylko-u-nas-genetyk-prof-a-kochanski-tak-dlugo-jak-nie-postawimy-etyki-w-centrum-medycyny-bedziemy-ofiarami-technologii\/\">[TYLKO U NAS] Genetyk prof. A. Kocha\u0144ski: Tak d\u0142ugo, jak nie postawimy etyki w centrum medycyny, b\u0119dziemy ofiarami technologii<\/a>, radiomaryja.pl, 26.09.2022.<\/li><\/ul>\n\n\n\n<p>Ca\u0142\u0105 audycj\u0119 mo\u017cna ods\u0142ucha\u0107   [<strong><a href=\"https:\/\/www.radiomaryja.pl\/multimedia\/rola-etyki-we-wspolczesnej-medycynie\/\">tutaj<\/a><\/strong>].<\/p>\n\n\n\n<p class=\"has-text-align-center\">*<\/p>\n\n\n\n<p class=\"has-text-align-center\"><strong>Dokument Zespo\u0142u Ekspert\u00f3w ds. Bioetycznych Konferencji Episkopatu Polski<br><a href=\"https:\/\/episkopat.pl\/doc\/189469.dokument-zespolu-ekspertow-ds-bioetycznych-kep-ochrona-genomu-a-bezpieczenstwo-narodowe-polski-i-polakow\">Ochrona genomu a bezpiecze\u0144stwo narodowe Polski i Polak\u00f3w<\/a><br>10.10.2022<br>[episkopat.pl]<\/strong><\/p>\n\n\n\n<p class=\"has-text-align-center\">*<\/p>\n\n\n\n<p><strong>Mec. Katarzyna G\u0119siak, dyrektor Centrum Prawa Medycznego i Bioetyki Ordo Iuris, w audycji \u201eAktualno\u015bci dnia\u201d na antenie Radia Maryja<\/strong><\/p>\n\n\n\n<p>Zobacz:<\/p>\n\n\n\n<ul><li>Radio Maryja, <a href=\"https:\/\/www.radiomaryja.pl\/informacje\/tylko-u-nas-mec-k-gesiak-rozwiazaniem-problemu-cierpienia-czlowieka-nie-jest-skrocenie-konca-jego-zycia-lecz-zaoferowanie-mu-kompleksowej-opieki-aby-koniec-przebiegal-w-sposob-godny\/\">[TYLKO U NAS] Mec. K. G\u0119siak: Rozwi\u0105zaniem problemu cierpienia cz\u0142owieka nie jest skr\u00f3cenie ko\u0144ca jego \u017cycia, lecz zaoferowanie mu kompleksowej opieki, aby koniec przebiega\u0142 w spos\u00f3b godny<\/a>, radiomaryja.pl, 13.10.2022.<\/li><\/ul>\n\n\n\n<p>Zobacz tak\u017ce:<\/p>\n\n\n\n<ul><li><a href=\"https:\/\/ordoiuris.pl\/sites\/default\/files\/inline-files\/Raport_o_eutanazji.pdf\">Eutanazja w Europie. Prawo, praktyka, debata publiczna<\/a>, red. K. G\u0119siak, Warszawa 2022, ordoiuris.pl, 12.10.2022.<\/li><\/ul>\n\n\n\n<p class=\"has-text-align-center\">*<\/p>\n\n\n\n<p><strong>Prof. Andrzej Kocha\u0144ski, specjalista genetyki klinicznej i laboratoryjnej, w audycji \u201eAktualno\u015bci dnia\u201d na antenie Radia Maryja<\/strong><\/p>\n\n\n\n<p>Zobacz:<\/p>\n\n\n\n<ul><li>Radio Maryja, <a href=\"https:\/\/www.radiomaryja.pl\/informacje\/tylko-u-nas-prof-a-kochanski-genom-czlowieka-powinien-byc-chroniony-jak-zrenica-w-oku\/\">[TYLKO U NAS] Prof. A. Kocha\u0144ski: Genom cz\u0142owieka powinien by\u0107 chroniony jak \u017arenica w oku<\/a>, radiomaryja.pl, 16.10.2022.<\/li><\/ul>\n\n\n\n<p>Ca\u0142\u0105 audycj\u0119 mo\u017cna ods\u0142ucha\u0107   [<strong><a href=\"https:\/\/www.radiomaryja.pl\/multimedia\/dlaczego-wazna-jest-ochrona-danych-genetycznych\/\">tutaj<\/a><\/strong>].<\/p>\n\n\n\n<p class=\"has-text-align-center\">*<\/p>\n\n\n\n<p><strong>Przewodnicz\u0105cy Konferencji Episkopatu Polski udzieli\u0142 \u201eGo\u015bciowi Niedzielnemu\u201d wywiadu, w kt\u00f3rym poruszy\u0142 m.in. kwesti\u0119 ochrony \u017cycia i legalizacji aborcji<\/strong><\/p>\n\n\n\n<p>Zobacz:<\/p>\n\n\n\n<ul><li>JR, <a href=\"https:\/\/opoka.org.pl\/News\/Polska\/2022\/abp-gadecki-w-kwestii-ochrony-zycia-nie-moze-byc-zadnych\">Abp G\u0105decki: w kwestii ochrony \u017cycia nie mo\u017ce by\u0107 \u017cadnych kompromis\u00f3w<\/a>, opoka.org.pl, 21.10.2022.<\/li><\/ul>\n\n\n\n<p>Zobacz tak\u017ce:<\/p>\n\n\n\n<ul><li>G\u0105decki S., <a href=\"https:\/\/www.gosc.pl\/doc\/7893868.Sluchajmy-glosow-swieckich\">S\u0142uchajmy g\u0142os\u00f3w \u015bwieckich<\/a>, rozmow\u0119 przeprowadzi\u0142 B. \u0141ozi\u0144ski, \u201eGo\u015b\u0107 Niedzielny\u201d [2022] nr 42, gosc.pl, 20.10.2022.<\/li><\/ul>\n\n\n\n<p class=\"has-text-align-center\">*<\/p>\n\n\n\n<p><strong>Ameryka\u0144ski arcybiskup, William Edward Lori ostrzega prezydenta Joe Bidena<\/strong><\/p>\n\n\n\n<p>Zobacz:<\/p>\n\n\n\n<ul><li>O\u015bwiadczenie Przewodnicz\u0105cego Komitetu ds. Dzia\u0142alno\u015bci Pro-Life Konferencji Biskup\u00f3w Katolickich USA z 25.10.2022   [<strong><a href=\"https:\/\/www.usccb.org\/news\/2022\/statement-us-bishops-pro-life-chairman-churchs-teaching-light-presidents-commitment\">tutaj<\/a><\/strong>].<\/li><\/ul>\n\n\n\n<p class=\"has-text-align-center\">*<\/p>\n\n\n\n<p><strong>Wywiad z z ks. prof. dr. hab. Andrzejem Pryb\u0105 MSF, prodziekanem ds. rozwoju i wsp\u00f3\u0142pracy mi\u0119dzynarodowej Wydzia\u0142u Teologicznego Uniwersytetu im. Adama Mickiewicza w Poznaniu<\/strong><\/p>\n\n\n\n<p>Zobacz:<\/p>\n\n\n\n<ul><li>Pryba A., <a href=\"https:\/\/naszdziennik.pl\/mysl\/264560,grozna-wizja-nadczlowieka.html\">Gro\u017ana wizja \u201enadcz\u0142owieka\u201d<\/a>, rozmow\u0119 przeprowadzi\u0142 APW, JS, \u201eNasz Dziennik\u201d, naszdziennik.pl, 27.10.2022.<\/li><\/ul>\n\n\n\n<p class=\"has-text-align-center\">*<\/p>\n\n\n\n<p><strong>Wywiad z prof. Andrzejem Kocha\u0144skim, lekarzem genetykiem, konsultantem krajowym w dziedzinie genetyki klinicznej w latach 2019-2021, cz\u0142onkiem Zespo\u0142u Ekspert\u00f3w KEP ds. Bioetycznych<\/strong><\/p>\n\n\n\n<p>Zobacz:<\/p>\n\n\n\n<ul><li>Kocha\u0144ski A., <a href=\"https:\/\/wp.naszdziennik.pl\/2022-10-29\/367692,medycyna-niehipokratejska.html\">Medycyna niehipokratejska<\/a>, rozmow\u0119 przeprowadzi\u0142a B. Falkowska, naszdziennik.pl, 29-30.10.2022.<\/li><\/ul>\n\n\n\n<p class=\"has-text-align-center\">*<\/p>\n\n\n\n<p><strong>Piotr Guzdek z Polskiego Stowarzyszenia Obro\u0144c\u00f3w \u017bycia Cz\u0142owieka w audycji \u201eAktualno\u015bci dnia\u201d na antenie Radia Maryja<\/strong><\/p>\n\n\n\n<p>Zobacz:<\/p>\n\n\n\n<ul><li>Radio Maryja, <a href=\"https:\/\/www.radiomaryja.pl\/informacje\/tylko-u-nas-p-guzdek-organy-scigania-sa-praktycznie-bierne-wobec-handlu-srodkami-wczesnoporonnymi-wobec-praktyk-abortywnych\/\">[TYLKO U NAS] P. Guzdek: Organy \u015bcigania s\u0105 praktycznie bierne wobec handlu \u015brodkami wczesnoporonnymi \u2013 wobec praktyk abortywnych<\/a>, radiomaryja.pl, 01.11.2022.<\/li><\/ul>\n\n\n\n<p>Ca\u0142\u0105 audycj\u0119 mo\u017cna ods\u0142ucha\u0107   [<strong><a href=\"https:\/\/www.radiomaryja.pl\/multimedia\/akceptacja-zycia-nienarodzonego-dziecka-miara-demokracji\/?fbclid=IwAR2FXNiL6Wiyt09eRkjkYPZEbkwSVn9AcBXXBI6-28gA9h8XBeOYixh8wqU\">tutaj<\/a><\/strong>].<\/p>\n\n\n\n<p class=\"has-text-align-center\">*<\/p>\n\n\n\n<p class=\"has-text-align-left\"><strong>Niezwyk\u0142e rze\u017aby Damiena Hirsta przedstawiaj\u0105ce dziecko od pocz\u0119cia do narodzin<\/strong><\/p>\n\n\n\n<p>Zobacz:<\/p>\n\n\n\n<ul><li>JB, <a href=\"https:\/\/pro-life.pl\/katarski-szpital-i-jego-cudowna-podroz\/\">Katarski szpital i&nbsp;jego \u201eCudowna podr\u00f3\u017c\u201d<\/a>, pro-life.pl, 28.11.2022.<\/li><\/ul>\n\n\n\n<p class=\"has-text-align-center\">*<\/p>\n\n\n\n<p><strong>Zwi\u0119kszone ryzyko chor\u00f3b nowotworowych u dzieci z in vitro<\/strong><\/p>\n\n\n\n<p>Zobacz:<\/p>\n\n\n\n<ul><li>Wr\u00f3bel. U., <a href=\"https:\/\/wp.naszdziennik.pl\/2022-11-30\">Nowotwory po in vitro<\/a>, naszdziennik.pl, 30.11.2022.<\/li><\/ul>\n\n\n\n<p>Ca\u0142y artyku\u0142 mo\u017cna przeczyta\u0107   [<a href=\"https:\/\/www.radiomaryja.pl\/informacje\/nowotwory-po-in-vitro\/\"><strong>tutaj<\/strong><\/a>].<\/p>\n\n\n\n<p class=\"has-text-align-center\">*<\/p>\n\n\n\n<p><strong>Doniesienia o projekcie niemieckiego biotechnologa<\/strong><\/p>\n\n\n\n<p>Zobacz:<\/p>\n\n\n\n<ul><li> Radio Maryja, <a href=\"https:\/\/www.radiomaryja.pl\/informacje\/powstanie-fabryka-produkujaca-ludzi-niepokojace-doniesienia-o-planach-niemieckiego-naukowca\/\">Powstanie fabryka produkuj\u0105ca ludzi? Niepokoj\u0105ce doniesienia o planach niemieckiego naukowca<\/a>, radiomaryja.pl, 15.12.2022.<\/li><\/ul>\n\n\n\n<p class=\"has-text-align-center\">*<\/p>\n\n\n\n<p><strong>Wywiad z Ekspertami Zespo\u0142u KEP ds. Bioetycznych: projekt \u201esztucznych macic\u201d budzi powa\u017cne zastrze\u017cenia moralne<\/strong><\/p>\n\n\n\n<p>Zobacz wywiad dla KAI:<\/p>\n\n\n\n<ul><li>Prof. dr hab. Piotr Rieske Cz\u0142onek Zespo\u0142u Ekspert\u00f3w do Spraw Bioetycznych, Bp J\u00f3zef Wr\u00f3bel SCJ Przewodnicz\u0105cy Zespo\u0142u Ekspert\u00f3w KEP do Spraw Bioetycznych \/ KAI, <a href=\"https:\/\/teologiamoralna.pl\/wp-content\/uploads\/2023\/03\/2022_12_15_Rieske-Piotr-Jozef-Wrobel-Sztuczna-macica-komentarz-KAI.pdf\">Czy powstaj\u0105 \u201esztuczne macice\u201d i czy jest to niebezpieczne?<\/a>, teologiamoralna.pl, 15.12.2022.<\/li><\/ul>\n\n\n\n<p class=\"has-text-align-center\">*<\/p>\n\n\n\n<p><strong>Niezrozumia\u0142e weto Prezydenta RP ws. nowelizacji ustawy Prawo o\u015bwiatowe<\/strong><\/p>\n\n\n\n<p>Zobacz:<\/p>\n\n\n\n<ul><li>Radio Maryja, <a href=\"https:\/\/www.radiomaryja.pl\/informacje\/tylko-u-nas-min-p-czarnek-o-prezydenckim-wecie-nowelizacji-prawa-oswiatowego-wydawalo-sie-ze-ustawa-nie-budzi-watpliwosci-prezydenta-tymczasem-pan-prezydent-mowi-o-spokoju-ale-czyim\/\">[TYLKO U NAS] Min. P. Czarnek o prezydenckim wecie nowelizacji Prawa o\u015bwiatowego: Wydawa\u0142o si\u0119, \u017ce ustawa nie budzi w\u0105tpliwo\u015bci prezydenta. Tymczasem pan prezydent m\u00f3wi o spokoju. Ale czyim?<\/a>, radiomaryja.pl, 15.12.2022.<\/li><\/ul>\n\n\n\n<p class=\"has-text-align-center\">*<\/p>\n\n\n\n<p><strong>Instytut Ordo Iuris ponownie wzywa polskie w\u0142adze do sprzeciwu wobec narzucanej przez ONZ interpretacji \u201epraw cz\u0142owieka\u201d<\/strong><\/p>\n\n\n\n<p>Zobacz:<\/p>\n\n\n\n<ul><li>RIRM, <a href=\"https:\/\/www.radiomaryja.pl\/informacje\/ordo-iuris-potrzebny-jest-sprzeciw-wladz-wobec-uznania-prawa-do-tzw-aborcji\/\">Ordo Iuris: Potrzebny jest sprzeciw w\u0142adz wobec uznania prawa do tzw. aborcji<\/a>, radiomaryja.pl, 22.12.2022.<\/li><\/ul>\n\n\n\n<p class=\"has-text-align-center\">*<\/p>\n\n\n\n<p><strong>Ks. abp Marek J\u0119draszewski w czasie Pasterki sprawowanej w katedrze na Wawelu<\/strong>:<\/p>\n\n\n\n<p>\u201eZ prawdy o pokoju, jaki przynosi nam Chrystus, wyp\u0142ywa tak\u017ce wezwanie do szczeg\u00f3lnej troski o dzieci \u2013 zar\u00f3wno wtedy, gdy chodzi o samo ich \u017cycie, jak i wtedy, gdy mamy na uwadze ich rozw\u00f3j duchowy i intelektualny, tak w kr\u0119gu rodzinnym, jak i w szkole\u201d.<\/p>\n\n\n\n<p>Zobacz:<\/p>\n\n\n\n<ul><li>diecezja.pl, <a href=\"https:\/\/www.radiomaryja.pl\/kosciol\/gdyby-sw-jozef-sadzil-ze-dla-swietego-spokoju-lepiej-nie-uciekac-z-betlejem-maly-jezus-zapewne-zginalby-zamordowany-przez-siepaczy-heroda-wraz-z-innymi-swietymi-betlejemskimi-mlod\/\">Ks. abp M. J\u0119draszewski w czasie Pasterki na Wawelu: Gdyby \u015bw. J\u00f3zef s\u0105dzi\u0142, \u017ce dla \u201e\u015bwi\u0119tego spokoju\u201d lepiej nie ucieka\u0107 z Betlejem, ma\u0142y Jezus zapewne zgin\u0105\u0142by zamordowany przez siepaczy Heroda wraz z innymi \u015bwi\u0119tymi betlejemskimi M\u0142odziankami<\/a>, radiomaryja.pl, 25.12.2022.<\/li><\/ul>\n\n\n\n<p class=\"has-text-align-center\">*<\/p>\n\n\n\n<p><strong>Amicus curiae brief prof. Eugene&#8217;a Kontorovicha dla polskiego Trybuna\u0142u Konstytucyjnego ws. Konwecji stambulskiej<\/strong><\/p>\n\n\n\n<p>Zobacz:<\/p>\n\n\n\n<ul><li>Instytut na rzecz Kultury Prawnej Ordo Iuris, <a href=\"https:\/\/ordoiuris.pl\/rodzina-i-malzenstwo\/amerykansko-izraelski-uczony-przedklada-trybunalowi-konstytucyjnemu-opinie-w\">Ameryka\u0144sko-izraelski uczony przedk\u0142ada Trybuna\u0142owi Konstytucyjnemu opini\u0119 w sprawie genderowej Konwencji stambulskiej<\/a>, ordoiuris.pl, 02.02.2023.<\/li><\/ul>\n\n\n\n<p class=\"has-text-align-center\">*<\/p>\n\n\n\n<p><strong>Prof. dr hab. Andrzej Kocha\u0144ski, specjalista genetyki klinicznej i laboratoryjnej, w audycji \u201eRozmowy niedoko\u0144czone\u201d na antenie TV Trwam<\/strong><\/p>\n\n\n\n<p>Zobacz:<\/p>\n\n\n\n<ul><li>Radio Maryja, <a href=\"https:\/\/www.radiomaryja.pl\/multimedia\/rozmowy-niedokonczone-genetyka-co-nam-daje-a-co-zabiera\/\"><\/a><a href=\"https:\/\/www.radiomaryja.pl\/informacje\/tylko-u-nas-prof-dr-hab-a-kochanski-z-ogromnym-smutkiem-musze-przyznac-ze-w-genetyce-rozwija-sie-nurt-selekcyjny-nurt-terapeutyczny-jest-sztuka-a-zabijanie-dzieci-nia-nie-jest\/\">[TYLKO U NAS] Prof. dr hab. A. Kocha\u0144ski: Z ogromnym smutkiem musz\u0119 przyzna\u0107, \u017ce w genetyce rozwija si\u0119 nurt selekcyjny. Nurt terapeutyczny jest sztuk\u0105, a zabijanie dzieci ni\u0105 nie jest<\/a>, radiomaryja.pl, 06.02.2023.<\/li><\/ul>\n\n\n\n<p class=\"has-text-align-center\">*<\/p>\n\n\n\n<p><strong>Ewa Kowalewska, dyrektor Human Life International &#8211; Polska, w audycji \u201eAktualno\u015bci dnia\u201d na antenie Radia Maryja<\/strong><\/p>\n\n\n\n<p>Zobacz:<\/p>\n\n\n\n<ul><li>Radio Maryja, <a href=\"https:\/\/www.radiomaryja.pl\/informacje\/tylko-u-nas-e-kowalewska-jak-przystepowalismy-do-unii-europejskiej-nikt-nie-mowil-ze-bedziemy-zmuszani-zeby-wprowadzic-prawo-do-aborcji\/\">[TYLKO U NAS] E. Kowalewska: Jak przyst\u0119powali\u015bmy do Unii Europejskiej, nikt nie m\u00f3wi\u0142, \u017ce b\u0119dziemy zmuszani, \u017ceby wprowadzi\u0107 prawo do aborcji<\/a>, radiomaryja.pl, 06.02.2023.<\/li><\/ul>\n\n\n\n<p>Ca\u0142\u0105 audycj\u0119 mo\u017cna ods\u0142ucha\u0107   [<strong><a href=\"https:\/\/www.radiomaryja.pl\/multimedia\/kolejny-krok-francji-w-strone-cywilizacji-smierci-tzw-aborcja-ma-byc-prawem-konstytucyjnym\/\">tutaj<\/a><\/strong>].<\/p>\n\n\n\n<p class=\"has-text-align-center\">*<strong><br><a href=\"http:\/\/kslpmazowsze.pl\/wp-content\/uploads\/2023\/02\/STANOWISKO-KSLP-w-sprawie-aborcji-farmakologicznej.-15.02.2023.pdf\">Stanowisko Katolickiego Stowarzyszenia Lekarzy Polskich<br>ws. nielegalnej dzia\u0142alno\u015bci w Polsce organizacji sprowadzaj\u0105cej w spos\u00f3b masowy<br>preparaty s\u0142u\u017c\u0105ce wywo\u0142aniu aborcji farmakologicznych<\/a><br>15.02.2023<br>[kslpmazowsze.pl]<\/strong><\/p>\n\n\n\n<p class=\"has-text-align-center\">*<\/p>\n\n\n\n<p><strong>Sumienie lekarza i pacjenta<\/strong><\/p>\n\n\n\n<p>Zobacz:<\/p>\n\n\n\n<ul><li>Radio Maryja,&nbsp;<a href=\"https:\/\/www.radiomaryja.pl\/informacje\/prof-b-chazan-w-toruniu-medycyna-nie-jest-neutralna-moralnie-nie-jest-odcieta-od-swiata-wartosci-i-od-sumienia\/\">Prof. B. Chazan w Toruniu: Medycyna nie jest neutralna moralnie. Nie jest odci\u0119ta od \u015bwiata warto\u015bci i od sumienia<\/a>, radiomaryja.pl, 04.03.2023.<\/li><\/ul>\n\n\n\n<p>Zobacz tak\u017ce:<\/p>\n\n\n\n<ul><li>Monika Bilska\/RIRM,&nbsp;<a href=\"https:\/\/www.radiomaryja.pl\/informacje\/aborcja-dramat-matki-i-swiata\/\">Aborcja \u2013 dramat matki i \u015bwiata<\/a>, radiomaryja.pl, 26.12.2018.<\/li><\/ul>\n\n\n\n<p class=\"has-text-align-center\">*<\/p>\n\n\n\n<p><strong>Honoru Sejmu RP i konstytucyjnej ochrony \u017cycia broni\u0142o 126 pos\u0142\u00f3w<\/strong><\/p>\n\n\n\n<p>Zobacz:<\/p>\n\n\n\n<ul><li>Obywatelski projekt ustawy o zmianie ustawy z dnia 7 stycznia 1993 r. o planowaniu rodziny, ochronie p\u0142odu ludzkiego i warunkach dopuszczalno\u015bci przerywania ci\u0105\u017cy oraz innych ustaw   [<a href=\"https:\/\/www.sejm.gov.pl\/Sejm9.nsf\/PrzebiegProc.xsp?nr=3008\"><strong>tutaj<\/strong><\/a>].<\/li><li>Przem\u00f3wienie pe\u0142nomocnika Komitetu Inicjatywy Ustawodawczej \u201eAborcja to Zab\u00f3jstwo\u201d Krzysztofa Kasprzaka, 07.03.2023   [<strong><a href=\"https:\/\/www.zycierodzina.pl\/aborcja-to-zabojstwo-w-sejmie-przemowienie-krzysztofa-kasprzaka-video\/\">tutaj<\/a><\/strong>].<\/li><li>Przem\u00f3wienie zast\u0119pcy pe\u0142nomocnika Komitetu Inicjatywy Ustawodawczej \u201eAborcja to Zab\u00f3jstwo\u201d Kai Godek, 07.03.2023   [<strong><a href=\"https:\/\/www.zycierodzina.pl\/aborcja-to-zabojstwo-w-sejmie-przemowienie-kai-godek-video\/\">tutaj<\/a><\/strong>].<\/li><\/ul>\n\n\n\n<p class=\"has-text-align-center\">*<\/p>\n\n\n\n<p><strong>Odbieranie \u017cycia nienarodzonym to zbrodnia<\/strong><\/p>\n\n\n\n<p>Zobacz:<\/p>\n\n\n\n<ul><li>G\u0105decki S., <a href=\"https:\/\/episkopat.pl\/doc\/213374.homilia-duch-swiety-zstapi-na-ciebie-uroczystosc-zwiastowania-panskiego-katedra-poznanska-25-03-2023\">Homilia: Duch \u015awi\u0119ty zst\u0105pi na Ciebie<\/a>, Uroczysto\u015b\u0107 Zwiastowania Pa\u0144skiego, Katedra Pozna\u0144ska, 25.03.2023, episkopat.pl, 25.03.2023.<\/li><\/ul>\n\n\n\n<p class=\"has-text-align-center\">*<\/p>\n\n\n\n<p><strong>Polskie t\u0142umaczenie ksi\u0105\u017cki o \u017cyciu wiecznym ks. kard. Gerharda Ludwiga M\u00fcllera, teologa, prefekta Kongregacji Nauki Wiary w latach 2012-2017<\/strong><\/p>\n\n\n\n<p><strong>Warto przeczyta\u0107!<\/strong><\/p>\n\n\n\n<ul><li>M\u00fcller G.L., Cud nie\u015bmiertelno\u015bci. Co b\u0119dzie po \u017cyciu ziemskim, t\u0142um. K. Markiewicz, Krak\u00f3w: Wydawnictwo Esprit, 09.05.2023.<\/li><\/ul>\n\n\n\n<p class=\"has-text-align-center\">*<\/p>\n\n\n\n<p><strong>Europejski Trybuna\u0142 Praw Cz\u0142owieka po raz kolejny odrzuci\u0142 seri\u0119 skarg na zakaz aborcji eugenicznej w Polsce<\/strong><\/p>\n\n\n\n<p>Zobacz<\/p>\n\n\n\n<ul><li><a href=\"https:\/\/jedenznas.pl\/federacja-one-of-us-o-decyzji-etpc-w-sprawie-aborcji-w-polsce-orzeczenie-to-stoi-na-strazy-zasad-prawa-do-zycia-i-rownosci\/\">Federacja ONE OF US o decyzji ETPC w sprawie aborcji w Polsce: Orzeczenie to stoi na stra\u017cy zasad prawa do \u017cycia i r\u00f3wno\u015bci<\/a>, jedenznas.pl, 09.06.2023.<\/li><\/ul>\n\n\n\n<p class=\"has-text-align-center\">*<\/p>\n\n\n\n<p><strong>Wywiad z Magdalen\u0105 Guziak-Nowak<strong>, dyrektorem ds. edukacji w Polskim Stowarzyszeniu Obro\u0144c\u00f3w \u017bycia Cz\u0142owieka<\/strong><\/strong><\/p>\n\n\n\n<p>Zobacz:<\/p>\n\n\n\n<ul><li>Guziak-Nowak M., <a href=\"https:\/\/wp.naszdziennik.pl\/2023-06-14\/373316,antyludzka-narracja.html\">Antyludzka narracja<\/a>, rozmow\u0119 przeprowadzi\u0142a U. Wr\u00f3bel, naszdziennik.pl, 14.06.2023.<\/li><\/ul>\n\n\n\n<p>Ca\u0142y artyku\u0142 mo\u017cna przeczyta\u0107   [<strong><a href=\"https:\/\/pro-life.pl\/antyludzka-narracja\/\">tutaj<\/a><\/strong>].<\/p>\n\n\n\n<p class=\"has-text-align-center\">*<\/p>\n\n\n\n<p><strong>Obro\u0144cy \u017cycia domagaj\u0105 si\u0119 zdecydowanego stanowiska w\u0142adz Prawa i Sprawiedliwo\u015bci w kwestii ochrony \u017cycia dzieci pocz\u0119tych<\/strong><\/p>\n\n\n\n<p>Zobacz:<\/p>\n\n\n\n<ul><li>Wr\u00f3bel U., <a href=\"https:\/\/wp.naszdziennik.pl\/2023-06-15\/373330,apel-o-odwage.html\">Apel o odwag\u0119<\/a>, naszdziennik.pl, 15.06.2023.<\/li><li>List otwarty do Prezesa Prawa i&nbsp;Sprawiedliwo\u015bci, Jaros\u0142awa Kaczy\u0144skiego, w&nbsp;sprawie ochrony \u017cycia ka\u017cdego cz\u0142owieka   [<strong><a href=\"https:\/\/pro-life.pl\/list-otwarty-do-prezesa-prawa-i-sprawiedliwosci-jaroslawa-kaczynskiego-w-sprawie-ochrony-zycia-kazdego-czlowieka\/\">tutaj<\/a><\/strong>].<\/li><\/ul>\n\n\n\n<p class=\"has-text-align-center\">*<\/p>\n\n\n\n<p><strong>Pytania do obozu w\u0142adzy<\/strong><\/p>\n\n\n\n<p>Zobacz:<\/p>\n\n\n\n<ul><li>TV Trwam News, <a href=\"https:\/\/www.radiomaryja.pl\/informacje\/pytania-do-obozu-wladzy-obroncy-zycia-chca-aby-pis-zajelo-stanowisko-w-sprawie-ochrony-zycia-nienarodzonych-dzieci\/\">Pytania do obozu w\u0142adzy. Obro\u0144cy \u017cycia chc\u0105, aby PiS zaj\u0119\u0142o stanowisko w sprawie ochrony \u017cycia nienarodzonych dzieci<\/a>, radiomaryja.pl, 17.06.2023.<\/li><\/ul>\n\n\n\n<p class=\"has-text-align-center\">*<\/p>\n\n\n\n<p><strong><strong>Magdalena Guziak-Nowak, dyrektor ds. edukacji w Polskim Stowarzyszeniu Obro\u0144c\u00f3w \u017bycia Cz\u0142owieka,<\/strong> w programie \u201ePolski punkt widzenia\u201d na antenie TV Trwam<\/strong><\/p>\n\n\n\n<p>Zobacz:<\/p>\n\n\n\n<ul><li>Radio Maryja,<a href=\"https:\/\/www.radiomaryja.pl\/informacje\/m-guziak-nowak-w-tv-trwam-prawo-do-zycia-dzieci-nienarodzonych-staje-sie-narzedziem-walki-politycznej-takze-po-stronie-politykow-ktorzy-deklaruja-sie-jako-prawicowi\/\">M. Guziak-Nowak w TV Trwam: Prawo do \u017cycia dzieci nienarodzonych staje si\u0119 narz\u0119dziem walki politycznej tak\u017ce po stronie polityk\u00f3w, kt\u00f3rzy deklaruj\u0105 si\u0119 jako prawicowi<\/a>, radiomaryja.pl, 18.06.2023.<\/li><\/ul>\n\n\n\n<p class=\"has-text-align-center\">*<\/p>\n\n\n\n<p><strong>Klauzula sumienia na celowniku<\/strong><\/p>\n\n\n\n<p>Zobacz:<\/p>\n\n\n\n<ul><li>Wojciech Grzywacz\/radiomaryja.pl, <a href=\"https:\/\/www.radiomaryja.pl\/informacje\/jestem-w-kosciele-zostawic-sumienie-przed-drzwiami-gabinetu\/\">[Jestem w Ko\u015bciele] Zostawi\u0107 sumienie przed drzwiami gabinetu<\/a>, radiomaryja.pl, 18.06.2023.<\/li><\/ul>\n\n\n\n<p class=\"has-text-align-center\">*<\/p>\n\n\n\n<p class=\"has-text-align-left\"><strong>Ks. abp. Stanis\u0142aw G\u0105decki:<\/strong><\/p>\n\n\n\n<p>\u201eKa\u017cdy pose\u0142, kt\u00f3ry g\u0142osuje <strong>przeciwko \u017cyciu<\/strong>, pope\u0142nia grzech ci\u0119\u017cki, a&nbsp;tym samym <strong>nie mo\u017ce przyst\u0119powa\u0107 do&nbsp;Komunii&nbsp;\u015awi\u0119tej<\/strong>, je\u015bli wcze\u015bniej w spowiedzi nie wyrazi \u017calu za pope\u0142niony grzech oraz woli jego naprawy\u201d.<\/p>\n\n\n\n<p>Zobacz:<\/p>\n\n\n\n<ul><li>Gajkowski K., <a href=\"https:\/\/wp.naszdziennik.pl\/2023-06-20\/373451,aborcja-to-grzech.html\">Aborcja to grzech<\/a>, naszdziennik.pl, 20.06.2023.<\/li><\/ul>\n\n\n\n<p class=\"has-text-align-center\">*<\/p>\n\n\n\n<p><strong>Ta wypowied\u017a szokuje!<\/strong><\/p>\n\n\n\n<p>Zobacz:<\/p>\n\n\n\n<ul><li>Polskie Stowarzyszenie Obro\u0144c\u00f3w \u017bycia Cz\u0142owieka, <a href=\"https:\/\/www.youtube.com\/watch?v=matSGfzZkb4&amp;list=PLwGhSmuys_vTxNjHsrTvjXwILl4cz6BdD\">Projekt LIFE 169. Czy premier Morawiecki popiera aborcj\u0119 eugeniczn\u0105?<\/a>, youtube.com, 22.06.2023.<\/li><\/ul>\n\n\n\n<p class=\"has-text-align-center\">*<\/p>\n\n\n\n<p><strong>Minister og\u0142aszaj\u0105cy prawo z pomini\u0119ciem Sejmu powinien by\u0107&nbsp;\u015bwiadomy ryzyka poci\u0105gni\u0119cia go do odpowiedzialno\u015bci przed Trybuna\u0142em Stanu<\/strong><\/p>\n\n\n\n<p>Zobacz:<\/p>\n\n\n\n<ul><li>Adw. Jerzy Kwa\u015bniewski \u2013 prezes Ordo Iuris, <a href=\"https:\/\/ordoiuris.pl\/ochrona-zycia\/minister-wprowadza-w-polsce-aborcje-na-zyczenie\">Minister wprowadza w Polsce \u201eaborcj\u0119 na \u017cyczenie\u201d?<\/a>, ordoiuris.pl, 01.08.2023.<\/li><\/ul>\n\n\n\n<p class=\"has-text-align-center\">*<\/p>\n\n\n\n<p><strong>Zagro\u017cenie dla zdrowia i \u017cycia<\/strong><\/p>\n\n\n\n<p>Zobacz:<\/p>\n\n\n\n<ul><li>Gajkowska P.,&nbsp;<a href=\"https:\/\/wp.naszdziennik.pl\/2023-08-07\">\u015amier\u0107 na e-recept\u0119<\/a>, naszdziennik.pl, 07.08.2023.<\/li><\/ul>\n\n\n\n<p>Ca\u0142y artyku\u0142 mo\u017cna przeczyta\u0107   [<a href=\"https:\/\/www.radiomaryja.pl\/informacje\/nasz-dziennik-smierc-na-e-recepte\/\"><strong>tutaj<\/strong><\/a>].<\/p>\n\n\n\n<p class=\"has-text-align-center\">*<\/p>\n\n\n\n<p><strong>Magdalena Guziak-Nowak, dyrektor ds. edukacji w Polskim Stowarzyszeniu Obro\u0144c\u00f3w \u017bycia Cz\u0142owieka, w audycji \u201eAktualno\u015bci dnia\u201d na antenie Radia Maryja<\/strong><\/p>\n\n\n\n<p>Zobacz:<\/p>\n\n\n\n<ul><li>Radio Maryja, <a href=\"https:\/\/www.radiomaryja.pl\/informacje\/m-guziak-nowak-o-stanowisku-wydanym-przez-komitet-bioetyki-pan-w-sprawie-ochrony-zycia-i-zdrowia-kobiet-w-ciazy-dokument-dolacza-do-innych-glosow-ktore-bezrefleksyjnie-chca-uchylenia-furtki-aborcyj\/\">M. Guziak-Nowak o stanowisku wydanym przez Komitet Bioetyki PAN w sprawie ochrony \u017cycia i zdrowia kobiet w ci\u0105\u017cy: Dokument do\u0142\u0105cza do innych g\u0142os\u00f3w, kt\u00f3re bezrefleksyjnie chc\u0105 uchylenia furtki aborcyjnej, kt\u00f3r\u0105 mamy w polskim prawodawstwie<\/a>, radiomaryja.pl, 08.08.2023.<\/li><\/ul>\n\n\n\n<p>Ca\u0142\u0105 audycj\u0119 mo\u017cna ods\u0142ucha\u0107   [<strong><a href=\"https:\/\/www.radiomaryja.pl\/multimedia\/walka-o-zycie-nienarodzonych\/\">tutaj<\/a><\/strong>].<\/p>\n\n\n\n<p class=\"has-text-align-center\">*<\/p>\n\n\n\n<p><strong>W 2022 r. liczba wykonywanych tzw. aborcji w Polsce wzros\u0142a a\u017c o blisko 50 procent<\/strong><\/p>\n\n\n\n<p>Zobacz:<\/p>\n\n\n\n<ul><li>Stefaniuk R., <a href=\"https:\/\/wp.naszdziennik.pl\/2023-08-09\/374794,obchodzenie-prawa.html\">Obchodzenie prawa<\/a>, naszdziennik.pl, 09.08.2023.<\/li><\/ul>\n\n\n\n<p>Ca\u0142y artyku\u0142 mo\u017cna przeczyta\u0107   [<strong><a href=\"https:\/\/www.radiomaryja.pl\/informacje\/nasz-dziennik-obchodzenie-prawa-w-2022-r-liczba-wykonywanych-tzw-aborcji-w-polsce-wzrosla-az-o-blisko-50-procent\/\">tutaj<\/a><\/strong>].<\/p>\n\n\n\n<p class=\"has-text-align-center\">*<\/p>\n\n\n\n<p><strong>Do czego zmierza ta dyskusja&#8230;?<\/strong><\/p>\n\n\n\n<p>Zobacz:<\/p>\n\n\n\n<ul><li>Guziak-Nowak M., <a href=\"https:\/\/wp.naszdziennik.pl\/2023-08-12\/374881,krok-po-kroku-do-aborcji-na-zyczenie.html\">Krok po kroku do&#8230; aborcji na \u017cyczenie?<\/a>, naszdziennik.pl, 12-13.08.2023.<\/li><\/ul>\n\n\n\n<p class=\"has-text-align-center\">*<\/p>\n\n\n\n<p class=\"has-text-align-center\"><strong><a href=\"https:\/\/www.hli.org.pl\/images\/ekspertyzy\/PTZPiLN%20nt%20finansowania%20in%20vitro.pdf\">Opinia Polskiego Stowarzyszenia Nauczycieli Naturalnego Planowania Rodziny oraz <\/a><br><a href=\"https:\/\/www.hli.org.pl\/images\/ekspertyzy\/PTZPiLN%20nt%20finansowania%20in%20vitro.pdf\">Polskiego Towarzystwa Zdrowia Prokreacyjnego i Leczenia Niep\u0142odno\u015bci<\/a><br><a href=\"https:\/\/www.hli.org.pl\/images\/ekspertyzy\/PTZPiLN%20nt%20finansowania%20in%20vitro.pdf\">dotycz\u0105ca finansowania przez Rz\u0105d RP procedur zap\u0142odnienia pozaustrojowego<\/a><br>18.08.2023<br>[hli.org.pl]<\/strong><\/p>\n\n\n\n<p class=\"has-text-align-center\">*<\/p>\n\n\n\n<p><strong>Ministerstwo oboj\u0119tne wobec skali wzrostu aborcji<\/strong><\/p>\n\n\n\n<p>Zobacz:<\/p>\n\n\n\n<ul><li>Stefaniuk R., <a href=\"https:\/\/wp.naszdziennik.pl\/2023-08-21\/375068,panstwo-umywa-rece.html\">Pa\u0144stwo umywa r\u0119ce<\/a>, naszdziennik.pl, 21.08.2023. <\/li><\/ul>\n\n\n\n<p>Ca\u0142y artyku\u0142 mo\u017cna przeczyta\u0107 [<strong><a href=\"https:\/\/www.radiomaryja.pl\/informacje\/e-kowalewska-dla-naszego-dziennika-stan-zagrozenia-zycia-i-zdrowia-matki-to-zupelnie-inna-kategoria-moralna-i-etyczna-niz-zabicie-dziecka-po-to-aby-cos-uzyskac-z-reguly\/\">tutaj<\/a><\/strong>].<\/p>\n\n\n\n<p class=\"has-text-align-center\">*<\/p>\n\n\n\n<p><strong>Magdalena Guziak-Nowak, dyrektor ds. edukacji w Polskim Stowarzyszeniu Obro\u0144c\u00f3w \u017bycia Cz\u0142owieka, w audycji \u201eAktualno\u015bci dnia\u201d na antenie Radia Maryja<\/strong><\/p>\n\n\n\n<p>Zobacz:<\/p>\n\n\n\n<ul><li>Radio Maryja, <a href=\"https:\/\/www.radiomaryja.pl\/informacje\/m-guziak-nowak-zycie-jest-wartoscia-o-wiele-cenniejsza-niz-zdrowie-kiedy-pojawia-sie-zagrozenie-dla-zdrowia-kobiety-nie-mamy-moralnego-prawa-zeby-przerwac-zycie-nienarodzonego-dziecka\/\">M. Guziak-Nowak: \u017bycie jest warto\u015bci\u0105 o wiele cenniejsz\u0105 ni\u017c zdrowie. Kiedy pojawia si\u0119 zagro\u017cenie dla zdrowia kobiety \u2013 nie mamy moralnego prawa, \u017ceby przerwa\u0107 \u017cycie nienarodzonego dziecka<\/a>, radiomaryja.pl, 21.08.2023.<\/li><\/ul>\n\n\n\n<p>Ca\u0142\u0105 audycj\u0119 mo\u017cna ods\u0142ucha\u0107   [<strong><a href=\"https:\/\/www.radiomaryja.pl\/multimedia\/liczba-tzw-aborcji-wykonywanych-ze-wzgledu-na-zagrozenie-zdrowia-lub-zycia-matki-wzrosla-o-400-proc\/\">tutaj<\/a><\/strong>].<\/p>\n\n\n\n<p class=\"has-text-align-center\">*<\/p>\n\n\n\n<p><strong>Cyniczna manipulacja spo\u0142ecze\u0144stwem<\/strong><\/p>\n\n\n\n<p>Zobacz;<\/p>\n\n\n\n<ul><li>Wr\u00f3bel U., <a href=\"https:\/\/naszdziennik.pl\/polska-kraj\/281884,odkryc-prawde-o-in-vitro.html\">Odkry\u0107 prawd\u0119 o in vitro<\/a>, naszdziennik.pl, 23.08.2023.<\/li><\/ul>\n\n\n\n<p class=\"has-text-align-center\">*<\/p>\n\n\n\n<p class=\"has-text-align-center\"><strong><a href=\"https:\/\/episkopat.pl\/doc\/214253.stanowisko-zespolu-ekspertow-konferencji-episkopatu-polski-ds-bioetycznych-w-sprawie-dopuszczalnosci-aborcji-w-oparciu-o-przeslanke-zdrowia-psychicznego\">Stanowisko Zespo\u0142u Ekspert\u00f3w KEP ds. Bioetycznych<br>w sprawie dopuszczalno\u015bci aborcji w oparciu o przes\u0142ank\u0119 zdrowia psychiczneg<strong>o<\/strong><\/a><strong><br>4.09.2023<\/strong><br>[episkopat.pl]<\/strong><\/p>\n\n\n\n<p class=\"has-text-align-center\">*<\/p>\n\n\n\n<p><strong>Prof. Pawe\u0142 Skrzydlewski, rektor Akademii Zamojskiej, w audycji \u201eAktualno\u015bci dnia\u201d na antenie Radia Maryja<\/strong><\/p>\n\n\n\n<p>Zobacz:<\/p>\n\n\n\n<ul><li>Radio Maryja, <a href=\"https:\/\/www.radiomaryja.pl\/informacje\/prof-p-skrzydlewski-sily-polityczne-z-calego-swiata-uwazaja-zabijanie-dzieci-za-warunek-konieczny-do-tworzenia-nowego-porzadku\/\">Prof. P. Skrzydlewski: Si\u0142y polityczne z ca\u0142ego \u015bwiata uwa\u017caj\u0105 zabijanie dzieci za warunek konieczny do tworzenia nowego porz\u0105dku<\/a>, radiomaryja.pl, 05.09.2023.<\/li><\/ul>\n\n\n\n<p>Ca\u0142\u0105 audycj\u0119 mo\u017cna ods\u0142ucha\u0107   [<strong><a href=\"https:\/\/www.radiomaryja.pl\/multimedia\/przekaz-na-temat-tzw-aborcji\/\">tutaj<\/a><\/strong>].<\/p>\n\n\n\n<p class=\"has-text-align-center\">*<\/p>\n\n\n\n<p class=\"has-text-align-center\"><strong>Instytut na rzecz Kultury Prawnej Ordo Iuris<br><a href=\"https:\/\/ordoiuris.pl\/sites\/default\/files\/inline-files\/Analiza_aborcja_zdrowie_psychiczne.pdf\">Uwagi w przedmiocie dopuszczalno\u015bci przeprowadzenia aborcji<br>z powodu z\u0142ego stanu zdrowia psychicznego matki<\/a><br>6.09.2023<br>[ordoiuris]<\/strong><\/p>\n\n\n\n<p class=\"has-text-align-center\">*<\/p>\n\n\n\n<p class=\"has-text-align-center\"><strong><a href=\"https:\/\/www.radiomaryja.pl\/informacje\/sympozjum-medycyna-w-sluzbie-zyciu-od-poczecia-do-naturalnej-smierci\/\">Sympozjum \u201eMedycyna w s\u0142u\u017cbie \u017cyciu od pocz\u0119cia do naturalnej \u015bmier<strong>ci<strong><strong><strong><strong><strong><strong><strong><strong>\u201d<\/strong><\/strong><\/strong><\/strong><\/strong><\/strong><\/strong><\/strong><\/strong><\/a><strong><strong><strong><strong><strong><strong><strong><strong><strong><br>16.09.2023<br>[radiomaryja.pl]<\/strong><\/strong><\/strong><\/strong><\/strong><\/strong><\/strong><\/strong><\/strong><\/strong><\/p>\n\n\n\n<p class=\"has-text-align-center\">*<\/p>\n\n\n\n<p><strong>Pod pretekstem zapobiegania ewentualnym pandemiom ONZ forsuje aborcj\u0119<\/strong><\/p>\n\n\n\n<p>Zobacz:<\/p>\n\n\n\n<ul><li>Wr\u00f3bel U,&nbsp;<a href=\"https:\/\/wp.naszdziennik.pl\/2023-09-26\/376013,furtka-do-zabijania-dzieci.html\">Furtka do zabijania dzieci<\/a>, naszdziennik.pl, 26.09.2023.<\/li><\/ul>\n\n\n\n<p>Ca\u0142y artyku\u0142 mo\u017cna przeczyta\u0107&nbsp;<a href=\"https:\/\/www.radiomaryja.pl\/informacje\/nasz-dziennik-furtka-do-zabijania-dzieci\/\">[<strong>tutaj<\/strong><\/a>].<\/p>\n\n\n\n<p class=\"has-text-align-center\">*<strong><br><a href=\"http:\/\/kslpmazowsze.pl\/wp-content\/uploads\/2023\/09\/Stanowisko-KSLP-w-spr.-aborcji-z-przyczyn-zaburze%C5%84-zdrowia-psychicznego-29.-09-2023-r..pdf\">Stanowisko Katolickiego Stowarzyszenia Lekarzy Polskich<br>ws. dopuszczalno\u015bci aborcji na podstawie przes\u0142anki zdrowia psychicznego<\/a><br>27.09.2023<br>[kslpmazowsze.pl]<\/strong><\/p>\n\n\n\n<p class=\"has-text-align-center\">*<\/p>\n\n\n\n<p><strong>\u015arodowiska aborcyjne skrz\u0119tnie ukrywaj\u0105 prawd\u0119 o zagro\u017ceniach zwi\u0105zanych z za\u017cyciem pigu\u0142ki aborcyjnej<\/strong><\/p>\n\n\n\n<p>Zobacz:<\/p>\n\n\n\n<ul><li>Wr\u00f3bel U., <a href=\"https:\/\/wp.naszdziennik.pl\/2023-09-29\/376111,kampania-klamstw-o-aborcji.html\">Kampania k\u0142amstw o aborcji<\/a>, naszdziennik.pl, 29.09.2023.<\/li><\/ul>\n\n\n\n<p>Ca\u0142y artyku\u0142 mo\u017cna przeczyta\u0107   [<strong><a href=\"https:\/\/www.radiomaryja.pl\/informacje\/nasz-dziennik-kampania-klamstw-o-tzw-aborcji\/\">tutaj<\/a><\/strong>].<\/p>\n\n\n\n<p class=\"has-text-align-center\">*<\/p>\n\n\n\n<p><strong>W najbli\u017cszych wyborach zdecydujemy, czy Polska b\u0119dzie krajem, kt\u00f3ry chroni dzieci pocz\u0119te<\/strong><\/p>\n\n\n\n<p>Zobacz:<\/p>\n\n\n\n<ul><li>Gajkowska P., <a href=\"https:\/\/naszdziennik.pl\/polska-kraj\/284965,wybierajmy-politykow-pro-life.html\">Wybierajmy polityk\u00f3w pro-life<\/a>, naszdziennik, 11.10.2023.<\/li><\/ul>\n\n\n\n<p>Ca\u0142y artyku\u0142 mo\u017cna przeczyta\u0107   [<strong><a href=\"https:\/\/www.radiomaryja.pl\/informacje\/nasz-dziennik-wybierajmy-politykow-pro-life\/\">tutaj<\/a><\/strong>].<\/p>\n\n\n\n<p class=\"has-text-align-center\">*<\/p>\n\n\n\n<p><strong>Dowody naukowe pokazuj\u0105, \u017ce tylko prawny zakaz aborcji chroni zdrowie i \u017cycie kobiet<\/strong><\/p>\n\n\n\n<p>Zobacz:<\/p>\n\n\n\n<ul><li>Musia\u0142 K., <a href=\"https:\/\/naszdziennik.pl\/mysl\/285279,twarde-dane-o-aborcji.html\">Twarde dane o aborcji<\/a>, naszdziennik.pl, 15.10.2023.<\/li><\/ul>\n\n\n\n<p class=\"has-text-align-center\">*<\/p>\n\n\n\n<p><strong>Dr Micha\u0142 Skwarzy\u0144ski, adwokat, adiunkt Katedry Praw Cz\u0142owieka i Prawa Humanitarnego KUL, w audycji \u201eRozmowy niedoko\u0144czone\u201d na antenie Radia Maryja i TV Trwam<\/strong><\/p>\n\n\n\n<p>Zobacz:<\/p>\n\n\n\n<ul><li>Radio Maryja, <a href=\"https:\/\/www.radiomaryja.pl\/informacje\/dr-m-skwarzynski-jezeli-dziecko-poczete-jest-podmiotem-prawa-a-jest-bo-dziedziczy-w-kazdym-porzadku-prawnym-to-jednoczesnie-nie-moze-istniec-prawo-do-aborcji\/\">Dr M. Skwarzy\u0144ski: Je\u017celi dziecko pocz\u0119te jest podmiotem prawa, a jest, bo dziedziczy w ka\u017cdym porz\u0105dku prawnym, to jednocze\u015bnie nie mo\u017ce istnie\u0107 prawo do aborcji<\/a>, radiomaryja.pl, 22.10.2023.<\/li><\/ul>\n\n\n\n<p class=\"has-text-align-center\">*<\/p>\n\n\n\n<p><strong>Bart\u0142omiej Wr\u00f3blewski, pose\u0142 Prawa i Sprawiedliwo\u015bci, w audycji \u201eAktualno\u015bci dnia\u201d na antenie Radia Maryja<\/strong><\/p>\n\n\n\n<p>Zobacz:<\/p>\n\n\n\n<ul><li>Radio Maryja, <a href=\"https:\/\/www.radiomaryja.pl\/informacje\/b-wroblewski-jesli-konstytucja-rp-jest-traktowana-powaznie-to-prawo-do-zycia-rowniez-musi-byc-traktowane-powaznie-bo-to-jedno-z-najbardziej-z-podstawowych-ludzkich-praw\/\">B. Wr\u00f3blewski: Je\u015bli Konstytucja RP jest traktowana powa\u017cnie, to prawo do \u017cycia r\u00f3wnie\u017c musi by\u0107 traktowane powa\u017cnie, bo to jedno z najbardziej z podstawowych ludzkich praw<\/a>, radiomaryja.pl, 25.10.2023.<\/li><\/ul>\n\n\n\n<p>Ca\u0142\u0105 audycj\u0119 mo\u017cna ods\u0142ucha\u0107   [<strong><a href=\"https:\/\/www.radiomaryja.pl\/multimedia\/ochrona-zycia-poczetego\/\">tutaj<\/a><\/strong>].<\/p>\n\n\n\n<p class=\"has-text-align-center\">*<\/p>\n\n\n\n<p class=\"has-text-align-center\"><strong><strong>Stanowisko Parlamentarnego Zespo\u0142u na rzecz \u017bycia i Rodz<strong><strong>iny<\/strong><\/strong><\/strong><a href=\"https:\/\/orka.sejm.gov.pl\/opinie9.nsf\/nazwa\/590_20231026\/$file\/590_20231026.pdf\"><br><\/a><strong><strong><a href=\"https:\/\/orka.sejm.gov.pl\/opinie9.nsf\/nazwa\/590_20231026\/$file\/590_20231026.pdf\">Aborcyjna zapowied\u017a \u0142amania Konstytucji<\/a><br>26.10.2023<\/strong><\/strong><br>[orka.sejm.gov.pl]<\/strong><\/p>\n\n\n\n<p class=\"has-text-align-center\">*<\/p>\n\n\n\n<p><strong>Wywiad z s. Deirdre Byrne ze zgromadzenia Ma\u0142ych Pracownic od Naj\u015bwi\u0119tszych Serc Jezusa i Maryi, chirurgiem i by\u0142ym pu\u0142kownikiem armii ameryka\u0144skiej<\/strong><\/p>\n\n\n\n<p>Zobacz: <\/p>\n\n\n\n<ul><li>Byrne D., <a href=\"https:\/\/wp.naszdziennik.pl\/2023-10-31\/377318,aborcja-to-pole-bitwy-szatana.html\">Aborcja to pole bitwy szatana<\/a>, rozmow\u0119 przeprowadzi\u0142a B. Falkowska, naszdziennik.pl, 31.10.2023.<\/li><\/ul>\n\n\n\n<p>Ca\u0142y artyku\u0142 mo\u017cna przeczyta\u0107   [<strong><a href=\"https:\/\/www.radiomaryja.pl\/informacje\/nasz-dziennik-byla-pulkownik-armii-usa-aborcja-to-pole-bitwy-szatana\/\">tutaj<\/a><\/strong>]. <\/p>\n\n\n\n<p class=\"has-text-align-center\">*<\/p>\n\n\n\n<p><strong>Nie ma prawa do zabijania<\/strong><\/p>\n\n\n\n<p>Zobacz:<\/p>\n\n\n\n<ul><li>Karol Darmoros \u2013 Warszawa, <a href=\"https:\/\/www.vaticannews.va\/pl\/swiat\/news\/2023-11\/sankowska-grabczuk-ostrzega-ze-wprowadzenie-przeslanki-zdrowia.html\">Sankowska-Grabczuk: wprowadzenie przes\u0142anki zdrowia psychicznego to by\u0142aby aborcja na \u017cyczenie<\/a>, vaticannews.va, 13.11.2023<\/li><\/ul>\n\n\n\n<p class=\"has-text-align-center\">*<\/p>\n\n\n\n<p class=\"has-text-align-center\"><strong>O\u015bwiadczenie Polskiej Federacji Ruch\u00f3w Obrony \u017bycia<a href=\"https:\/\/jedenznas.pl\/oswiadczenie-polskiej-federacji-ruchow-obrony-zycia-nie-naruszajmy-podstawowych-praw-czlowieka\/\"><br>Nie naruszajmy podstawowych praw cz\u0142owieka<\/a><br>15.11.2023<br>[jedenznas.pl]<\/strong><\/p>\n\n\n\n<p class=\"has-text-align-center\">*<\/p>\n\n\n\n<p><strong>\u017benuj\u0105ce wypowiedzi prominentnych polityk\u00f3w<\/strong><\/p>\n\n\n\n<p>Zobacz:<\/p>\n\n\n\n<ul><li>Przysi\u0119\u017cniuk-Parys A., <a href=\"https:\/\/wp.naszdziennik.pl\/2023-11-18\/377758,powstrzymac-cywilizacje-smierci.html\">Powstrzyma\u0107 cywilizacj\u0119 \u015bmierci<\/a>, naszdziennik.pl, 18-19.11.2023.<\/li><\/ul>\n\n\n\n<p class=\"has-text-align-center\">*<\/p>\n\n\n\n<p class=\"has-text-align-center\"><strong><strong>IN VITRO<\/strong><br><strong>Za jak\u0105 cen\u0119?<\/strong><\/strong><\/p>\n\n\n<div class=\"wp-block-image\">\n<figure class=\"aligncenter size-large is-resized\"><img loading=\"lazy\" src=\"http:\/\/dobreszczepionki.pl\/wp-content\/uploads\/2026\/01\/0.10._in-vitro-722x1024.jpg\" alt=\"\" class=\"wp-image-42993\" width=\"416\" height=\"590\"\/><figcaption>Fot. via pro-life.pl<\/figcaption><\/figure><\/div>\n\n\n<p>Zobacz:<\/p>\n\n\n\n<ul><li>Polskie Stowarzyszenie Obro\u0144c\u00f3w \u017bycia Cz\u0142owieka,&nbsp;<a href=\"https:\/\/pro-life.pl\/wp-content\/uploads\/2023\/08\/biblioteczka-pro-life-04-in-vitro-za-jaka-cene-wydanie-2023.pdf\">In vitro. Za jak\u0105 cen\u0119?<\/a>, pro-life.pl, 23.11.2023.<\/li><\/ul>\n\n\n\n<p class=\"has-text-align-center\">*<\/p>\n\n\n\n<p><strong>Europejski nakaz dochodzeniowy ws. barbarzy\u0144skich dzia\u0142a\u0144 aborcyjnych aktywist\u00f3w<\/strong><\/p>\n\n\n\n<p>Zobacz:<\/p>\n\n\n\n<ul><li>Wr\u00f3bel U., <a href=\"https:\/\/naszdziennik.pl\/polska-kraj\/287736,ukarac-zbrodnicze-praktyki.html\">Ukara\u0107 zbrodnicze praktyki<\/a>, naszdziennik.pl, 24.11.2023.<\/li><\/ul>\n\n\n\n<p class=\"has-text-align-center\">*<\/p>\n\n\n\n<p class=\"has-text-align-center\"><strong><a href=\"https:\/\/www.radiomaryja.pl\/informacje\/xvi-miedzynarodowy-kongres-katolicy-a-cielesnosc\/\">XVI Miedzynarodowy Kongres <strong>\u201e<\/strong>Katolicy a cielesno\u015b\u0107<strong>\u201d<\/strong><\/a><br>24-25.11.2023<br>[radiomaryja.pl]<\/strong><\/p>\n\n\n\n<p class=\"has-text-align-center\"><strong>Wyk\u0142ad:<\/strong><\/p>\n\n\n\n<ul><li>Kowalski E., <a href=\"https:\/\/www.youtube.com\/watch?v=bYegXwqxh-Y\">Ocena moralna eksperyment\u00f3w medycznych<\/a>, Toru\u0144, 24.11.2023, youtube.com, 24.11.2023.<\/li><\/ul>\n\n\n\n<p><strong>O. prof. Edmund Kowalski CSsR<\/strong>&nbsp;\u2013 cz\u0142onek Zespo\u0142u Ekspert\u00f3w Konferencji Episkopatu Polski ds. Bioetycznych; znany autor publikacji w dziedzinie etyki, bioetyki i teologii moralnej, w tym ksi\u0105\u017cek, m.in.: <strong>Cz\u0142owiek i bioetyka<\/strong>, <strong>Osoba i bioetyka<\/strong>, <strong>Bioetyka w konfesjonale<\/strong>.<\/p>\n\n\n\n<p class=\"has-text-align-center\"><strong>Artyku\u0142:<\/strong><\/p>\n\n\n\n<ul><li>Angelika Regulska\/radiomaryja.pl,&nbsp;<a href=\"https:\/\/www.radiomaryja.pl\/informacje\/ocena-moralna-eksperymentow-medycznych\/\">Ocena moralna eksperyment\u00f3w medycznych<\/a>, radiomaryja.pl, 26.12.2023.<\/li><\/ul>\n\n\n\n<p class=\"has-text-align-center\">*<\/p>\n\n\n\n<p class=\"has-text-align-left\"><strong>In vitro nie powinno by\u0107 finansowane przez pa\u0144stwo<\/strong><\/p>\n\n\n\n<p>Zobacz:<\/p>\n\n\n\n<ul><li>Adw. Nikodem Bernaciak &#8211; starszy analityk Centrum Bada\u0144 i Analiz Ordo Iuris, <a href=\"https:\/\/ordoiuris.pl\/uwagi-do-projektu-ustawy-o-finansowaniu-procedury-vitro-w-polsce-druk-sejmowy-nr-31\">Uwagi do projektu ustawy o finansowaniu procedury in vitro w Polsce (druk sejmowy nr 31)<\/a>, ordoiuris.pl, 27.11.2023.<\/li><\/ul>\n\n\n\n<p class=\"has-text-align-center\">*<\/p>\n\n\n\n<p><strong>Sejm przeg\u0142osowa\u0142 finansowanie in vitro<\/strong><\/p>\n\n\n\n<p>Zobacz:<\/p>\n\n\n\n<ul><li>Obywatelski projekt ustawy o zmianie ustawy o \u015bwiadczeniach opieki zdrowotnej finansowanych ze \u015brodk\u00f3w publicznych   [<a href=\"https:\/\/www.sejm.gov.pl\/Sejm10.nsf\/PrzebiegProc.xsp?id=DDD5A79EA492B95CC1258A6D0066F237\"><strong>tutaj<\/strong><\/a>].<\/li><\/ul>\n\n\n\n<p class=\"has-text-align-center\">*<\/p>\n\n\n\n<p><strong>Ks. dr Janusz Chy\u0142a, teolog dogmatyk, w audycji \u201eAktualno\u015bci dnia\u201d na antenie Radia Maryja<\/strong><\/p>\n\n\n\n<p>Zobacz:<\/p>\n\n\n\n<ul><li>Radio Maryja, <a href=\"https:\/\/www.radiomaryja.pl\/informacje\/ks-dr-j-chyla-ochrona-ludzkiego-zycia-od-poczecia-do-naturalnej-smierci-to-nie-tylko-kwestia-katolicyzmu-ale-i-czlowieczenstwa\/\">Ks. dr J. Chy\u0142a: Ochrona ludzkiego \u017cycia od pocz\u0119cia do naturalnej \u015bmierci to nie tylko kwestia katolicyzmu, ale i cz\u0142owiecze\u0144stwa<\/a>, radiomaryja.pl, 04.12.2023.<\/li><\/ul>\n\n\n\n<p>Ca\u0142\u0105 audycj\u0119 mo\u017cna ods\u0142ucha\u0107   [<strong><a href=\"https:\/\/www.radiomaryja.pl\/informacje\/ks-dr-j-chyla-ochrona-ludzkiego-zycia-od-poczecia-do-naturalnej-smierci-to-nie-tylko-kwestia-katolicyzmu-ale-i-czlowieczenstwa\/\">tutaj<\/a><\/strong>].<\/p>\n\n\n\n<p class=\"has-text-align-center\">*<\/p>\n\n\n\n<p><strong>Wywiad z bp. dr. hab. J\u00f3zefem Wr\u00f3blem SCJ, prof. KUL, przewodnicz\u0105cym Zespo\u0142u Ekspert\u00f3w KEP ds. Bioetycznych<\/strong><\/p>\n\n\n\n<p>Zobacz:<\/p>\n\n\n\n<ul><li>Ks. Tomasz Sok\u00f3\u0142 \/ Artur Hanula,&nbsp;<a href=\"https:\/\/polskifr.fr\/duchowa-strona\/bp-wrobel-w-naprotechnologii-czlowiek-zawsze-podmiotem-w-in-vitro-przedmiotem\/\">Bp Wr\u00f3bel: w naprotechnologii cz\u0142owiek podmiotem, w in vitro przedmiotem<\/a>, polskifr.fr, 08.12.2023.<\/li><\/ul>\n\n\n\n<p class=\"has-text-align-center\">*<strong><br><a href=\"http:\/\/kslpmazowsze.pl\/wp-content\/uploads\/2023\/12\/Stanowisko-Katolickiego-Stowarzyszenia-Lekarzy-Polskich-8.XII_.2023-w-sprawie-finansowania-przez-Pa%C5%84stwo-procedur-In-Vitro..pdf\">Stanowisko Katolickiego Stowarzyszenia Lekarzy Polskich<br>ws. finansowania przez pa\u0144stwo procedury \u201ein vitro\u201d<\/a><br>8.12.2023<br>[kslpmazowsze.pl]<\/strong><\/p>\n\n\n\n<p class=\"has-text-align-center\">*<\/p>\n\n\n\n<p><strong>Apel do prezydenta<\/strong><\/p>\n\n\n\n<p>Zobacz:<\/p>\n\n\n\n<ul><li>Gajkowska P.,&nbsp;<a href=\"https:\/\/naszdziennik.pl\/polska-kraj\/288603,oczekujemy-weta.html?t=34\">Oczekujemy weta<\/a>, naszdziennik.pl, 11.12.2023.<\/li><\/ul>\n\n\n\n<p class=\"has-text-align-center\">*<\/p>\n\n\n\n<p><strong>Wywiad z dr. Tadeuszem Wasilewskim, ginekologiem-po\u0142o\u017cnikiem, za\u0142o\u017cycielem NaProMedica<\/strong><\/p>\n\n\n\n<p>Zobacz:<\/p>\n\n\n\n<ul><li>Wasilewski T., <a href=\"https:\/\/naszdziennik.pl\/polska-kraj\/288597,in-vitro-poteguje-ryzyko-przenoszenia-chorob.html?t=34\">In vitro pot\u0119guje ryzyko przenoszenia chor\u00f3b<\/a>, rozmow\u0119 przeprowadzi\u0142a U. Wr\u00f3bel, naszdziennik.pl, 11.12.2023.<\/li><\/ul>\n\n\n\n<p class=\"has-text-align-center\">*<\/p>\n\n\n\n<p><strong>Wywiad z prof. Bogdanem Chazanem, ginekologiem-po\u0142o\u017cnikiem<\/strong><\/p>\n\n\n\n<p>Zobacz:<\/p>\n\n\n\n<ul><li>Chazan B., <a href=\"https:\/\/naszdziennik.pl\/polska-kraj\/288601,w-in-vitro-gina-ludzie.html?t=34\">W in vitro gin\u0105 ludzie<\/a>, rozmow\u0119 przeprowadzi\u0142a U. Wr\u00f3bel, naszdziennik.pl, 11.12.2023.<\/li><\/ul>\n\n\n\n<p class=\"has-text-align-center\">*<\/p>\n\n\n\n<p><strong>Wszystko w r\u0119kach prezydenta<\/strong><\/p>\n\n\n\n<p>Zobacz:<\/p>\n\n\n\n<ul><li>Wr\u00f3bel U.,&nbsp;<a href=\"https:\/\/naszdziennik.pl\/polska-kraj\/288598,zablokowac-in-vitro.html?t=34\">Zablokowa\u0107 in vitro<\/a>, naszdziennik.pl, 11.12.2023.<\/li><\/ul>\n\n\n\n<p class=\"has-text-align-center\">*<\/p>\n\n\n\n<p><strong>Wywiad z dr Jennifer Castaned\u0105, genetykiem klinicznym, bioetykiem<\/strong><\/p>\n\n\n\n<p>Zobacz:<\/p>\n\n\n\n<ul><li>Castaneda J.,&nbsp;<a href=\"https:\/\/naszdziennik.pl\/polska-kraj\/288608,in-vitro-jak-puszka-pandory.html?t=34\">In vitro jak puszka Pandory<\/a>, rozmow\u0119 przeprowadzi\u0142a P. Gajkowska, naszdziennik.pl, 11.12.2023.<\/li><\/ul>\n\n\n\n<p class=\"has-text-align-center\">*<\/p>\n\n\n\n<p><strong>Zap\u0142odnienie pozaustrojowe nie da si\u0119 pogodzi\u0107 z prawym katolickim sumieniem<\/strong><\/p>\n\n\n\n<p>Zobacz:<\/p>\n\n\n\n<ul><li>Gajkowski K.,&nbsp;<a href=\"https:\/\/naszdziennik.pl\/polska-kraj\/288613,nie-ma-dyspensy-w-sprawie-in-vitro.html?t=34\">Nie ma dyspensy w sprawie in vitro<\/a>, naszdziennik.pl, 11.12.2023.<\/li><\/ul>\n\n\n\n<p class=\"has-text-align-center\">*<\/p>\n\n\n\n<p><strong>\u015arodowiska lewicowe forsuj\u0105 projekt in vitro, depcz\u0105cy ludzk\u0105 godno\u015b\u0107<\/strong><\/p>\n\n\n\n<p>Zobacz:<\/p>\n\n\n\n<ul><li>Wr\u00f3bel U.,&nbsp;<a href=\"https:\/\/naszdziennik.pl\/polska-kraj\/288620,nieetyczne-priorytety.html?t=34\">Nieetyczne priorytety<\/a>, naszdziennik.pl, 11.12.2023.<\/li><\/ul>\n\n\n\n<p class=\"has-text-align-center\">*<\/p>\n\n\n\n<p><strong>W Sejmie odby\u0142o si\u0119 wczoraj pierwsze czytanie ustawy wprowadzaj\u0105cej finansowanie nieetycznej metody in vitro<\/strong><\/p>\n\n\n\n<p>Zobacz:<\/p>\n\n\n\n<ul><li>Gajkowska P.,&nbsp;<a href=\"https:\/\/naszdziennik.pl\/polska-kraj\/288659,zamach-na-zycie-bezbronnych.html?t=34\">Zamach na \u017cycie bezbronnych<\/a>, naszdziennik.pl, 12.12.2023.<\/li><\/ul>\n\n\n\n<p class=\"has-text-align-center\">*<\/p>\n\n\n\n<p><strong>Ka\u017cde g\u0142osowanie w Sejmie czy w Senacie, kt\u00f3re wyra\u017ca wspieranie in vitro, to ewidentny publiczny grzech ci\u0119\u017cki<\/strong><\/p>\n\n\n\n<p>Zobacz:<\/p>\n\n\n\n<ul><li>Jagodzi\u0144ski S.,&nbsp;<a href=\"https:\/\/naszdziennik.pl\/wiara-kosciol-w-polsce\/288661,glosowanie-jak-wyznanie-wiary.html?t=34\">G\u0142osowanie jak wyznanie wiary<\/a>, naszdziennik.pl, 12.12.2023.<\/li><\/ul>\n\n\n\n<p class=\"has-text-align-center\">*<\/p>\n\n\n\n<p><strong>Nie ma procedury in vitro bez \u015bmierci zarodk\u00f3w<\/strong><\/p>\n\n\n\n<p>Zobacz:<\/p>\n\n\n\n<ul><li>Wr\u00f3bel U.,&nbsp;<a href=\"https:\/\/naszdziennik.pl\/polska-kraj\/288663,strategia-przeciw-zyciu.html?t=34\">Strategia przeciw \u017cyciu<\/a>, naszdziennik.pl, 12.12.2023.<\/li><\/ul>\n\n\n\n<p class=\"has-text-align-center\">*<\/p>\n\n\n\n<p><strong>Wi\u0119kszo\u015b\u0107 polityk\u00f3w w Sejmie ignoruje to, co naukowcy ju\u017c dawno bezspornie dowiedli w kwestii in vitro<\/strong><\/p>\n\n\n\n<p>Zobacz:<\/p>\n\n\n\n<ul><li>Wr\u00f3bel U.,&nbsp;<a href=\"https:\/\/naszdziennik.pl\/polska-kraj\/288666,slepi-na-argumenty-naukowe.html?t=34\">\u015alepi na argumenty naukowe<\/a>, naszdziennik.pl, 12.12.2023.<\/li><\/ul>\n\n\n\n<p class=\"has-text-align-center\">*<\/p>\n\n\n\n<p><strong>Sejm nie popar\u0142 wniosku o odrzucenie w pierwszym czytaniu ustawy o finansowaniu nieetycznej procedury in vitro z bud\u017cetu pa\u0144stwa<\/strong><\/p>\n\n\n\n<p>Zobacz:<\/p>\n\n\n\n<ul><li>Gajkowska P.,&nbsp;<a href=\"https:\/\/naszdziennik.pl\/polska-kraj\/288670,kupczenie-zyciem.html?t=34\">Kupczenie \u017cyciem<\/a>, naszdziennik.pl, 12.12.2023.<\/li><\/ul>\n\n\n\n<p class=\"has-text-align-center\">*<\/p>\n\n\n\n<p><strong>Metoda in vitro, niestety, traktuje dziecko przedmiotowo i dodatkowo jeszcze d\u0105\u017cy do jego pocz\u0119cia przy u\u017cyciu niegodziwych \u015brodk\u00f3w<\/strong><\/p>\n\n\n\n<p>Zobacz:<\/p>\n\n\n\n<ul><li>Gajkowski K.,&nbsp;<a href=\"https:\/\/naszdziennik.pl\/wiara-kosciol-w-polsce\/288669,egzamin-z-czlowieczenstwa.html?t=34\">Egzamin z cz\u0142owiecze\u0144stwa<\/a>, naszdziennik.pl, 12.12.2023.<\/li><\/ul>\n\n\n\n<p class=\"has-text-align-center\">*<\/p>\n\n\n\n<p><strong>Wi\u0119kszo\u015b\u0107 pos\u0142\u00f3w w Sejmie zgadza si\u0119 na przyj\u0119cie projektu finansowania z bud\u017cetu pa\u0144stwa niegodziwej procedury in vitro<\/strong><\/p>\n\n\n\n<p>Zobacz:<\/p>\n\n\n\n<ul><li>Gajkowska P.,&nbsp;<a href=\"https:\/\/naszdziennik.pl\/polska-kraj\/288674,pogarda-dla-zycia.html?t=34\">Pogarda dla \u017cycia<\/a>, naszdziennik.pl, 12.12.2023.<\/li><\/ul>\n\n\n\n<p class=\"has-text-align-center\">*<\/p>\n\n\n\n<p><strong>Bezrefleksyjnie, bez debaty, bez poprawek Senat przyj\u0105\u0142 ustaw\u0119 o finansowaniu in vitro z bud\u017cetu pa\u0144stwa<\/strong><\/p>\n\n\n\n<p>Zobacz:<\/p>\n\n\n\n<ul><li>Stefaniuk R.,&nbsp;<a href=\"https:\/\/naszdziennik.pl\/polska-kraj\/288678,dzieci-w-roli-towaru.html?t=34\">Dzieci w roli towaru<\/a>, naszdziennik.pl, 12.12.2023.<\/li><\/ul>\n\n\n\n<p class=\"has-text-align-center\">*<\/p>\n\n\n\n<p class=\"has-text-align-left\"><strong>Stanowisko Katolickiego Stowarzyszenia Lekarzy Polskich<\/strong> <strong>ws. finansowania przez pa\u0144stwo procedury in vitro<\/strong><\/p>\n\n\n\n<p>Zobacz:<\/p>\n\n\n\n<ul><li>Katolickie Stowarzyszenie Lekarzy Polskich,&nbsp;<a href=\"https:\/\/naszdziennik.pl\/polska-kraj\/288679,dziecko-nie-jest-rzecza.html?t=34\">Dziecko nie jest rzecz\u0105<\/a>, naszdziennik.pl, 12.12.2023.<\/li><\/ul>\n\n\n\n<p class=\"has-text-align-center\">*<\/p>\n\n\n\n<p><strong>Prawo do \u017cycia ka\u017cdego cz\u0142owieka jest fundamentem wszystkich innych praw<\/strong><\/p>\n\n\n\n<p>Zobacz:<\/p>\n\n\n\n<ul><li>Bochenek M.,&nbsp;<a href=\"https:\/\/naszdziennik.pl\/wiara-kosciol-w-polsce\/288681,chronmy-zycie.html?t=34\">Chro\u0144my \u017cycie<\/a>, naszdziennik.pl, 12.12.2023.<\/li><\/ul>\n\n\n\n<p class=\"has-text-align-center\">*<\/p>\n\n\n\n<p><strong>Od decyzji prezydenta RP zale\u017cy finansowanie zab\u00f3jczej procedury in vitro z bud\u017cetu pa\u0144stwa<\/strong><\/p>\n\n\n\n<p>Zobacz:<\/p>\n\n\n\n<ul><li>Gajkowski K.,&nbsp;<a href=\"https:\/\/naszdziennik.pl\/wiara-kosciol-w-polsce\/288683,czas-na-weto.html?t=34\">Czas na weto<\/a>, naszdziennik.pl, 12.12.2023.<\/li><\/ul>\n\n\n\n<p class=\"has-text-align-center\">*<\/p>\n\n\n\n<p><strong>Panie Prezydencie, prosimy o zawetowanie ustawy o in vitro. Jej podpisanie to zmuszenie nas do finansowania nieetycznej procedury<\/strong><\/p>\n\n\n\n<p>Zobacz:<\/p>\n\n\n\n<ul><li>Wr\u00f3bel U.,&nbsp;<a href=\"https:\/\/naszdziennik.pl\/polska-kraj\/288741,nie-godzimy-sie-na-zabijanie.html?t=34\">Nie godzimy si\u0119 na zabijanie<\/a>, naszdziennik.pl, 13.12.2023.<\/li><\/ul>\n\n\n\n<p class=\"has-text-align-center\">*<\/p>\n\n\n\n<p class=\"has-text-align-center\"><strong><a href=\"https:\/\/episkopat.pl\/doc\/214827.przewodniczacy-episkopatu-zwrocil-sie-do-prezydenta-rp-o-odmowe-podpisania-ustawy-z-dn-29-listopada-br\">List Przewodnicz\u0105cego Konferencji Episkopatu Polski do Prezydenta RP<\/a><br>13.12.2023<br>[episkopat.pl]<\/strong><\/p>\n\n\n\n<p class=\"has-text-align-center\">*<\/p>\n\n\n\n<p class=\"has-text-align-center\"><strong><a href=\"http:\/\/kslpmazowsze.pl\/wp-content\/uploads\/2023\/12\/List-katolickich-stowarzysze%C5%84-medycznych-do-Prezydenta-w-sprawie-przes%C5%82ania-Ustawy-o-In-Vitro-do-TK-16.XII_.2023.pdf\">List Katolickich Stowarzysze\u0144 Medycznych do Prezydenta RP<br>ws. przes\u0142ania ustawy o in vitro do Trybuna\u0142u Konstytucyjnego<\/a><br>16.12.2023<br>[kslpmazowsze.pl]<\/strong><\/p>\n\n\n\n<p class=\"has-text-align-center\">*<\/p>\n\n\n\n<p class=\"has-text-align-center\"><a href=\"https:\/\/twitter.com\/LeskiPiotr\/status\/1727655073373643190\"><strong>Prezydent Andrzej Duda<\/strong><\/a><strong><br><a href=\"https:\/\/twitter.com\/LeskiPiotr\/status\/1727655073373643190\"><strong>jeszcze w debacie prezydenckiej, w kt\u00f3rej spotka\u0142 si\u0119 z Bronis\u0142awem Komorowskim, m\u00f3wi\u0142, \u017ce<\/strong><\/a><br><\/strong><a href=\"https:\/\/twitter.com\/LeskiPiotr\/status\/1727655073373643190\"><strong>je\u015bli zostanie prezydentem, to pozostanie wierny nauce \u015bwi\u0119tego Jana Paw\u0142a II<\/strong><\/a><\/p>\n\n\n\n<p class=\"has-text-align-center\">*<\/p>\n\n\n\n<p><strong>Krzysztof Kasprzak, cz\u0142onek zarz\u0105du Fundacji \u017bycie i Rodzina, w audycji \u201eAktualno\u015bci dnia\u201d na antenie Radia Maryja<\/strong><\/p>\n\n\n\n<p>Zobacz:<\/p>\n\n\n\n<ul><li>Radio Maryja, <a href=\"https:\/\/www.radiomaryja.pl\/informacje\/k-kasprzak-z-fundacji-zycie-i-rodzina-niektorzy-by-chcieli-zeby-w-polsce-bylo-prawo-jak-w-iii-rzeszy-gdzie-dzieci-chore-byly-zabijane\/\">K. Kasprzak z Fundacji \u201e\u017bycie i Rodzina\u201d: Niekt\u00f3rzy by chcieli, \u017ceby w Polsce by\u0142o prawo jak w III Rzeszy, gdzie dzieci chore by\u0142y zabijane<\/a>, radiomaryja.pl, 17.12.2023.<\/li><\/ul>\n\n\n\n<p>Ca\u0142\u0105 audycj\u0119 mo\u017cna ods\u0142ucha\u0107   [<strong><a href=\"https:\/\/www.radiomaryja.pl\/multimedia\/unia-europejska-chce-tylnymi-drzwiami-zalegalizowac-surogacje-i-handel-dziecmi-we-wszystkich-panstwach-czlonkowskich-jak-bedzie-wygladac-sytuacja-ochrony-zycia-w-polsce-w-najblizsze\/\">tutaj<\/a><\/strong>].<\/p>\n\n\n\n<p class=\"has-text-align-center\"> *<\/p>\n\n\n\n<p><strong>Prezydent podpisa\u0142 nowelizacj\u0119 ustawy o finansowaniu in vitro ze \u015brodk\u00f3w publicznych<\/strong><\/p>\n\n\n\n<p>Zobacz:<\/p>\n\n\n\n<ul><li>AG\/radiomaryja.pl,&nbsp;<a href=\"https:\/\/marsz.info\/bioetyk-o-podpisaniu-przez-prezydenta-nowelizacji-ustawy-o-in-vitro-to-schowanie-sie-za-urzedem-przed-wlasnym-sumieniem\/\">Bioetyk o&nbsp;podpisaniu przez&nbsp;prezydenta nowelizacji ustawy o&nbsp;in&nbsp;vitro: \u201eTo schowanie si\u0119 za&nbsp;urz\u0119dem przed&nbsp;w\u0142asnym sumieniem\u201d<\/a>, marsz.info, 18.12.2023.<\/li><\/ul>\n\n\n\n<ul><li>Kan.&nbsp;1405&nbsp;\u00a7&nbsp;1,&nbsp;p.&nbsp;1&nbsp;<a href=\"https:\/\/episkopat.pl\/wp-content\/uploads\/2015\/11\/Kodeks-Prawa-Kanonicznego_t%C5%82umaczenie_przyj%C4%99te-przez-KEP-na-stronie-KEP_17.08.2023-1.pdf\">KPK<\/a>.<\/li><\/ul>\n\n\n\n<p>Ca\u0142\u0105 audycj\u0119 z udzia\u0142em ks. dr. hab. Piotra Kieniewicza MIC, teologa moralisty, bioetyka, cz\u0142onka i sekretarza Zespo\u0142u Ekspert\u00f3w KEP ds. Bioetycznych mo\u017cna ods\u0142ucha\u0107 [<strong><a href=\"https:\/\/www.radiomaryja.pl\/multimedia\/prezydent-a-duda-podpisal-nowelizacje-ustawy-o-finansowaniu-in-vitro-ze-srodkow-publicznych\/\">tutaj<\/a><\/strong>].<\/p>\n\n\n\n<p class=\"has-text-align-center\">*<\/p>\n\n\n\n<p class=\"has-text-align-left\"><strong>Stanowisko Przewodnicz\u0105cego Konferencji Episkopatu Polski<\/strong><\/p>\n\n\n\n<p>Zobacz:<\/p>\n\n\n\n<ul><li>TV Trwam News,&nbsp;<a href=\"https:\/\/www.radiomaryja.pl\/informacje\/ks-abp-s-gadecki-decyzja-prezydenta-andrzeja-dudy-o-podpisaniu-nowelizacji-ustawy-o-finansowaniu-in-vitro-wskazuje-na-niezrozumienie-problemu\/\">Ks. abp S. G\u0105decki: Decyzja prezydenta Andrzeja Dudy o podpisaniu nowelizacji ustawy o finansowaniu in vitro wskazuje na niezrozumienie problemu<\/a>, radiomaryja.pl, 17.12.2023.<\/li><\/ul>\n\n\n\n<p class=\"has-text-align-center\">*<\/p>\n\n\n\n<p><strong>Ignoruj\u0105c g\u0142os Ko\u015bcio\u0142a, swego elektoratu i oczekiwania milion\u00f3w Polak\u00f3w prezydent podpisa\u0142 ustaw\u0119 o finansowaniu ze \u015brodk\u00f3w publicznych nieetycznej procedury in vitro<\/strong><\/p>\n\n\n\n<p>Zobacz:<\/p>\n\n\n\n<ul><li>Bochenek M.,&nbsp;<a href=\"https:\/\/naszdziennik.pl\/index.php\/wiara-kosciol-w-polsce\/289018,herodowy-podpis.html\">Herodowy podpis<\/a>, naszdziennik.pl, 18.12.2023.<\/li><\/ul>\n\n\n\n<p class=\"has-text-align-center\">*<\/p>\n\n\n\n<p><strong>Decyzja g\u0142owy pa\u0144stwa zszokowa\u0142a wielu jego wyborc\u00f3w<\/strong><\/p>\n\n\n\n<p>Zobacz:<\/p>\n\n\n\n<ul><li>TV Trwam News,&nbsp;<a href=\"https:\/\/www.radiomaryja.pl\/informacje\/prezydent-andrzej-duda-opowiedzial-sie-po-stronie-cywilizacji-smierci\/\">Prezydent Andrzej Duda opowiedzia\u0142 si\u0119 po stronie cywilizacji \u015bmierci<\/a>, radiomaryja.pl, 18.12.2023.<\/li><\/ul>\n\n\n\n<p class=\"has-text-align-center\">*<\/p>\n\n\n\n<p><strong>Relacja z manifestacji obro\u0144c\u00f3w \u017cycia pod Pa\u0142acem Prezydenckim<\/strong><\/p>\n\n\n\n<p>Zobacz:<\/p>\n\n\n\n<ul><li><span style=\"font-size: revert; color: initial;\">AG,&nbsp;<\/span><a style=\"font-size: revert;\" href=\"https:\/\/marsz.info\/in-vitro-nie-leczy-a-ta-decyzja-to-zdrada-narodu-polskiego\/\">\u201eIn vitro nie&nbsp;leczy\u201d, a&nbsp;ta&nbsp;decyzja to&nbsp;\u201ezdrada narodu polskiego\u201d<\/a><span style=\"font-size: revert; color: initial;\">, marsz.info, 19.12.2023.<\/span> <\/li><\/ul>\n\n\n\n<p class=\"has-text-align-center\">*<\/p>\n\n\n\n<p><strong>Magdalena Korzekwa-Kaliszuk, prawnik i psycholog, prezes zarz\u0105du Fundacji Grupa Proelio, w audycji \u201eAktualno\u015bci dnia\u201d na antenie Radia Maryja<\/strong><\/p>\n\n\n\n<p>Zobacz:<\/p>\n\n\n\n<ul><li>RadioMaryja,&nbsp;<a href=\"https:\/\/www.radiomaryja.pl\/informacje\/m-korzekwa-kaliszuk-w-metodzie-in-vitro-dokonuje-sie-kilku-procedur-ktorych-nie-da-sie-pogodzic-z-zasadami-etyki-poszanowaniem-godnosci-czlowieka\/\">M. Korzekwa-Kaliszuk: W metodzie in vitro dokonuje si\u0119 kilku procedur, kt\u00f3rych nie da si\u0119 pogodzi\u0107 z zasadami etyki, poszanowaniem godno\u015bci cz\u0142owieka<\/a>, radiomaryja.pl, 19.12.2023.<\/li><\/ul>\n\n\n\n<p class=\"has-text-align-center\">*<\/p>\n\n\n\n<p><strong>Podpis prezydenta pod ustaw\u0105 finansuj\u0105c\u0105 nieetyczn\u0105 procedur\u0119 in vitro otworzy furtk\u0119 do kolejnych niebezpiecznych postulat\u00f3w lewicy<\/strong><\/p>\n\n\n\n<p>Zobacz:<\/p>\n\n\n\n<ul><li>Gajkowska P.,&nbsp;<a href=\"https:\/\/naszdziennik.pl\/polska-kraj\/289092,droga-do-naduzyc.html\">Droga do nadu\u017cy\u0107<\/a>, naszdziennik.pl, 19.12.2023.<\/li><\/ul>\n\n\n\n<p class=\"has-text-align-center\">*<\/p>\n\n\n\n<p><strong>Podpis pod in vitro to naiwna pr\u00f3ba dialogu z lewic\u0105<\/strong><\/p>\n\n\n\n<p>Zobacz:<\/p>\n\n\n\n<ul><li>Grajcarek K.,&nbsp;<a href=\"https:\/\/wp.naszdziennik.pl\/2023-12-20\/378607,prezydent-podpisal-wyrok-smierci.html\">Prezydent podpisa\u0142 wyrok \u015bmierci<\/a>, rozmow\u0119 przeprowadzi\u0142a P. Gajkowska, naszdziennik.pl, 20.12.2023.<\/li><\/ul>\n\n\n\n<p class=\"has-text-align-center\">*<\/p>\n\n\n\n<p><strong>Metoda in vitro. Brak poszanowania dla \u017cycia i godno\u015bci ludzkiej<\/strong><\/p>\n\n\n\n<p>Zobacz:<\/p>\n\n\n\n<ul><li>Bortkiewicz P.,&nbsp;<a href=\"https:\/\/www.niedziela.pl\/artykul\/168679\/nd\/Cena-podpisu-prezydenta\">Cena podpisu prezydenta<\/a>, niedziela.pl, 21.12.2023.<\/li><\/ul>\n\n\n\n<p class=\"has-text-align-center\">*<\/p>\n\n\n\n<p><strong>Dr Artur D\u0105browski, prezes Akcji Katolickiej Archidiecezji Cz\u0119stochowskiej, w audycji \u201eAktualno\u015bci dnia\u201d na antenie Radia Maryja<\/strong><\/p>\n\n\n\n<p>Zobacz:<\/p>\n\n\n\n<ul><li>Radio Maryja,&nbsp;<a href=\"https:\/\/www.radiomaryja.pl\/informacje\/dr-a-dabrowski-herodianska-duchowosc-rozlala-sie-na-to-wszystko-co-ojciec-swiety-jan-pawel-ii-okreslil-cywilizacja-smierci\/\">Dr A. D\u0105browski: \u201eHerodia\u0144ska duchowo\u015b\u0107\u201d rozla\u0142a si\u0119 na to wszystko, co Ojciec \u015awi\u0119ty Jan Pawe\u0142 II okre\u015bli\u0142 cywilizacj\u0105 \u015bmierci<\/a>, radiomaryja.pl, 28.12.2023.<\/li><\/ul>\n\n\n\n<p>Ca\u0142\u0105 audycj\u0119 mo\u017cna ods\u0142ucha\u0107   [<strong><a href=\"https:\/\/www.radiomaryja.pl\/informacje\/nasz-dziennik-w-2023-roku-w-wyniku-tzw-aborcji-zabito-447-mln-dzieci\/\">tutaj<\/a><\/strong>].<\/p>\n\n\n\n<p class=\"has-text-align-center\">*<\/p>\n\n\n\n<p><strong>Dochodzenie przeciw Uniwersytetowi w Pittsburgu w&nbsp;zwi\u0105zku z zarzutami, \u017ce bezprawnie pozyskiwa\u0142 do eksperyment\u00f3w tkanki abortowanych dzieci<\/strong><\/p>\n\n\n\n<p>Zobacz:<\/p>\n\n\n\n<ul><li>S\u0105dej J.,&nbsp;<a href=\"https:\/\/naszdziennik.pl\/swiat\/289821,dochodzenie-przeciwko-uczelni.html\">Dochodzenie przeciwko uczelni<\/a>, naszdziennik.pl, 02.01.2024.<\/li><\/ul>\n\n\n\n<p class=\"has-text-align-center\">*<\/p>\n\n\n\n<p><strong>O niemal p\u00f3\u0142 miliona wzros\u0142a liczba wykonanych w ubieg\u0142ym roku aborcji na \u015bwiecie<\/strong><\/p>\n\n\n\n<p>Zobacz:<\/p>\n\n\n\n<ul><li>Wr\u00f3bel U.,&nbsp;<a href=\"https:\/\/wp.naszdziennik.pl\/2024-01-04\/378922,aborcyjny-dyktat.html\">Aborcyjny dyktat<\/a>, naszdziennik.pl, 04.01.2024.<\/li><\/ul>\n\n\n\n<p>Ca\u0142y artyku\u0142 mo\u017cna przeczyta\u0107   [<strong><a href=\"https:\/\/www.radiomaryja.pl\/informacje\/nasz-dziennik-w-2023-roku-w-wyniku-tzw-aborcji-zabito-447-mln-dzieci\/\">tutaj<\/a><\/strong>]. <\/p>\n\n\n\n<p class=\"has-text-align-center\">*<\/p>\n\n\n\n<p><strong>Ks. dr hab. Piotr  Kieniewicz MIC komentuje decyzj\u0119 prezydenta o podpisaniu ustawy przywracaj\u0105cej publiczne finansowanie procedury&nbsp;in vitro<\/strong><\/p>\n\n\n\n<p>Zobacz:<\/p>\n\n\n\n<ul><li>Kieniewicz P., <a href=\"https:\/\/pch24.pl\/ks-piotr-kieniewicz-mic-udzial-w-legalizacji-in-vitro-to-grzech-smiertelny-wymaga-publicznego-zadoscuczynienia\/\">Ks. Piotr Kieniewicz MIC: udzia\u0142 w legalizacji in vitro to grzech \u015bmiertelny. Wymaga publicznego zado\u015b\u0107uczynienia<\/a>, rozmow\u0119 przeprowadzi\u0142a M. Dybi\u0144ska, pch24.pl, 05.01.2024.<\/li><\/ul>\n\n\n\n<p class=\"has-text-align-center\">*<\/p>\n\n\n\n<p><strong>Mec. Nikodem Bernaciak z Instytutu Ordo Iuris w programie <strong>\u201ePolski punkt widzenia\u201d na antenie TV Trwam <\/strong><\/strong><\/p>\n\n\n\n<p>Zobacz:<\/p>\n\n\n\n<ul><li>Radio Maryja,&nbsp;<a href=\"https:\/\/www.radiomaryja.pl\/informacje\/mec-n-bernaciak-o-zamrazaniu-zarodkow-z-in-vitro-to-tak-jakbysmy-przymusowo-poddali-doroslego-czlowieka-spiaczce-na-kilkadziesiat-lat\/\">Mec. N. Bernaciak o zamra\u017caniu zarodk\u00f3w z in vitro: To tak, jakby\u015bmy przymusowo poddali doros\u0142ego cz\u0142owieka \u015bpi\u0105czce na kilkadziesi\u0105t lat<\/a>, radiomaryja.pl, 06.01.2024.<\/li><\/ul>\n\n\n\n<p class=\"has-text-align-center\">*<\/p>\n\n\n\n<p><strong>W ci\u0105gu dw\u00f3ch lat potroi\u0142a si\u0119 liczba zamro\u017conych zarodk\u00f3w ludzkich wykorzystywanych do nieetycznej procedury in vitro<\/strong><\/p>\n\n\n\n<p>Zobacz:<\/p>\n\n\n\n<ul><li>Wr\u00f3bel U.,&nbsp;<a href=\"https:\/\/naszdziennik.pl\/polska-kraj\/290112,zamrozone-zycie.html\">Zamro\u017cone \u017cycie<\/a>, naszdziennik.pl, 08.01.2024.<\/li><\/ul>\n\n\n\n<p>Ca\u0142y artyku\u0142 mo\u017cna przeczyta\u0107   [<strong><a href=\"https:\/\/www.radiomaryja.pl\/informacje\/nasz-dziennik-w-ciagu-dwoch-lat-potroila-sie-liczba-zamrozonych-zarodkow-ludzkich-wykorzystywanych-do-nieetycznej-procedury-in-vitro\/\">tutaj<\/a><\/strong>].<\/p>\n\n\n\n<p class=\"has-text-align-center\">*<\/p>\n\n\n\n<p><strong>\u015awiadectwo p\u0142k. Dillona Patersona przyczynkiem do rachunku sumienia dla polskich polityk\u00f3w<\/strong><\/p>\n\n\n\n<p>Zobacz:<\/p>\n\n\n\n<ul><li>S\u0105dej J.,&nbsp;<a href=\"https:\/\/wp.naszdziennik.pl\/2024-01-13\/379128,bitwa-o-sumienia.html\">Bitwa o sumienia<\/a>, naszdziennik.pl, 13-14.01.2024.<\/li><\/ul>\n\n\n\n<p>Ca\u0142y artyku\u0142 mo\u017cna przeczyta\u0107   [<strong><a href=\"https:\/\/www.radiomaryja.pl\/informacje\/nasz-dziennik-bitwa-o-sumienia\/\">tutaj<\/a><\/strong>].<\/p>\n\n\n\n<p class=\"has-text-align-center\">*<\/p>\n\n\n\n<p><strong>W ci\u0105gu roku na ca\u0142ym \u015bwiecie zabijanych mo\u017ce by\u0107 nawet 73 mln nienarodzonych dzieci<\/strong><\/p>\n\n\n\n<p>Zobacz:<\/p>\n\n\n\n<ul><li>TV Trwam News,&nbsp;<a href=\"https:\/\/www.radiomaryja.pl\/informacje\/tzw-aborcja-byla-przyczyna-ponad-polowy-wszystkich-zgonow-na-swiecie-w-2022-roku\/\">Tzw. aborcja by\u0142a przyczyn\u0105 ponad po\u0142owy wszystkich zgon\u00f3w na \u015bwiecie w 2022 roku<\/a>, radiomaryja.pl, 14.01.2024.<\/li><\/ul>\n\n\n\n<p class=\"has-text-align-center\">*<\/p>\n\n\n\n<p><strong>Dr hab. Mieczys\u0142aw Guzewicz, teolog biblijny i pastoralny, by\u0142y konsultor Rady KEP ds. Rodziny, w audycji \u201eRozmowy niedoko\u0144czone\u201d na antenie TV Trwam<\/strong><\/p>\n\n\n\n<p>Zobacz:<\/p>\n\n\n\n<ul><li>Radio Maryja, <a href=\"https:\/\/www.radiomaryja.pl\/informacje\/dr-hab-m-guzewicz-kiedy-w-grudniu-przygladalem-sie-jak-prezydent-zdecydowal-sie-na-podpisanie-ustawy-o-finansowaniu-in-vitro-ze-srodkow-publicznych-to-pobudzilo-mnie-to-do-refleksji-ze-nie-jeste\/\">Dr hab. M. Guzewicz: Kiedy w grudniu przygl\u0105da\u0142em si\u0119, jak prezydent zdecydowa\u0142 si\u0119 na podpisanie ustawy o finansowaniu in vitro ze \u015brodk\u00f3w publicznych, to pobudzi\u0142o mnie to do refleksji, \u017ce nie jeste\u015bmy ju\u017c spo\u0142ecze\u0144stwem katolickim<\/a>, radiomaryja.pl, 17.01.2024.<\/li><\/ul>\n\n\n\n<p class=\"has-text-align-center\">*<\/p>\n\n\n\n<p><strong>Wiele dzieci zosta\u0142o uratowanych, ale walka nadal trwa<\/strong><\/p>\n\n\n\n<p>Zobacz:<\/p>\n\n\n\n<ul><li>Human Life International &#8211; Polska,&nbsp;<a href=\"https:\/\/www.hli.org.pl\/pl\/news-pl\/9816-usa-od-wyroku-sadu-najwyzszego-obalajacego-aborcyjne-orzeczenie-ws-roe-w-2022-r-zamknieto-140-kolejnych-placowek-aborcyjnych\">USA: od wyroku S\u0105du Najwy\u017cszego obalaj\u0105cego aborcyjne orzeczenie ws. Roe w 2022 r. zamkni\u0119to 140 kolejnych plac\u00f3wek aborcyjnych<\/a>, hli.org.pl, 22.01.2024.<\/li><\/ul>\n\n\n\n<p class=\"has-text-align-center\">*<\/p>\n\n\n\n<p><strong>\u201eIn vitro. \u017bycie czy\u202f\u015bmier\u0107\u201d \u2013 nowy film Centrum \u017bycia i\u202fRodziny<\/strong>&nbsp;<\/p>\n\n\n\n<p>Zobacz:<\/p>\n\n\n\n<ul><li>Centrum \u017bycia i Rodziny, <a href=\"https:\/\/www.youtube.com\/watch?v=gY1NSA9uyAk\">Aborcja, eugenika, IN VITRO. Co je \u0142\u0105czy? Poznaj PRAWD\u0118<\/a>, youtube.com, 24.01.2024.<\/li><\/ul>\n\n\n\n<p class=\"has-text-align-center\">*<a href=\"https:\/\/www.youtube.com\/@centrumzyciairodziny2733\"><\/a><\/p>\n\n\n\n<p><strong>Amerykanki wiedz\u0105, \u017ce tabletka mo\u017ce dzia\u0142a\u0107 wczesnoporonnie, natomiast Polki nie s\u0105 o tym informowane<\/strong><\/p>\n\n\n\n<p>Zobacz:<\/p>\n\n\n\n<ul><li>Prusak M.,&nbsp;<a href=\"https:\/\/opoka.org.pl\/News\/Polska\/2024\/ellaone-ulotki\">Jedna tabletka, dwie r\u00f3\u017cne ulotki. Farmaceuta t\u0142umaczy, czego Polki nie s\u0142ysz\u0105 o ellaOne<\/a>, opoka.org.pl, 26.01.2024.<\/li><\/ul>\n\n\n\n<p class=\"has-text-align-center\">*<\/p>\n\n\n\n<p class=\"has-text-align-center\"><strong><a href=\"https:\/\/episkopat.pl\/doc\/215050.przewodniczacy-kep-wzywam-wszystkich-ludzi-dobrej-woli-by-jednoznacznie-opowiedzieli-sie-za-zyciem\">O\u015bwiadczenie Przewodnicz\u0105cego Konferencji Episkopatu Polski<br>w kwestii aborcji<\/a><br>26.01.2024<br>[episkopat.pl]<\/strong><\/p>\n\n\n\n<p class=\"has-text-align-center\">*<\/p>\n\n\n\n<p><strong>Ks. dr. hab. Piotr Kieniewicz MIC, teolog moralista, bioetyk, cz\u0142onek i sekretarz Zespo\u0142u Ekspert\u00f3w KEP ds. Bioetycznych w audycji \u201eAktualno\u015bci dnia\u201d na antenie Radia Maryja<\/strong><\/p>\n\n\n\n<p>Zobacz:<\/p>\n\n\n\n<ul><li>Radio Maryja, <a href=\"https:\/\/www.radiomaryja.pl\/informacje\/ks-prof-p-kieniewicz-mic-antykoncepcja-i-aborcja-w-tym-takze-antykoncepcja-postkoitalna-to-jest-sposob-nie-tyle-na-wyzwolenie-kobiet-co-na-ucieczke-mezczyzn-od-odpowiedzialnosci\/\">Ks. prof. P. Kieniewicz MIC: Antykoncepcja i aborcja, w tym tak\u017ce antykoncepcja postkoitalna, to jest spos\u00f3b nie tyle na wyzwolenie kobiet, co ucieczk\u0119 m\u0119\u017cczyzn od odpowiedzialno\u015bci<\/a>, radiomaryja.pl, 26.01.2024.<\/li><\/ul>\n\n\n\n<p>Ca\u0142\u0105 audycj\u0119 mo\u017cna ods\u0142ucha\u0107   [<strong><a href=\"https:\/\/www.radiomaryja.pl\/multimedia\/proba-liberalizacji-przepisow-dot-tzw-aborcji-oraz-dostepu-do-pigulki-dzien-po\/\">tutaj<\/a><\/strong>].<\/p>\n\n\n\n<p class=\"has-text-align-center\">*<\/p>\n\n\n\n<p class=\"has-text-align-center\"><strong>Instytut na rzecz Kultury Prawnej Ordo Iuris<br><a href=\"https:\/\/ordoiuris.pl\/sites\/default\/files\/inline-files\/Memorandum_ws.%20antykoncepcji_awaryjnej.pdf\">Memorandum ws. propozycji legislacyjnej dotycz\u0105cej zmiany kategorii dost\u0119pno\u015bci <br>tabletek antykoncepcji awaryjnej (tzw. pigu\u0142ki \u201edzie\u0144 po\u201d)<\/a><br>29.01.2024<br>[ordoiuris.pl]<\/strong><\/p>\n\n\n\n<p class=\"has-text-align-center\">*<\/p>\n\n\n\n<p class=\"has-text-align-center\"><strong><a href=\"https:\/\/jedenznas.pl\/apel-pfroz-o-powstrzymanie-zmian-w-ustawie-prawo-farmaceutyczne\/\">Apel Polskiej Federacji Ruch\u00f3w Obrony \u017bycia<br>o powstrzymanie zmian w ustawie Prawo farmaceutyczne<\/a><br>29.01.2024<br>[jedenznas.pl]<\/strong><\/p>\n\n\n\n<p class=\"has-text-align-center\">*<\/p>\n\n\n\n<p class=\"has-text-align-center\"><strong><a href=\"https:\/\/pro-life.pl\/apel-do-prezesa-rady-ministrow-o-odstapienia-od-procedowania-ustawy-regulujacej-dostepnosc-pigulki-dzien-po\/\">Apel Polskiego Stowarzyszenia Obro\u0144c\u00f3w \u017bycia Cz\u0142owieka<strong><strong> <strong><strong>do Prezesa Rady Ministr\u00f3w<\/strong><\/strong><\/strong><\/strong><br><strong>o&nbsp;odst\u0105pienia od procedowania ustawy reguluj\u0105cej dost\u0119pno\u015b\u0107 pigu\u0142ki \u201edzie\u0144 po\u201d<\/strong><\/a><br>30.01.2024<strong><br><strong>[pro-life.pl]<\/strong><\/strong><\/strong><\/p>\n\n\n\n<p class=\"has-text-align-center\">*<\/p>\n\n\n\n<p><strong>Wywiad z prof. Bogdanem Chazanem, ginekologiem-po\u0142o\u017cnikiem<\/strong><\/p>\n\n\n\n<p>Zobacz:<\/p>\n\n\n\n<ul><li>Chazan B., <a href=\"https:\/\/wp.naszdziennik.pl\/2024-01-30\/379545,pigulka-smierci.html\">Pigu\u0142ka \u015bmierci<\/a>, rozmow\u0119 przeprowadzi\u0142a M. Bochenek, naszdziennik.pl, 30.01.2024.<\/li><\/ul>\n\n\n\n<p>Ca\u0142y artyku\u0142 mo\u017cna przeczyta\u0107   [<strong><a href=\"https:\/\/www.radiomaryja.pl\/informacje\/nasz-dziennik-pigulka-smierci\/\">tutaj<\/a><\/strong>].<\/p>\n\n\n\n<p class=\"has-text-align-center\">*<\/p>\n\n\n\n<p class=\"has-text-align-center\"><strong><a href=\"http:\/\/dobreszczepionki.pl\/wp-content\/uploads\/2026\/01\/9.6._List-otwarty-KSLP-do-Premiera-RP-31-01-2024.pdf\">List otwarty Katolickiego Stowarzyszenia Lekarzy Polskich <br><strong>ws. projektu ustawy umo\u017cliwiaj\u0105cej zakup bez recepty pigu\u0142ki <strong>\u201e<\/strong>dzie\u0144 po\u201d<\/strong><\/a><br>31.01.2024<br><strong>[kslpmazowsze.pl]<\/strong><\/strong><\/p>\n\n\n\n<p class=\"has-text-align-center\">*<\/p>\n\n\n\n<p class=\"has-text-align-center\"><strong><a href=\"https:\/\/episkopat.pl\/doc\/215076.zespol-ekspertow-kep-ds-bioetycznych-stosowanie-tabletek-po-jest-z-punktu-widzenia-etycznego-niemoralne\">Stanowisko Zespo\u0142u Ekspert\u00f3w KEP ds. Bioetycznych<br>odno\u015bnie do stosowania tzw. antykoncepcji dora\u017anej<\/a><br>31.01.2024<br>[episkopat.pl]<\/strong><\/p>\n\n\n\n<p class=\"has-text-align-center\">*<\/p>\n\n\n\n<p><strong>Ks. prof. Pawe\u0142 Bortkiewicz TChr, teolog moralista, w felietonie z cyklu <strong>\u201e<\/strong>My\u015bl\u0105c Ojczyzna<strong>\u201d <\/strong>na antenie TV Trwam<\/strong><\/p>\n\n\n\n<p>Zobacz:<\/p>\n\n\n\n<ul><li>Radio Maryja,<a href=\"https:\/\/www.radiomaryja.pl\/informacje\/ks-prof-p-bortkiewicz-tchr-aborcji-po-prostu-nie-da-sie-usprawiedliwic-katolik-ktory-twierdzi-inaczej-odrzuca-nauke-kosciola-jaka-w-tym-zakresie-jest-jednoznaczna\/\">&nbsp;Ks. prof. P. Bortkiewicz TChr: Aborcji po prostu nie da si\u0119 usprawiedliwi\u0107. Katolik, kt\u00f3ry twierdzi inaczej, odrzuca nauk\u0119 Ko\u015bcio\u0142a, jaka w tym zakresie jest jednoznaczna<\/a>, radiomaryja.pl, 03.02.2024.<\/li><\/ul>\n\n\n\n<p class=\"has-text-align-center\">*<\/p>\n\n\n\n<p><strong>Wywiad z dr. Arturem D\u0105browskim, prezesem Akcji Katolickiej Archidiecezji Cz\u0119stochowskiej<\/strong><\/p>\n\n\n\n<p>Zobacz:<\/p>\n\n\n\n<ul><li>Stefaniuk R.,&nbsp;<a href=\"https:\/\/wp.naszdziennik.pl\/2024-02-03\/379681,w-polityce-potrzeba-ludzi-sumienia.html\">W polityce potrzeba ludzi sumienia<\/a>, naszdziennik.pl, 03-04.02.2024.<\/li><\/ul>\n\n\n\n<p class=\"has-text-align-center\">*<strong><br><a href=\"http:\/\/kslpmazowsze.pl\/wp-content\/uploads\/2024\/02\/APEL-KSLP-do-Premiera-wobec-pr%C3%B3b-legalizacji-aborcji-4.02.2024-r..pdf\">Apel Katolickiego Stowarzyszenia Lekarzy Polskich <br>w obronie \u017cycia dzieci i zdrowia kobiet zagro\u017conych planowan\u0105 zmian\u0105 prawa<strong><br><\/strong>w kierunku szerokiego udost\u0119pnienia aborcji w Polsce<\/a><br>4.02.2024<br>[kslpmazowsze.pl]<\/strong><\/p>\n\n\n\n<p class=\"has-text-align-center\">*<\/p>\n\n\n\n<p><strong>Jednoznaczne stanowisko Zespo\u0142u Ekspert\u00f3w KEP ds. Bioetycznych<\/strong><\/p>\n\n\n\n<p>Zobacz:<\/p>\n\n\n\n<ul><li>Gajkowski K.,&nbsp;<a href=\"https:\/\/naszdziennik.pl\/wiara-kosciol-w-polsce\/291896,nie-dla-tabletki-smierci.html\">\u201eNie\u201d dla tabletki \u015bmierci<\/a>, naszdziennik.pl, 05.02.2024.<\/li><\/ul>\n\n\n\n<p class=\"has-text-align-center\">*<\/p>\n\n\n\n<p><strong>Ks. dr. hab. Piotr Kieniewicz MIC, teolog moralista, bioetyk, cz\u0142onek i sekretarz Zespo\u0142u Ekspert\u00f3w KEP ds. Bioetycznych w audycji \u201eAktualno\u015bci dnia\u201d na antenie Radia Maryja<\/strong><\/p>\n\n\n\n<p>Zobacz:<\/p>\n\n\n\n<ul><li>Radio Maryja,<a href=\"https:\/\/www.radiomaryja.pl\/informacje\/ks-dr-p-kieniewicz-mic-o-pigulce-dzien-po-preparat-potencjalnie-niebezpieczny-bedzie-udostepniony-mlodym-kobietom-organizm-moze-sobie-nie-poradzic-po-wprowadzeniu-tak-silnie-dzia\/\">&nbsp;Ks. dr P. Kieniewicz MIC o pigu\u0142ce \u201edzie\u0144 po\u201d: Preparat potencjalnie niebezpieczny b\u0119dzie udost\u0119pniony m\u0142odym kobietom. Organizm mo\u017ce sobie nie poradzi\u0107 po wprowadzeniu tak silnie dzia\u0142aj\u0105cych substancji<\/a>, radiomaryja.pl, 05.02.2024.<\/li><\/ul>\n\n\n\n<p>Ca\u0142\u0105 audycj\u0119 mo\u017cna ods\u0142ucha\u0107   [<strong><a href=\"https:\/\/www.radiomaryja.pl\/multimedia\/niebezpieczna-dla-kobiet-antykoncepcja-awaryjna-ma-byc-powszechnie-dostepna-dla-nieletnich\/\">tutaj<\/a><\/strong>].<\/p>\n\n\n\n<p class=\"has-text-align-center\">*<\/p>\n\n\n\n<p><strong>Udost\u0119pnienie dzieciom \u015brodk\u00f3w wczesnoporonnych wygl\u0105da na zaplanowane dzia\u0142anie maj\u0105ce na celu deprawacj\u0119 m\u0142odzie\u017cy<\/strong><\/p>\n\n\n\n<p>Zobacz:<\/p>\n\n\n\n<ul><li>Chazan B., <a href=\"https:\/\/wp.naszdziennik.pl\/2024-02-07\/379747,licencja-na-zabijanie.html\">Licencja na zabijanie<\/a>, naszdziennik.pl, 07.02.2024.<\/li><\/ul>\n\n\n\n<p>Ca\u0142y artyku\u0142 mo\u017cna przeczyta\u0107   [<strong><a href=\"https:\/\/www.radiomaryja.pl\/informacje\/nasz-dziennik-licencja-na-zabijanie\/\">tutaj<\/a><\/strong>].<\/p>\n\n\n\n<p class=\"has-text-align-center\">*<\/p>\n\n\n\n<p><strong>Ks. prof. Pawe\u0142 Bortkiewicz TChr, teolog moralista, w audycji \u201eAktualno\u015bci dnia\u201d na antenie Radia Maryja<\/strong><\/p>\n\n\n\n<p>Zobacz:<\/p>\n\n\n\n<ul><li>Radio Maryja, <a href=\"https:\/\/www.radiomaryja.pl\/informacje\/ks-prof-p-bortkiewicz-tchr-w-radiu-maryja-obecna-sytuacja-w-polsce-to-sytuacja-totalnej-destrukcji-podmiotowosci-czlowieka-i-spoleczenstwa\/\">Ks. prof. P. Bortkiewicz TChr w Radiu Maryja: Obecna sytuacja w Polsce to sytuacja totalnej destrukcji podmiotowo\u015bci cz\u0142owieka i spo\u0142ecze\u0144stwa<\/a>, radiomaryja.pl, 08.02.2024.<\/li><\/ul>\n\n\n\n<p>Ca\u0142\u0105 audycj\u0119 mo\u017cna ods\u0142ucha\u0107   [<strong><a href=\"https:\/\/www.radiomaryja.pl\/multimedia\/dzialania-nowego-rzadu-w-polsce-a-pojecie-demokracji\/\">tutaj<\/a><\/strong>].<\/p>\n\n\n\n<p class=\"has-text-align-center\">*<\/p>\n\n\n\n<p><strong>Dr n. med. Aleksandra Kici\u0144ska, specjalista chor\u00f3b wewn\u0119trznych i immunologii klinicznej, fizjolog p\u0142odno\u015bci, za\u0142o\u017cyciel InVivo Medical Clinic, wyk\u0142adowca Gda\u0144skiego Uniwersytetu Medycznego, w audycji \u201eAktualno\u015bci dnia\u201d na antenie Radia Maryja<\/strong><\/p>\n\n\n\n<p>Zobacz:<\/p>\n\n\n\n<ul><li>Radio Maryja, <a href=\"https:\/\/www.radiomaryja.pl\/informacje\/dr-n-med-a-kicinska-pigulka-dzien-po-zawiera-octan-uliprystalu-ktory-bedzie-czynil-spustoszenie-w-organizmie-osoby-go-zazywajacej\/\">Dr n. med. A. Kici\u0144ska: Pigu\u0142ka \u201edzie\u0144 po\u201d zawiera octan uliprystalu, kt\u00f3ry b\u0119dzie czyni\u0142 spustoszenie w organizmie osoby go za\u017cywaj\u0105cej<\/a>, radiomaryja.pl, 10.02.2024.<\/li><\/ul>\n\n\n\n<p>Ca\u0142\u0105 audycj\u0119 mo\u017cna ods\u0142ucha\u0107   [<strong><a href=\"https:\/\/www.radiomaryja.pl\/multimedia\/trwa-procedowanie-projektu-noweli-o-tabletce-dzien-po\/\">tutaj<\/a><\/strong>].<\/p>\n\n\n\n<p class=\"has-text-align-center\">*<\/p>\n\n\n\n<p><strong>Ks. dr hab. Krzysztof Bielawny, teolog, autor wielu publikacji w zakresie teologii, historii i demografii, w audycji \u201eAktualno\u015bci dnia\u201d na antenie Radia Maryja<\/strong><\/p>\n\n\n\n<p>Zobacz:<\/p>\n\n\n\n<ul><li>Radio Maryja,&nbsp;<a href=\"https:\/\/www.radiomaryja.pl\/informacje\/ks-prof-k-bielawny-o-bezdzietnosci-w-polskich-rodzinach-przyczyna-naszej-depopulacji-jest-deprawacja-mlodego-pokolenia-zniszczenie-moralne-duchowe-i-biologiczne\/\">Ks. prof. K. Bielawny o bezdzietno\u015bci w polskich rodzinach: Przyczyn\u0105 naszej depopulacji jest deprawacja m\u0142odego pokolenia, zniszczenie moralne, duchowe i biologiczne<\/a>, radiomaryja.pl, 11.02.2024.<\/li><\/ul>\n\n\n\n<p>Ca\u0142\u0105 audycj\u0119 mo\u017cna ods\u0142ucha\u0107   [<strong><a href=\"https:\/\/www.radiomaryja.pl\/multimedia\/polska-bez-dzieci\/\">tutaj<\/a><\/strong>].<\/p>\n\n\n\n<p class=\"has-text-align-center\">*<\/p>\n\n\n\n<p><strong>Coraz wi\u0119cej doniesie\u0144 o szkodliwym wp\u0142ywie tzw. zmiany p\u0142ci na zdrowie dzieci i m\u0142odzie\u017cy sprawia, \u017ce w wielu krajach tranzycja jest ograniczana<\/strong><\/p>\n\n\n\n<p>Zobacz:<\/p>\n\n\n\n<ul><li>Prusak M.,&nbsp;<a href=\"http:\/\/www.sfkp.pl\/userfiles\/Tranzycje_po%C5%BC%C4%85dany_odwr%C3%B3t_M_P.pdf\">Oznaki otrze\u017awienia<\/a>, \u201eNasz Dziennik\u201d, 13.02.2024.<\/li><\/ul>\n\n\n\n<p class=\"has-text-align-center\">*<\/p>\n\n\n\n<p><strong>Ks. prof. Pawe\u0142 Bortkiewicz TChr, teolog moralista, w felietonie z cyklu \u201eMy\u015bl\u0105c Ojczyzna\u201d na antenie Radia Maryja i TV Trwam<\/strong><\/p>\n\n\n\n<p>Zobacz:<\/p>\n\n\n\n<ul><li>Radio Maryja, <a href=\"https:\/\/www.radiomaryja.pl\/informacje\/ks-prof-p-bortkiewicz-tchr-szacuje-sie-ze-w-polsce-zamrozonych-jest-juz-120-tys-zarodkow-nawet-sposrod-tych-ktore-zyskaly-szanse-implementowania-wiekszosc-z-nich-ginie-skutecznosc-zabiegow-i\/\">Ks. prof. P. Bortkiewicz TChr: Szacuje si\u0119, \u017ce w Polsce zamro\u017conych jest ju\u017c 120 tys. zarodk\u00f3w. Nawet spo\u015br\u00f3d tych, kt\u00f3re zyska\u0142y szanse implementowania, wi\u0119kszo\u015b\u0107 z nich ginie. skuteczno\u015b\u0107 zabieg\u00f3w in vitro w 2020 roku wynios\u0142a 38 procent<\/a>, radiomaryja.pl, 17.02.2024.<\/li><\/ul>\n\n\n\n<p class=\"has-text-align-center\">*<\/p>\n\n\n\n<p><strong>Sejm przeg\u0142osowa\u0142 wprowadzenie zmian w dost\u0119pno\u015bci \u015brodk\u00f3w antykoncepcyjnych<\/strong><\/p>\n\n\n\n<p>Zobacz: <\/p>\n\n\n\n<ul><li>TV Trwam News, <a href=\"https:\/\/www.radiomaryja.pl\/informacje\/sejm-przyjal-projekt-nowelizacji-prawa-farmaceutycznego-smiercionosne-tabletki-ktore-moga-miec-dzialanie-wczesnoporonne-maja-byc-dostepne-juz-od-15-roku-zycia\/\">Sejm przyj\u0105\u0142 projekt nowelizacji Prawa farmaceutycznego. \u015amierciono\u015bne tabletki, kt\u00f3re mog\u0105 mie\u0107 dzia\u0142anie wczesnoporonne, maj\u0105 by\u0107 dost\u0119pne ju\u017c od 15. roku \u017cycia<\/a>, radiomaryja.pl, 22.02.2024.<\/li><li>Rz\u0105dowy projekt ustawy o zmianie ustawy &#8211; Prawo farmaceutyczne   [<a href=\"https:\/\/www.sejm.gov.pl\/Sejm10.nsf\/PrzebiegProc.xsp?nr=185\"><strong>tutaj<\/strong><\/a>].<\/li><\/ul>\n\n\n\n<p class=\"has-text-align-center\">*<\/p>\n\n\n\n<p><strong>Pigu\u0142ka \u015bmierci<\/strong><\/p>\n\n\n\n<p>Zobacz:<\/p>\n\n\n\n<ul><li>TV Trwam News,&nbsp;<a href=\"https:\/\/www.radiomaryja.pl\/informacje\/prezydent-a-duda-o-tzw-pigulce-dzien-po-bomba-hormonalna\/\">Prezydent A. Duda o tzw. pigu\u0142ce \u201edzie\u0144 po\u201d: \u201eBomba hormonalna\u201d<\/a>, radiomaryja.pl, 23.02.2024.<\/li><\/ul>\n\n\n\n<p class=\"has-text-align-center\">*<\/p>\n\n\n\n<p><strong>Dr Micha\u0142 Skwarzy\u0144ski, adiunkt w Katedrze Praw Cz\u0142owieka i Prawa Humanitarnego na KUL, adwokat, w audycji \u201eAktualno\u015bci dnia\u201d na antenie Radia Maryja<\/strong><\/p>\n\n\n\n<ul><li>Radio Maryja, <a href=\"https:\/\/www.radiomaryja.pl\/informacje\/dr-m-skwarzynski-o-decyzji-sejmu-ws-pigulki-dzien-po-w-ramach-walki-ideologicznej-w-ogole-nie-patrzy-sie-na-dobro-dzieci\/\">Dr M. Skwarzy\u0144ski o decyzji Sejmu ws. pigu\u0142ki \u201edzie\u0144 po\u201d: W ramach walki ideologicznej w og\u00f3le nie patrzy si\u0119 na dobro dzieci<\/a>, radiomaryja.pl, 24.02.2024.<\/li><\/ul>\n\n\n\n<p>Ca\u0142\u0105 audycj\u0119 mo\u017cna ods\u0142ucha\u0107   [<strong><a href=\"https:\/\/www.radiomaryja.pl\/multimedia\/sprawa-zabijania-nienarodzonych-dzieci-w-polsce-referendum-czy-rozporzadzenie\/\">tutaj<\/a><\/strong>].<\/p>\n\n\n\n<p class=\"has-text-align-center\">*<\/p>\n\n\n\n<p><strong>Skandaliczne prawo<\/strong><\/p>\n\n\n\n<p>Zobacz:<\/p>\n\n\n\n<ul><li>Baranowski Z.,&nbsp;<a href=\"https:\/\/wp.naszdziennik.pl\/2024-02-26\/380262,masowe-trucie-narodu.html\">Masowe trucie Narodu<\/a>, naszdziennik.pl, 26.02.2024.<\/li><\/ul>\n\n\n\n<p>Ca\u0142y artyku\u0142 mo\u017cna przeczyta\u0107   [<strong><a href=\"https:\/\/www.radiomaryja.pl\/informacje\/nasz-dziennik-masowe-trucie-narodu\/\">tutaj<\/a><\/strong>].<\/p>\n\n\n\n<p class=\"has-text-align-center\">*<\/p>\n\n\n\n<p><strong>Ks. prof. Pawe\u0142 Bortkiewicz TChr, teolog moralista, w felietonie z cyklu \u201eMy\u015bl\u0105c Ojczyzna\u201d w Radiu Maryja i TV Trwam<\/strong><\/p>\n\n\n\n<p>Zobacz:<\/p>\n\n\n\n<ul><li>Radio Maryja,&nbsp;<a href=\"https:\/\/www.radiomaryja.pl\/informacje\/ks-prof-p-bortkiewicz-tchr-o-procedurze-in-vitro-pomimo-sfery-manipulacji-jezykowej-mowiacej-o-leczeniu-ten-zabieg-pozostaje-technika-sztucznej-reprodukcji-traktuje-czlowieka-jako-przedmiot-repro\/\">Ks. prof. P. Bortkiewicz TChr o procedurze in vitro: Pomimo sfery manipulacji j\u0119zykowej m\u00f3wi\u0105cej o leczeniu ten zabieg pozostaje technik\u0105 sztucznej reprodukcji. Traktuje cz\u0142owieka jako przedmiot reprodukcyjny<\/a>, radiomaryja.pl, 26.02.2024.<\/li><\/ul>\n\n\n\n<p class=\"has-text-align-center\">*<\/p>\n\n\n\n<p><strong>Ks. prof. Pawe\u0142 Bortkiewicz TChr, teolog moralista, w audycji \u201eAktualno\u015bci dnia\u201d na antenie  Radia Maryja<\/strong><\/p>\n\n\n\n<p>Zobacz:<\/p>\n\n\n\n<ul><li>Radio Maryja,&nbsp;<a href=\"https:\/\/www.radiomaryja.pl\/informacje\/ks-prof-p-bortkiewicz-o-referendum-sprawie-tzw-aborcji-katolik-nie-moze-przykladac-swojej-reki-do-takiego-bezprawia-trzeba-liczyc-sie-z-tym-ze-wartosci-sa-nierozporzadzalne-nad-wartosciami-i-p\/\">Ks. prof. P. Bortkiewicz o referendum sprawie tzw. aborcji: Katolik nie mo\u017ce przyk\u0142ada\u0107 swojej r\u0119ki do takiego bezprawia, trzeba liczy\u0107 si\u0119 z tym, \u017ce warto\u015bci s\u0105 nierozporz\u0105dzalne. nad warto\u015bciami i prawd\u0105 si\u0119 nie g\u0142osuje<\/a>, radiomaryja.pl, 26.02.2024.<\/li><\/ul>\n\n\n\n<p class=\"has-text-align-center\">*<\/p>\n\n\n\n<p><strong>Stan psychiczny kobiety nie jest powodem do u\u015bmiercenia dziecka<\/strong><\/p>\n\n\n\n<p>Zobacz:<\/p>\n\n\n\n<ul><li>TV Trwam News, <a href=\"https:\/\/www.radiomaryja.pl\/informacje\/trzecia-droga-ktora-zlozyla-projekt-ustawy-dot-zabijania-nienarodzonych-dzieci-wprowadza-wyborcow-w-blad-co-do-jego-tresci\/\">Trzecia Droga, kt\u00f3ra z\u0142o\u017cy\u0142a projekt ustawy dot. zabijania nienarodzonych dzieci wprowadza wyborc\u00f3w w b\u0142\u0105d co do jego tre\u015bci<\/a>, radiomaryja.pl, 02.03.2024.<\/li><li>Projekt ustawy   [<strong><a href=\"https:\/\/orka.sejm.gov.pl\/Druki10ka.nsf\/Projekty\/10-020-73-2024\/$file\/10-020-73-2024.pdf\">tutaj<\/a><\/strong>].<\/li><\/ul>\n\n\n\n<p class=\"has-text-align-center\">*<\/p>\n\n\n\n<p class=\"has-text-align-center\"><strong><a href=\"https:\/\/episkopat.pl\/doc\/215226.przewodniczacy-episkopatu-apeluje-o-ochrone-zycia-nienarodzonych-i-wspieranie-ich-rodzicow\">Apel Przewodnicz\u0105cego Konferencji Episkopatu Polski<br>ws. ochrony \u017cycia dzieci nienarodzonych i wspierania ich rodzic\u00f3w<\/a><br>2.03.2024<br>[episkopat.pl]<\/strong><\/p>\n\n\n\n<p class=\"has-text-align-center\">*<\/p>\n\n\n\n<p class=\"has-text-align-center\"><strong>Stanowisko Zjazdu Polskiej Federacji Ruch\u00f3w Obrony \u017bycia<\/strong><a href=\"https:\/\/federacjazycia.pl\/wp-content\/uploads\/2024\/03\/STANOWISKO-ZJAZDU-PFROZ-1-2-03-2024-1.pdf\"><strong><br>\u201eW obronie dorobku wolnej Rzeczypospolitej<br><strong>w zakresie ochrony ludzkiego \u017cycia<\/strong><\/strong> <strong>oraz zdrowia prokreacyjnego kobiet\u201d<\/strong><\/a><strong><br>2.03.2024<br>[federacjazycia.pl]<\/strong><\/p>\n\n\n\n<p class=\"has-text-align-center\">*<\/p>\n\n\n\n<p><strong style=\"font-size: revert; color: initial;\">Wywiad z dr n. med. Aleksandr\u0105 Mari\u0105 Kici\u0144sk\u0105, specjalist\u0105 chor\u00f3b wewn\u0119trznych i immunologii klinicznej, zajmuj\u0105c\u0105 si\u0119 leczeniem niep\u0142odno\u015bci i zaburze\u0144 cyklu<\/strong><\/p>\n\n\n\n<p>Zobacz:<\/p>\n\n\n\n<ul><li><span style=\"font-size: revert; color: initial;\">Kici\u0144ska A.M., <\/span><a style=\"font-size: revert;\" href=\"https:\/\/wp.naszdziennik.pl\/2024-03-02\/380408,blokowana-prawda.html\">Blokowana prawda<\/a><span style=\"font-size: revert; color: initial;\">, rozmow\u0119 przeprowadzi\u0142a U. Wr\u00f3bel, naszdziennik.pl, 02-03.03.2024.<\/span> <\/li><\/ul>\n\n\n\n<p class=\"has-text-align-center\">*<\/p>\n\n\n\n<p><strong>Ideologiczne rozwi\u0105zania Ministerstwa Zdrowia<\/strong><\/p>\n\n\n\n<p>Zobacz:<\/p>\n\n\n\n<ul><li>TV Trwam News, <a href=\"https:\/\/www.radiomaryja.pl\/informacje\/czas-lamania-sumien-lekarzy\/\">Czas \u0142amania sumie\u0144 lekarzy<\/a>, radiomaryja.pl, 03.03.2024.<\/li><\/ul>\n\n\n\n<p class=\"has-text-align-center\">*<\/p>\n\n\n\n<p><strong>Ideologiczny kurs<\/strong><\/p>\n\n\n\n<p>Zobacz:<\/p>\n\n\n\n<ul><li>TV Trwam News, <a href=\"https:\/\/www.radiomaryja.pl\/informacje\/rzad-dazy-do-legalizacji-zabijania-nienarodzonych-dzieci\/\">Rz\u0105d d\u0105\u017cy do legalizacji zabijania nienarodzonych dzieci<\/a>, radiomaryja.pl, 03.03.2024.<\/li><\/ul>\n\n\n\n<p class=\"has-text-align-center\">*<\/p>\n\n\n\n<p><strong>Jakub Ba\u0142troszewicz, prezes zarz\u0105du Polskiej Federacji Ruch\u00f3w Obrony \u017bycia, w audycji \u201eAktualno\u015bci dnia\u201d na antenie Radia Maryja<\/strong><\/p>\n\n\n\n<p>Zobacz:<\/p>\n\n\n\n<ul><li>Radio Maryja, <a href=\"https:\/\/www.radiomaryja.pl\/informacje\/prezes-polskiej-federacji-ruchow-obrony-zycia-niszczy-sie-cywilizacje-zycia-ktora-byla-budowana-z-duzym-trudem-przez-lata\/\">Prezes Polskiej Federacji Ruch\u00f3w Obrony \u017bycia: Niszczy si\u0119 cywilizacj\u0119 \u017cycia, kt\u00f3ra by\u0142a budowana z du\u017cym trudem przez lata<\/a>, radiomaryja.pl, 04.03.2024.<\/li><\/ul>\n\n\n\n<p>Ca\u0142\u0105 audycj\u0119 mo\u017cna ods\u0142ucha\u0107   [<strong><a href=\"https:\/\/www.radiomaryja.pl\/multimedia\/stanowisko-walnego-zgromadzenia-pfroz-w-obronie-dorobku-wolnej-rzeczypospolitej-w-zakresie-ochrony-ludzkiego-zycia-oraz-zdrowia-prokreacyjnego-kobiety\/\">tutaj<\/a><\/strong>].<\/p>\n\n\n\n<p class=\"has-text-align-center\">*<\/p>\n\n\n\n<p><strong>Antoni Szyma\u0144ski, socjolog, w audycji \u201eAktualno\u015bci dnia\u201d na antenie Radia Maryja <\/strong><\/p>\n\n\n\n<p>Zobacz:<\/p>\n\n\n\n<ul><li>Radio Maryja,&nbsp;<a href=\"https:\/\/www.radiomaryja.pl\/informacje\/a-szymanski-z-polskiej-federacji-ruchow-obrony-zycia-z-badania-cbos-wynika-ze-wiekszosc-polakow-opowiada-sie-za-zabijaniem-nienarodzonych-dzieci-na-zadanie\/\">A. Szyma\u0144ski z Polskiej Federacji Ruch\u00f3w Obrony \u017bycia: Z badania CBOS wynika, \u017ce wi\u0119kszo\u015b\u0107 Polak\u00f3w opowiada si\u0119 przeciwko zabijaniu nienarodzonych dzieci na \u017c\u0105danie<\/a>, radiomaryja.pl, 05.03.2024.<\/li><\/ul>\n\n\n\n<p>Ca\u0142\u0105 audycj\u0119 mo\u017cna ods\u0142ucha\u0107   [<strong><a href=\"https:\/\/www.radiomaryja.pl\/multimedia\/ochrona-ludzkiego-zycia-w-polsce\/\">tutaj<\/a><\/strong>].<\/p>\n\n\n\n<p class=\"has-text-align-center\">*<\/p>\n\n\n\n<p><strong>Magdalena Guziak-Nowak, dyrektor ds. edukacji w Polskim Stowarzyszeniu Obro\u0144c\u00f3w \u017bycia Cz\u0142owieka, w audycji \u201eAktualno\u015bci dnia\u201d na antenie Radia Maryja<\/strong><\/p>\n\n\n\n<p>Zobacz:<\/p>\n\n\n\n<ul><li>Radio Maryja,&nbsp;<a href=\"https:\/\/www.radiomaryja.pl\/informacje\/m-guziak-nowak-w-radiu-maryja-organizacje-proaborcyjne-nie-sa-zainteresowane-zadnym-kompromisem\/\">M. Guziak-Nowak w Radiu Maryja: Organizacje proaborcyjne nie s\u0105 zainteresowane \u017cadnym kompromisem<\/a>, radiomaryja.pl, 05.03.2024.<\/li><\/ul>\n\n\n\n<p>Ca\u0142\u0105 audycj\u0119 mo\u017cna ods\u0142ucha\u0107   [<strong><a href=\"https:\/\/www.radiomaryja.pl\/multimedia\/prawo-do-zabijania-prawem-konstytucyjnym-we-francji-projekty-zmian-w-prawie-polskim\/\">tutaj<\/a><\/strong>].<\/p>\n\n\n\n<p class=\"has-text-align-center\">*<\/p>\n\n\n\n<p>&nbsp;<strong>W Sejmie s\u0105 cztery projekty przeciwko \u017cyciu nienarodzonych \u2013 wszystkie przygotowane przez partie tworz\u0105ce rz\u0105d. Wszystkie zmierzaj\u0105 w kierunku upowszechnienia tzw. aborcji<\/strong><\/p>\n\n\n\n<p>Zobacz:<\/p>\n\n\n\n<ul><li>TV Trwam News,&nbsp;<a href=\"https:\/\/www.radiomaryja.pl\/informacje\/polityczne-rozgrywki-koalicji-rzadzacej-wymierzone-w-nienarodzone-dzieci-trzecia-droga-probuje-wprowadzic-tzw-przeslanke-psychiczna-ktora-otwiera-sciezke-do-tzw-aborcji-na-zyczenie\/\">Polityczne rozgrywki koalicji rz\u0105dz\u0105cej wymierzone w nienarodzone dzieci \u2013 Trzecia Droga pr\u00f3buje wprowadzi\u0107 tzw przes\u0142ank\u0119 psychiczn\u0105, kt\u00f3ra otwiera \u015bcie\u017ck\u0119 do tzw aborcji na \u017cyczenie<\/a>, radiomaryja.pl, 06.03.2024.<\/li><\/ul>\n\n\n\n<p class=\"has-text-align-center\">*<\/p>\n\n\n\n<p><strong>Polskie Stowarzyszenie Obro\u0144c\u00f3w \u017bycia Cz\u0142owieka wystosowa\u0142o listy otwarte do Prezydenta RP i Pierwszej Damy RP w sprawie pigu\u0142ki \u201edzie\u0144 po\u201d<\/strong><\/p>\n\n\n\n<p>Zobacz:<\/p>\n\n\n\n<ul><li>pro-life.pl, <a href=\"https:\/\/naszdziennik.pl\/polska-kraj\/294061,zatroszczyc-sie-o-prawdziwe-dobro-swoich-dzieci.html\">Zatroszczy\u0107 si\u0119 o prawdziwe dobro swoich dzieci<\/a>, naszdziennik.pl, 08.03.2024.<\/li><\/ul>\n\n\n\n<p class=\"has-text-align-center\">*<\/p>\n\n\n\n<p><strong>Brzemi\u0119 aborcji<\/strong><\/p>\n\n\n\n<p class=\"has-text-align-left\">Zobacz:<\/p>\n\n\n\n<ul><li>TV Trwam News,&nbsp;<a href=\"https:\/\/www.radiomaryja.pl\/informacje\/kobiety-ktore-dokonaly-tzw-aborcji-mierza-sie-z-ciezkim-brzemieniem-swoich-decyzji\/\">Kobiety, kt\u00f3re dokona\u0142y tzw. aborcji, mierz\u0105 si\u0119 z ci\u0119\u017ckim brzemieniem swoich decyzji<\/a>, radiomaryja.pl, 09.03.2024.<\/li><\/ul>\n\n\n\n<p class=\"has-text-align-center\">*<\/p>\n\n\n\n<p><strong>Mec. Bartosz Lewandowski, dyrektor Centrum Interwencji Procesowej Ordo Iuris, w audycji \u201eAktualno\u015bci dnia\u201d na antenie Radia Maryja<\/strong><\/p>\n\n\n\n<p>Zobacz:<\/p>\n\n\n\n<ul><li>Radio Maryja, <a href=\"https:\/\/www.radiomaryja.pl\/informacje\/mec-b-lewandowski-donald-tusk-podjal-probe-zastraszenia-calego-srodowiska-lekarskiego\/\">Mec. B. Lewandowski: Donald Tusk podj\u0105\u0142 pr\u00f3b\u0119 zastraszenia ca\u0142ego \u015brodowiska lekarskiego<\/a>, radiomaryja.pl, 09.03.2024.<\/li><\/ul>\n\n\n\n<p>Ca\u0142\u0105 audycj\u0119 mo\u017cna ods\u0142ucha\u0107   [<strong><a href=\"https:\/\/www.radiomaryja.pl\/multimedia\/donald-tusk-wystosowal-grozby-wobec-lekarzy-odwolujacych-sie-do-klauzuli-sumienia\/\">tutaj<\/a><\/strong>].<\/p>\n\n\n\n<p class=\"has-text-align-center\">*<\/p>\n\n\n\n<p><strong>\u017bycie ludzkie staje si\u0119 cynicznym narz\u0119dziem polityk\u00f3w<\/strong><\/p>\n\n\n\n<p>Zobacz:<\/p>\n\n\n\n<ul><li>Wr\u00f3bel U.,&nbsp;<a href=\"https:\/\/naszdziennik.pl\/polska-kraj\/294168,aborcyjny-terror.html\">Aborcyjny terror<\/a>, naszdziennik.pl, 11.03.2024.<\/li><\/ul>\n\n\n\n<p>Ca\u0142y artyku\u0142 mo\u017cna przeczyta\u0107   [<strong><a href=\"https:\/\/www.radiomaryja.pl\/informacje\/ks-prof-p-bortkiewicz-tchr-dla-naszego-dziennika-pojecie-tzw-bezpiecznej-terminacji-ciazy-jest-absurdem-to-jest-zawsze-zabojstwo-istoty-ludzkiej\/\">tutaj<\/a><\/strong>].<\/p>\n\n\n\n<p class=\"has-text-align-center\">*<strong><br><a href=\"http:\/\/kslpmazowsze.pl\/2024\/04\/11-03-2024-oddzial-podlaski-kslp-do-prezydenta-w-sprawie-ellaone\/\">Apel Oddzia\u0142u Podlaskiego Katolickiego Stowarzyszenia Lekarzy Polskich<br>do Prezydenta <strong>Rzeczypospolitej Polskiej <\/strong><\/a><br>11.03.2024<br><strong>[kslpmazowsze.pl]<\/strong><\/strong><\/p>\n\n\n\n<p class=\"has-text-align-center\">*<\/p>\n\n\n\n<p class=\"has-text-align-center\"><strong>Pomorska Inicjatywa Pro-Life<a href=\"https:\/\/www.hli.org.pl\/pl\/news-pl\/10043-pomorska-inicjatywa-pro-life-z-wnioskiem-o-weto-prezydenta-ws-dostepu-do-tzw-pigulki-dzien-po\"><br>Wniosek o weto Pana Prezydenta do zmiany ustawy Prawo farmaceutyczne uchwalonej 6.03.2024<\/a><br>11.03.2024<br>[hli.org.pl]<\/strong><\/p>\n\n\n\n<p class=\"has-text-align-center\">*<\/p>\n\n\n\n<p class=\"has-text-align-center\"><strong><a href=\"https:\/\/federacjazycia.pl\/aktualnosci\/przeciwko-pigulce-dzien-po-apel-37-organizacji-do-prezydenta-rp\/\">Przeciwko pigu\u0142ce \u201edzie\u0144 po\u201d \u2013 apel 37 organizacji do Prezydenta RP<\/a><br>11.03.2024<br>[federacjazycia.pl]<\/strong><\/p>\n\n\n\n<p class=\"has-text-align-center\">*<\/p>\n\n\n\n<p class=\"has-text-align-left\"><strong>Ks. pra\u0142at dr Zbigniew Tracz, kanclerz Kurii Metropolitalnej \u0141\u00f3dzkiej, delegat arcybiskupa metropolity ds. beatyfikacji s\u0142ugi Bo\u017cej Stanis\u0142awy Leszczy\u0144skiej, w audycji \u201eAktualno\u015bci dnia\u201d na antenie Radia Maryja<\/strong><\/p>\n\n\n\n<p>Zobacz:<\/p>\n\n\n\n<ul><li>Radio Maryja,&nbsp;<a href=\"https:\/\/www.radiomaryja.pl\/informacje\/ks-z-tracz-swiadectwo-zycia-stanislawy-leszczynskiej-nie-jest-przeciwko-komukolwiek-ale-jest-to-swiadectwo-zawsze-za-zyciem-za-jego-wartoscia-i-sensem\/\">Ks. Z. Tracz: \u015awiadectwo \u017cycia Stanis\u0142awy Leszczy\u0144skiej nie jest przeciwko komukolwiek, ale jest to \u015bwiadectwo zawsze za \u017cyciem \u2013 za jego warto\u015bci\u0105 i sensem<\/a>, radiomaryja.pl, 11.03.2024.<\/li><\/ul>\n\n\n\n<p>Ca\u0142\u0105 audycj\u0119 mo\u017cna ods\u0142ucha\u0107   [<strong><a href=\"https:\/\/www.radiomaryja.pl\/multimedia\/zakonczyl-sie-diecezjalny-etap-beatyfikacyjny-stanislawy-leszczynskiej\/?fbclid=IwAR0SbfFKmxLRd1fNU3KpUdr4pB4Fh9egjSiPMNU0SNt6uY68yNU_Ar9hApE\">tutaj<\/a><\/strong>].<\/p>\n\n\n\n<p>Zobacz tak\u017ce:<\/p>\n\n\n\n<ul><li><a href=\"https:\/\/www.archidiecezja.lodz.pl\/aktualnosci\/2024\/03\/list-pasterski-metropolity-lodzkiego-na-zakonczenie-diecezjalnego-etapu-procesu-beatyfikacyjnego-slugi-bozej-stanislawy-leszczynskiej\">List pasterski Metropolity \u0141\u00f3dzkiego na zako\u0144czenie diecezjalnego etapu procesu beatyfikacyjnego S\u0142ugi Bo\u017cej Stanis\u0142awy Leszczy\u0144skiej &#8211; na IV Niedziel\u0119 Wielkiego Postu<\/a>, archidiecezja.lodz.pl, 09.03.2024.<\/li><\/ul>\n\n\n\n<p class=\"has-text-align-center\">*<\/p>\n\n\n\n<p><strong>Wywiad z abp. Stanis\u0142awem G\u0105deckim ko\u0144cz\u0105cym pos\u0142ug\u0119 na stanowisku Przewodnicz\u0105cego KEP<\/strong><\/p>\n\n\n\n<p>Zobacz:<\/p>\n\n\n\n<ul><li><a href=\"https:\/\/episkopat.pl\/doc\/206074.Przewodniczacy-KEP-Trzeba-budowac-na-dobrej-woli-i-z-kazdym\">Rozmowa z Przewodnicz\u0105cym KEP abp. Stanis\u0142awem G\u0105deckim przeprowadzona przez Rzecznika KEP ks. Leszka G\u0119siaka SJ<\/a>, episkopat.pl, 11.03.2024.<\/li><\/ul>\n\n\n\n<p class=\"has-text-align-center\">*<\/p>\n\n\n\n<p><strong>Dr Micha\u0142 Skwarzy\u0144ski, adiunkt w Katedrze Praw Cz\u0142owieka i Prawa Humanitarnego na KUL, adwokat, w audycji \u201eRozmowy niedoko\u0144czone\u201d na antenie TV Trwam<\/strong><\/p>\n\n\n\n<p>Zobacz:<\/p>\n\n\n\n<ul><li>Radio Maryja, <a href=\"https:\/\/www.radiomaryja.pl\/informacje\/lewica-proponuje-tzw-aborcje-do-konca-ciazy-dr-m-skwarzynski-jezeli-panstwo-nie-chroni-najslabszych-podmiotow-a-takimi-sa-dzieci-poczete-to-my-tez-jestesmy-zagrozeni\/\">Lewica proponuje tzw. aborcj\u0119 do ko\u0144ca ci\u0105\u017cy! Dr M. Skwarzy\u0144ski: Je\u017celi pa\u0144stwo nie chroni najs\u0142abszych podmiot\u00f3w, a takimi s\u0105 dzieci pocz\u0119te, to my te\u017c jeste\u015bmy zagro\u017ceni<\/a>, radiomaryja.pl, 11.03.2024.<\/li><\/ul>\n\n\n\n<p class=\"has-text-align-center\">*<\/p>\n\n\n\n<p><strong>Ks. dr. hab. Piotr Kieniewicz MIC, teolog moralista, bioetyk, cz\u0142onek i sekretarz Zespo\u0142u Ekspert\u00f3w KEP ds. Bioetycznych w audycji \u201eAktualno\u015bci dnia\u201d na antenie Radia Maryja<\/strong><\/p>\n\n\n\n<p>Zobacz:<\/p>\n\n\n\n<ul><li>Radio Maryja,&nbsp;<a href=\"https:\/\/www.radiomaryja.pl\/informacje\/ks-prof-p-kiniewicz-mic-jesli-w-kraju-ktory-sie-mieni-katolickim-jest-wybierany-parlament-ktorego-pierwsza-decyzja-sa-dzialania-przeciwko-nienarodzonym-to-odpowiedz-skad-to-sie-bierze-jest-pr\/\">Ks. prof. P. Kieniewicz MIC: Je\u015bli w kraju, kt\u00f3ry si\u0119 mieni katolickim, jest wybierany parlament, kt\u00f3rego pierwsz\u0105 decyzj\u0105 s\u0105 dzia\u0142ania przeciwko nienarodzonym, to odpowied\u017a sk\u0105d to si\u0119 bierze, jest prosta \u2013 z braku wiary<\/a>, radiomaryja.pl, 12.03.2024.<\/li><\/ul>\n\n\n\n<p>Ca\u0142\u0105 audycj\u0119 mo\u017cna ods\u0142ucha\u0107   [<strong><a href=\"https:\/\/www.radiomaryja.pl\/multimedia\/legalizacja-zabijania-dzieci-nienarodzonych-pokaze-ze-polska-juz-nie-jest-krajem-ludzi-wierzacych\/\">tutaj<\/a><\/strong>].<\/p>\n\n\n\n<p class=\"has-text-align-center\">*<\/p>\n\n\n\n<p class=\"has-text-align-center\"><strong><a href=\"https:\/\/www.sfkp.pl\/userfiles\/ND_List_SFKP_do_Prezydenta_13_03.2024.pdf\">List otwarty <strong><strong>Stowarzyszenia Farmaceut\u00f3w Katolickich Polski do Prezydenta RP<\/strong><\/strong><br>ws. nowelizacji ustawy prawo farmaceutyczne,<br>umo\u017cliwiaj\u0105cej zakup tabletki \u201edzie\u0144 po\u201d bez recepty<\/a><br>13.03.2024<br>[sfkp]<\/strong><\/p>\n\n\n\n<p class=\"has-text-align-center\">*<\/p>\n\n\n\n<p><strong>ONZ i WHO forsuj\u0105 now\u0105 definicj\u0119 ci\u0105\u017cy &#8211; fa\u0142szuj\u0105 prawd\u0119 o pocz\u0105tku \u017cycia cz\u0142owieka<\/strong><\/p>\n\n\n\n<p>Zobacz:<\/p>\n\n\n\n<ul><li>Guziak-Nowak M., <a href=\"https:\/\/wp.naszdziennik.pl\/2024-03-16\/380801,od-poczecia-czlowiek.html\">Od pocz\u0119cia cz\u0142owiek<\/a>, naszdziennik.pl, 16-17.03.2024.<\/li><\/ul>\n\n\n\n<p class=\"has-text-align-center\">*<\/p>\n\n\n\n<p><strong>Wywiad z ks. prof. Paw\u0142em Bortkiewiczem TChr, teologiem moralist\u0105, wyk\u0142adowc\u0105 w Akademii Kultury Spo\u0142ecznej i Medialnej<\/strong><\/p>\n\n\n\n<p>Zobacz:<\/p>\n\n\n\n<ul><li>Falkowska B., <a href=\"https:\/\/wp.naszdziennik.pl\/2024-03-16\/380807,obronic-prawde-o-zyciu.html\">Obroni\u0107 prawd\u0119 o \u017cyciu<\/a>, naszdziennik.pl, 16-17.03.2024.<\/li><\/ul>\n\n\n\n<p class=\"has-text-align-center\">*<\/p>\n\n\n\n<p><strong>Cz\u0142owiek ma swoj\u0105 przyrodzon\u0105 godno\u015b\u0107 i niezbywalne prawo do \u017cycia od pocz\u0105tku, czyli od momentu pocz\u0119cia, kt\u00f3rym jest zap\u0142odnienie<\/strong><\/p>\n\n\n\n<p>Zobacz:<\/p>\n\n\n\n<ul><li>Gajkowska P., <a href=\"https:\/\/wp.naszdziennik.pl\/2024-03-16\/380808,atak-na-ludzka-godnosc.html\">Atak na ludzk\u0105 godno\u015b\u0107<\/a>, naszdziennik.pl, 16-17.03.2024.<\/li><\/ul>\n\n\n\n<p class=\"has-text-align-center\">*<\/p>\n\n\n\n<p><strong>Wywiad z mec. Bart\u0142omiejem Wr\u00f3blewskim, pos\u0142em Prawa i Sprawiedliwo\u015bci<\/strong><\/p>\n\n\n\n<p>Zobacz:<\/p>\n\n\n\n<ul><li>Wr\u00f3blewski B.,&nbsp;<a href=\"https:\/\/wp.naszdziennik.pl\/2024-03-19\/380865,cyniczna-gra-zyciem-dzieci.html\">Cyniczna gra \u017cyciem dzieci<\/a>, rozmow\u0119 przeprowadzi\u0142a U. Wr\u00f3bel, naszdziennik.pl, 19.03.2024.<\/li><\/ul>\n\n\n\n<p class=\"has-text-align-center\">*<\/p>\n\n\n\n<p><strong>Wywiad z ks. dr. hab. Piotrem Kieniewiczem MIC, asystentem ko\u015bcielnym Og\u00f3lnopolskiej Sekcji Ginekologiczno-Po\u0142o\u017cniczej Katolickiego Stowarzyszenia Lekarzy Polskich<\/strong><\/p>\n\n\n\n<p>Zobacz:<\/p>\n\n\n\n<ul><li>Kieniewicz P,&nbsp;<a href=\"https:\/\/wp.naszdziennik.pl\/2024-03-20\/380871,lekarze-ktorzy-ida-pod-prad.html\">Lekarze, kt\u00f3rzy id\u0105 pod pr\u0105d<\/a>, rozmow\u0119 przeprowadzi\u0142 K. Gajkowski, naszdziennik.pl, 20.03.2024.<\/li><\/ul>\n\n\n\n<p class=\"has-text-align-center\">*<\/p>\n\n\n\n<p><strong>Prof. Dariusz Dudek, doradca prezydenta RP, konstytucjonalista, w audycji \u201eAktualno\u015bci dnia\u201d na antenie Radia Maryja<\/strong><\/p>\n\n\n\n<p>Zobacz:<\/p>\n\n\n\n<ul><li>Radio Maryja, <a href=\"https:\/\/www.radiomaryja.pl\/informacje\/prof-d-dudek-o-projekcie-lewicy-ws-aborcji-to-jest-dalej-idaca-zmiana-niz-prawo-aborcyjne-z-1956-roku\/\">Prof. D. Dudek o projekcie Lewicy ws. aborcji: To jest dalej id\u0105ca zmiana ni\u017c prawo aborcyjne z 1956 roku<\/a>, radiomaryja.pl, 20.03.2024.<\/li><\/ul>\n\n\n\n<p>Ca\u0142\u0105 audycj\u0119 mo\u017cna ods\u0142ucha\u0107   [<strong><a href=\"https:\/\/www.radiomaryja.pl\/multimedia\/zamach-w-europie-zachodniej-na-zycie-nienarodzonych\/\">tutaj<\/a><\/strong>].<\/p>\n\n\n\n<p class=\"has-text-align-center\">*<\/p>\n\n\n\n<p><strong>\u201eNie zapominajcie, \u017ce nikt nie jest panem \u017cycia\u201d<\/strong><\/p>\n\n\n\n<p>Zobacz:<\/p>\n\n\n\n<ul><li>RIRM, <a href=\"https:\/\/www.radiomaryja.pl\/kosciol\/ojciec-swiety-niech-polska-bedzie-ziemia-ktora-chroni-zycie-w-kazdym-jego-momencie\/\">Ojciec \u015awi\u0119ty: Niech Polska b\u0119dzie ziemi\u0105, kt\u00f3ra chroni \u017cycie w ka\u017cdym jego momencie<\/a>, radiomaryja.pl, 20.03.2024.<\/li><\/ul>\n\n\n\n<p class=\"has-text-align-center\">*<\/p>\n\n\n\n<p><strong>Ks. prof. Pawe\u0142 Bortkiewicz TChr w felietonie z cyklu \u201eMy\u015bl\u0105c Ojczyzna\u201d na antenie Telewizji Trwam<\/strong><\/p>\n\n\n\n<p>Zobacz:<\/p>\n\n\n\n<ul><li>Radio Maryja,&nbsp;<a href=\"https:\/\/www.radiomaryja.pl\/informacje\/ks-prof-p-bortkiewicz-tchr-o-cywilizacji-smierci-problem-wobec-ktorego-dzisiaj-stajemy-to-problem-konfrontacji-emocji-i-faktow-ideologii-i-nauki\/\">Ks. prof. P. Bortkiewicz TChr o cywilizacji \u015bmierci: Problem, wobec kt\u00f3rego dzisiaj stajemy, to problem konfrontacji emocji i fakt\u00f3w, ideologii i nauki<\/a>, radiomaryja.pl, 23.03.2024.<\/li><\/ul>\n\n\n\n<p class=\"has-text-align-center\">*<\/p>\n\n\n\n<p class=\"has-text-align-center\"><strong>Polska Federacja Ruch\u00f3w Obrony \u017bycia z okazji Narodowego Dnia \u017bycia <a href=\"https:\/\/federacjazycia.pl\/wp-content\/uploads\/2024\/03\/Narodowy-Dzien-Zycia-2024.pdf\"><br>\u201eKu afirmacji i poszanowaniu \u017cycia ludzkiego od jego pocz\u0119cia do naturalnej \u015bmierci!\u201d<\/a><br>24.03.2024<br>[federacjazycia]<\/strong><\/p>\n\n\n\n<p class=\"has-text-align-center\">*<\/p>\n\n\n\n<p><strong>Weto Prezydenta do nowelizacji Prawa farmaceutycznego<\/strong><\/p>\n\n\n\n<p>Zobacz:<\/p>\n\n\n\n<ul><li>Pismo do Marsza\u0142ka Sejmu, 29.03.2024 <strong>[<a href=\"https:\/\/www.prezydent.pl\/storage\/file\/core_files\/2024\/3\/29\/e68732f9418857c259e07fc6878cb62f\/Weto_Prawo_Farmaceutyczne.pdf\">PDF<\/a>]<\/strong>.<\/li><li>Polska Federacja Ruch\u00f3w Obrony \u017bycia, <a href=\"https:\/\/federacjazycia.pl\/wp-content\/uploads\/2024\/04\/Podziekowanie-w-sprawie-weta-dot.-zmiany-ustawy-Prawo-farmaceutyczne-1.pdf\">Podzi\u0119kowanie w sprawie weta Pana Prezydenta do ustawy Prawo farmaceutyczne<\/a>, federacjazycia.pl, 04.04.2024.<\/li><\/ul>\n\n\n\n<p class=\"has-text-align-center\">*<\/p>\n\n\n\n<p><strong>11 kwietnia w Sejmie odb\u0119dzie si\u0119 pierwsze czytanie czterech projekt\u00f3w ustaw dotycz\u0105cych aborcji, a po nim g\u0142osowanie nad odrzuceniem projekt\u00f3w lub przekazaniem do dalszych prac<\/strong><\/p>\n\n\n\n<p>Zobacz:<\/p>\n\n\n\n<ul><li>Dr \u0141ukasz Bernaci\u0144ski \u2013 cz\u0142onek Zarz\u0105du Instytutu Ordo Iuris, dr Magdalena Lis \u2013 ekspert wsp\u00f3\u0142pracuj\u0105cy z Instytutem Ordo Iuris, <a href=\"https:\/\/ordoiuris.pl\/komentarze\/wszystko-albo-nic-glosowanie-na-smierc-i-zycie-nad-projektami-ustaw-proaborcyjnych\">Wszystko albo nic. G\u0142osowanie na \u015bmier\u0107 i \u017cycie nad projektami ustaw proaborcyjnych<\/a>, ordoiuris.pl, 03.04.2024.<\/li><\/ul>\n\n\n\n<p class=\"has-text-align-center\">*<strong><br><a href=\"http:\/\/kslpmazowsze.pl\/wp-content\/uploads\/2024\/04\/STANOWISKO-Oddz-Maz.-i-Rad.-KSLP-wobec-rozporz%C4%85dzenia-MZ-udost%C4%99pniania-ellaone-na-rec.-farmaceuty-.-B.-Ch.G.R.-A.N.10.04.2024.pdf\">Stanowisko <strong>O. Mazowieckiego i Radomskiego <\/strong>Katolickiego Stowarzyszenia Lekarzy Polskich<br>ws. <strong>projektu rozporz\u0105dzenia Ministerstwa Zdrowia umo\u017cliwiaj\u0105cego dost\u0119pno\u015b\u0107 tabletki<strong><br><\/strong>\u201edzie\u0144 po\u201d od 15. roku \u017cycia w aptekach w ramach porady farmaceutycznej<\/strong><\/a><br>10.04.2024<br>[kslpmazowsze.pl]<\/strong><\/p>\n\n\n\n<p class=\"has-text-align-center\">*<\/p>\n\n\n\n<p class=\"has-text-align-center\"><strong> Instytut na rzecz Kultury Prawnej Ordo Iuris<br><a href=\"https:\/\/ordoiuris.pl\/sites\/default\/files\/inline-files\/Memorandum_1.pdf\">Memorandum ws. uchwa\u0142y Parlamentu Europejskiego ws. uwzgl\u0119dnienia prawa do aborcji w UE<br>Karta praw podstawowych (2024\/2655(RSP))<\/a><br>10.04.2024<br>[ordoiuris.pl]<\/strong><\/p>\n\n\n\n<p class=\"has-text-align-center\">*<\/p>\n\n\n\n<p><strong>Sprzeciw biskup\u00f3w Europy wobec rezolucji Parlamentu Europejskiego ws. zapisania prawa do aborcji w Karcie praw podstawowych UE<\/strong><\/p>\n\n\n\n<p>Zobacz:<\/p>\n\n\n\n<ul><li><a href=\"https:\/\/www.vaticannews.va\/pl\/swiat\/news\/2024-04\/biskupi-europy-to-zycie-jest-fundamentalnym-prawem.html\">Biskupi Europy: to \u017cycie jest fundamentalnym prawem, aborcja je neguje<\/a>, vaticannews.va, 12.04.2024.<\/li><\/ul>\n\n\n\n<p class=\"has-text-align-center\">*<\/p>\n\n\n\n<p class=\"has-text-align-center\"><strong><a href=\"https:\/\/episkopat.pl\/doc\/215445.przewodniczacy-kep-prosze-wszystkich-ludzi-dobrej-woli-o-otoczenie-troskliwa-opieka-zycia-nienarodzonych-dzieci-oraz-ich-matek\">Stanowisko Przewodnicz\u0105cego Konferencji Episkopatu Polski<br>ws. poszanowania \u017cycia ludzkiego w fazie prenatalnej<\/a><br>11.04.2024<br>[episkopat.pl]<\/strong><\/p>\n\n\n\n<p class=\"has-text-align-center\">*<\/p>\n\n\n\n<p><strong>Dr Jolanta Hajdasz, dyrektor Centrum Monitoringu Wolno\u015bci Prasy Stowarzyszenia Dziennikarzy Polskich w audycji \u201eMy\u015bl\u0105c Ojczyzna\u201d na antenie Radia Maryja<\/strong><\/p>\n\n\n\n<p>Zobacz:<\/p>\n\n\n\n<ul><li>Radio Maryja,&nbsp;<a href=\"https:\/\/www.radiomaryja.pl\/informacje\/dr-j-hajdasz-musimy-znalezc-w-sobie-odwage-i-zapewnic-kazda-kobiete-iz-aborcja-nigdy-nie-jest-wyjsciem-z-zadnej-nawet-trudnej-ciazy\/\">Dr J. Hajdasz: Musimy znale\u017a\u0107 w sobie odwag\u0119 i zapewni\u0107 ka\u017cd\u0105 kobiet\u0119, i\u017c aborcja nigdy nie jest wyj\u015bciem z \u017cadnej \u2013 nawet trudnej \u2013 ci\u0105\u017cy<\/a>, radiomaryja.pl, 11.04.2024.<\/li><\/ul>\n\n\n\n<p class=\"has-text-align-center\">*<\/p>\n\n\n\n<p class=\"has-text-align-center\"><strong><a href=\"https:\/\/episkopat.pl\/doc\/215460.apel-przewodniczacego-konferencji-episkopatu-polski-o-modlitwe-w-intencji-ochrony-zycia-osob-nienarodzonych\">Apel Przewodnicz\u0105cego Konferencji Episkopatu Polski<br>o modlitw\u0119 w intencji ochrony \u017cycia os\u00f3b nienarodzonych<\/a><br>12.04.2024<br>[episkopat.pl]<\/strong><\/p>\n\n\n\n<p class=\"has-text-align-center\">*<\/p>\n\n\n\n<p><strong>12 kwietnia w Sejmie mia\u0142y miejsce g\u0142osowania nad czterema proaborcyjnymi poselskimi projektami ustaw<\/strong><\/p>\n\n\n\n<p>Zobacz:<\/p>\n\n\n\n<ul><li>Instytut na rzecz Kultury Prawnej Ordo Iuris, <a href=\"https:\/\/ordoiuris.pl\/ochrona-zycia\/sejm-zignorowal-konstytucje-i-przyjal-w-pierwszym-czytaniu-4-projekty-aborcyjne-do\">Sejm zignorowa\u0142 Konstytucj\u0119 i przyj\u0105\u0142 w pierwszym czytaniu 4 projekty aborcyjne do dalszych prac<\/a>, ordoiuris.pl, 12.04.2024.<\/li><\/ul>\n\n\n\n<p class=\"has-text-align-center\">*<\/p>\n\n\n\n<p class=\"has-text-align-center\"><strong><a href=\"https:\/\/m.sfkp.pl\/art,uwagi-sfkp-do-rozporzadzenia-w-sprawie-tabletki-dzien-po.html\"><strong>Uwagi Stowarzyszenia Farmaceut\u00f3w Katolickich Polski<\/strong><br><strong>do projektu rozporz\u0105dzenia Ministra Zdrowia z 3.04.2024 ws. programu pilota\u017cowego<strong><br><\/strong>opieki farmaceuty sprawowanej nad pacjentem w zakresie zdrowia reprodukcyjnego<\/strong><\/a><br>[sfkp.pl]<\/strong><\/p>\n\n\n\n<p class=\"has-text-align-center\">*<\/p>\n\n\n\n<p><strong>Piotr U\u015bci\u0144ski, pose\u0142 Prawa i Sprawiedliwo\u015bci, w programie \u201ePolski punkt widzenia\u201d na antenie TV Trwam<\/strong><\/p>\n\n\n\n<p>Zobacz:<\/p>\n\n\n\n<ul><li>Radio Maryja, <a href=\"https:\/\/www.radiomaryja.pl\/informacje\/p-uscinski-w-momencie-zaplodnienia-powstaje-nowy-czlowiek-ktory-ma-swoj-material-genetyczny-nie-jest-to-zaden-fragment-tkanki-matki-jest-to-nowe-ludzkie-zycie-ktore-nalezy-chronic\/\">P. U\u015bci\u0144ski: W momencie zap\u0142odnienia powstaje nowy cz\u0142owiek, kt\u00f3ry ma sw\u00f3j materia\u0142 genetyczny. Nie jest to \u017caden fragment tkanki matki. Jest to nowe ludzkie \u017cycie, kt\u00f3re nale\u017cy chroni\u0107<\/a>, radiomaryja.pl, 18.04.2024.<\/li><\/ul>\n\n\n\n<p>Zobacz tak\u017ce:<\/p>\n\n\n\n<ul><li>Krzysztof Bronk \u2013 Watykan,&nbsp;<a href=\"https:\/\/www.vaticannews.va\/pl\/kosciol\/news\/2024-04\/byly-lekarz-i-arcybiskup-paryza-dla-biologii-zygota-to-juz-czlo.html\">By\u0142y lekarz i arcybiskup Pary\u017ca: dla biologii zygota to ju\u017c cz\u0142owiek<\/a>, vaticannews.va, 15.04.2024.<\/li><\/ul>\n\n\n\n<p class=\"has-text-align-center\">*<\/p>\n\n\n\n<p><strong>\u201eDzieci nie wolno zabija\u0107\u201d<\/strong><\/p>\n\n\n\n<p>Zobacz:<\/p>\n\n\n\n<ul><li>Vatican News, <a href=\"https:\/\/www.vaticannews.va\/pl\/kosciol\/news\/2024-04\/kard-rys-stanislawa-leszczynska-to-wzor-obrony-zycia.html\">Kard. Ry\u015b: Stanis\u0142awa Leszczy\u0144ska to wz\u00f3r obrony \u017cycia<\/a>, vaticannews.va, 18.04.2024.<\/li><\/ul>\n\n\n\n<p class=\"has-text-align-center\">*<\/p>\n\n\n\n<p><strong>Epidemia autyzmu<\/strong><\/p>\n\n\n\n<p>Zobacz: <\/p>\n\n\n\n<ul><li>Prusak M.,&nbsp;<a href=\"https:\/\/wp.naszdziennik.pl\/2024-04-27\/381813,antykoncepcja-hormonalna-a-spektrum-autyzmu.html\">Antykoncepcja hormonalna a spektrum autyzmu<\/a>, naszdziennik.pl, 27-28.04.2024.<\/li><\/ul>\n\n\n\n<p>Ca\u0142y artyku\u0142 mo\u017cna przeczyta\u0107   [<a href=\"https:\/\/www.radiomaryja.pl\/informacje\/nasz-dziennik-antykoncepcja-hormonalna-a-spektrum-autyzmu\/\"><strong>tutaj<\/strong><\/a>].<\/p>\n\n\n\n<p class=\"has-text-align-center\">*<\/p>\n\n\n\n<p class=\"has-text-align-center\"><strong><strong>Opinia Instytutu Ordo Iuris<br><\/strong><a href=\"https:\/\/ordoiuris.pl\/sites\/default\/files\/inline-files\/Analiza_dot_projektu%20rozporzadzenia_MZ_ws._pigulek_dzien_po.pdf\">Realizacja za\u0142o\u017ce\u0144 projektu rozporz\u0105dzenia Ministra Zdrowia z 3.04.2024<br>ws. programu pilota\u017cowego opieki farmaceuty sprawowanej nad pacjentem<br>w zakresie zdrowia reprodukcyjnego wi\u0105\u017ce si\u0119 z ryzykiem odpowiedzialno\u015bci <br>cywilnej, karnej i zawodowej po stronie farmaceut\u00f3w<\/a><strong><br>29.04.2024<\/strong><br>[ordoiuris.pl]<\/strong><\/p>\n\n\n\n<p class=\"has-text-align-center\">*<\/p>\n\n\n\n<p><strong><strong>16 maja odb\u0119dzie si\u0119 w Sejmie wys\u0142uchanie publiczne&nbsp;<\/strong>w sprawie <strong>czterech proaborcyjnych poselskich projekt\u00f3w ustaw<\/strong><\/strong><\/p>\n\n\n\n<p>Zobacz:<\/p>\n\n\n\n<ul><li>Stefaniuk R.,&nbsp;<a href=\"https:\/\/wp.naszdziennik.pl\/2024-05-02\/381894,kazdy-glos-sie-liczy.html\">Ka\u017cdy g\u0142os si\u0119 liczy<\/a>, naszdziennik.pl, 02-03.05.2024.<\/li><\/ul>\n\n\n\n<p>Ca\u0142y artyku\u0142 mo\u017cna przeczyta\u0107   [<strong><a href=\"https:\/\/www.radiomaryja.pl\/informacje\/nasz-dziennik-do-6-maja-mozna-skladac-wnioski-o-umozliwienie-wziecia-udzialu-w-wysluchaniu-publicznym-w-sprawie-procedowanych-projektow-aborcyjnych\/\">tutaj<\/a><\/strong>].<\/p>\n\n\n\n<p class=\"has-text-align-center\">*<\/p>\n\n\n\n<p class=\"has-text-align-center\"><strong><a href=\"https:\/\/episkopat.pl\/doc\/215579.rada-stala-kep-przypomina-stanowisko-kosciola-nt-godnosci-kazdej-istoty-ludzkiej\">Stanowisko Rady Sta\u0142ej Konferencji Episkopatu Polski<br>w sprawie prawnej ochrony ludzkiego \u017cycia<\/a><br>2.05.2024<br>[episkopat.pl]<\/strong><\/p>\n\n\n\n<p class=\"has-text-align-center\">*<\/p>\n\n\n\n<p><strong>Magdalena Guziak-Nowak, dyrektor ds. edukacji w Polskim Stowarzyszeniu Obro\u0144c\u00f3w \u017bycia Cz\u0142owieka, w audycji \u201eAktualno\u015bci dnia\u201d na antenie Radia Maryja<\/strong><\/p>\n\n\n\n<p>Zobacz:<\/p>\n\n\n\n<ul><li>Radio Maryja,&nbsp;<a href=\"https:\/\/www.radiomaryja.pl\/informacje\/m-guziak-nowak-polki-nie-chca-podnosic-reki-na-swoje-nienarodzone-dzieci-zadamy-aby-traktowano-je-jak-malych-pacjentow\/\">M. Guziak-Nowak: Polki nie chc\u0105 podnosi\u0107 r\u0119ki na swoje nienarodzone dzieci. \u017b\u0105damy, aby traktowano je jak ma\u0142ych pacjent\u00f3w<\/a>, radiomaryja.pl, 15.05.2024.<\/li><\/ul>\n\n\n\n<p>Ca\u0142\u0105 audycj\u0119 mo\u017cna ods\u0142ucha\u0107   [<strong><a href=\"https:\/\/www.radiomaryja.pl\/multimedia\/w-sejmie-ma-sie-odbyc-wysluchanie-publiczne-ws-projektow-przeciwko-zyciu-czlowieka\/\">tutaj<\/a><\/strong>].<\/p>\n\n\n\n<p class=\"has-text-align-center\">*<\/p>\n\n\n\n<p class=\"has-text-align-left\"> <strong style=\"font-size: revert; color: initial;\"><strong>Wys\u0142uchanie publiczne&nbsp;<\/strong>w Sejmie w sprawie <strong>czterech proaborcyjnych poselskich projekt\u00f3w ustaw<\/strong><\/strong> <\/p>\n\n\n\n<p>Zobacz:<\/p>\n\n\n\n<ul><li>Lista kolejno\u015bci zabierania g\u0142osu:   <span style=\"font-size: revert; color: initial;\">organizacje   [<\/span><a href=\"http:\/\/www.sejm.gov.pl\/lobbing\/lista_organizacje176_177_223_224_10kad.pdf\"><strong>PDF<\/strong><\/a><span style=\"font-size: revert; color: initial;\">],   osoby fizyczne   <\/span><a style=\"font-size: revert;\" href=\"http:\/\/www.sejm.gov.pl\/lobbing\/lista_osobyfizyczne176_177_223_224_10kad.pdf\">[<strong>PDF<\/strong><\/a><span style=\"font-size: revert; color: initial;\">]<\/span>.<\/li><li>Zapis transmisji z 16.05.2024   [<strong><a href=\"https:\/\/www.sejm.gov.pl\/sejm10.nsf\/transmisje.xsp?unid=DDD1173948B949D2C1258B16002B812F#\">tutaj<\/a><\/strong>].<\/li><\/ul>\n\n\n\n<p class=\"has-text-align-center\">*<\/p>\n\n\n\n<p><strong>Wywiad z dr. Anthonym Levatino, ginekologiem-po\u0142o\u017cnikiem, kt\u00f3ry zaprzesta\u0142 wykonywa\u0107 aborcje<\/strong><\/p>\n\n\n\n<p>Zobacz:<\/p>\n\n\n\n<ul><li>Levatino A.,&nbsp;<a href=\"https:\/\/wp.naszdziennik.pl\/2024-05-16\/382198\">Czu\u0142em si\u0119 jak p\u0142atny zab\u00f3jca<\/a>, rozmow\u0119 przeprowadzi\u0142a B. Falkowska, t\u0142um. E.M. Ma\u0142ecka, naszdziennik.pl, 16.05.2024.<\/li><\/ul>\n\n\n\n<p>Ca\u0142y artyku\u0142 mo\u017cna przeczyta\u0107   [<strong><a href=\"https:\/\/www.radiomaryja.pl\/informacje\/dr-a-levatino-dla-naszego-dziennika-kiedys-wykonywalem-aborcje-dzis-uswiadamiam-ludziom-ze-to-okrutne-zabojstwo\/\">tutaj<\/a><\/strong>].<\/p>\n\n\n\n<p class=\"has-text-align-center\">*<\/p>\n\n\n\n<p><strong>Dr Bart\u0142omiej Wr\u00f3blewski, pose\u0142 Prawa i Sprawiedliwo\u015bci, w audycji \u201eRozmowy niedoko\u0144czone\u201d na antenie TV Trwam<\/strong><\/p>\n\n\n\n<p>Temat: Ignorowania praw cz\u0142owieka i dziecka pocz\u0119tego w Polsce i Europie<\/p>\n\n\n\n<p>Zobacz:<\/p>\n\n\n\n<ul><li>Radio Maryja,&nbsp;<a href=\"https:\/\/www.radiomaryja.pl\/informacje\/b-wroblewski-nie-mozemy-ulegac-mentalnosci-kapitulanckiej-i-godzic-sie-na-legalizacje-tzw-aborcji-ktora-nie-jest-prawem-czlowieka\/\">B. Wr\u00f3blewski: Nie mo\u017cemy ulega\u0107 mentalno\u015bci kapitulanckiej i godzi\u0107 si\u0119 na legalizacj\u0119 tzw. aborcji, kt\u00f3ra nie jest prawem cz\u0142owieka<\/a>, radiomaryja.pl, 27.05.2024.<\/li><\/ul>\n\n\n\n<p class=\"has-text-align-center\">*<\/p>\n\n\n\n<p><strong>Dr n. med. Aleksandra Kici\u0144ska, specjalista chor\u00f3b wewn\u0119trznych i immunologii klinicznej, fizjolog p\u0142odno\u015bci, za\u0142o\u017cyciel InVivo Medical Clinic, wyk\u0142adowca Gda\u0144skiego Uniwersytetu Medycznego<\/strong>,<strong> w audycji \u201eAktualno\u015bci dnia\u201d na antenie Radia Maryja <\/strong><\/p>\n\n\n\n<p>Zobacz:<\/p>\n\n\n\n<ul><li>Radio Maryja,&nbsp;<a href=\"https:\/\/www.radiomaryja.pl\/informacje\/dr-n-med-a-kicinska-jako-lekarz-ogromnie-ubolewam-ze-doczekalismy-takich-czasow-gdzie-nie-mozna-wykonywac-swojego-zawodu-w-spokoju-sumienia\/\">Dr n. med. A. Kici\u0144ska: Jako lekarz ogromnie ubolewam, \u017ce doczekali\u015bmy takich czas\u00f3w, gdzie nie mo\u017cna wykonywa\u0107 swojego zawodu w spokoju sumienia<\/a>, 01.06.2024.<\/li><\/ul>\n\n\n\n<p>Ca\u0142\u0105 audycj\u0119 mo\u017cna ods\u0142ucha\u0107   [<strong><a href=\"https:\/\/www.radiomaryja.pl\/multimedia\/rozporzadzenie-ministerstwa-zdrowia-w-sprawie-tzw-klauzuli-sumienia\/\">tutaj<\/a><\/strong>].<\/p>\n\n\n\n<p class=\"has-text-align-center\">*<\/p>\n\n\n\n<p class=\"has-text-align-center\"><a href=\"https:\/\/episkopat.pl\/doc\/215754.biskupi-nikt-w-imie-osobistej-wolnosci-nie-ma-prawa-decydowac-o-zyciu-drugiego-czlowieka-2\"><strong>List Konferencji Episkopatu Polski w sprawie ochrony \u017cycia<\/strong><\/a><strong><br>10.06.2024<br>[episkopat.pl]<\/strong><\/p>\n\n\n\n<p class=\"has-text-align-center\">*<\/p>\n\n\n\n<p><strong>Agnieszka G\u00f3rska, pose\u0142 Prawa i Sprawiedliwo\u015bci, cz\u0142onek komisji nadzwyczajnej do spraw tzw. aborcji, cz\u0142onek Parlamentarnego Zespo\u0142u na rzecz \u017bycia i Rodziny, w audycji \u201eAktualno\u015bci dnia\u201d na antenie Radia Maryja<\/strong><\/p>\n\n\n\n<p>Zobacz:<\/p>\n\n\n\n<ul><li>Radio Maryja, <a href=\"https:\/\/www.radiomaryja.pl\/informacje\/a-gorska-mamy-do-czynienia-z-zamachem-na-zycie-ludzkie-ze-strony-rzadzacych-to-koalicja-proaborcyjna\/\">A. G\u00f3rska: Mamy do czynienia z zamachem na \u017cycie ludzkie ze strony rz\u0105dz\u0105cych, to koalicja proaborcyjna<\/a>, radiomaryja.pl, 12.06.2024.<\/li><\/ul>\n\n\n\n<p>Ca\u0142\u0105 audycj\u0119 mo\u017cna ods\u0142ucha\u0107   [<strong><a href=\"https:\/\/www.radiomaryja.pl\/multimedia\/kolejne-proby-legalizacji-tzw-aborcji-na-zyczenie-podjete-przez-srodowiska-liberalno-lewicowe\/\">tutaj<\/a><\/strong>].<\/p>\n\n\n\n<p class=\"has-text-align-center\">*<\/p>\n\n\n\n<p><strong>Marcin Per\u0142owski, dyrektor Centrum \u017bycia i Rodziny, w audycji \u201eAktualno\u015bci dnia\u201d na antenie Radia Maryja <\/strong><\/p>\n\n\n\n<p>Zobacz:<\/p>\n\n\n\n<ul><li>Radio Maryja,&nbsp;<a href=\"https:\/\/www.radiomaryja.pl\/informacje\/dyrektor-centrum-zycia-i-rodziny-proby-zamachu-na-zycie-nienarodzonych-czy-rodzine-sa-probami-zamachu-na-nasza-ojczyzne\/\">Dyrektor Centrum \u017bycia i rodziny: Pr\u00f3by zamachu na \u017cycie nienarodzonych czy rodzin\u0119 s\u0105 pr\u00f3bami zamachu na nasz\u0105 ojczyzn\u0119<\/a>, radiomaryja.pl, 15.06.2024.<\/li><\/ul>\n\n\n\n<p>Ca\u0142\u0105 audycj\u0119 mo\u017cna ods\u0142ucha\u0107   [<strong><a href=\"https:\/\/www.radiomaryja.pl\/multimedia\/w-niedziele-ulicami-warszawy-oraz-kilkunastu-innych-miast-przejda-marsze-dla-zycia-i-rodziny\/\">tutaj<\/a><\/strong>].<\/p>\n\n\n\n<p class=\"has-text-align-center\">*<\/p>\n\n\n\n<p><strong>Uderzenie ideologiczne<\/strong><\/p>\n\n\n\n<p>Zobacz:<\/p>\n\n\n\n<ul><li>Urszula Wr\u00f3bel\/\u201eNasz Dziennik\u201d, <a href=\"https:\/\/www.radiomaryja.pl\/informacje\/nasz-dziennik-ministerstwo-zdrowia-w-rzadzie-d-tuska-karze-placowki-medyczne-za-odmowe-zabicia-nienarodzonego-dziecka\/\">\u201eNasz Dziennik\u201d: Ministerstwo Zdrowia w rz\u0105dzie D. Tuska karze plac\u00f3wki medyczne za odmow\u0119 zabicia nienarodzonego dziecka<\/a>, radiomaryja.pl, 23.06.2024.&nbsp;<\/li><\/ul>\n\n\n\n<p class=\"has-text-align-center\">*<\/p>\n\n\n\n<p><strong>Dzia\u0142anie wczesnoporonne preparat\u00f3w \u201edzie\u0144 po\u201d jest ukrywane przez cz\u0119\u015b\u0107 \u015brodowiska medycznego za pomoc\u0105 k\u0142amstw i manipulacji<\/strong><\/p>\n\n\n\n<p>Zobacz:<\/p>\n\n\n\n<p>Gajkowska P.,&nbsp;<a href=\"https:\/\/wp.naszdziennik.pl\/2024-06-25\/383182,klamstwa-o-poczatku-zycia.html\">K\u0142amstwa o pocz\u0105tku \u017cycia<\/a>, naszdziennik.pl, 25.06.2024.<\/p>\n\n\n\n<p>Ca\u0142y artyku\u0142 mo\u017cna przeczyta\u0107   [<strong><a href=\"https:\/\/www.radiomaryja.pl\/informacje\/nasz-dziennik-klamstwa-o-poczatku-zycia-dzialanie-wczesnoporonne-preparatow-dzien-po-jest-ukrywane-przez-czesc-srodowiska-medycznego\/\">tutaj<\/a><\/strong>].<\/p>\n\n\n\n<p class=\"has-text-align-center\">*<\/p>\n\n\n\n<p class=\"has-text-align-center\"><strong>O\u015bwiadczenie Polskiej Federacji Ruch\u00f3w Obrony \u017bycia: <br><strong><a href=\"https:\/\/federacjazycia.pl\/wp-content\/uploads\/2024\/07\/Oswiadczenie-PFROZ_Chronmy-wartosci-naszej-cywilizacji-ktorych-podstawa-jest-poszanowanie-zycia-kazdego-czlowieka.pdf\">Chro\u0144my warto\u015bci naszej cywilizacji,<br>kt\u00f3rych podstaw\u0105 jest poszanowanie \u017cycia ka\u017cdego cz\u0142owieka<\/a><\/strong><br>2.07.2024<br> [federacjazycia.pl]<\/strong><\/p>\n\n\n\n<p class=\"has-text-align-center\">*<\/p>\n\n\n\n<p class=\"has-text-align-center\"><strong><a href=\"https:\/\/zwiazek-podhalan.com\/stanowisko-zwiazku-podhalan-w-polsce-im-sw-jana-pawla-ii-w-sprawie-obrony-zycia-ludzkiego-i-wolnosci-religii\/\">Stanowisko Zwi\u0105zku Podhalan w Polsce im. \u015bw. Jana Paw\u0142a II<\/a><\/strong><a href=\"https:\/\/episkopat.pl\/oswiadczenie-dyrektorow-wydzialow-katechetycznych-stanowczy-sprzeciw-wobec-dzialan-men\/\"><br><\/a><strong><a href=\"https:\/\/zwiazek-podhalan.com\/stanowisko-zwiazku-podhalan-w-polsce-im-sw-jana-pawla-ii-w-sprawie-obrony-zycia-ludzkiego-i-wolnosci-religii\/\">w sprawie obrony \u017cycia ludzkiego i wolno\u015bci religijnej<\/a><br>4.07.2024<br>[zwiazek-podhalan.com]<\/strong><\/p>\n\n\n\n<p class=\"has-text-align-center\">*<\/p>\n\n\n\n<p><strong>Dr n. med. Aleksandra Kici\u0144ska, specjalista chor\u00f3b wewn\u0119trznych i immunologii klinicznej, fizjolog p\u0142odno\u015bci, za\u0142o\u017cyciel InVivo Medical Clinic, wyk\u0142adowca Gda\u0144skiego Uniwersytetu Medycznego<\/strong>,<strong> w audycji \u201eRozmowy niedoko\u0144czone\u201d na antenie Radia Maryja i TV Trwam<\/strong><\/p>\n\n\n\n<p>Zobacz:<\/p>\n\n\n\n<ul><li>Radio Maryja, <a href=\"https:\/\/www.radiomaryja.pl\/informacje\/dr-n-med-a-kicinska-plodnosc-to-dar-i-zadanie-musimy-nauczyc-sie-w-jaki-sposob-powinnismy-te-plodnosc-w-naszym-zyciu-wykorzystac\/\">Dr n. med. A. Kici\u0144ska: P\u0142odno\u015b\u0107 to dar i zadanie. Musimy nauczy\u0107 si\u0119, w jaki spos\u00f3b powinni\u015bmy t\u0119 p\u0142odno\u015b\u0107 w naszym \u017cyciu wykorzysta\u0107<\/a>, radiomaryja.pl, 07.07.2024.<\/li><\/ul>\n\n\n\n<p class=\"has-text-align-center\">*<\/p>\n\n\n\n<p><strong>Postulowane zmiany s\u0105 niezgodne z konstytucj\u0105<\/strong><\/p>\n\n\n\n<p>Zobacz:<\/p>\n\n\n\n<ul><li>Stelmasiak A.,&nbsp;<a href=\"https:\/\/www.niedziela.pl\/artykul\/103157\/Sejmowe-glosowanie-za-aborcja-do-9\">Sejmowe g\u0142osowanie za aborcj\u0105 do 9 miesi\u0105ca ci\u0105\u017cy<\/a>, niedziela.pl, 07.07.2024.<\/li><\/ul>\n\n\n\n<p class=\"has-text-align-center\">*<\/p>\n\n\n\n<p><strong>Ka\u017cdy cz\u0142owiek ma prawo do&nbsp;\u017cycia!<\/strong><\/p>\n\n\n\n<p>Zobacz:<\/p>\n\n\n\n<ul><li><a href=\"https:\/\/pro-life.pl\/kazdy-czlowiek-ma-prawo-do-zycia\/\">Stanowisko Polskiego Stowarzyszenia Obro\u0144c\u00f3w \u017bycia Cz\u0142owieka przed zaplanowanym na posiedzenie sejmowe 11\u201312 lipca 2024 r. sprawozdaniem Komisji Nadzwyczajnej dotycz\u0105cym poselskiego projektu ustawy o&nbsp;zmianie ustawy \u2013 Kodeks karny (druki nr 176 i&nbsp;477)<\/a>, Krak\u00f3w, 10.07.2024, pro-life.pl, 10.07.2024.<\/li><\/ul>\n\n\n\n<p class=\"has-text-align-center\">*<\/p>\n\n\n\n<p><strong>12 lipca Sejm&nbsp;odrzuci\u0142 projekt nowelizacji KK, zak\u0142adaj\u0105cy&nbsp;depenalizacj\u0119&nbsp;i dekryminalizacj\u0119 aborcji<\/strong><\/p>\n\n\n\n<p>Zobacz:<\/p>\n\n\n\n<ul><li>Poselski projekt ustawy o zmianie ustawy &#8211; Kodeks karny   [<strong><a href=\"https:\/\/www.sejm.gov.pl\/sejm10.nsf\/PrzebiegProc.xsp?nr=176\">tutaj<\/a><\/strong>].<\/li><\/ul>\n\n\n\n<p class=\"has-text-align-center\">*<\/p>\n\n\n\n<p><strong>Berli\u0144ski s\u0105d potwierdzi\u0142 prawo farmaceuty do wolno\u015bci sumienia<\/strong><\/p>\n\n\n\n<p>Zobacz:<\/p>\n\n\n\n<ul><li>Instytut na rzecz Kultury Prawnej Ordo Iuris,&nbsp;<a href=\"https:\/\/ordoiuris.pl\/wolnosc-sumienia\/berlinski-sad-uniewinnil-farmaceute-ktory-odmowil-sprzedazy-pigulki-dzien-po\">Berli\u0144ski s\u0105d uniewinni\u0142 farmaceut\u0119, kt\u00f3ry odm\u00f3wi\u0142 sprzeda\u017cy pigu\u0142ki \u201edzie\u0144 po\u201d<\/a>, ordoiuris.pl, 18.07.2024.<\/li><\/ul>\n\n\n\n<p class=\"has-text-align-center\">*<\/p>\n\n\n\n<p><strong>Polityk wyst\u0119puj\u0105cy przeciw \u017cyciu sam stawia si\u0119 poza wsp\u00f3lnot\u0105 Ko\u015bcio\u0142a<\/strong><\/p>\n\n\n\n<p>Zobacz:<\/p>\n\n\n\n<ul><li>Gajkowski K.,&nbsp;<a href=\"https:\/\/wp.naszdziennik.pl\/2024-07-19\/383743,z-szacunku-dla-eucharystii.html\">Z szacunku do Eucharystii<\/a>, naszdziennik.pl, 19.07.2024.<\/li><\/ul>\n\n\n\n<p class=\"has-text-align-center\">*<\/p>\n\n\n\n<p><strong>Aleksandra Gajek, analityk Centrum \u017bycia i Rodziny, w audycji \u201eAktualno\u015bci dnia\u201d na antenie Radia Maryja<\/strong><\/p>\n\n\n\n<p>Zobacz:<\/p>\n\n\n\n<ul><li>Radio Maryja, <a href=\"https:\/\/www.radiomaryja.pl\/informacje\/a-gajek-jezeli-nie-bedzie-kary-za-przestepstwo-zabicia-nienarodzonego-dziecka-to-w-praktyce-tylnymi-drzwiami-nastapi-legalizacja-tzw-aborcji\/\">A. Gajek: Je\u017celi nie b\u0119dzie kary za przest\u0119pstwo zabicia nienarodzonego dziecka, to w praktyce tylnymi drzwiami nast\u0105pi legalizacja tzw. aborcji<\/a>, radiomaryja.pl, 22.07.2024.<\/li><\/ul>\n\n\n\n<p>Ca\u0142\u0105 audycj\u0119 mo\u017cna ods\u0142ucha\u0107   [<strong><a href=\"https:\/\/www.radiomaryja.pl\/multimedia\/dzialania-lewicy-zmierzajace-do-liberalizacji-prawa-dopuszczajacego-zabijanie-dzieci\/\">tutaj<\/a><\/strong>].<\/p>\n\n\n\n<p class=\"has-text-align-center\">*<\/p>\n\n\n\n<p class=\"has-text-align-center\"><strong><a href=\"http:\/\/kslpmazowsze.pl\/wp-content\/uploads\/2024\/07\/LIST-otwarty-lekarzy-KSLP-do-parlamentarzyst%C3%B3ww-sprawie-ustawy-o-zwi%C4%85zkach-partnerskich-25.-07.2024-4.pdf\">List otwarty<br>Katolickiego Stowarzyszenia Lekarzy Polskich do Pos\u0142\u00f3w Rzeczypospolitej Polskiej<br>w sprawie legalizacji zwi\u0105zk\u00f3w partnerskich<\/a><br>25.07.2024<br>[kslpmazowsze.pl<\/strong><\/p>\n\n\n\n<p class=\"has-text-align-center\">*<\/p>\n\n\n\n<p>Zobacz:<\/p>\n\n\n\n<ul><li>Instytut na rzecz Kultury Prawnej Ordo Iuris, <a href=\"https:\/\/ordoiuris.pl\/rodzina-i-malzenstwo\/ochronmy-dzieci-przed-pornografia-obywatelska-inicjatywa-ustawodawcza\">Ochro\u0144my dzieci przed pornografi\u0105. Obywatelska inicjatywa ustawodawcza<\/a>, ordpoiuris.pl, 12.08.2024.<\/li><\/ul>\n\n\n\n<p class=\"has-text-align-center\">*<\/p>\n\n\n\n<p><strong>Hanna Dobrowolska, ekspert ds. o\u015bwiatowych, w audycji \u201eAktualno\u015bci dnia\u201d na antenie Radia Maryja<\/strong><\/p>\n\n\n\n<p>Zobacz:<\/p>\n\n\n\n<ul><li>Radio Maryja,&nbsp;<a href=\"https:\/\/www.radiomaryja.pl\/informacje\/h-dobrowolska-polityka-men-zmierza-do-tego-zeby-oswajac-spoleczenstwo-polakow-z-coraz-bardziej-radykalnymi-i-niekorzystnymi-dla-uczniow-rozwiazaniami\/\">H. Dobrowolska: Polityka MEN zmierza do tego, \u017ceby oswaja\u0107 spo\u0142ecze\u0144stwo, Polak\u00f3w, z coraz bardziej radykalnymi i niekorzystnymi dla uczni\u00f3w rozwi\u0105zaniami<\/a>, radiomaryja.pl, 23.08.2024.<\/li><\/ul>\n\n\n\n<p>Ca\u0142\u0105 audycj\u0119 mo\u017cna ods\u0142ucha\u0107 [<strong><a href=\"https:\/\/www.radiomaryja.pl\/multimedia\/petycja-do-men-w-zwiazku-z-planami-wprowadzenia-do-szkol-tzw-edukacji-zdrowotnej\/\">tutaj<\/a><\/strong>].<\/p>\n\n\n\n<p class=\"has-text-align-center\">*<\/p>\n\n\n\n<p class=\"has-text-align-center\"><strong>Stanowisko<br>Zespo\u0142u Ekspert\u00f3w Konferencji Episkopatu Polski ds. Bioetycznych<\/strong> <strong><br><strong><a href=\"https:\/\/episkopat.pl\/doc\/217598.Zespol-Ekspertow-KEP-ds-Bioetycznych-Zycie-kazdego-czlowieka\">Aborcja poza etyk\u0105 i prawem?<\/a><\/strong><br>3.09.2024<br><strong>[episkopat.pl]<\/strong><\/strong><\/p>\n\n\n\n<p class=\"has-text-align-center\">*<\/p>\n\n\n\n<p><strong>Od 1 wrze\u015bnia 2025 roku do polskich szk\u00f3\u0142 wchodzi <strong>\u201e<\/strong>edukacja seksualna<strong>\u201d<\/strong>. Dla u\u015bpienia czujno\u015bci rodzic\u00f3w b\u0119dzie si\u0119 ona ukrywa\u0107 pod nazw\u0105 nowego przedmiotu <strong>\u201e<\/strong>edukacja zdrowotna<strong>\u201d<\/strong><\/strong><\/p>\n\n\n\n<p>Zobacz:<\/p>\n\n\n\n<ul><li>Fundacja Pro-Prawo do \u017bycia,&nbsp;<a href=\"https:\/\/www.niedziela.pl\/artykul\/104776\/Przerazajace-Edukacja-seksualna-bedzie\">Przera\u017caj\u0105ce! Edukacja seksualna b\u0119dzie przedmiotem obowi\u0105zkowym w polskich szko\u0142ach<\/a>, niedziela.pl, 04.09.2024.<\/li><\/ul>\n\n\n\n<p class=\"has-text-align-center\">*<\/p>\n\n\n\n<p class=\"has-text-align-center\"><strong><a href=\"https:\/\/federacjazycia.pl\/aktualnosci\/spotkanie-przewodniczacego-konferencji-episkopatu-polski-abp-tadeusza-wojdy-z-zarzadem-polskiej-federacji-ruchow-obrony-zycia\/\">Spotkanie Przewodnicz\u0105cego KEP z zarz\u0105dem Polskiej Federacji Ruch\u00f3w Obrony \u017bycia<\/a><br>6.09.2024<br>[federacjazycia.pl]<\/strong><\/p>\n\n\n\n<p class=\"has-text-align-center\">*<\/p>\n\n\n\n<p class=\"has-text-align-center\"><strong><a href=\"http:\/\/kslpmazowsze.pl\/wp-content\/uploads\/2024\/09\/Stanowisko-katolickich-organizacji-medycznych-7.09.2024-list-do-MZ.pdf\">Stanowisko Katolickich Stowarzysze\u0144 Medycznych wobec wytycznych Ministra Zdrowia <br>ws. liberalizacji praktyki zabijania nienarodzonych dzieci pod pretekstem troski o zdrowie kobiet<\/a><br>7.09.2024<br>[kslpmazowsze.pl]<\/strong><\/p>\n\n\n\n<p class=\"has-text-align-center\">*<\/p>\n\n\n\n<p class=\"has-text-align-center\"><strong><a href=\"https:\/\/pro-life.pl\/oswiadczenie-w-sprawie-wytycznych-ministra-zdrowia-dotyczacych-zasad-wykonywania-aborcji\/\">O\u015bwiadczenie Polskiego Stowarzyszenia Obro\u0144c\u00f3w \u017bycia Cz\u0142owieka<strong><br><\/strong>w&nbsp;sprawie wytycznych Ministra Zdrowia dotycz\u0105cych zasad wykonywania aborcji<\/a><strong><br><\/strong>13.09.2024<strong><br><\/strong>[pro-life.pl]<\/strong><\/p>\n\n\n\n<p class=\"has-text-align-center\">*<\/p>\n\n\n\n<p><strong>Prof. Bogdan Chazan, ginekolog, w audycji \u201eAktualno\u015bci dnia\u201d na antenie Radia Maryja<\/strong><\/p>\n\n\n\n<p>Zobacz:<\/p>\n\n\n\n<ul><li>Radio Maryja,&nbsp;<a href=\"https:\/\/www.radiomaryja.pl\/informacje\/prof-b-chazan-mysl-o-tym-ze-aborcja-moze-byc-metoda-leczenia-czegokolwiek-a-zwlaszcza-zaburzen-zdrowia-psychicznego-jest-mylna-zabicie-wlasnego-dziecka-nie-jest-lekarstwem-na-problemy-psychicz\/\">Prof. B. Chazan: My\u015bl o tym, \u017ce aborcja mo\u017ce by\u0107 metod\u0105 leczenia czegokolwiek, a zw\u0142aszcza zaburze\u0144 zdrowia psychicznego, jest mylna. Zabicie w\u0142asnego dziecka nie jest lekarstwem na problemy psychiczne<\/a>, radiomaryja.pl, 19.09.2024.<\/li><\/ul>\n\n\n\n<p>Ca\u0142\u0105 audycj\u0119 mo\u017cna ods\u0142ucha\u0107   [<strong><a href=\"https:\/\/www.radiomaryja.pl\/multimedia\/narodowy-fundusz-zdrowia-nalozyl-kary-finansowe-na-dwa-kolejne-szpitale-za-odmowe-zabicia-nienarodzonego-dziecka\/\">tutaj<\/a><\/strong>].<\/p>\n\n\n\n<p class=\"has-text-align-center\">*<\/p>\n\n\n\n<p><strong>Prawny zakaz aborcji chroni zdrowie i \u017cycie kobiet oraz ich dzieci<\/strong><\/p>\n\n\n\n<p>Zobacz:<\/p>\n\n\n\n<ul><li>Human Life International \u2013 Polska,&nbsp;<a href=\"https:\/\/www.hli.org.pl\/pl\/news-pl\/11148-zakaz-aborcji-nie-powoduje-zwiekszonego-zagrozenia-zdrowia-i-zycia-kobiet-z-powodu-macierzynstwa-2\">Zakaz aborcji nie powoduje zwi\u0119kszonego zagro\u017cenia zdrowia i \u017cycia kobiet z powodu macierzy\u0144stwa<\/a>, hli.org.pl, 05.10.2024.<\/li><\/ul>\n\n\n\n<p class=\"has-text-align-center\">*<\/p>\n\n\n\n<p class=\"has-text-align-center\"><a href=\"http:\/\/kslpmazowsze.pl\/wp-content\/uploads\/2024\/10\/7.X.2024-LIST-WSPARCIA-Katolickich-Stowarzysze%C5%84-Medycznych-do-Dyrektor%C3%B3w-szpitali-ws-Rozporzadzenia-MZ..pdf\"><strong>List wsparcia Katolickich Stowarzysze\u0144 Medycznych<\/strong><\/a><strong><strong><br><\/strong><a href=\"http:\/\/kslpmazowsze.pl\/wp-content\/uploads\/2024\/10\/7.X.2024-LIST-WSPARCIA-Katolickich-Stowarzysze%C5%84-Medycznych-do-Dyrektor%C3%B3w-szpitali-ws-Rozporzadzenia-MZ..pdf\"><strong>do Dyrektor\u00f3w szpitali ws. Rozporz\u0105dzenia MZ<\/strong><\/a><strong><br><\/strong>7.10.2024<strong><br><\/strong>[kslpmazowsze.pl]<\/strong><\/p>\n\n\n\n<p class=\"has-text-align-center\">*<\/p>\n\n\n\n<p class=\"has-text-align-center\"><strong><a href=\"https:\/\/orka.sejm.gov.pl\/opinie10.nsf\/nazwa\/954_20241008\/$file\/954_20241008.pdf\">Stanowisko Parlamentarnego Zespo\u0142u na rzecz \u017bycia i Rodziny w sprawie:<br>\u201eRozporz\u0105dzenia Ministra Zdrowia z dnia 7 marca 2024 r. zmieniaj\u0105cego rozporz\u0105dzenie w<br>sprawie og\u00f3lnych warunk\u00f3w um\u00f3w o udzielanie \u015bwiadcze\u0144 opieki zdrowotnej\u201d <strong>oraz &#8211; tzw. <\/strong><br>&#8220;Wytycznych dla lekarzy i podmiot\u00f3w leczniczych ws. dost\u0119pu do procedury przerwania ci\u0105\u017cy&#8221;<\/a><br>8.10.2024<strong><br><\/strong>[orka.sejm.gov.pl]<\/strong><\/p>\n\n\n\n<p class=\"has-text-align-center\">*<\/p>\n\n\n\n<p><strong>Prof. Bogdan Chazan, ginekolog, wiceprezes Katolickiego Stowarzyszenia Lekarzy Polskich, w audycji \u201eAktualno\u015bci dnia\u201d na antenie Radia Maryja<\/strong><\/p>\n\n\n\n<p>Zobacz:<\/p>\n\n\n\n<ul><li>Radio Maryja,&nbsp;<a href=\"https:\/\/www.radiomaryja.pl\/informacje\/prof-b-chazan-o-odwolaniu-dr-inz-a-chrobak-ze-stanowiska-dyrektora-szpitala-we-wroclawiu-powinnismy-z-calej-mocy-zaprotestowac-przeciwko-tej-jawnej-niesprawiedliwosci\/\">Prof. B. Chazan o odwo\u0142aniu dr in\u017c. A. Chrobak ze stanowiska dyrektora szpitala we Wroc\u0142awiu: Powinni\u015bmy z ca\u0142ej mocy zaprotestowa\u0107 przeciwko tej jawnej niesprawiedliwo\u015bci<\/a>, radiomaryja.pl, 09.10.2024.<\/li><\/ul>\n\n\n\n<p>Ca\u0142\u0105 audycj\u0119 mo\u017cna ods\u0142ucha\u0107   [<strong><a href=\"https:\/\/www.radiomaryja.pl\/multimedia\/obrona-dr-inz-agnieszki-chrobak-ktora-z-powodow-swiatopogladowych-zostala-odwolana-ze-stanowiska-dyrektora-wroclawskiego-szpitala-na-brochowie\/\">tutaj<\/a><\/strong>].<\/p>\n\n\n\n<p class=\"has-text-align-center\">*<\/p>\n\n\n\n<p class=\"has-text-align-center\"><strong><a href=\"http:\/\/kslpmazowsze.pl\/wp-content\/uploads\/2024\/10\/List-Katolickich-Stowarzysze%C5%84-Lekarskich-w-obronie-Dyr.-dr-in%C5%BC.-Agnieszki-Chrobak-9.X.2024.pdf\">List otwarty Katolickich Stowarzysze\u0144 Medycznych<br>wspieraj\u0105cy dzia\u0142ania i postaw\u0119 pani dr n. przyrodniczych in\u017c. Agnieszki Chrobak,<br>Dyrektor -Specjalistycznego Szpital im. A. Falkiewicza we Wroc\u0142awiu,<br>Pe\u0142nomocnik Rz\u0105du do Spraw Polityki Demograficznej<\/a><strong><br><\/strong>9.10.2024<strong><br><\/strong>[kslpmazowsze.pl]<\/strong><\/p>\n\n\n\n<p class=\"has-text-align-center\">*<\/p>\n\n\n\n<p class=\"has-text-align-center\"><strong>15 pa\u017adziernika \u2013 Dzie\u0144 Dziecka Utraconego<\/strong> <\/p>\n\n\n<a href=\"http:\/\/dobreszczepionki.pl\/wp-content\/uploads\/2026\/01\/9.7._Dzien-Dziecka-Utraconego-15-10-2024.pdf\" class=\"pdfemb-viewer\" style=\"\" data-width=\"max\" data-height=\"max\"  data-toolbar=\"both\" data-toolbar-fixed=\"on\">9.7._Dzien-Dziecka-Utraconego-15-10-2024<br\/><\/a>\n\n\n\n<p class=\"has-text-align-center\">  <span style=\"font-size: revert; color: initial;\">*<\/span> <\/p>\n\n\n\n<p class=\"has-text-align-center\"><strong><a href=\"https:\/\/episkopat.pl\/doc\/221373.Stanowisko-Konferencji-Episkopatu-Polski-wobec-planowanego\">Stanowisko Konferencji Episkopatu Polski<br>wobec planowanego przedmiotu<br>Edukacja zdrowotna<\/a><br>22.11.2024<strong><br><\/strong>[episkopat.pl]<\/strong><\/p>\n\n\n<a href=\"http:\/\/dobreszczepionki.pl\/wp-content\/uploads\/2026\/01\/9.8._Stanowisko-KEP-22-11-2024.pdf\" class=\"pdfemb-viewer\" style=\"\" data-width=\"max\" data-height=\"max\"  data-toolbar=\"both\" data-toolbar-fixed=\"on\">9.8._Stanowisko-KEP-22-11-2024<br\/><\/a>\n\n\n\n<p class=\"has-text-align-center\">*<\/p>\n\n\n\n<p class=\"has-text-align-center\"><strong>Edukacja seksualna kontra prawa rodzic\u00f3w<\/strong><\/p>\n\n\n<div class=\"wp-block-image\">\n<figure class=\"aligncenter size-large is-resized\"><img loading=\"lazy\" src=\"http:\/\/dobreszczepionki.pl\/wp-content\/uploads\/2026\/01\/0.14._edukacja-seksualna-kontra-prawa-rodzicow-722x1024.png\" alt=\"\" class=\"wp-image-42997\" width=\"415\" height=\"588\"\/><figcaption>Fot. via ordoiuris.pl<\/figcaption><\/figure><\/div>\n\n\n<p>Zobacz:<\/p>\n\n\n\n<ul><li>Instytut na rzecz Kultury Prawnej Ordo Iuris,&nbsp;<a href=\"https:\/\/ordoiuris.pl\/sites\/default\/files\/inline-files\/Edukacja_seksualna_kontra_prawa_rodzicow_0.pdf\">Edukacja seksualna kontra prawa rodzic\u00f3w<\/a>, ordoiuris.pl, 12.12.2024.<\/li><\/ul>\n\n\n\n<p class=\"has-text-align-center\">*<\/p>\n\n\n\n<p><strong>Cywilizacja \u015bmierci<\/strong><\/p>\n\n\n\n<p>Zobacz:<\/p>\n\n\n\n<ul><li>Wr\u00f3bel U.,&nbsp;<a href=\"https:\/\/wp.naszdziennik.pl\/2024-12-18\/387890,kara-za-odmowe-aborcji.html\">Kara za odmow\u0119 aborcji<\/a>, naszdziennik.pl, 18.12.2024.<\/li><\/ul>\n\n\n\n<p>Ca\u0142y artyku\u0142 mo\u017cna przeczyta\u0107   [<strong><a href=\"https:\/\/www.radiomaryja.pl\/informacje\/nasz-dziennik-lodzki-szpital-ukarany-przez-nfz-za-odmowe-zabicia-nienarodzonych-dzieci-zdrowie-kobiet-nie-bylo-zagrozone\/\">tutaj<\/a><\/strong>].<\/p>\n\n\n\n<p>* <p class=\"has-text-align-center\"><strong>Polska Federacja Ruch\u00f3w Obrony \u017bycia<br><a href=\"https:\/\/pro-life.pl\/wp-content\/uploads\/2026\/03\/list-otwarty-psozc-do-men-w-sprawie-obowiazkowej-edukacji-zdrowotnej-11-03-2026.pdf\"><\/a><a href=\"https:\/\/federacjazycia.pl\/wp-content\/uploads\/2025\/01\/List-otwarty-do-Wiceprezesa-RM-Wl.-Kosiniaka-Kamysza-w-sprawie-przedmiotu-Wychowanie-do-zycia-w-rodzinie.pdf\">List otwarty do wicepremiera W\u0142adys\u0142awa Kosiniaka-Kamysza<\/a><br><a href=\"https:\/\/federacjazycia.pl\/wp-content\/uploads\/2025\/01\/List-otwarty-do-Wiceprezesa-RM-Wl.-Kosiniaka-Kamysza-w-sprawie-przedmiotu-Wychowanie-do-zycia-w-rodzinie.pdf\">ws. przedmiotu \u201cWychowanie do \u017cycia w rodzinie\u201d<\/a><br>15.01.2025<br>[federeacjazycia.pl<\/strong><\/p><\/p>\n\n\n\n<p class=\"has-text-align-center\">*<\/p>\n\n\n\n<p><strong>Agnieszka Pawlik-Regulska, Prezes Stowarzyszenia Nauczycieli i Pracownik\u00f3w O\u015bwiaty \u201eNauczyciele dla Wolno\u015bci\u201d, koordynator Koalicji na Rzecz Ocalenia Polskiej Szko\u0142y, w audycji \u201eAktualno\u015bci dnia\u201d na antenie Radia Maryja<\/strong><\/p>\n\n\n\n<p>Zobacz:<\/p>\n\n\n\n<ul><li>Radio Maryja, <a href=\"https:\/\/www.radiomaryja.pl\/informacje\/a-pawlik-regulska-o-edukacji-zdrowotnej-szczerze-watpie-w-troske-o-dzieci-ze-strony-rzadzacych-niestety-odczytuje-to-raczej-jako-troske-o-dobre-wyniki-wyborow\/\">A. Pawlik-Regulska o edukacji zdrowotnej: Szczerze w\u0105tpi\u0119 w trosk\u0119 o dzieci ze strony rz\u0105dz\u0105cych. Niestety odczytuj\u0119 to raczej jako trosk\u0119 o dobre wyniki wybor\u00f3w<\/a>, radiomaryja.pl, 15.01.2025.<\/li><\/ul>\n\n\n\n<p class=\"has-text-align-center\">*<\/p>\n\n\n\n<p><strong>Niegodziwo\u015b\u0107 metody in vitro<\/strong><\/p>\n\n\n\n<p>Zobacz:<\/p>\n\n\n\n<ul><li>RIRM, <a href=\"https:\/\/www.radiomaryja.pl\/informacje\/dr-r-pietras-in-vitro-to-jest-tez-rodzaj-aborcji\/\">Dr R. Pietras: In vitro to jest te\u017c rodzaj aborcji<\/a>, radiomaryja.pl, 16.01.2025.<\/li><\/ul>\n\n\n\n<p class=\"has-text-align-center\">*<\/p>\n\n\n\n<p><strong>Bart\u0142omiej Wr\u00f3blewski, prawnik, pose\u0142 Prawa i Sprawiedliwo\u015bci, w audycji \u201eAktualno\u015bci dnia\u201d na antenie Radia Maryja<\/strong><\/p>\n\n\n\n<p>Zobacz:<\/p>\n\n\n\n<ul><li>Radio Maryja, <a href=\"https:\/\/www.radiomaryja.pl\/informacje\/b-wroblewski-w-radiu-maryja-trzeba-pamietac-ze-zabijane-sa-konkretne-osoby-ze-swiat-wyglada-zupelnie-inaczej-niz-moglby-wygladac-gdyby-prawo-do-zycia-bylo-szanowane\/\">B. Wr\u00f3blewski w Radiu Maryja: Trzeba pami\u0119ta\u0107, \u017ce zabijane s\u0105 konkretne osoby, \u017ce \u015bwiat wygl\u0105da zupe\u0142nie inaczej, ni\u017c m\u00f3g\u0142by wygl\u0105da\u0107, gdyby prawo do \u017cycia by\u0142o szanowane<\/a>, radiomaryja.pl, 19.01.2025.<\/li><\/ul>\n\n\n\n<p>Ca\u0142\u0105 audycj\u0119 mo\u017cna ods\u0142ucha\u0107   [<strong><a href=\"https:\/\/www.radiomaryja.pl\/multimedia\/tzw-aborcja-najczestsza-przyczyna-smierci-w-2024-roku\/\">tutaj<\/a><\/strong>].<\/p>\n\n\n\n<p class=\"has-text-align-center\">*<\/p>\n\n\n\n<p class=\"has-text-align-center\"><strong>Sz. P. Donald Tusk, Prezes Rady Ministr\u00f3w<br><a href=\"https:\/\/dymisjanowackiej.pl\/\">PETYCJA O DYMISJ\u0118 BARBARY NOWACKIEJ Z FUNKCJI MINISTRA EDUKACJI NARODOWEJ<\/a><br>opublikowana przez Instytut na rzecz Kultury Prawnej Ordo Iuris<br>29.01.2025<br>[dymisjanowackiej.pl]<\/strong><\/p>\n\n\n\n<p class=\"has-text-align-center\">*<\/p>\n\n\n\n<p><strong>Agnieszka Pawlik-Regulska, Prezes Stowarzyszenia Nauczycieli i Pracownik\u00f3w O\u015bwiaty \u201eNauczyciele dla Wolno\u015bci\u201d, koordynator Koalicji na Rzecz Ocalenia Polskiej Szko\u0142y, w audycji \u201eAktualno\u015bci dnia\u201d na antenie Radia Maryja<\/strong><\/p>\n\n\n\n<p>Zobacz:<\/p>\n\n\n\n<ul><li>Radio Maryja, <a href=\"https:\/\/www.radiomaryja.pl\/informacje\/a-pawlik-regulska-o-tzw-edukacji-zdrowotnej-seksualnosc-jest-oderwana-od-sfery-psychicznej-etycznej-duchowej-i-spolecznej-pokazana-jest-wylacznie-w-kontekscie-swiadomej-zgody-i-przyjemnosci-bez\/\">A. Pawlik-Regulska o tzw. edukacji zdrowotnej: Seksualno\u015b\u0107 jest oderwana od sfery psychicznej, etycznej, duchowej i spo\u0142ecznej. Pokazana jest wy\u0142\u0105cznie w kontek\u015bcie \u015bwiadomej zgody i przyjemno\u015bci, bez \u017cadnego poczucia odpowiedzialno\u015bci za pojawiaj\u0105ce si\u0119 nowe \u017cycie<\/a>, radiomaryja.pl, 25.02.2025.<\/li><\/ul>\n\n\n\n<p>Ca\u0142\u0105 audycj\u0119 mo\u017cna ods\u0142ucha\u0107   [<strong><a href=\"https:\/\/www.radiomaryja.pl\/multimedia\/protesty-rodzicow-i-nauczycieli-w-obronie-polskiej-szkoly-nie-ustaja-we-wtorek-w-warszawie-odbedzie-sie-manifestacja-przed-men\/\">tutaj<\/a><\/strong>].<\/p>\n\n\n\n<p class=\"has-text-align-center\">*<\/p>\n\n\n\n<p><strong>Ewa Kowalewska, prezes Human Life International &#8211; Polska, w audycji \u201eAktualno\u015bci dnia\u201d na antenie Radia Maryja<\/strong><\/p>\n\n\n\n<p>Zobacz:<\/p>\n\n\n\n<ul><li>Radio Maryja, <a href=\"https:\/\/www.radiomaryja.pl\/informacje\/e-kowalewska-mimo-dramatycznie-niskiego-przyrostu-naturalnego-rzad-dziala-przeciwko-rodzeniu-dzieci-w-polsce\/\">E. Kowalewska: Mimo dramatycznie niskiego przyrostu naturalnego rz\u0105d dzia\u0142a przeciwko rodzeniu dzieci w Polsce<\/a>, radiomaryja.pl, 26.02.2025.<\/li><\/ul>\n\n\n\n<p>Ca\u0142\u0105 audycj\u0119 mo\u017cna ods\u0142ucha\u0107   [<strong><a href=\"https:\/\/www.radiomaryja.pl\/multimedia\/w-2024-r-ponad-dwukrotnie-wzrosla-liczba-zabijanych-dzieci-nienarodzonych\/\">tutaj<\/a><\/strong>].<\/p>\n\n\n\n<p class=\"has-text-align-center\">*<\/p>\n\n\n\n<p class=\"has-text-align-center\"><strong>W OBRONIE \u017bYCIA<strong><br><\/strong>Kompendium niezb\u0119dnej wiedzy<\/strong><\/p>\n\n\n<div class=\"wp-block-image\">\n<figure class=\"aligncenter size-large is-resized\"><img loading=\"lazy\" src=\"http:\/\/dobreszczepionki.pl\/wp-content\/uploads\/2026\/01\/0.8._kompendium-pro-life-706x1024.png\" alt=\"\" class=\"wp-image-42991\" width=\"415\" height=\"602\"\/><figcaption>Fot. via kompediumprolife.pl<\/figcaption><\/figure><\/div>\n\n\n<p>Zobacz:<\/p>\n\n\n\n<ul><li>Centrum \u017bycia i Rodziny,&nbsp;<a href=\"https:\/\/kompendiumprolife.pl\/broszura\/\">Pierwsze w Polsce kompendium wiedzy pro-life!<\/a>,&nbsp;kompendiumprolife.pl, 25.03.2025.<\/li><\/ul>\n\n\n\n<p class=\"has-text-align-center\">*<\/p>\n\n\n\n<p class=\"has-text-align-center\"><strong>JAK LEKARZE MOG\u0104 REAGOWA\u0106 NA PROABORCYJNE WYTYCZNE<\/strong><strong>?<br>Poradnik Ordo Iuris<\/strong><\/p>\n\n\n\n<p>Zobacz:<\/p>\n\n\n\n<ul><li>G\u0119siak K., <a href=\"https:\/\/ordoiuris.pl\/sites\/default\/files\/inline-files\/Poradnik_NFZ.pdf\">Jak szpitale mog\u0105 broni\u0107 si\u0119 przed Wytycznymi Ministra Zdrowia i karami NFZ-u?<\/a>, Warszawa: Wydawnictwo Naukowe Instytutu na rzecz Kultury Prawnej Ordo Iuris, 2024, ordoiuris.pl, 27.03.2025.<\/li><\/ul>\n\n\n\n<p class=\"has-text-align-center\">*<\/p>\n\n\n\n<p><strong>Mec. Magdalena Majkowska z Instytutu na rzecz Kultury Prawnej Ordo Iuris w audycji \u201eAktualno\u015bci dnia\u201d na antenie Radia Maryja<\/strong><\/p>\n\n\n\n<p>Zobacz:<\/p>\n\n\n\n<ul><li>Radio Maryja, <a href=\"https:\/\/www.radiomaryja.pl\/informacje\/mec-m-majkowska-chcemy-aby-wszystkie-osoby-ktore-przyczynily-sie-do-zabicia-nienarodzonego-dziecka-w-szpitalu-w-olesnicy-poniosly-odpowiedzialnosc-nie-tylko-karna-ale-i-dyscyplinarna\/\">Mec. M. Majkowska: Chcemy, aby wszystkie osoby, kt\u00f3re przyczyni\u0142y si\u0119 do zabicia nienarodzonego dziecka w szpitalu w Ole\u015bnicy, ponios\u0142y odpowiedzialno\u015b\u0107 nie tylko karn\u0105, ale i dyscyplinarn\u0105<\/a>, radiomaryja.pl, 07.04.2025.<\/li><\/ul>\n\n\n\n<p>Ca\u0142\u0105 audycj\u0119 mo\u017cna ods\u0142ucha\u0107   [<strong><a href=\"https:\/\/www.radiomaryja.pl\/multimedia\/szpitalu-w-olesnicy-zabito-dziecko-nienarodzone-w-9-miesiacu-ciazy-poprzez-wstrzykniecie-mu-w-serce-chlorku-potasu\/\">tutaj<\/a><\/strong>].<\/p>\n\n\n\n<p class=\"has-text-align-center\">*<\/p>\n\n\n\n<p><strong>Lekarz przeprowadzaj\u0105cy aborcj\u0119 na nienarodzonym dziecku dokonuje zab\u00f3jstwa<\/strong><\/p>\n\n\n\n<p>Zobacz:<\/p>\n\n\n\n<ul><li>Wr\u00f3bel U., <a href=\"https:\/\/wp.naszdziennik.pl\/2025-04-12\/391165,mord-lekarski.html\">Mord lekarski<\/a>, naszdziennik.pl, 12-13.04.2025.<\/li><\/ul>\n\n\n\n<p>Ca\u0142y artyku\u0142 mo\u017cna przeczyta\u0107   [<strong><a href=\"https:\/\/www.radiomaryja.pl\/informacje\/nasz-dziennik-mord-lekarski-w-olesnicy\/\">tutaj<\/a><\/strong>].<\/p>\n\n\n\n<p class=\"has-text-align-center\">*<\/p>\n\n\n\n<p class=\"has-text-align-center\"><strong><a href=\"https:\/\/kslpmazowsze.pl\/2025\/04\/16-04-2025-stanowisko-katolickich-stowarzyszen-medycznych-w-sprawie-zabojstwa-prenatalnego-w-szpitalu-w-olesnicy\/\">Stanowisko Katolickich Stowarzysze\u0144 Medycznych<\/a><br><a href=\"https:\/\/kslpmazowsze.pl\/2025\/04\/16-04-2025-stanowisko-katolickich-stowarzyszen-medycznych-w-sprawie-zabojstwa-prenatalnego-w-szpitalu-w-olesnicy\/\">w sprawie zab\u00f3jstwa prenatalnego w Szpitalu w Ole\u015bnicy<\/a><br>16.04.2025<br>[kslp.mazowsze.pl]<\/strong><\/p>\n\n\n\n<p class=\"has-text-align-center\">*<\/p>\n\n\n\n<p><strong>Ks. abp. Marek J\u0119draszewski <strong>\u201e<\/strong>u Pi\u0142ata<strong>\u201d<\/strong> w Kalwarii Zebrzydowskiej:<\/strong><\/p>\n\n\n\n<p><strong>\u201e<\/strong>Teraz odbywa si\u0119 s\u0105d nad Polsk\u0105. G\u0142\u00f3wnym prze\u015bladowanym i najbardziej zagro\u017conym jest bowiem dzisiaj ma\u0142e, niewinne i bezbronne dziecko, kt\u00f3re zabija si\u0119 \u015bmiertelnym uderzeniem w jego serce<strong>\u201d<\/strong>.<\/p>\n\n\n\n<p>Zobacz:<\/p>\n\n\n\n<ul><li>Archidiecezja Krakowska,&nbsp;<a href=\"https:\/\/www.youtube.com\/watch?v=fBHIE1SbOEs\">Abp Marek J\u0119draszewski \u201eu Pi\u0142ata\u201d w Kalwarii Zebrzydowskiej: Teraz odbywa si\u0119 s\u0105d nad Polsk\u0105<\/a>, Wielki Pi\u0105tek 2025 \u2013 Kalwaria Zebrzydowska, youtube.com, 18.04.2025.<\/li><\/ul>\n\n\n\n<p>Ca\u0142e przem\u00f3wienie mo\u017cna przeczyta\u0107   [<strong><a href=\"https:\/\/www.radiomaryja.pl\/informacje\/ks-abp-m-jedraszewski-w-kalwarii-zebrzydowskiej-teraz-odbywa-sie-sad-nad-polska-glownym-przesladowanym-i-najbardziej-zagrozonym-jest-bowiem-dzisiaj-male-niewinne-i-bezbronne-dziecko\/\">tutaj<\/a><\/strong>].<\/p>\n\n\n\n<p class=\"has-text-align-center\">*<\/p>\n\n\n\n<p class=\"has-text-align-center\"><strong>Ma\u0142gorzata Manowska, Pierwszy Prezes S\u0105du Najwy\u017cszego<br><strong>Pos\u0142owie na Sejm RP<\/strong><br><a href=\"https:\/\/stopzabijaniudzieci.pl\/\"><strong>STOP ZABIJANIU DZIECI!<\/strong><\/a><br><strong>Petycja przeciwko rz\u0105dowym wytycznym,<\/strong><br>opublikowana przez Instytut na rzecz Kultury Prawnej Ordo Iuris<br>22.04.2025<br>[stopzabijaniudzieci.pl]<\/strong><\/p>\n\n\n\n<p class=\"has-text-align-center\">*<\/p>\n\n\n\n<p><strong>Dr Jolanta Hajdasz, dyrektor Centrum Monitoringu Wolno\u015bci Prasy Stowarzyszenia Dziennikarzy Polskich, w felietonie z cyklu \u201eMy\u015bl\u0105c Ojczyzna\u201d na antenie Radia Maryja<\/strong><\/p>\n\n\n\n<p>Zobacz:<\/p>\n\n\n\n<ul><li>Radio Maryja, <a href=\"https:\/\/www.radiomaryja.pl\/informacje\/j-hajdasz-historia-felka-z-olesnicy-powinna-do-nas-krzyczec-glosniej-niz-smierc-88-letniego-papieza-franciszka-niz-smierc-walczacych-na-ukrainie\/\">J. Hajdasz: Historia Felka z Ole\u015bnicy powinna do nas krzycze\u0107 g\u0142o\u015bniej ni\u017c \u015bmier\u0107 88-letniego papie\u017ca Franciszka, ni\u017c \u015bmier\u0107 walcz\u0105cych na Ukrainie<\/a>, radiomaryja.pl, 27.04.2025.<\/li><\/ul>\n\n\n\n<p>Ca\u0142\u0105 audycj\u0119 mo\u017cna ods\u0142ucha\u0107&nbsp;<strong>[<a href=\"https:\/\/www.radiomaryja.pl\/multimedia\/myslac-ojczyzna-3070\/\">tutaj<\/a>]<\/strong>.<\/p>\n\n\n\n<p class=\"has-text-align-center\">*<\/p>\n\n\n\n<p class=\"has-text-align-center\"><strong><a href=\"https:\/\/episkopat.pl\/doc\/228104.Stanowisko-Zespolu-Ekspertow-KEP-ds-Bioetycznych-wobec\">Stanowisko Zespo\u0142u Ekspert\u00f3w KEP ds. Bioetycznych<br>wobec przerywania ci\u0105\u017cy w przypadku dziecka zdolnego do samodzielnego \u017cycia<br>na podstawie przes\u0142anki zdrowia psychicznego<\/a><br>29.04.2025<br>[episkopat.pl]<\/strong><\/p>\n\n\n\n<p class=\"has-text-align-center\">*<\/p>\n\n\n\n<p><strong>Dr Robert Pietras, ginekolog-po\u0142o\u017cnik i seksuolog, w audycji  \u201eAktualno\u015bci dnia\u201d na antenie  Radia Maryja<\/strong><\/p>\n\n\n\n<p>Zobacz:<\/p>\n\n\n\n<ul><li>Radio Maryja, <a href=\"https:\/\/www.radiomaryja.pl\/informacje\/zabojstwo-w-imie-ideologii-dr-r-pietras-o-morderstwie-w-olesnicy-jestesmy-w-okresie-eksperymentu-na-polakach\/\">Zab\u00f3jstwo w imi\u0119 ideologii. Dr R. Pietras o morderstwie w Ole\u015bnicy: Jeste\u015bmy w okresie eksperymentu na Polakach<\/a>, radiomaryja.pl, 01.05.2025.<\/li><\/ul>\n\n\n\n<p>Ca\u0142\u0105 audycj\u0119 mo\u017cna ods\u0142ucha\u0107   [<strong><a href=\"https:\/\/www.radiomaryja.pl\/multimedia\/stanowczy-sprzeciw-wobec-zabojstwa-nienarodzonego-dziecka-w-olesnicy\/\">tutaj<\/a><\/strong>].<\/p>\n\n\n\n<p class=\"has-text-align-center\">*<\/p>\n\n\n\n<p><strong>Ks. abp Marek J\u0119draszewski w Katedrze Wawelskiej w Uroczysto\u015b\u0107 Matki Bo\u017cej Kr\u00f3lowej Polski i 234. rocznic\u0119 ustanowienia Konstytucji 3 Maja:<\/strong><\/p>\n\n\n\n<p><strong>\u201e<\/strong>Mi\u0142o\u015b\u0107 Polski \u2013 naszej ojczyzny, polega na pragnieniu posiadania dzieci i na szczyceniu si\u0119, \u017ce jest ich du\u017co i \u017ce s\u0105 prawdziw\u0105 nadziej\u0105 naszego narodu. To jest nasz patriotyzm dzisiaj, najbardziej fundamentalny \u2013 dzieci wychowane w chrze\u015bcija\u0144skiej wierze<strong>\u201d<\/strong>.<\/p>\n\n\n\n<p>Zobacz:<\/p>\n\n\n\n<ul><li>Archidiecezja Krakowska, <a href=\"https:\/\/www.youtube.com\/watch?v=Z3hPivGaklE\">Abp Marek J\u0119draszewski na Wawelu: Mi\u0142o\u015b\u0107 ojczyzny polega na pragnieniu posiadania dzieci<\/a>, 03.05.2025 \u2013 Katedra Wawelska, youtube.com, 03.05.2025.<\/li><\/ul>\n\n\n\n<p class=\"has-text-align-center\">*<\/p>\n\n\n\n<p class=\"has-text-align-center\"><strong><a href=\"https:\/\/episkopat.pl\/doc\/228925.List-Prezydium-Konferencji-Episkopatu-Polski-w-sprawie-nowego\">List Prezydium Konferencji Episkopatu Polski<br>w sprawie nowego przedmiotu Edukacja zdrowotna<br><\/a>14.05.2025<br>[episkopat.pl]<\/strong><\/p>\n\n\n<a href=\"http:\/\/dobreszczepionki.pl\/wp-content\/uploads\/2026\/01\/9.9._List-Prezydium-KEP-14-05-2025.pdf\" class=\"pdfemb-viewer\" style=\"\" data-width=\"max\" data-height=\"max\"  data-toolbar=\"both\" data-toolbar-fixed=\"on\">9.9._List-Prezydium-KEP-14-05-2025<br\/><\/a>\n\n\n\n<p class=\"has-text-align-center\">*<\/p>\n\n\n\n<p class=\"has-text-align-center\"><strong><a href=\"https:\/\/wypisujmydzieci.pl\/\">LIST OTWARTY RODZIC\u00d3W DZIECI W WIEKU SZKOLNYM<\/a><a href=\"https:\/\/episkopat.pl\/doc\/228925.List-Prezydium-Konferencji-Episkopatu-Polski-w-sprawie-nowego\"><br><\/a>Apel do wiadomo\u015bci Minister Edukacji Narodowej Barbary Nowackiej<br>opublikowany przez &nbsp;Instytut na Rzecz Kultury Prawnej Ordo Iuris<a href=\"https:\/\/episkopat.pl\/doc\/228925.List-Prezydium-Konferencji-Episkopatu-Polski-w-sprawie-nowego\"><br><\/a>05.2025<br>[wypisujmydzieci.pl]<\/strong><\/p>\n\n\n\n<p class=\"has-text-align-center\">*<\/p>\n\n\n\n<p class=\"has-text-align-center\"><strong><a href=\"https:\/\/ordoiuris.pl\/sites\/default\/files\/inline-files\/Przerwanie_ciazy_analiza.pdf\">Kiedy przerwanie ci\u0105\u017cy nie mo\u017ce oznacza\u0107 u\u015bmiercenia dziecka?<br>Analiza Instytutu Ordo Iuris<br><\/a>27.05.2025<br>[ordoiuris.pl]<\/strong><\/p>\n\n\n\n<p class=\"has-text-align-center\">*<\/p>\n\n\n\n<p class=\"has-text-align-center\"><strong>Kamila Majcher, specjalista po\u0142o\u017cnictwa i ginekologii<a href=\"https:\/\/episkopat.pl\/doc\/228925.List-Prezydium-Konferencji-Episkopatu-Polski-w-sprawie-nowego\"><br><\/a><a href=\"https:\/\/ratujzycie.pl\/powiedz-nie-aborcji-list-otwarty-do-gizeli-jagielskiej\/\">LIST OTWARTY DO GIZELI JAGIELSKIEJ<\/a><br>4.06.2025<br>[ratujzycie.pl]<\/strong><\/p>\n\n\n\n<p class=\"has-text-align-center\">*<\/p>\n\n\n\n<p class=\"has-text-align-center\"><strong>Dr n. med. Zbigniew Kuzyszyn, Naczelny Rzecznik Odpowiedzialno\u015bci Zawodowej<br>DW: Naczelna Izba Lekarska<br><a href=\"https:\/\/lekarzniezabija.pl\/\">LEKARZ NIE ZABIJA!<\/a><br>Petycja opublikowana przez Instytut na&nbsp;Rzecz Kultury Prawnej Ordo Iuris<br>4.06.2025<\/strong><\/p>\n\n\n\n<p class=\"has-text-align-center\">*<\/p>\n\n\n\n<h3 class=\"has-text-align-center\"><strong>Prawo \u2013 naruszone! Polacy \u2013 oszukani! Dzieci \u2013 zamro\u017cone!<\/strong><\/h3>\n\n\n\n<p class=\"has-text-align-center\">*<\/p>\n\n\n<div class=\"wp-block-image\">\n<figure class=\"aligncenter size-full\"><img src=\"http:\/\/dobreszczepionki.pl\/wp-content\/uploads\/2026\/01\/0.11._zycie-to-nie-eksperyment.jpg\" alt=\"\" class=\"wp-image-42994\"\/><figcaption>Fot. via czir.org<\/figcaption><\/figure><\/div>\n\n\n<p class=\"has-text-align-center\"><strong>30.06.2025<\/strong><\/p>\n\n\n\n<p class=\"has-text-align-center\">*<\/p>\n\n\n\n<p class=\"has-text-align-center\"><strong> <a href=\"https:\/\/federacjazycia.pl\/wp-content\/uploads\/2025\/07\/286.2025-Stanowisko-PFROZ-wobec-projektow-ograniczajacych-wladze-rodzicielska.pdf\">Stanowisko nt. projekt\u00f3w ustaw ograniczaj\u0105cych prawa rodzic\u00f3w<br>Polskiej Federacji Ruch\u00f3w Obrony \u017bycia<\/a><br>8.07.2025<br>[federacjazycia.pl]<\/strong><\/p>\n\n\n\n<p class=\"has-text-align-center\">*<\/p>\n\n\n\n<p><strong>W Polsce wchodz\u0105 w \u017cycie przepisy znosz\u0105ce obowi\u0105zek okre\u015blenia p\u0142ci dziecka po poronieniu jako warunku uzyskania zasi\u0142ku pogrzebowego i skr\u00f3conego urlopu<\/strong><\/p>\n\n\n\n<p>Zobacz:<\/p>\n\n\n\n<ul><li>Family News Service, <a href=\"https:\/\/ewtn.pl\/aktualnosci\/family-news-service\/polska-upraszcza-dostep-do-swiadczen-po-poronieniu-nowe-przepisy-wejda-w-zycie-w-sierpniu\/\">Polska upraszcza dost\u0119p do \u015bwiadcze\u0144 po poronieniu. Nowe przepisy wejd\u0105 w \u017cycie w sierpniu<\/a>, ewtn.pl, 24.07.2025.<\/li><\/ul>\n\n\n\n<p class=\"has-text-align-center\">*<\/p>\n\n\n\n<p class=\"has-text-align-center\"><strong><a href=\"https:\/\/federacjazycia.pl\/wp-content\/uploads\/2025\/07\/List-PFROZ-do-Prezdenta-RP-nt.-ustaw-o-prawach-pacjenta.pdf\">Apel Polskiej Federacji Ruch\u00f3w Obrony \u017bycia do Prezydenta RP<br>o skierowanie nowelizacji ustawy o prawach pacjenta do Trybuna\u0142u Konstytucyjnego<\/a><a href=\"https:\/\/episkopat.pl\/doc\/228925.List-Prezydium-Konferencji-Episkopatu-Polski-w-sprawie-nowego\"><br><\/a>21.07.2025<a href=\"https:\/\/episkopat.pl\/doc\/228925.List-Prezydium-Konferencji-Episkopatu-Polski-w-sprawie-nowego\"><br><\/a>[federacjazycia.pl]<br><\/strong>*<\/p>\n\n\n\n<p><strong>Hanna Dobrowolska, ekspert o\u015bwiatowy oraz koordynator Koalicji na Rzecz Ocalenia Polskiej Szko\u0142y, w audycji \u201eAktualno\u015bci dnia\u201d na antenie Radia Maryja<\/strong><\/p>\n\n\n\n<p>Zobacz:<\/p>\n\n\n\n<ul><li>Radio Maryja,&nbsp;<a href=\"https:\/\/www.radiomaryja.pl\/informacje\/h-dobrowolska-prawa-rodzicielskie-nie-po-to-zostaly-w-konstytucji-rp-tak-mocno-wprowadzone-zeby-w-tej-chwili-na-mocy-ustawy-czy-kolejnych-rozporzadzen-byly-naruszane\/\">H. Dobrowolska: Prawa rodzicielskie nie po to zosta\u0142y w Konstytucji RP tak mocno wprowadzone, \u017ceby w tej chwili na mocy ustawy czy kolejnych rozporz\u0105dze\u0144 by\u0142y naruszane<\/a>, radiomaryja.pl, 04.08.2025.<\/li><\/ul>\n\n\n\n<p>Ca\u0142\u0105 audycj\u0119 mo\u017cna ods\u0142ucha\u0107   [<strong><a href=\"https:\/\/www.radiomaryja.pl\/multimedia\/list-koalicji-na-rzecz-ocalenia-polskiej-szkoly-i-innych-organizacji-do-prezydenta-rp-ws-nowelizacji-ustawy-o-prawach-pacjenta-kampania-informacyjna-nt-zagrozen-zwiazanych-z-przedmiotem-edukacja-zd\/\">tutaj<\/a><\/strong>].<\/p>\n\n\n\n<p class=\"has-text-align-center\">*<\/p>\n\n\n\n<p class=\"has-text-align-center\"><strong><a href=\"https:\/\/federacjazycia.pl\/wp-content\/uploads\/2025\/08\/289.2025-Podziekowanie-PrezydentowiRP-A.Dudzie-za-wystapienie-do-TK.pdf\">Podzi\u0119kowanie dla Prezydenta RP Andrzeja Dudy za skierowanie do Trybuna\u0142u Konstytucyjnego<br>nowelizacji ustaw ograniczaj\u0105cych prawa rodzic\u00f3w<\/a><br>7.08.2025<br>[federacjazycia.pl]<\/strong><\/p>\n\n\n\n<p class=\"has-text-align-center\">*<\/p>\n\n\n\n<p><strong>We wniosku do TK, prezydent Andrzej Duda zarzuci\u0142 poszczeg\u00f3lnym przepisom ustawy uchwalonej 25 czerwca zakresow\u0105 niezgodno\u015b\u0107 z Konstytucj\u0105 RP<\/strong><\/p>\n\n\n\n<p>Zobacz:<\/p>\n\n\n\n<ul><li>Ordo Iuris, <a href=\"https:\/\/ordoiuris.pl\/informacje-prasowe\/prezydent-duda-odeslal-do-tk-ustawe-o-psychoterapii-13-latkow-bez-zgody-lub-wiedzy-rodzicow-decyzja-zgodna-z-postulatem-ordo-iuris\/\">Prezydent Duda odes\u0142a\u0142 do&nbsp;TK ustaw\u0119 o&nbsp;psychoterapii 13-latk\u00f3w bez&nbsp;zgody lub wiedzy rodzic\u00f3w. Decyzja zgodna z&nbsp;postulatem Ordo Iuris<\/a>, ordoiuris.pl, 07.08.2025.<\/li><li>Poselski projekt ustawy o zmianie ustawy &#8211; o prawach pacjenta i Rzeczniku Praw Pacjenta oraz niekt\u00f3rych innych ustaw   [<strong><a href=\"https:\/\/www.sejm.gov.pl\/Sejm10.nsf\/PrzebiegProc.xsp?nr=748\">tutaj<\/a><\/strong>].<\/li><\/ul>\n\n\n\n<p class=\"has-text-align-center\">*<\/p>\n\n\n\n<p><strong>Wsparcie po poronieniu<\/strong><\/p>\n\n\n\n<p>Zobacz:<\/p>\n\n\n\n<ul><li>TV Trwam News,&nbsp;<a href=\"https:\/\/www.radiomaryja.pl\/informacje\/urlop-macierzynski-po-poronieniu\/\">Urlop macierzy\u0144ski po poronieniu<\/a>, radiomaryja.pl, 10.08.2025.<\/li><li><a href=\"https:\/\/dziennikustaw.gov.pl\/D2025000096901.pdf\">Rozporz\u0105dzenie Ministra Rodziny, Pracy i Polityki Spo\u0142ecznej z dnia 21 lipca 2025 r. zmieniaj\u0105ce rozporz\u0105dzenie w sprawie zakresu informacji o okoliczno\u015bciach maj\u0105cych wp\u0142yw na prawo do zasi\u0142k\u00f3w z ubezpieczenia spo\u0142ecznego w razie choroby i macierzy\u0144stwa lub ich wysoko\u015b\u0107 oraz dokument\u00f3w niezb\u0119dnych do przyznania i wyp\u0142aty zasi\u0142k\u00f3w<\/a>, Dz.U. 2025 poz. 969, dziennikustaw.gov.pl, 22.07.2025.<\/li><\/ul>\n\n\n\n<p class=\"has-text-align-center\">*<\/p>\n\n\n\n<p><strong>Od 1978 roku zap\u0142odnienie in vitro doprowadzi\u0142o do \u015bmierci ponad 250 milion\u00f3w ludzkich embrion\u00f3w: analiza<\/strong><\/p>\n\n\n\n<p>Zobacz:<\/p>\n\n\n\n<ul><li>Life Site, <a href=\"https:\/\/www.lifesitenews.com\/analysis\/ivf-has-killed-more-than-250-million-human-embryos-since-1978-analysis\/?utm_source=latest_news&amp;utm_campaign=usa\">IVF has killed more than 250 million human embryos since 1978: analysis<\/a>, lifesitenews.com, 08.14.2025.<\/li><\/ul>\n\n\n\n<p class=\"has-text-align-center\">*<\/p>\n\n\n\n<p class=\"has-text-align-center\"><strong><a href=\"https:\/\/www.ratujmyszkole.pl\/informator-o-edukacji-zdrowotnej\/\">Informator o Edukacji zdrowotnej<\/a><a href=\"https:\/\/episkopat.pl\/doc\/228925.List-Prezydium-Konferencji-Episkopatu-Polski-w-sprawie-nowego\"><br><\/a>20.08.2025<a href=\"https:\/\/episkopat.pl\/doc\/228925.List-Prezydium-Konferencji-Episkopatu-Polski-w-sprawie-nowego\"><br><\/a>[ratujmyszkole.pl]<\/strong><\/p>\n\n\n<a href=\"http:\/\/dobreszczepionki.pl\/wp-content\/uploads\/2026\/01\/9.10._Edukacja-zdrowotna-Informator-dla-rodzicow-i-nauczycieli_e-book-20-08-2025.pdf\" class=\"pdfemb-viewer\" style=\"\" data-width=\"max\" data-height=\"max\"  data-toolbar=\"both\" data-toolbar-fixed=\"on\">9.10._Edukacja-zdrowotna-Informator-dla-rodzicow-i-nauczycieli_e-book-20-08-2025<br\/><\/a>\n\n\n\n<p class=\"has-text-align-center\">*<\/p>\n\n\n\n<p class=\"has-text-align-center\"><strong>Polska Federacja Ruch\u00f3w Obrony \u017bycia<a href=\"https:\/\/episkopat.pl\/doc\/228925.List-Prezydium-Konferencji-Episkopatu-Polski-w-sprawie-nowego\"><br><\/a><strong><a href=\"http:\/\/federacjazycia.pl\/wp-content\/uploads\/2025\/08\/291.2025-List-otwarty-Podziekowanie-nauczycielom-do-zycia-w-rodzinie.pdf\">Podzi\u0119kowanie nauczycielom przedmiotu \u201eWychowanie do \u017bycia w Rodzinie\u201d<\/a><\/strong><br>25.08.2025<br>[federacjazycia.pl]<\/strong><\/p>\n\n\n\n<p>Wi\u0119cej:<\/p>\n\n\n\n<ul><li><a href=\"http:\/\/dziennikustaw.gov.pl\/D1993017007801.pdf\">Ustawa z dnia 7 stycznia 1993 r. o planowaniu rodziny, ochronie p\u0142odu ludzkiego i warunkach dopuszczalno\u015bci przerywania ci\u0105\u017cy<\/a>, Dz.U. 1993 nr 17 poz. 78, dziennikustaw.gov.pl, 01.03.1993.<\/li><li><a href=\"http:\/\/dziennikustaw.gov.pl\/D1999067075601.pdf\">Rozporz\u0105dzenie Ministra Edukacji Narodowej z dnia 12 sierpnia 1999 r. w sprawie sposobu nauczania szkolnego oraz zakresu tre\u015bci dotycz\u0105cych wiedzy o \u017cyciu seksualnym cz\u0142owieka, o zasadach \u015bwiadomego i odpowiedzialnego rodzicielstwa , o warto\u015bci rodziny, \u017cycia w fazie prenatalnej oraz metodach i \u015brodkach \u015bwiadomej prokreacji zawartych w podstawie programowej kszta\u0142cenia og\u00f3lnego<\/a>, Dz.U. 1999 nr 67 poz. 756, dziennikustaw.gov.pl, 17.08.1999.<\/li><li><a href=\"https:\/\/dziennikustaw.gov.pl\/D2021000017501.pdf\">Wyrok Trybuna\u0142u Konstytucyjnego z 22.10.2020 sygn. akt K 1\/20<\/a>, Dz. U. 2021 poz. 175,  dziennikustaw.gov.pl, 27.01.2021.<\/li><li><a href=\"http:\/\/dziennikustaw.gov.pl\/D2025000037801.pdf\">Rozporz\u0105dzenie Ministra Edukacji z dnia 6 marca 2025 r. zmieniaj\u0105ce rozporz\u0105dzenie w sprawie podstawy programowej wychowania przedszkolnego oraz podstawy programowej kszta\u0142cenia og\u00f3lnego dla szko\u0142y podstawowej, w tym dla uczni\u00f3w z niepe\u0142nosprawno\u015bci\u0105 intelektualn\u0105 w stopniu umiarkowanym lub znacznym, kszta\u0142cenia og\u00f3lnego dla bran\u017cowej szko\u0142y I stopnia, kszta\u0142cenia og\u00f3lnego dla szko\u0142y specjalnej przysposabiaj\u0105cej do pracy oraz kszta\u0142cenia og\u00f3lnego dla szko\u0142y policealnej<\/a>, Dz.U. 2025 poz. 378, dziennikustaw.gov.pl, 26.03.2025.<\/li><\/ul>\n\n\n\n<p class=\"has-text-align-center\">*<\/p>\n\n\n\n<p><strong>Demoralizacja to nie edukacja<\/strong><\/p>\n\n\n\n<p>Zobacz:<\/p>\n\n\n\n<ul><li>Koalicja na Rzecz Ocalenia Polskiej Szko\u0142y, <a href=\"https:\/\/www.radiomaryja.pl\/informacje\/koalicja-na-rzecz-ocalenia-polskiej-szkoly-zapowiada-ogolnopolskie-pikiety-pod-kuratoriami-oswiaty\/\">Koalicja na Rzecz Ocalenia Polskiej Szko\u0142y zapowiada og\u00f3lnopolskie pikiety pod kuratoriami o\u015bwiaty<\/a>, radiomaryja.pl, 25.08.2025.<\/li><\/ul>\n\n\n\n<p class=\"has-text-align-center\">*<\/p>\n\n\n<div class=\"wp-block-image\">\n<figure class=\"aligncenter size-full is-resized\"><img loading=\"lazy\" src=\"http:\/\/dobreszczepionki.pl\/wp-content\/uploads\/2026\/01\/0.15._tak-dla-edukacji.png\" alt=\"\" class=\"wp-image-42998\" width=\"415\" height=\"410\"\/><figcaption>Fot. via takdlaedukacji.pl<\/figcaption><\/figure><\/div>\n\n\n<p class=\"has-text-align-center\">*<strong><a href=\"https:\/\/episkopat.pl\/doc\/228925.List-Prezydium-Konferencji-Episkopatu-Polski-w-sprawie-nowego\"><br><\/a><a href=\"https:\/\/episkopat.pl\/doc\/234078.Apel-Komisji-Wychowania-Katolickiego-KEP-w-zwiazku-z\">Apel Komisji Wychowania Katolickiego KEP<br>w zwi\u0105zku z wprowadzeniem do szk\u00f3\u0142 przedmiotu Edukacja zdrowotna<\/a><a href=\"https:\/\/episkopat.pl\/doc\/228925.List-Prezydium-Konferencji-Episkopatu-Polski-w-sprawie-nowego\"><br><\/a>27.08.2025<a href=\"https:\/\/episkopat.pl\/doc\/228925.List-Prezydium-Konferencji-Episkopatu-Polski-w-sprawie-nowego\"><br><\/a>[episkopat.pl]<\/strong><\/p>\n\n\n<a href=\"http:\/\/dobreszczepionki.pl\/wp-content\/uploads\/2026\/01\/9.11._Apel-Komisji-Wychowania_Katolickiego-KEP-27-08-2025.pdf\" class=\"pdfemb-viewer\" style=\"\" data-width=\"max\" data-height=\"max\"  data-toolbar=\"both\" data-toolbar-fixed=\"on\">9.11._Apel-Komisji-Wychowania_Katolickiego-KEP-27-08-2025<br\/><\/a>\n\n\n\n<p class=\"has-text-align-center\">*<\/p>\n\n\n\n<p class=\"has-text-align-center\"><strong><a href=\"http:\/\/federacjazycia.pl\/wp-content\/uploads\/2025\/09\/292.2025-List-PFROZ-do-rodzicow-i-wychowawcow-w-sprawie-edukacji-zdrowotnej.pdf\">List do rodzic\u00f3w i wychowawc\u00f3w Polskiej Federacji Ruch\u00f3w Obrony \u017bycia<\/a><a href=\"https:\/\/episkopat.pl\/doc\/228925.List-Prezydium-Konferencji-Episkopatu-Polski-w-sprawie-nowego\"><br><\/a>01.09.2025<a href=\"https:\/\/episkopat.pl\/doc\/228925.List-Prezydium-Konferencji-Episkopatu-Polski-w-sprawie-nowego\"><br><\/a>[federacjazycia.pl]<\/strong><\/p>\n\n\n\n<p class=\"has-text-align-center\">*<\/p>\n\n\n\n<p><strong>Prof. Przemys\u0142aw Czarnek, pose\u0142 Prawa i Sprawiedliwo\u015bci, by\u0142y minister edukacji i nauki, w audycji \u201eAktualno\u015bci dnia\u201d na antenie Radia Maryja <\/strong><\/p>\n\n\n\n<p>Zobacz:<\/p>\n\n\n\n<ul><li>Radio Maryja.&nbsp;<a href=\"https:\/\/www.radiomaryja.pl\/informacje\/pos-prof-p-czarnek-edukacja-zdrowotna-odchodzi-bardzo-mocno-od-rodziny-od-malzenstwa-od-wartosci-wynikajacych-z-chrzescijanstwa\/\">Pos. prof. P. Czarnek: Edukacja zdrowotna odchodzi bardzo mocno od rodziny, od ma\u0142\u017ce\u0144stwa, od warto\u015bci wynikaj\u0105cych z chrze\u015bcija\u0144stwa<\/a>, radiomaryja.pl, 01.09.2025.<\/li><\/ul>\n\n\n\n<p>Ca\u0142\u0105 audycj\u0119 mo\u017cna ods\u0142ucha\u0107   [<strong><a href=\"https:\/\/www.radiomaryja.pl\/multimedia\/ideologizacja-polskiego-szkolnictwa-przez-rzadzacych-braki-kadrowe-wsrod-nauczycieli\/\">tutaj<\/a><\/strong>].<\/p>\n\n\n\n<p class=\"has-text-align-center\">*<\/p>\n\n\n\n<p><strong>Barbara Nowak, ma\u0142opolska kurator o\u015bwiaty w latach 2016\u20132023, w audycji \u201eAktualno\u015bci dnia\u201d na antenie Radia Maryja<\/strong><\/p>\n\n\n\n<p>Zobacz:<\/p>\n\n\n\n<ul><li>Radio Maryja,&nbsp;<a href=\"https:\/\/www.radiomaryja.pl\/informacje\/b-nowak-edukacja-zdrowotna-to-niespodzianka-opakowana-w-blyszczacy-papier-z-kolorowa-kokardka-kiedy-sie-ja-odpakuje-rozleje-sie-wielki-fetor-zgnilizny-moralnej-ideologii-gender-ktora-ma-doprowad\/\">B. Nowak: Edukacja zdrowotna to niespodzianka opakowana w b\u0142yszcz\u0105cy papier z kolorow\u0105 kokardk\u0105. kiedy si\u0119 j\u0105 odpakuje \u2013 rozleje si\u0119 wielki fetor zgnilizny moralnej ideologii gender, kt\u00f3ra ma doprowadzi\u0107 do zniszczenia dzieci i pa\u0144stwa polskiego<\/a>, radiomaryja.pl, 03.09.2025.<\/li><\/ul>\n\n\n\n<p>Ca\u0142\u0105 audycj\u0119 mo\u017cna ods\u0142ucha\u0107   [<strong><a href=\"https:\/\/www.radiomaryja.pl\/multimedia\/ideologizacja-polskiej-szkoly-przez-ministerstwo-edukacji-narodowej\/\">tutaj<\/a><\/strong>].<\/p>\n\n\n\n<p class=\"has-text-align-center\">*<\/p>\n\n\n\n<p><strong>Wywiad z Hann\u0105 Dobrowolsk\u0105, ekspertem ds. o\u015bwiaty z Ruchu Ochrony Szko\u0142y<\/strong><\/p>\n\n\n\n<p>Zobacz:<\/p>\n\n\n\n<ul><li>Urszula Wr\u00f3bel\/\u201eNasz Dziennik\u201d,&nbsp;<a href=\"https:\/\/www.radiomaryja.pl\/informacje\/nasz-dziennik-h-dobrowolska-o-edukacji-zdrowotnej-mowienie-ze-przedmiot-moze-nie-byc-szkodliwy-poniewaz-bedzie-realizowany-przez-zaufanych-nauczycieli-jest-nieprawda-poniewaz\/\">[Nasz Dziennik] H. Dobrowolska o \u201eedukacji zdrowotnej\u201d: M\u00f3wienie, \u017ce przedmiot mo\u017ce nie by\u0107 szkodliwy, poniewa\u017c b\u0119dzie realizowany przez zaufanych nauczycieli, jest nieprawd\u0105, poniewa\u017c na ko\u0144cu jest planowana ewaluacja tego przedmiotu<\/a>, radiomaryja.pl, 05.09.2025.<\/li><\/ul>\n\n\n\n<p class=\"has-text-align-center\">*<\/p>\n\n\n<div class=\"wp-block-image\">\n<figure class=\"aligncenter size-large\"><img src=\"http:\/\/dobreszczepionki.pl\/wp-content\/uploads\/2026\/01\/0.12._zatrzymajmy-aborcje-1024x237.jpg\" alt=\"\" class=\"wp-image-42995\"\/><figcaption>Fot. via prezydenciezatrzymajaborcje.pl<\/figcaption><\/figure><\/div>\n\n\n<p class=\"has-text-align-center\">*<\/p>\n\n\n\n<p class=\"has-text-align-center\"><strong><a href=\"http:\/\/prezydenciezatrzymajaborcje.pl\/\">ZATRZYMAJMY ABORCJ\u0118<\/a><a href=\"https:\/\/episkopat.pl\/doc\/228925.List-Prezydium-Konferencji-Episkopatu-Polski-w-sprawie-nowego\"><br><\/a>Petycja do Prezydenta RP Karola Nawrockiego<br>opublikowana przez &nbsp;Instytut na Rzecz Kultury Prawnej Ordo Iuris<br>10.09.2025<br>[prezydenciezatrzymajaborcje.pl]<\/strong><\/p>\n\n\n\n<p class=\"has-text-align-center\">*<\/p>\n\n\n\n<p class=\"has-text-align-center\"><strong>Polska Federacja Ruch\u00f3w Obrony \u017bycia <a href=\"https:\/\/episkopat.pl\/doc\/228925.List-Prezydium-Konferencji-Episkopatu-Polski-w-sprawie-nowego\"><br><\/a><a href=\"http:\/\/federacjazycia.pl\/wp-content\/uploads\/2025\/09\/293.2025-List-PFROZ-do-Poslanek-i-Poslow-Sejmu-RP-w-sprawie-edukacji-zdrowotnej.pdf\">List do pos\u0142anek i pos\u0142\u00f3w w sprawie Edukacji zdrowotnej i Wychowania do \u017cycia w rodzinie<\/a><br>11.09.2025<a href=\"https:\/\/episkopat.pl\/doc\/228925.List-Prezydium-Konferencji-Episkopatu-Polski-w-sprawie-nowego\"><br><\/a>[federacjazycia.pl]<br><\/strong>*<\/p>\n\n\n\n<p><strong>Czy mo\u017cna ochrzci\u0107 tzw. edukacj\u0119 zdrowotn\u0105?<\/strong><\/p>\n\n\n\n<p>Zobacz:<\/p>\n\n\n\n<ul><li>\u015alusarczyk A.,&nbsp;<a href=\"https:\/\/opoka.org.pl\/News\/Polska\/2025\/wazny-apel-do-szkol-katolickich-eksperci-przestrzegaja-przed\">\u201eNie \u00bbchrzcijcie\u00ab edukacji zdrowotnej\u201d. Magdalena Czarnik z wa\u017cnym apelem do katolickich szk\u00f3\u0142!<\/a>, opoka.org.pl, 12.09.2025.<\/li><\/ul>\n\n\n\n<p class=\"has-text-align-center\">*<\/p>\n\n\n\n<p><strong>Francja wprowadza nowy obowi\u0105zkowy program genderowej edukacji seksualnej. Ma on obowi\u0105zywa\u0107 we wszystkich szko\u0142ach publicznych i prywatnych od przedszkola do liceum<\/strong><\/p>\n\n\n\n<p>Zobacz:<\/p>\n\n\n\n<ul><li>Wr\u00f3bel U.,&nbsp;<a href=\"https:\/\/wp.naszdziennik.pl\/2025-09-13\/395224,obowiazkowa-genderyzacja.html\">Obowi\u0105zkowa genderyzacja<\/a>, naszdziennik.pl, 13-14.09.2025.<\/li><\/ul>\n\n\n\n<p>Ca\u0142y artyku\u0142 mo\u017cna przeczyta\u0107   [<strong><a href=\"https:\/\/www.radiomaryja.pl\/informacje\/nasz-dziennik-obowiazkowa-genderyzacja\/\">tutaj<\/a><\/strong>].<\/p>\n\n\n\n<p class=\"has-text-align-center\">*<\/p>\n\n\n\n<p><strong>Nowe przepisy traktuj\u0105 dzieci pocz\u0119te, niezale\u017cnie od etapu ci\u0105\u017cy, w spos\u00f3b r\u00f3wny. Wszystkie dzieci maj\u0105 dzi\u015b prawo do godnego poch\u00f3wku<\/strong><\/p>\n\n\n\n<p>Zobacz:<\/p>\n\n\n\n<ul><li>Kubacka A.,&nbsp;<a href=\"https:\/\/ordoiuris.pl\/komentarz\/czlowieczenstwo-od-poczecia-nieplanowany-skutek-nowelizacji-przepisow-zasilkowych\/\">Cz\u0142owiecze\u0144stwo od pocz\u0119cia: nieplanowany skutek nowelizacji przepis\u00f3w zasi\u0142kowych<\/a>, ordoiuris.pl, 15.09.2025.<\/li><\/ul>\n\n\n\n<p class=\"has-text-align-center\">*<\/p>\n\n\n\n<p><strong>Wywiad z prof. Bogdanem Chazanem, ginekologiem-po\u0142o\u017cnikiem z Katolickiego Stowarzyszenia Lekarzy Polskich<\/strong><\/p>\n\n\n\n<p>Zobacz:<\/p>\n\n\n\n<ul><li>Wr\u00f3bel. U., <a href=\"https:\/\/naszdziennik.pl\/mysl\/326582,antynatalistyczna-wizja-men.html\">Antynatalistyczna wizja MEN<\/a>, naszdziennik.pl, 19.09.2025.<\/li><\/ul>\n\n\n\n<p class=\"has-text-align-center\">*<\/p>\n\n\n\n<p><strong>Magdalena Czarnik, prezes Stowarzyszenia Rodzice Chroni\u0105 Dzieci; Adam Chmielewski, Stowarzyszenie Odpowiedzialny Gda\u0144sk; w audycji \u201eRozmowy niedoko\u0144czone\u201d na antenie Radia Maryja i TV Trwam<\/strong><\/p>\n\n\n\n<p>Zobacz:<\/p>\n\n\n\n<ul><li>Radio Maryja,&nbsp;<a href=\"https:\/\/www.radiomaryja.pl\/multimedia\/rozmowy-niedokonczone-komu-zalezy-na-destrukcji-polskiego-systemu-oswiaty-cz-i\/\">Rozmowy niedoko\u0144czone: Komu zale\u017cy na destrukcji polskiego systemu o\u015bwiaty cz. I<\/a>, Video, radiomaryja.pl, 20.09.2025.<\/li><li>Radio Maryja,&nbsp;<a href=\"https:\/\/www.radiomaryja.pl\/multimedia\/rozmowy-niedokonczone-komu-zalezy-na-destrukcji-polskiego-systemu-oswiaty-cz-ii\/\">Rozmowy niedoko\u0144czone: Komu zale\u017cy na destrukcji polskiego systemu o\u015bwiaty cz. II<\/a>, Audio, radiomaryja.pl, 20.09.2025.<\/li><\/ul>\n\n\n\n<p class=\"has-text-align-center\">*<\/p>\n\n\n\n<p><strong>Wywiad z dr. Tomaszem Rzymkowskim, pos\u0142em Prawa i Sprawiedliwo\u015bci, by\u0142ym wiceministrem edukacji i nauki<\/strong><\/p>\n\n\n\n<p>Zobacz:<\/p>\n\n\n\n<ul><li>Stefaniuk R.,&nbsp;<a href=\"https:\/\/wp.naszdziennik.pl\/2025-09-20\/395433,walczymy-o-dusze-dzieci.html\">Walczymy o dusze dzieci<\/a>, naszdziennik.pl, 20-21.09.2025.<\/li><\/ul>\n\n\n\n<p class=\"has-text-align-center\">*<\/p>\n\n\n\n<p><strong>Dr Artur&nbsp; D\u0105browski, prezes Akcji Katolickiej Archidiecezji Cz\u0119stochowskiej, w rozmowie z dziennikarzem \u201eNaszego Dziennika\u201d.<\/strong><\/p>\n\n\n\n<p>Zobacz:<\/p>\n\n\n\n<ul><li>Rafa\u0142 Stefaniuk\/\u201eNasz Dziennik\u201d,&nbsp;<a href=\"https:\/\/www.radiomaryja.pl\/informacje\/nasz-dziennik-dr-a-dabrowski-o-edukacji-zdrowotnej-to-nie-jest-neutralny-przedmiot-tylko-narzedzie-zmiany-mentalnosci\/\">Dr A. D\u0105browski o \u201eedukacji zdrowotnej\u201d: To nie jest neutralny przedmiot, tylko narz\u0119dzie zmiany mentalno\u015bci<\/a>, radiomaryja.pl, 21.09.2025.<\/li><\/ul>\n\n\n\n<p class=\"has-text-align-center\">*<\/p>\n\n\n\n<p><strong>Rodzice nie s\u0105 bezbronni!<\/strong><\/p>\n\n\n\n<p>Zobacz:<\/p>\n\n\n\n<ul><li>TV Trwam News,  <a href=\"https:\/\/www.radiomaryja.pl\/informacje\/rodzice-masowo-wypisuja-dzieci-z-edukacji-zdrowotnej-obywatelski-sprzeciw-wobec-wprowadzania-ideologii-do-szkol-wzmocnil-prezydent-rp\/\">Rodzice masowo wypisuj\u0105 dzieci z \u201eedukacji zdrowotnej\u201d. Obywatelski sprzeciw wobec wprowadzania ideologii do szk\u00f3\u0142 wzmocni\u0142 Prezydent RP<\/a>, radiomaryja.pl, 21.09.2025.<\/li><\/ul>\n\n\n\n<p class=\"has-text-align-center\">*<\/p>\n\n\n\n<p><strong>Wywiad z prof. Mieczys\u0142awem Ryb\u0105, politologiem i historykiem z Katolickiego Uniwersytetu Lubelskiego<\/strong><\/p>\n\n\n\n<p>Zobacz:<\/p>\n\n\n\n<ul><li>Stefaniuk R.,&nbsp;<a href=\"https:\/\/naszdziennik.pl\/index.php\/mysl\/326722,spektakularna-kleska-rzadu.html\">Spektakularna kl\u0119ska rz\u0105du<\/a>, naszdziennik.pl, 22.09.2025.<\/li><\/ul>\n\n\n\n<p class=\"has-text-align-center\">*<\/p>\n\n\n\n<p><strong>Barbara Nowak, by\u0142a ma\u0142opolska kurator o\u015bwiaty, w audycji \u201eAktualno\u015bci dnia\u201d na antenie Radia Maryja<\/strong><\/p>\n\n\n\n<p>Zobacz:<\/p>\n\n\n\n<ul><li>Radio Maryja,&nbsp;<a href=\"https:\/\/www.radiomaryja.pl\/informacje\/b-nowak-wszyscy-musimy-wypisac-nasze-dzieci-z-edukacji-zdrowotnej-jezeli-zalezy-nam-na-nich-i-jezeli-chcemy-zeby-polska-trwala\/\">B. Nowak: Wszyscy musimy wypisa\u0107 nasze dzieci z \u201eedukacji zdrowotnej\u201d, je\u017celi zale\u017cy nam na nich i je\u017celi chcemy, \u017ceby Polska trwa\u0142a<\/a>, radiomaryja.pl, 23.09.2025.<\/li><\/ul>\n\n\n\n<p>Ca\u0142\u0105 audycj\u0119 mo\u017cna ods\u0142ucha\u0107   [<strong><a href=\"https:\/\/www.radiomaryja.pl\/multimedia\/ostatnie-chwile-na-ochronienie-dzieci-przed-szkodliwa-ideologia-w-szkolach\/\">tutaj<\/a><\/strong>].<\/p>\n\n\n\n<p class=\"has-text-align-center\">*<\/p>\n\n\n\n<p><strong>Wywiad ze Zbigniewem Kaliszukiem z Fundacji Grupa Proelio dla \u201eNaszego  Dziennika\u201d<\/strong><\/p>\n\n\n\n<p>Zobacz:<\/p>\n\n\n\n<ul><li>Wr\u00f3bel U.,&nbsp;<a href=\"https:\/\/naszdziennik.pl\/mysl\/326868,podstawa-zawiera-niebezpieczne-zapisy.html\">Podstawa zawiera niebezpieczne zapisy<\/a>, naszdziennik.pl, 24.09.2025.<\/li><\/ul>\n\n\n\n<p class=\"has-text-align-center\">*<\/p>\n\n\n\n<p><strong>Prof. Aleksander Nalaskowski, pedagog, w audycji \u201eAktualno\u015bci dnia\u201d na antenie  Radia Maryja<\/strong><\/p>\n\n\n\n<p>Zobacz:<\/p>\n\n\n\n<ul><li>Radio Maryja,&nbsp;<a href=\"https:\/\/www.radiomaryja.pl\/informacje\/prof-a-nalaskowski-o-tzw-edukacji-zdrowotnej-ta-seksualizacja-wpisuje-sie-w-szerszy-kontekst-ingerowania-w-swiatopoglad-dzieci-nie-trzeba-dawac-okazji-do-niszczenia-systemu-wartosci\/\">Prof. A. Nalaskowski o tzw. edukacji zdrowotnej: Ta seksualizacja wpisuje si\u0119 w szerszy kontekst ingerowania w \u015bwiatopogl\u0105d dzieci. nie trzeba dawa\u0107 okazji do niszczenia systemu warto\u015bci!<\/a>, radiomaryja.pl, 25.09.2025.<\/li><\/ul>\n\n\n\n<p>Ca\u0142\u0105 audycj\u0119 mo\u017cna ods\u0142ucha\u0107   [<strong><a href=\"https:\/\/www.radiomaryja.pl\/multimedia\/ostatni-dzwonek-na-wypisanie-dziecka-z-tzw-edukacji-zdrowotnej\/\">tutaj<\/a><\/strong>].<\/p>\n\n\n\n<p class=\"has-text-align-center\">*<\/p>\n\n\n\n<p class=\"has-text-align-center\"><strong>Koalicja na Rzecz Ocalenia Polskiej Szko\u0142y<a href=\"https:\/\/episkopat.pl\/doc\/228925.List-Prezydium-Konferencji-Episkopatu-Polski-w-sprawie-nowego\"><br><\/a><a href=\"https:\/\/www.ratujmyszkole.pl\/stanowisko-krops-ws-wypisywania-dzieci-z-edukacji-zdrowotnej-po-25-09-2025\/\">Stanowisko ws. wypisywania dzieci z edukacji zdrowotnej po 25.09.2025<\/a><a href=\"https:\/\/episkopat.pl\/doc\/228925.List-Prezydium-Konferencji-Episkopatu-Polski-w-sprawie-nowego\"><br><\/a>30.09.2025<a href=\"https:\/\/episkopat.pl\/doc\/228925.List-Prezydium-Konferencji-Episkopatu-Polski-w-sprawie-nowego\"><br><\/a>[ratujmyszkole.pl]<\/strong><\/p>\n\n\n\n<p class=\"has-text-align-center\">*<\/p>\n\n\n\n<p><strong>Dr Artur D\u0105browski, prezes Akcji Katolickiej Archidiecezji Cz\u0119stochowskiej, w audycji \u201eAktualno\u015bci dnia\u201d na antenie Radia Maryja<\/strong><\/p>\n\n\n\n<p>Zobacz:<\/p>\n\n\n\n<ul><li>Radio Maryja, <a href=\"https:\/\/www.radiomaryja.pl\/informacje\/dr-a-dabrowski-o-masowym-wypisaniu-dzieci-z-tzw-edukacji-zdrowotnej-pokazujac-te-czerwona-kartke-ludzie-udowodnili-ze-nie-stracili-zdrowego-rozsadku\/\">Dr A. D\u0105browski o masowym wypisaniu dzieci z tzw. edukacji zdrowotnej: Pokazuj\u0105c t\u0119 czerwon\u0105 kartk\u0119, ludzie udowodnili, \u017ce nie stracili zdrowego rozs\u0105dku<\/a>, radiomaryja.pl, 08.10.2025.<\/li><\/ul>\n\n\n\n<p>Ca\u0142\u0105 audycj\u0119 mo\u017cna ods\u0142ucha\u0107   [<strong><a href=\"https:\/\/www.radiomaryja.pl\/multimedia\/kleska-min-barbary-nowackiej-w-sprawie-zajec-z-edukacji-zdrowotnej\/\">tutaj<\/a><\/strong>].<\/p>\n\n\n\n<p class=\"has-text-align-center\">*<\/p>\n\n\n\n<p><strong>Instytut Ordo Iuris wys\u0142a\u0142 do szpitali wyja\u015bnienia dotycz\u0105ce korzystania z wolno\u015bci sumienia przez pracownik\u00f3w plac\u00f3wek medycznych, kt\u00f3rzy zgodnie z prawem odmawiaj\u0105 udzia\u0142u w aborcji<\/strong><\/p>\n\n\n\n<p>Zobacz;<\/p>\n\n\n\n<ul><li>Ordo Iuris,&nbsp;<a href=\"https:\/\/ordoiuris.pl\/informacje-prasowe\/wolnosc-sumienia-gwarantowana-kazdemu-przypomina-szpitalom-ordo-iuris\/\">Wolno\u015b\u0107 sumienia gwarantowana ka\u017cdemu \u2013 przypomina szpitalom Ordo Iuris<\/a>, ordoiuris.pl, 08.10.2025.<\/li><\/ul>\n\n\n\n<p class=\"has-text-align-center\">*<\/p>\n\n\n\n<p class=\"has-text-align-center\"><strong><a href=\"https:\/\/twojepetycje.pl\/petycja\/ulaskaw-weronike\">PREZYDENCIE, U\u0141ASKAW WERONIK\u0118!<\/a><br>Petycja opublikowana przez Fundacj\u0119 \u017bycie i Rodzina<br>8.10.2025<br>[twojepetycje.pl]<\/strong><\/p>\n\n\n\n<p class=\"has-text-align-center\">*<\/p>\n\n\n\n<p><strong>Modlitwa, kt\u00f3ra ratuje dzieci<\/strong><\/p>\n\n\n\n<p>Zobacz:<\/p>\n\n\n\n<ul><li>Radio Maryja,&nbsp;<a href=\"https:\/\/www.radiomaryja.pl\/informacje\/45-lat-krucjaty-modlitwy-w-obronie-poczetych-dzieci-dr-inz-a-kisiel-panu-bogu-ta-modlitwa-widocznie-sie-spodobala\/\">45 lat krucjaty modlitwy w obronie pocz\u0119tych dzieci. Dr in\u017c. A. Kisiel: Panu Bogu ta modlitwa widocznie si\u0119 spodoba\u0142a<\/a>, radiomaryja.pl, 13.10.2025.<\/li><\/ul>\n\n\n\n<p class=\"has-text-align-center\">*<\/p>\n\n\n\n<p><strong>Hanna Dobrowolska, ekspert ds. o\u015bwiaty, w audycji \u201eAktualno\u015bci dnia\u201d na antenie Radia Maryja<\/strong><\/p>\n\n\n\n<p>Zobacz:<\/p>\n\n\n\n<ul><li>Radio Maryja, <a href=\"https:\/\/www.radiomaryja.pl\/informacje\/h-dobrowolska-tresci-z-zakresu-rozwoju-biologicznego-czlowieka-sa-zawarte-wylacznie-w-edukacji-zdrowotnej-ktora-docelowo-jestem-przekonana-zostanie-uznana-za-przedmiot-calkowicie-obowiazkowy\/\">H. Dobrowolska: Tre\u015bci z zakresu rozwoju biologicznego cz\u0142owieka s\u0105 zawarte wy\u0142\u0105cznie w edukacji zdrowotnej, kt\u00f3ra docelowo \u2013 jestem przekonana \u2013 zostanie uznana za przedmiot ca\u0142kowicie obowi\u0105zkowy<\/a>, radiomaryja.pl, 17.10.2025.<\/li><\/ul>\n\n\n\n<p>Ca\u0142\u0105 audycj\u0119 mo\u017cna ods\u0142ucha\u0107   [<strong><a href=\"https:\/\/www.radiomaryja.pl\/multimedia\/resort-edukacji-chce-przemycac-ideologie-w-ramach-lekcji-przyrody\/\">tutaj<\/a><\/strong>].<\/p>\n\n\n\n<p class=\"has-text-align-center\">*<\/p>\n\n\n\n<p><strong>MEN b\u0119dzie przemyca\u0142o ideologi\u0119 w ramach lekcji przyrody?<\/strong><\/p>\n\n\n\n<p>Zobacz:<\/p>\n\n\n\n<ul><li>Wr\u00f3bel U.,&nbsp;<a href=\"https:\/\/wp.naszdziennik.pl\/2025-10-17\/396322,psucie-szkoly.html\">Psucie szko\u0142y<\/a>, naszdziennik.pl, 17.10.2025.<\/li><\/ul>\n\n\n\n<p>Ca\u0142y artyku\u0142 mo\u017cna przeczyta\u0107   [<strong><a href=\"https:\/\/www.radiomaryja.pl\/informacje\/nasz-dziennik-men-bedzie-przemycalo-ideologie-w-ramach-lekcji-przyrody\/\">tutaj<\/a><\/strong>].<\/p>\n\n\n\n<p class=\"has-text-align-center\">*<\/p>\n\n\n\n<p><strong>Magdalena Guziak-Nowak, dyrektor ds. edukacji w Polskim Stowarzyszeniu Obro\u0144c\u00f3w \u017bycia Cz\u0142owieka, w audycji \u201eAktualno\u015bci dnia\u201d na antenie Radia Maryja<\/strong><\/p>\n\n\n\n<p>Zobacz:<\/p>\n\n\n\n<ul><li>Radio Maryja,&nbsp;<a href=\"https:\/\/www.radiomaryja.pl\/informacje\/m-guziak-nowak-edukacja-zdrowotna-wydaje-sie-byc-wierzcholkiem-gory-lodowej-w-szkole-trwa-przewrot-ideologiczny\/\">M. Guziak-Nowak: Edukacja zdrowotna wydaje si\u0119 by\u0107 wierzcho\u0142kiem g\u00f3ry lodowej. W szkole trwa przewr\u00f3t ideologiczny<\/a>, radiomaryja.pl, 24.10.2025.<\/li><\/ul>\n\n\n\n<p>Ca\u0142\u0105 audycj\u0119 mo\u017cna ods\u0142ucha\u0107   [<strong><a href=\"https:\/\/www.radiomaryja.pl\/multimedia\/men-szykuje-kolejna-rewolucje-w-edukacji\/\">tutaj<\/a><\/strong>].<\/p>\n\n\n\n<p class=\"has-text-align-center\">*<\/p>\n\n\n\n<p class=\"has-text-align-center\"><a href=\"https:\/\/ordoiuris.pl\/informacje-prasowe\/krytyczne-uwagi-ordo-iuris-do-projektu-ustawy-o-bezplatnej-antykoncepcji-w-tle-katastrofalna-sytuacja-finansowa-nfz\/\"><strong>Krytyczne uwagi Ordo Iuris do projektu ustawy o bezp\u0142atnej antykoncepcji<\/strong><\/a><a href=\"https:\/\/episkopat.pl\/doc\/228925.List-Prezydium-Konferencji-Episkopatu-Polski-w-sprawie-nowego\"><strong><br><\/strong><\/a><a href=\"https:\/\/ordoiuris.pl\/informacje-prasowe\/krytyczne-uwagi-ordo-iuris-do-projektu-ustawy-o-bezplatnej-antykoncepcji-w-tle-katastrofalna-sytuacja-finansowa-nfz\/\"><strong>W &nbsp;tle katastrofalna sytuacja finansowa NFZ<\/strong><\/a><strong><a href=\"https:\/\/episkopat.pl\/doc\/228925.List-Prezydium-Konferencji-Episkopatu-Polski-w-sprawie-nowego\"><br><\/a>30.10.2025<a href=\"https:\/\/episkopat.pl\/doc\/228925.List-Prezydium-Konferencji-Episkopatu-Polski-w-sprawie-nowego\"><br><\/a>[ordoiuris.pl]<\/strong><\/p>\n\n\n\n<p class=\"has-text-align-center\">*<\/p>\n\n\n\n<p><strong>Dariusz Rozwadowski, nauczyciel, historyk i pisarz, w audycji \u201eRozmowy niedoko\u0144czone\u201d na antenie TV Trwam<\/strong><\/p>\n\n\n\n<p>Zobacz:<\/p>\n\n\n\n<ul><li>Radio Maryja,&nbsp;<a href=\"https:\/\/www.radiomaryja.pl\/informacje\/d-rozwadowski-jezeli-polska-szkola-znajdzie-sie-w-europejskim-obszarze-edukacji-to-polacy-straca-kontrole-nad-wychowaniem-i-edukacja-dzieci-i-mlodziezy-wszystkie-kierunki-polityki-oswiatowej-bedzi\/\">D. Rozwadowski: Je\u017celi polska szko\u0142a znajdzie si\u0119 w europejskim obszarze edukacji, to polacy strac\u0105 kontrol\u0119 nad wychowaniem i edukacj\u0105 dzieci i m\u0142odzie\u017cy. Wszystkie kierunki polityki o\u015bwiatowej b\u0119dzie wyznacza\u0142a KE<\/a>, radiomaryja.pl, 05.11.2025.<\/li><\/ul>\n\n\n\n<p>Ca\u0142\u0105 audycj\u0119 mo\u017cna ods\u0142ucha\u0107   [<strong><a href=\"https:\/\/www.radiomaryja.pl\/multimedia\/rozmowy-niedokonczone-rewolucja-w-edukacji\/\">tutaj<\/a><\/strong>].<\/p>\n\n\n\n<p class=\"has-text-align-center\">*<\/p>\n\n\n\n<p><strong>Wywiad z prof. Bogdanem Chazanem<\/strong><\/p>\n\n\n\n<p>Zobacz:<\/p>\n\n\n\n<ul><li>\u017bycie i Rodzina,&nbsp;<a href=\"https:\/\/www.youtube.com\/watch?v=lXXBDYb14-c\">Rozmowa z prof. Bogdanem Chazanem: Edukacja Zdrowotna Nowackiej wst\u0119pem do chor\u00f3b fizycznych i psychicznych polskich uczni\u00f3w<\/a>, youtube.com, 05.11.2025.<\/li><\/ul>\n\n\n\n<p class=\"has-text-align-center\">*<\/p>\n\n\n\n<p><strong>Frekwencja uczni\u00f3w na edukacji zdrowotnej<\/strong><\/p>\n\n\n\n<p>Zobacz: <\/p>\n\n\n\n<ul><li>Ministerstwo Edukacji Narodowej,&nbsp;<a href=\"https:\/\/www.gov.pl\/web\/edukacja\/edukacja-zdrowotna---pierwszy-rok-wdrazania-przedmiotu-w-szkole\">Edukacja zdrowotna \u2013 pierwszy rok wdra\u017cania przedmiotu w szkole<\/a>, gov.pl, 13.11.2025.<\/li><\/ul>\n\n\n\n<p class=\"has-text-align-center\">*<\/p>\n\n\n\n<p><strong>Dr Zbigniew Barci\u0144ski, &nbsp;prezes Stowarzyszenia Pedagog\u00f3w NATAN, koordynator Koalicji na Rzecz Ocalenia Polskiej Szko\u0142y, w audycji \u201eAktualno\u015bci dnia\u201d na antenie Radia Maryja.<\/strong><\/p>\n\n\n\n<p>Zobacz:<\/p>\n\n\n\n<ul><li>Radio Maryja,&nbsp;<a href=\"https:\/\/www.radiomaryja.pl\/informacje\/dr-z-barcinski-o-tzw-edukacji-zdrowotnej-ten-przedmiot-nalezy-zlikwidowac-gdyby-stal-sie-obowiazkowy-bylby-to-zamach-na-prawa-rodzicow\/\">Dr Z. Barci\u0144ski o tzw. edukacji zdrowotnej: Ten przedmiot nale\u017cy zlikwidowa\u0107. gdyby sta\u0142 si\u0119 obowi\u0105zkowy \u2013 by\u0142by to zamach na prawa rodzic\u00f3w<\/a>, radiomaryja.pl, 18.11.22025.<\/li><\/ul>\n\n\n\n<p>Ca\u0142\u0105 audycj\u0119 mo\u017cna ods\u0142ucha\u0107   [<strong><a href=\"https:\/\/www.radiomaryja.pl\/multimedia\/zagrozenia-plynace-z-tzw-edukacji\/\">tutaj<\/a><\/strong>].<\/p>\n\n\n\n<p class=\"has-text-align-center\">*<\/p>\n\n\n\n<p class=\"has-text-align-center\"><strong><a href=\"https:\/\/episkopat.pl\/doc\/234078.Apel-Komisji-Wychowania-Katolickiego-KEP-w-zwiazku-z\"><\/a><a href=\"https:\/\/episkopat.pl\/doc\/238369.Stanowisko-Zespolu-Ekspertow-KEP-ds-Bioetycznych-odnosnie-do\">Stanowisko Zespo\u0142u Ekspert\u00f3w KEP ds. Bioetycznych<\/a><br><a href=\"https:\/\/episkopat.pl\/doc\/228925.List-Prezydium-Konferencji-Episkopatu-Polski-w-sprawie-nowego\"><\/a><a href=\"https:\/\/episkopat.pl\/doc\/238369.Stanowisko-Zespolu-Ekspertow-KEP-ds-Bioetycznych-odnosnie-do\">odno\u015bnie do godno\u015bci osobowej i&nbsp;prawa do chrztu dzieci pocz\u0119tych metod\u0105 in vitro<\/a><br>20.11.2025<a href=\"https:\/\/episkopat.pl\/doc\/228925.List-Prezydium-Konferencji-Episkopatu-Polski-w-sprawie-nowego\"><br><\/a>[episkopat.pl]<\/strong><\/p>\n\n\n\n<p class=\"has-text-align-center\">*<\/p>\n\n\n\n<p><strong>Hanna Dobrowolska, ekspert o\u015bwiatowy, koordynator Koalicji na Rzecz Ocalenia Polskiej Szko\u0142y, w audycji \u201eAktualno\u015bci dnia\u201d na antenie Radia Maryja<\/strong><\/p>\n\n\n\n<p>Zobacz:<\/p>\n\n\n\n<ul><li>Radio Maryja,&nbsp;<a href=\"https:\/\/www.radiomaryja.pl\/informacje\/h-dobrowolska-o-nowej-ustawie-o-prawie-oswiatowym-ustawa-calkowicie-dekonstruuje-obecny-system-nauczania-obecne-cele-szkoly-musimy-sie-temu-sprzeciwic\/\">H. Dobrowolska o nowej ustawie o prawie o\u015bwiatowym: Ustawa ca\u0142kowicie dekonstruuje obecny system nauczania, obecne cele szko\u0142y. Musimy si\u0119 temu sprzeciwi\u0107!<\/a>, radiomaryja.pl, 22.11.2025.<\/li><\/ul>\n\n\n\n<p>Ca\u0142\u0105 audycj\u0119 mo\u017cna ods\u0142ucha\u0107   [<strong><a href=\"https:\/\/www.radiomaryja.pl\/multimedia\/koalicja-na-rzecz-ocalenia-polskiej-szkoly-oglasza-narodowe-konsultacje-podstaw-programowych\/\">tutaj<\/a><\/strong>].<\/p>\n\n\n\n<p class=\"has-text-align-center\">*<\/p>\n\n\n\n<p><strong>Magdalena Guziak-Nowak, dyrektor ds. edukacji w Polskim Stowarzyszeniu Obro\u0144c\u00f3w \u017bycia Cz\u0142owieka, w audycji \u201eAktualno\u015bci dnia\u201d na antenie Radia Maryja<\/strong><\/p>\n\n\n\n<p>Zobacz:<\/p>\n\n\n\n<ul><li>Radio Maryja,&nbsp;<a href=\"https:\/\/www.radiomaryja.pl\/informacje\/m-guziak-nowak-w-momencie-zamrozenia-ludzkich-zarodkow-wiekszosc-z-tych-dzieci-traci-szanse-na-narodziny-znaczaca-czesc-z-nich-nie-przezyje-procedury-odmrozenia\/\">M. Guziak-Nowak: W momencie zamro\u017cenia ludzkich zarodk\u00f3w, wi\u0119kszo\u015b\u0107 z tych dzieci traci szans\u0119 na narodziny. znacz\u0105ca cz\u0119\u015b\u0107 z nich nie prze\u017cyje procedury odmro\u017cenia<\/a>, radiomaryja.pl, 27.11.2025.<\/li><\/ul>\n\n\n\n<p>Ca\u0142\u0105 audycj\u0119 mo\u017cna ods\u0142ucha\u0107   [<strong><a href=\"https:\/\/www.radiomaryja.pl\/multimedia\/blisko-200-tys-zamrozonych-zarodkow-w-polskich-klinikach-in-vitro\/\">tutaj<\/a><\/strong>].<\/p>\n\n\n\n<p class=\"has-text-align-center\">*<\/p>\n\n\n<div class=\"wp-block-image\">\n<figure class=\"aligncenter size-large\"><img src=\"http:\/\/dobreszczepionki.pl\/wp-content\/uploads\/2026\/01\/0.13._wycofajmy-aborcje-1024x237.jpg\" alt=\"\" class=\"wp-image-42996\"\/><figcaption>Fot. via wycofajmyaborcje.pl<\/figcaption><\/figure><\/div>\n\n\n<p class=\"has-text-align-center\">*<\/p>\n\n\n\n<p class=\"has-text-align-center\"><strong><a href=\"https:\/\/wycofajmyaborcje.pl\/\">WYCOFAJMY ABORCJ\u0118<\/a><a href=\"https:\/\/episkopat.pl\/doc\/228925.List-Prezydium-Konferencji-Episkopatu-Polski-w-sprawie-nowego\"><br><\/a>Petycja do Minister Zdrowia<br>opublikowana przez &nbsp;Instytut na Rzecz Kultury Prawnej Ordo Iuris<br>08.12.2025<br>[wycofajmyaborcje.pl]<\/strong><\/p>\n\n\n\n<p class=\"has-text-align-center\">*<\/p>\n\n\n\n<p><strong>Parlament Europejski przyj\u0105\u0142 rezolucj\u0119 popieraj\u0105c\u0105 europejsk\u0105 inicjatyw\u0119 obywatelsk\u0105 \u201eMy Voice, My Choice\u201d<\/strong><\/p>\n\n\n\n<p>Zobacz:<\/p>\n\n\n\n<ul><li>Ordo Iuris,&nbsp;<a href=\"https:\/\/ordoiuris.pl\/informacje-prasowe\/atak-na-ochrone-zycia-w-europie-parlament-europejski-poparl-inicjatywe-my-voice-my-choice\/\">Atak na ochron\u0119 \u017cycia w Europie. Parlament Europejski popar\u0142 inicjatyw\u0119 \u201eMy voice, my choice\u201d<\/a>, ordoiuris.pl, 17.12.2025.<\/li><\/ul>\n\n\n\n<p class=\"has-text-align-center\">*<\/p>\n\n\n\n<p><strong>Prof. Bogdan Chazan, ginekolog-po\u0142o\u017cnik, w audycji \u201eAktualno\u015bci dnia\u201d na antenie Radia Maryja<\/strong><\/p>\n\n\n\n<p>Zobacz:<\/p>\n\n\n\n<ul><li>Radio Maryja,&nbsp;<a href=\"https:\/\/www.radiomaryja.pl\/informacje\/prof-b-chazan-zadna-procedura-medyczna-w-ginekologii-nie-zostala-tak-uhonorowana-przez-rzadzacych-jak-zabojstwo-prenatalne\/\">Prof. B. Chazan: \u017badna procedura medyczna w ginekologii nie zosta\u0142a tak \u201euhonorowana\u201d przez rz\u0105dz\u0105cych jak zab\u00f3jstwo prenatalne<\/a>, radiomaryja.pl, 30.12.2025.<\/li><\/ul>\n\n\n\n<p>Ca\u0142\u0105 audycj\u0119 mo\u017cna ods\u0142ucha\u0107   [<strong><a href=\"https:\/\/www.radiomaryja.pl\/multimedia\/tzw-aborcja-i-in-vitro-konsekwencje-moralne-i-demograficzne-dla-spoleczenstwa\/\">tutaj<\/a><\/strong>].<\/p>\n\n\n\n<p class=\"has-text-align-center\">*<\/p>\n\n\n\n<p><strong>Mec. Jerzy Kwa\u015bniewski, prezes zarz\u0105du i wsp\u00f3\u0142za\u0142o\u017cyciel Instytutu na Rzecz Kultury Prawnej \u201eOrdo Iuris\u201d, w audycji \u201eRozmowy niedoko\u0144czone\u201d na antenie TV Trwam<\/strong><\/p>\n\n\n\n<p>Zobacz:<\/p>\n\n\n\n<ul><li>Radio Maryja,&nbsp;<a href=\"https:\/\/www.radiomaryja.pl\/informacje\/mec-j-kwasniewski-kazdego-roku-na-swiecie-zabijane-sa-73-mln-dzieci-w-procedurze-aborcji-mamy-barbarzynce-z-maczuga-jakim-jest-rzad-ktory-wymusza-zbrodnicza-aktywnosc-szpitali-w-polsce\/\">Mec. J. Kwa\u015bniewski: Ka\u017cdego roku na \u015bwiecie zabijane s\u0105 73 mln dzieci w procedurze aborcji. Mamy barbarzy\u0144c\u0119 z maczug\u0105, jakim jest rz\u0105d, kt\u00f3ry wymusza zbrodnicz\u0105 aktywno\u015b\u0107 szpitali w Polsce<\/a>, radiomaryja.pl, 30.12.2025.<\/li><\/ul>\n\n\n\n<p class=\"has-text-align-center\">*<\/p>\n\n\n\n<p class=\"has-text-align-center\"><strong><a href=\"https:\/\/episkopat.pl\/doc\/240708.Stanowisko-Zespolu-Ekspertow-KEP-ds-Bioetycznych-wobec\">Stanowisko Zespo\u0142u Ekspert\u00f3w KEP ds. Bioetycznych <\/a><br><a href=\"https:\/\/episkopat.pl\/doc\/240708.Stanowisko-Zespolu-Ekspertow-KEP-ds-Bioetycznych-wobec\">wobec rezolucji Parlamentu Europejskiego<\/a><strong><br><\/strong><a href=\"https:\/\/episkopat.pl\/doc\/240708.Stanowisko-Zespolu-Ekspertow-KEP-ds-Bioetycznych-wobec\"> \u201eMy Voice, My Choice: For Safe and Accessible Abortion\u201d<\/a><br>07.01.2026<br>[episkopat.pl]<\/strong><\/p>\n\n\n\n<p class=\"has-text-align-center\">*<\/p>\n\n\n\n<p><strong>Ochrona prawa do \u017cycia fundamentem wszystkich praw cz\u0142owieka<\/strong><\/p>\n\n\n\n<p>Zobacz:<\/p>\n\n\n\n<ul><li>Leon XIV,&nbsp;<a href=\"https:\/\/www.vatican.va\/content\/leo-xiv\/pl\/speeches\/2026\/january\/documents\/20260109-corpo-diplomatico.html\">Przem\u00f3wienie do cz\u0142onk\u00f3w Korpusu Dyplomatycznego<\/a>, Aula B\u0142ogos\u0142awie\u0144stw, 09.01.2026, vatican.va, 09.01.2026.<\/li><\/ul>\n\n\n\n<p class=\"has-text-align-center\">*<\/p>\n\n\n\n<p><strong>In vitro &#8211; o tym si\u0119 nie m\u00f3wi<\/strong><\/p>\n\n\n\n<p>Zobacz:<\/p>\n\n\n\n<ul><li>Akademia Bioetyki,&nbsp;<a href=\"https:\/\/akademiabioetyki.pl\/aktualnosci\/o-tym-czego-panstwo-nie-mowi-parom-gdy-oferuje-bezplatne-leczenie-nieplodnosci-metoda-in-vitro\/\">O tym, czego pa\u0144stwo nie m\u00f3wi parom, gdy oferuje \u201ebezp\u0142atne leczenie\u201d niep\u0142odno\u015bci metod\u0105 in vitro<\/a>, akademiabioetyki.pl, 19.01.2026.<\/li><\/ul>\n\n\n\n<p class=\"has-text-align-center\">*<\/p>\n\n\n\n<p><strong>Codziennie w szpitalach \u2013 r\u0119kami polskich lekarzy i za pieni\u0105dze polskich podatnik\u00f3w \u2013 brutalnie morduje si\u0119 dwoje a nawet troje bezbronnych, nienarodzonych dzieci<\/strong><\/p>\n\n\n\n<p>Zobacz:<\/p>\n\n\n\n<ul><li>Kwa\u015bniewski J.,&nbsp;<a href=\"https:\/\/ordoiuris.pl\/komentarz\/dzis-zabito-dwojke-dzieci\/\">Dzi\u015b zabito dw\u00f3jk\u0119 dzieci<\/a>, ordoiuris.pl, 29.01.2026.<\/li><\/ul>\n\n\n\n<p class=\"has-text-align-center\">*<\/p>\n\n\n\n<p><strong>Wprowadzenie obowi\u0105zkowej edukacji zdrowotnej w obecnym kszta\u0142cie b\u0119dzie prowadzi\u0142o do naruszenia naturalnego i gwarantowanego konstytucyjnie prawa rodzic\u00f3w do wychowania dzieci zgodnie z w\u0142asnymi przekonaniami<\/strong><\/p>\n\n\n\n<p>Zobacz<\/p>\n\n\n\n<ul><li>Puzio M.,&nbsp;<a href=\"https:\/\/ordoiuris.pl\/analiza\/pozorny-kompromis-men-w-celu-wprowadzenia-obowiazkowej-edukacji-zdrowotnej\/\">Pozorny kompromis MEN w celu wprowadzenia obowi\u0105zkowej \u201eedukacji zdrowotnej\u201d<\/a>, ordoiuris.pl, 29.01.2026.<\/li><\/ul>\n\n\n\n<p class=\"has-text-align-center\">*<\/p>\n\n\n\n<p><strong>Stosowanie oceny funkcjonalnej wobec ucznia wbrew woli rodzic\u00f3w godzi w konstytucyjn\u0105 zasad\u0119 pierwsze\u0144stwa rodzic\u00f3w w wychowaniu dzieci oraz ochrony \u017cycia rodzinnego i prywatnego<\/strong><\/p>\n\n\n\n<p>Zobacz:<\/p>\n\n\n\n<ul><li>Ordo Iuris, <a href=\"https:\/\/ordoiuris.pl\/informacje-prasowe\/inwigilacja-uczniow-i-ich-rodzin-pod-plaszczykiem-diagnozy-ordo-iuris-udostepnia-rodzicom-wzor-sprzeciwu\/\">Inwigilacja uczni\u00f3w i ich rodzin pod p\u0142aszczykiem diagnozy? Ordo Iuris udost\u0119pnia rodzicom wz\u00f3r sprzeciwu<\/a>, ordoiuris.pl, 02.02.2026.<\/li><\/ul>\n\n\n\n<p class=\"has-text-align-center\">*<\/p>\n\n\n\n<p class=\"has-text-align-center\"><strong><a href=\"https:\/\/ordoiuris.pl\/wp-content\/uploads\/2026\/02\/oswiadczenie-rodzicielskie-ocena-funkcjonalna.pdf\">O\u015aWIADCZENIE RODZICIELSKIE<\/a><br>w sprawie sprzeciwu wobec stosowania tzw. oceny funkcjonalnej ucznia<br>2.02.2026<br>[ordoiuris.pl]<\/strong><\/p>\n\n\n<a href=\"http:\/\/dobreszczepionki.pl\/wp-content\/uploads\/2026\/02\/9.12._Oswiadczenie-rodzicielskie-ocena-funkcjonalna-02-02-2026.pdf\" class=\"pdfemb-viewer\" style=\"\" data-width=\"max\" data-height=\"max\"  data-toolbar=\"both\" data-toolbar-fixed=\"on\">9.12._Oswiadczenie-rodzicielskie-ocena-funkcjonalna-02-02-2026<br\/><\/a>\n\n\n\n<p class=\"has-text-align-center\">*<\/p>\n\n\n\n<p><strong>Nowe regulacje USA<\/strong><\/p>\n\n\n\n<p>Zobacz:<\/p>\n\n\n\n<ul><li>Karol Darmoros,&nbsp;<a href=\"https:\/\/www.vaticannews.va\/pl\/swiat\/news\/2026-02\/usa-koniec-finansowania-aborcji-i-ideologii-gender-za-granica.html\">USA: koniec finansowania aborcji i ideologii gender za granic\u0105<\/a>, vaticannews.va, 06.02.2026.<\/li><\/ul>\n\n\n\n<p class=\"has-text-align-center\">*<\/p>\n\n\n\n<p><strong>Komisja Europejska podj\u0119\u0142a decyzj\u0119 o poparciu europejskiej inicjatywy obywatelskiej \u201eMy Voice, My Choice\u201d<\/strong><\/p>\n\n\n\n<p>Zobacz:<\/p>\n\n\n\n<ul><li>Ordo Iuris, <a href=\"https:\/\/ordoiuris.pl\/informacje-prasowe\/ke-popiera-mozliwosc-finansowania-aborcji-ze-srodkow-unijnych-decyzja-wbrew-kompetencjom-unii-europejskiej\/\">KE popiera mo\u017cliwo\u015b\u0107 finansowania aborcji ze \u015brodk\u00f3w unijnych \u2013 decyzja wbrew kompetencjom Unii Europejskiej<\/a>, ordoiuris.pl, 27.02.2026. <\/li><\/ul>\n\n\n\n<p class=\"has-text-align-center\">*<\/p>\n\n\n\n<p><strong>Decyzja Komisji Europejskiej o finansowaniu turystyki aborcyjnej z funduszy unijnych to zanegowanie zasad, na kt\u00f3rych opiera si\u0119 Unia Europejska<\/strong><\/p>\n\n\n\n<p>Zobacz:<\/p>\n\n\n\n<ul><li>Krzysztof Bronk i Xavier Sartre \u2013 Watykan,&nbsp;<a href=\"https:\/\/www.vaticannews.va\/pl\/swiat\/news\/2026-02\/comece-w-sprawie-aborcji-kom-europejska-narusza-zasady-unii.html\">COMECE: w sprawie aborcji Kom. Europejska narusza zasady Unii<\/a>, vaticannews.va, 27.02.2026.<\/li><\/ul>\n\n\n\n<p class=\"has-text-align-center\">*<\/p>\n\n\n\n<p class=\"has-text-align-center\"><strong>Polskie Stowarzyszenie Obro\u0144c\u00f3w \u017bycia Cz\u0142owieka<br><a href=\"https:\/\/pro-life.pl\/wp-content\/uploads\/2026\/03\/list-otwarty-psozc-do-men-w-sprawie-obowiazkowej-edukacji-zdrowotnej-11-03-2026.pdf\">Stop deprawacji polskich dzieci! List otwarty \u2013 apel o zablokowanie<\/a><br><a href=\"https:\/\/pro-life.pl\/wp-content\/uploads\/2026\/03\/list-otwarty-psozc-do-men-w-sprawie-obowiazkowej-edukacji-zdrowotnej-11-03-2026.pdf\">obowi\u0105zkowej \u201eEdukacji zdrowotnej\u201d i przywr\u00f3cenie \u201eWychowania do \u017cycia w rodzinie\u201d<\/a><br>11.03.2026<br>[pro-life.pl]<\/strong><\/p>\n\n\n\n<p class=\"has-text-align-center\">*<\/p>\n\n\n\n<p><strong>Prof. Pawe\u0142 Skrzydlewski, filozof, rektor Akademii Zamojskiej, w felietonie z cyklu \u201eSpr\u00f3buj pomy\u015ble\u0107\u201d na antenie Radia Maryja<\/strong><\/p>\n\n\n\n<p>Zobacz:<\/p>\n\n\n\n<ul><li>Radio Maryja,&nbsp;<a href=\"https:\/\/www.radiomaryja.pl\/informacje\/prof-p-skrzydlewski-wojna-jest-tam-gdzie-gina-ludzie-i-rujnowane-sa-najwieksze-ludzkie-dobra-choc-ma-to-miejsce-na-calym-swiecie-to-poprawnosc-polityczna-nie-pozwala-nam-mowic-o-wojnie-jaka-toc\/\">Prof. P. Skrzydlewski: Wojna jest tam, gdzie gin\u0105 ludzie i rujnowane s\u0105 najwi\u0119ksze ludzkie dobra. Cho\u0107 ma to miejsce na ca\u0142ym \u015bwiecie, to poprawno\u015b\u0107 polityczna nie pozwala nam m\u00f3wi\u0107 o wojnie, jak\u0105 toczy si\u0119 dzi\u015b z najs\u0142abszymi i bezbronnymi lud\u017ami w postaci tzw. aborcji<\/a>, radiomaryja.pl, 15.03.2026.<\/li><\/ul>\n\n\n\n<p>Ca\u0142\u0105 audycj\u0119 mo\u017cna ods\u0142ucha\u0107   [<a href=\"https:\/\/www.radiomaryja.pl\/multimedia\/sprobuj-pomyslec-2251\/\"><strong>tutaj<\/strong><\/a>].<\/p>\n\n\n\n<p class=\"has-text-align-center\">*<\/p>\n\n\n\n<p class=\"has-text-align-center\"><strong><a href=\"https:\/\/episkopat.pl\/doc\/243918.Zespol-Ekspertow-KEP-ds-Bioetycznych-krytycznie-o-projekcie\">Stanowisko Zespo\u0142u Ekspert\u00f3w KEP ds. Bioetycznych<strong><br><\/strong>wobec projektu zmiany ustaw o \u015bwiadczeniach <strong>opieki zdrowotnej<strong><br><\/strong><\/strong>finansowanych ze \u015brodk\u00f3w publicznych oraz o refundacji lek\u00f3w, \u015brodk\u00f3w spo\u017cywczych<strong><strong><br><\/strong><\/strong>specjalnego przeznaczenia \u017cywieniowego i wyrob\u00f3w medycznych<\/a><br>16.03.2026<br>[episkopat.pl]<\/strong><\/p>\n\n\n\n<p class=\"has-text-align-center\">*<\/p>\n\n\n\n<div class=\"wp-container-1 wp-block-group\"><div class=\"wp-block-group__inner-container\">\n<p class=\"has-text-align-center\"><strong><a href=\"https:\/\/proelio.pl\/petycje\/viewpetition\/85-nie-dla-obowiazkowej-edukacji-zdrowotnej\">NIE dla obowi\u0105zkowej \u201eedukacji zdrowotnej\u201d<\/a><br>Protestujemy i apelujemy o poszanowanie konstytucyjnych praw rodzic\u00f3w!<br>17.03.2026<br>[proelio.pl]<\/strong><\/p>\n\n\n\n<p class=\"has-text-align-center\">*<\/p>\n\n\n\n<p class=\"has-text-align-center\"><strong><a href=\"https:\/\/pro-life.pl\/przeslanie-46-pielgrzymki-obroncow-zycia-czlowieka-jasna-gora-21-marca-2026-r\/\">Przes\u0142anie 46. Pielgrzymki Obro\u0144c\u00f3w \u017bycia Cz\u0142owieka<\/a><br>21.03.2026<br>[pro-life.pl]<\/strong><\/p>\n<\/div><\/div>\n\n\n\n<p><strong>Dr Magdalena Korzekwa-Kaliszuk, prawnik i psycholog, prezes Fundacji Grupa Proelio, w audycji \u201eAktualno\u015bci dnia\u201d na antenie Radia Maryja<\/strong><\/p>\n\n\n\n<p>Zobacz:<\/p>\n\n\n\n<ul><li>Radio Maryja,&nbsp;<a href=\"https:\/\/www.radiomaryja.pl\/informacje\/dr-m-korzekwa-kaliszuk-o-eutanazji-25-letniej-noeli-lekarze-maja-stac-sie-slugami-takiego-swiata-w-ktorym-liczy-sie-przyjemnosc-i-wygoda-a-nie-sluzba-i-poswiecenie\/\">Dr M. Korzekwa-Kaliszuk o eutanazji 25-letniej Noeli: Lekarze maj\u0105 sta\u0107 si\u0119 s\u0142ugami takiego \u015bwiata, w kt\u00f3rym liczy si\u0119 przyjemno\u015b\u0107 i wygoda, a nie s\u0142u\u017cba i po\u015bwi\u0119cenie<\/a>, radiomaryja.pl, 28.03.2026.<\/li><\/ul>\n\n\n\n<p>Ca\u0142\u0105 audycj\u0119 mo\u017cna ods\u0142ucha\u0107   [<strong><a href=\"https:\/\/www.radiomaryja.pl\/multimedia\/w-hiszpanii-doszlo-do-eutanazji-25-letniej-noeli\/\">tutaj<\/a><\/strong>].<\/p>\n\n\n\n<p class=\"has-text-align-center\">*<\/p>\n\n\n\n<p class=\"has-text-align-center\"><strong><a href=\"https:\/\/citizengo.org\/pl\/fm\/17889-nowacka-ignoruje-rodzic%C3%B3w--stop-przymusowej-indoktrynacji-dzieci-\">Nowacka ignoruje rodzic\u00f3w. STOP przymusowej indoktrynacji dzieci!<\/a><br>Petycja do Minister Edukacji&nbsp;<br>9.04.2026<br>[citizengo.org]<\/strong><\/p>\n\n\n\n<p class=\"has-text-align-center\">*<\/p>\n\n\n\n<p><strong>Barbara Nowak, b. ma\u0142opolska kurator o\u015bwiaty, w audycji \u201eAktualno\u015bci dnia\u201d na antenie Radia Maryja<\/strong><\/p>\n\n\n\n<p>Zobacz:<\/p>\n\n\n\n<ul><li>Radio Maryja, <a href=\"https:\/\/www.radiomaryja.pl\/informacje\/b-nowak-program-edukacji-zdrowotnej-jest-zaplanowanym-samobojstwem-narodu-polskiego\/\">B. Nowak: Program edukacji zdrowotnej jest zaplanowanym samob\u00f3jstwem narodu polskiego<\/a>, radiomaryja.pl, 11.04.2026.<\/li><\/ul>\n\n\n\n<p>Ca\u0142\u0105 audycj\u0119 mo\u017cna ods\u0142ucha\u0107   [<strong><a href=\"https:\/\/www.radiomaryja.pl\/multimedia\/od-nowego-roku-szkolnego-edukacja-zdrowotna-bedzie-obowiazkowa-z-wylaczeniem-modulu-dot-wiedzy-seksualnej\/\">tutaj<\/a><\/strong>].<\/p>\n\n\n\n<p class=\"has-text-align-center\">*<\/p>\n\n\n\n<p class=\"has-text-align-center\"><strong><a href=\"https:\/\/episkopat.pl\/doc\/245386.Oswiadczenie-Komisji-Wychowania-Katolickiego-KEP-wobec\">O\u015bwiadczenie Komisji Wychowania Katolickiego KEP<br>wobec planowanej obowi\u0105zkowej Edukacji zdrowotnej w szko\u0142ach<\/a><br>13.04.2026<br>[episkopat.pl]<\/strong><\/p>\n\n\n\n<p class=\"has-text-align-center\">*<\/p>\n\n\n\n<p><strong>Zobacz:<\/strong><\/p>\n\n\n\n<ul><li><strong><a href=\"http:\/\/dobreszczepionki.pl\/?page_id=28737\">Literatura w obronie \u017cycia<\/a>.<\/strong><\/li><\/ul>\n\n\n\n<p class=\"has-text-align-right\"><strong>Aktualizacja: 14.04.2026<\/strong><\/p>\n","protected":false},"excerpt":{"rendered":"<p>\u201eNic i nikt nie mo\u017ce da\u0107 prawa do zabicia niewinnej istoty ludzkiej, czy to jest embrion czy p\u0142\u00f3d, dziecko czy doros\u0142y, cz\u0142owiek stary, nieuleczalnie chory czy umieraj\u0105cy\u201d Jan Pawe\u0142 II, \u201eEvangelium vitae\u201d 57 * Historia legalizacji aborcji w Europie i w Polsce oraz ofiary ludob\u00f3jstwa XX i XXI wieku Zobacz: Ulotki pro-life.pl [tutaj]. * \u201eKr\u00f3lowo <a href=\"http:\/\/dobreszczepionki.pl\/?page_id=7130\">Read More<\/a><\/p>\n","protected":false},"author":3,"featured_media":0,"parent":0,"menu_order":9,"comment_status":"closed","ping_status":"closed","template":"","meta":[],"_links":{"self":[{"href":"http:\/\/dobreszczepionki.pl\/index.php?rest_route=\/wp\/v2\/pages\/7130"}],"collection":[{"href":"http:\/\/dobreszczepionki.pl\/index.php?rest_route=\/wp\/v2\/pages"}],"about":[{"href":"http:\/\/dobreszczepionki.pl\/index.php?rest_route=\/wp\/v2\/types\/page"}],"author":[{"embeddable":true,"href":"http:\/\/dobreszczepionki.pl\/index.php?rest_route=\/wp\/v2\/users\/3"}],"replies":[{"embeddable":true,"href":"http:\/\/dobreszczepionki.pl\/index.php?rest_route=%2Fwp%2Fv2%2Fcomments&post=7130"}],"version-history":[{"count":4803,"href":"http:\/\/dobreszczepionki.pl\/index.php?rest_route=\/wp\/v2\/pages\/7130\/revisions"}],"predecessor-version":[{"id":43896,"href":"http:\/\/dobreszczepionki.pl\/index.php?rest_route=\/wp\/v2\/pages\/7130\/revisions\/43896"}],"wp:attachment":[{"href":"http:\/\/dobreszczepionki.pl\/index.php?rest_route=%2Fwp%2Fv2%2Fmedia&parent=7130"}],"curies":[{"name":"wp","href":"https:\/\/api.w.org\/{rel}","templated":true}]}}