{"id":8,"date":"2018-07-10T12:10:59","date_gmt":"2018-07-10T12:10:59","guid":{"rendered":"http:\/\/v3.dobreszczepionki.pl\/?page_id=8"},"modified":"2026-05-01T14:50:11","modified_gmt":"2026-05-01T14:50:11","slug":"strona-glowna","status":"publish","type":"page","link":"http:\/\/dobreszczepionki.pl\/","title":{"rendered":"Strona G\u0142\u00f3wna"},"content":{"rendered":"\n<p class=\"has-text-align-right\">&nbsp;&nbsp;&nbsp;&nbsp;&nbsp;&nbsp;&nbsp;&nbsp;&nbsp;&nbsp;&nbsp;&nbsp;&nbsp;&nbsp;&nbsp;&nbsp;&nbsp;&nbsp;&nbsp;&nbsp;<strong>\u201eIstnieje&nbsp; powa\u017cny&nbsp; obowi\u0105zek&nbsp; stosowania&nbsp; alternatywnych&nbsp; szczepionek&nbsp; oraz&nbsp;&nbsp; &nbsp; &nbsp;sprzeciwu sumienia w odniesieniu do tych, kt\u00f3re s\u0105 moralnie problematyczne\u201d<\/strong><\/p>\n\n\n\n<p class=\"has-text-align-right\">Papieska Akademia \u017bycia<\/p>\n\n\n\n<p class=\"has-text-align-center\">*<\/p>\n\n\n\n<p><strong>Aborcja jest wyrafinowanym z\u0142em. Je\u015bli aborcj\u0105 jest odebranie \u017cycia niewinnej i bezbronnej osobie ludzkiej, to czyn ten jest zawsze i wsz\u0119dzie moralnie nies\u0142uszny.<\/strong><\/p>\n\n\n\n<p class=\"has-text-align-center\">*<\/p>\n\n\n\n<p>Cho\u0107 prawie wszyscy rodzice uczestnicz\u0105 w Programie Szczepie\u0144 Ochronnych w Polsce, to tylko nieliczni s\u0105 \u015bwiadomi tego, \u017ce wiele szczepionek przeciw powszechnym chorobom zaka\u017anym wytwarzanych jest z u\u017cyciem linii kom\u00f3rkowych &#8211; pochodz\u0105cych z cia\u0142 dzieci, kt\u00f3re straci\u0142y \u017cycie w wyniku aborcji.<\/p>\n\n\n\n<p>Tak jest w przypadku potr\u00f3jnie skojarzonych szczepionek przeciw odrze, \u015bwince i r\u00f3\u017cyczce M-M-RvaxPro [podmiot odpowiedzialny MSD Vaccins] i Priorix [podmiot odpowiedzialny GlaxoSmithKline Biologicals S.A.], kt\u00f3rymi obowi\u0105zkowo szczepione s\u0105 dzieci w 13.-15. miesi\u0105cu \u017cycia i w 6. roku \u017cycia albo w 10. roku \u017cycia, je\u015bli przed 2019 rokiem uko\u0144czy\u0142y 6. rok \u017cycia.<\/p>\n\n\n\n<p><strong>Rok 1962<\/strong> &#8211; w Instytucie Karolinska w Sztokholmie w wyniku aborcji straci\u0142a \u017cycie&nbsp;3-miesi\u0119czna dziewczynka,&nbsp;poniewa\u017c rodzice uwa\u017cali, \u017ce maj\u0105&nbsp;za du\u017co dzieci. Tkank\u0119 p\u0142ucn\u0105 p\u0142odu przetransportowano do Instytutu Wistar w Filadelfii, gdzie wyprowadzono z niej lini\u0119 kom\u00f3rkow\u0105 WI-38. Linia kom\u00f3rkowa WI-38 jest wykorzystywana przez firmy farmaceutyczne do produkcji szczepionek przeciw r\u00f3\u017cyczce.<\/p>\n\n\n\n<p><strong>Rok 1966<\/strong> &#8211; w Wielkiej Brytanii poddaje si\u0119 aborcji z przyczyn psychiatrycznych 27-letnia kobieta. W\u00f3wczas straci\u0142 \u017cycie 14-tygodniowy ch\u0142opiec, z kt\u00f3rego tkanki p\u0142ucnej w Medical Research Council w Londynie wyprowadzono lini\u0119 kom\u00f3rkow\u0105 MRC-5. Jest to 2. linia kom\u00f3rkowa obok WI-38 wykorzystywana przez firmy farmaceutyczne do produkcji szczepionek przeciw r\u00f3\u017cyczce.<\/p>\n\n\n\n<p>Aborcje zosta\u0142y wcze\u015bniej przygotowane, co umo\u017cliwi\u0142o naukowcom natychmiastowe zabezpieczenie \u017cywych tkanek. Na \u201emateria\u0142 biologiczny\u201d wybrano zdrowe p\u0142ody z genetycznie prawid\u0142owymi historiami rodzinnymi \u2013 bez chor\u00f3b nowotworowych. \u201eZabiegi\u201d przeprowadzono z zachowaniem szczeg\u00f3lnej sterylno\u015bci. Chodzi\u0142o o to, aby kom\u00f3rki by\u0142y w pe\u0142ni \u201eu\u017cyteczne\u201d.<\/p>\n\n\n\n<p>Linie kom\u00f3rkowe WI-38 i MRC-5, istniej\u0105ce od lat 60. ubieg\u0142ego wieku, maj\u0105 ograniczony okres prze\u017cywania. Ich kom\u00f3rki s\u0105 zdolne do ograniczonej liczby podwoje\u0144 populacji przed wyst\u0105pieniem senescencji. Kolejne linie kom\u00f3rkowe przygotowywano, niestety, takimi samymi metodami jak WI-38 i MRC-5.<\/p>\n\n\n\n<p><strong>Rok 2015<\/strong> &#8211; w Chinach powstaje linia kom\u00f3rkowa Walvax-2 wyprowadzona z tkanki p\u0142ucnej 3-miesi\u0119cznej dziewczynki wybranej spo\u015br\u00f3d 9 abortowanych dzieci, planowana do u\u017cycia w produkcji szczepionek wirusowych.<\/p>\n\n\n\n<p>Stosowanie szczepionek, kt\u00f3rych produkcja zwi\u0105zana jest z aborcj\u0105 p\u0142odu ludzkiego stanowi co najmniej po\u015bredni\u0105 i odleg\u0142\u0105 form\u0119 biernej wsp\u00f3\u0142pracy materialnej w aborcji, i bardzo bliskiej biernej wsp\u00f3\u0142pracy materialnej w zakresie obrotu nimi.<\/p>\n\n\n\n<p>Ponadto stosowanie takich szczepionek przyczynia si\u0119 do tworzenia og\u00f3lnego przyzwolenia spo\u0142ecznego dla funkcjonowania przemys\u0142u farmaceutycznego, kt\u00f3ry wytwarza je w spos\u00f3b niemoralny.<\/p>\n\n\n\n<p>Dlatego lekarze i rodzice maj\u0105 obowi\u0105zek stosowania alternatywnych szczepionek [je\u015bli istniej\u0105]. Ponadto maj\u0105 obowi\u0105zek <strong>wyrazi\u0107 sw\u00f3j sprzeciw<\/strong> wobec wykorzystywania do produkcji szczepionek \u201emateria\u0142u biologicznego\u201d pochodz\u0105cego z niegodziwego \u017ar\u00f3d\u0142a i za\u017c\u0105da\u0107 od Ministerstwa Zdrowia, kt\u00f3re wytycza kierunki polityki zdrowotnej kraju, by dost\u0119pne by\u0142y inne rodzaje szczepionek.<\/p>\n\n\n\n<p class=\"has-text-align-center\">*<\/p>\n\n\n\n<p><strong>Potrzebne czy nie?<\/strong><\/p>\n\n\n\n<p>Zobacz:<\/p>\n\n\n\n<ul><li>Krzyszkowska R., <a href=\"https:\/\/www.przewodnik-katolicki.pl\/Archiwum\/2012\/Przewodnik-Katolicki-13-2012\/Rodzina\/Szczepionkowe-kontrowersje\">Szczepionkowe kontrowersje<\/a>, \u201ePrzewodnik Katolicki\u201d [2012] nr 13.<\/li><\/ul>\n\n\n\n<p class=\"has-text-align-center\">*<\/p>\n\n\n\n<p class=\"has-text-align-left\"><strong>Obowi\u0105zkowe szczepienia a sprzeciw sumienia<\/strong><\/p>\n\n\n\n<p>Zobacz:<\/p>\n\n\n\n<ul><li><span class=\"name\">Bal\u00e1k R., <span role=\"presentation\" dir=\"ltr\"><a href=\"http:\/\/wydawnictwo.uwm.edu.pl\/uploads\/documents\/czytelnia\/forum\/forumXV.pdf\">Mandatory vaccination and conscientious objection<\/a>, \u201eForum Teologiczne\u201d [2014] vol. 15, 67-82.<\/span><\/span><\/li><\/ul>\n\n\n\n<p><strong><span class=\"name\">Dr Ren\u00e9 Bal\u00e1k <\/span><\/strong><span class=\"name\">[30.11.1967<\/span>\u2013<span class=\"name\"><span class=\"ILfuVd\"><span class=\"hgKElc\">20.09.<\/span><\/span>2021] \u2013 s\u0142owacki teolog i etyk, ojciec&nbsp;6 dzieci; studiowa\u0142 filozofi\u0119 i teologi\u0119 na Uniwersytecie Palackiego w O\u0142omu\u0144cu; uko\u0144czy\u0142 podyplomowe studia doktoranckie z teologii moralnej i etyki na Katolickim Uniwersytecie Lubelskim Jana Paw\u0142a II; tutaj 26.06.2000 roku uzyska\u0142 stopie\u0144 naukowy doktora teologii; pracowa\u0142 w Katedrze Filozofii oraz w Centrum Bioetyki na Wydziale Artystycznym Uniwersytetu \u015awi\u0119tych Cyryla i Metodego w Trnawie; autor publikacji bioetycznej:<\/span> <strong>Mysterium vitae \u2013 \u017divot \u010dloveka v ruk\u00e1ch \u010dloveka 1 a 2<\/strong>.<\/p>\n\n\n\n<div class=\"wp-container-1 wp-block-group\"><div class=\"wp-block-group__inner-container\">\n<p class=\"has-text-align-center\">*<\/p>\n\n\n\n<p class=\"has-text-align-center\"><strong><a href=\"http:\/\/dobreszczepionki.pl\/wp-content\/uploads\/2026\/01\/6.1._Petycja-do-Ministra-Zdrowia-22-04-2016.pdf\"><strong>Petycja<\/strong> <strong>do Ministra Zdrowia<br><strong>w sprawie zagwarantowania rodzicom<\/strong><\/strong><br><strong>mo\u017cliwo\u015bci szczepienia dzieci<\/strong> <strong>\u015brodkami niebudz\u0105cymi sprzeciwu sumienia<\/strong><\/a><br>22.04.2016<br>[dobreszczepionki.pl]<\/strong><\/p>\n<\/div><\/div>\n\n\n\n<p class=\"has-text-align-center\">*<\/p>\n\n\n\n<p class=\"has-text-align-center\"><strong><a href=\"https:\/\/www.citizengo.org\/pl\/lf\/155187-apel-o-etyczna-szczepionke-przeciwko-odrze-swince-i-rozyczce-w-europie\"><strong>Apel<\/strong> <strong>do MSD Vaccins oraz GlaxoSmithKline Biologicals S.A.<\/strong><br><strong>o etyczn\u0105 szczepionk\u0119 przeciwko odrze, \u015bwince i r\u00f3\u017cyczce w Europie<\/strong><\/a><br><strong>opublikowany przez CitizenGO<\/strong><br>2.02.2018<\/strong><\/p>\n\n\n\n<p class=\"has-text-align-center\">*<\/p>\n\n\n\n<p class=\"has-text-align-center\"><strong><a href=\"https:\/\/www.gov.pl\/web\/zdrowie\/petycja-w-sprawie-podjecia-przez-ministerstwo-zdrowia-rozmow-z-producentami-etycznych-szczepionek-przeciw-odrze-i-rozyczce-w-celu-zainteresowania-producentow-rejestracja-tych-produktow-w-polsce\"><strong>Pro\u015bba Matki <span dir=\"ltr\">do Ministra Zdrowia<\/span><\/strong><br><strong><span dir=\"ltr\">o udost\u0119pnienie szczepionki przeciw odrze i r\u00f3\u017cyczce<\/span><\/strong><br>oraz o <span dir=\"ltr\">rzeczowe i konstruktywne rozwi\u0105zanie problemu spo\u0142ecznego<\/span><br><span dir=\"ltr\">szczepionek zwi\u0105zanych z aborcj\u0105 p\u0142odu ludzkiego<\/span><\/a><br>15.01.2021<br>[gov.pl]<\/strong><\/p>\n\n\n\n<p class=\"has-text-align-center\">*<\/p>\n\n\n\n<p class=\"has-text-align-center\"><strong><a href=\"http:\/\/kslpmazowsze.pl\/2022\/11\/3-xi-2022-list-w-sprawie-szczepienia-dziecka-szczepionka-niezarejestrowana-w-polsce\/\">LIST<br>w sprawie szczepienia dziecka szczepionk\u0105 alternatywn\u0105<\/a><br>3.11.2022<br>[kslpmazowsze.pl]<\/strong><\/p>\n\n\n\n<p>Na adres Oddzia\u0142u Mazowieckiego Katolickiego Stowarzyszenia Lekarzy Polskich dotar\u0142 27.10.2022 list pani K.K. matki ma\u0142ego dziecka \u201eodno\u015bnie mo\u017cliwo\u015bci zaszczepienia dziecka szczepionk\u0105 niezarejestrowan\u0105 w Polsce\u201d. Zarz\u0105d OM KSLP ustosunkowa\u0142 si\u0119 wobec spraw poruszonych w li\u015bcie.<\/p>\n\n\n\n<p>Zobacz:<\/p>\n\n\n\n<ul><li>Zarz\u0105d Oddzia\u0142u Mazowieckiego&nbsp;Katolickiego Stowarzyszenia Lekarzy Polskich,<a href=\"http:\/\/kslpmazowsze.pl\/2022\/11\/3-xi-2022-list-w-sprawie-szczepienia-dziecka-szczepionka-niezarejestrowana-w-polsce\/\"> List w sprawie szczepienia dziecka szczepionk\u0105 alternatywn\u0105<\/a>, Warszawa, 03.11.2022, kslpmazowsze.pl, 03.11.2022.<\/li><\/ul>\n\n\n\n<p class=\"has-text-align-center\">*<\/p>\n\n\n\n<p class=\"has-text-align-center\"><strong> J.F. Naumann i in.<br><a href=\"https:\/\/www.usccb.org\/resources\/Letter-to-FDA-urging-ethical-COVID-vaccines.pdf\">List do U.S. Food and Drug Administration <br>wzywaj\u0105cy do etycznych szczepionek przeciw COVID<\/a><br>17.04.2020<br>[usccb.org]<\/strong><\/p>\n\n\n\n<p class=\"has-text-align-center\">*<\/p>\n\n\n\n<p class=\"has-text-align-center\"><strong><a href=\"https:\/\/www.dioceseoftyler.org\/images\/documents\/bishop\/2020\/covid-19_vacc_letter_2020.pdf\">List pasterski bp. Josepha E. Stricklanda<br>w sprawie etycznego rozwoju szczepionki przeciw COVID-19<\/a><br>23.04.2020<br>[dioceseoftyler.org]<\/strong><\/p>\n\n\n\n<p class=\"has-text-align-center\">*<\/p>\n\n\n\n<p><strong>Etyczny aspekt szczepionki na COVID-19<\/strong><\/p>\n\n\n\n<p>Badacze z uniwersytetu w Oksfordzie pracuj\u0105 nad szczepionk\u0105 przeciw koronawirusowi, kt\u00f3ra ma by\u0107 gotowa na jesieni. <strong>Do powstania szczepionki wykorzystane zosta\u0142y linie kom\u00f3rkowe ludzkiego p\u0142odu, uzyskanego na skutek aborcji.<\/strong> Niemoralnej produkcji sprzeciwiaj\u0105 si\u0119 przedstawiciele katolickich o\u015brodk\u00f3w bioetyki z Wielkiej Brytanii i Stan\u00f3w Zjednoczonych.<\/p>\n\n\n\n<p>Zobacz:<\/p>\n\n\n\n<ul><li>JB, <a href=\"https:\/\/pro-life.pl\/etyczny-aspekt-szczepionki-na-covid-19\/\">Etyczny aspekt szczepionki na COVID-19<\/a>, pro-life.pl, 15.05.2020.<\/li><\/ul>\n\n\n\n<p class=\"has-text-align-center\">*<\/p>\n\n\n\n<p><strong>Dobre Szczepionki:<\/strong><\/p>\n\n\n\n<p>Jest niezwykle wa\u017cne, aby Polacy mieli dost\u0119p do etycznej szczepionki przeciw COVID-19. Polacy nie powinni by\u0107 stawiani przed wyborem: zdrowie albo sumienie.<\/p>\n\n\n\n<p class=\"has-text-align-center\">*<\/p>\n\n\n\n<p class=\"has-text-align-center\"><a href=\"http:\/\/dobreszczepionki.pl\/wp-content\/uploads\/2026\/01\/6.13._Prosba-do-Prezesa-Rady-Ministrow-i-Ministra-Zdrowia-13-05-2020.pdf\"><strong>Pro\u015bba<\/strong> <strong>do Prezesa Rady Ministr\u00f3w i Ministra Zdrowia<br><strong>o etyczn\u0105 szczepionk\u0119 przeciw COVID-19<\/strong><\/strong><\/a><strong><br>13.05.2020<br>[dobreszczepionki.pl]<\/strong><\/p>\n\n\n\n<p class=\"has-text-align-center\">*<\/p>\n\n\n\n<p class=\"has-text-align-center\"><strong><strong>Pro\u015bba&nbsp;o etyczn\u0105 szczepionk\u0119 przeciw COVID-19<\/strong><br><strong><a href=\"https:\/\/www.citizengo.org\/pl\/lf\/179539-szczepionka-tak-aborcja-nie\">Szczepionka \u2013 TAK, Aborcja \u2013 NIE!<\/a><\/strong><br><strong>opublikowana przez CitizenGO<\/strong><br>18.05.2020<\/strong><\/p>\n\n\n\n<p class=\"has-text-align-center\">*<\/p>\n\n\n\n<p class=\"has-text-align-center\" id=\"tw-target-text\"><strong>M. McQueen i in.<br><a href=\"https:\/\/www.cccb.ca\/wp-content\/uploads\/2020\/05\/COVID-19-Vaccine-letter-May-21st-2020.pdf\">List do Premiera Kanady<\/a><br>21.05.2020<br>[cccb.ca]<\/strong><\/p>\n\n\n\n<p class=\"has-text-align-center\">*<\/p>\n\n\n\n<p class=\"has-text-align-center\"><strong>Australian Catholic Medical Association<br><\/strong><a href=\"https:\/\/42b5bf41-ded8-49a8-a775-4a9698ea17d0.filesusr.com\/ugd\/ff7779_666bbd85fe1246ee95008b784f7cf791.pdf\"><strong>List do Premiera<br><strong><b>Medyczne i moraln<\/b>e obawy<\/strong><\/strong> <strong>zwi\u0105zane z rozwojem szczepionek przeciw COVID-19<\/strong><\/a><strong><br>4.08.2020<br>[catholicmedicine.org]<\/strong><\/p>\n\n\n\n<p class=\"has-text-align-center\">*<\/p>\n\n\n\n<p><strong>Poparcie Konferencji Episkopatu Polski dla szczepionek, kt\u00f3re nie budz\u0105 zastrze\u017ce\u0144 etycznych<\/strong><\/p>\n\n\n\n<p>Pasterze Ko\u015bcio\u0142a w Polsce wyrazili poparcie dla prac nad szczepionkami maj\u0105cymi chroni\u0107 przed koronawirusem, kt\u00f3re \u2013 jak podkre\u015blili \u2013 \u201e<strong>ze wzgl\u0119du na stosowan\u0105 biotechnologi\u0119 nie budz\u0105 zastrze\u017ce\u0144 etycznych, a zw\u0142aszcza nie bazuj\u0105 na materiale biologicznym pochodz\u0105cym z aborcji<\/strong>\u201d.<\/p>\n\n\n\n<p>Zobacz:<\/p>\n\n\n\n<ul><li><a href=\"https:\/\/episkopat.pl\/doc\/184724.komunikat_z_386_zpkep\">Komunikat z 386. Zebrania Plenarnego Konferencji Episkopatu Polski<\/a>, Jasna G\u00f3ra, 29.08.2020,&nbsp;episkopat.pl, 29.08.2020.<\/li><\/ul>\n\n\n\n<p class=\"has-text-align-center\">*<\/p>\n\n\n\n<p><strong>W zam\u00f3wionej przez Polsk\u0119 szczepionce przeciw COVID-19 u\u017cyta zosta\u0142a linia kom\u00f3rkowa HEK293, pochodz\u0105ca z kom\u00f3rek nerki ludzkiego p\u0142odu<\/strong><\/p>\n\n\n\n<p>Zobacz:<\/p>\n\n\n\n<ul><li>Kociszewska J.M., <a href=\"https:\/\/pl.aleteia.org\/2020\/08\/31\/szczepionka-przeciwko-covid-19-dobra-czy-zla-etyczne-dylematy\/\">Szczepionka przeciwko COVID-19: dobra czy z\u0142a? Etyczne dylematy<\/a>, pl.aleteia.org, 31.08.2020.<\/li><\/ul>\n\n\n\n<p class=\"has-text-align-center\">*<\/p>\n\n\n\n<p><strong>Sprawa bada\u0144 nad szczepionk\u0105 przeciw COVID-19 i jej produkcji budzi niepokoje od strony etyki i moralno\u015bci<\/strong><\/p>\n\n\n\n<p>Zobacz:<\/p>\n\n\n\n<ul><li>Rafa\u0142 Stefaniuka, <a href=\"https:\/\/wp.naszdziennik.pl\/2020-09-15\/344156,resort-umywa-rece.html\">Resort umywa r\u0119ce<\/a>, naszdziennik,pl, 15.09.2020.<\/li><\/ul>\n\n\n\n<p class=\"has-text-align-center\">*<\/p>\n\n\n\n<p><strong>Proces wytwarzania niekt\u00f3rych szczepionek przeciw COVID-19 budzi kontrowersje etyczne<\/strong><\/p>\n\n\n\n<p>Zobacz:<\/p>\n\n\n\n<ul><li>Prusak M., Maciejewska M.,  <a href=\"https:\/\/www.sfkp.pl\/userfiles\/Szczeoionka_przeciw_COVID-19.pdf\">Czy szczepionka przeciw COVID-19 wybawi nas od l\u0119ku?<\/a>, \u201eMgr.farm : jestem farmaceut\u0105\u201d [2020] nr 5, 54-63.<\/li><\/ul>\n\n\n\n<p class=\"has-text-align-center\">*<\/p>\n\n\n\n<p><strong>65 polskich naukowc\u00f3w: Komunia \u015awi\u0119ta do ust i w postawie kl\u0119cz\u0105cej w czasie pandemii jest najbezpieczniejsza<\/strong><\/p>\n\n\n\n<p>Zobacz:<\/p>\n\n\n\n<ul><li>Bochenek M., <a href=\"https:\/\/wp.naszdziennik.pl\/2020-10-17\/345157,godnie-i-bezpiecznie.html\">Godnie i bezpiecznie<\/a>, naszdziennik.pl, 17-18.10.2020.<\/li><\/ul>\n\n\n\n<p class=\"has-text-align-center\">*<\/p>\n\n\n\n<p class=\"has-text-align-center\"><strong><a href=\"https:\/\/www.gov.pl\/attachment\/d4663c78-4c3c-4cf1-87f0-608ba273e947\">Narodowy Program Szczepie\u0144 przeciw COVID-19<\/a><br>Grudzie\u0144 2020<br>[gov.pl]<\/strong><\/p>\n\n\n\n<p class=\"has-text-align-center\">*<\/p>\n\n\n\n<p class=\"has-text-align-center\"><strong><strong>The Catholic Bishops of Alberta and the Northwest Territories<\/strong><br><a href=\"https:\/\/www.cccb.ca\/wp-content\/uploads\/2020\/12\/2020_12_02_Letter-to-the-faithful-on-Vaccines.pdf_English.pdf\">List do wiernych w sprawie szczepionek<\/a><br>2.12.2020<br>[cccb.ca]<\/strong><\/p>\n\n\n\n<p class=\"has-text-align-center\">*<\/p>\n\n\n\n<p><strong>Dr Zbigniew Ha\u0142at, epidemiolog, by\u0142y wiceminister zdrowia oraz G\u0142\u00f3wny Inspektor Sanitarny, w rozmowie z TV Trwam odni\u00f3s\u0142 si\u0119 do proponowanego przez polski rz\u0105d programu szczepie\u0144<\/strong><\/p>\n\n\n\n<p>Zobacz:<\/p>\n\n\n\n<ul><li>Radio Maryja, <a href=\"https:\/\/www.radiomaryja.pl\/informacje\/tylko-u-nas-dr-z-halat-skuteczne-leczenie-a-nie-szczepienie\/\">[TYLKO U NAS] Dr Z. Ha\u0142at: Skuteczne leczenie, a nie szczepienie<\/a>, radiomaryja.pl, 09.12.2020.<\/li><\/ul>\n\n\n\n<p class=\"has-text-align-center\">*<\/p>\n\n\n\n<p class=\"has-text-align-center\"><strong>K.C. Rhoades, J.F. Naumann<br><a href=\"https:\/\/www.usccb.org\/moral-considerations-covid-vaccines\">Kwestie moralne dotycz\u0105ce nowych szczepionek przeciw COVID-19<\/a><br>11.12.2020<br>[usccb.org]<\/strong><\/p>\n\n\n\n<p class=\"has-text-align-center\">* <\/p>\n\n\n\n<p class=\"has-text-align-center\"><strong><a href=\"https:\/\/ordoiuris.pl\/sites\/default\/files\/inline-files\/Konsultacje_Ordo_Iuris.pdf\">Stanowisko<br>Centrum Nauk Spo\u0142ecznych i Bioetyki Instytutu na rzecz Kultury Prawnej Ordo Iuris<br>w sprawie projektu Narodowego Programu Szczepie\u0144 przeciw COVID-19<\/a><br>12.12.2020<br>[ordoiuris.pl]<\/strong><\/p>\n\n\n\n<p class=\"has-text-align-center\">*<\/p>\n\n\n\n<p><strong>Wywiad z dr Ma\u0142gorzat\u0105 Prusak, prezesem zarz\u0105du Stowarzyszenia Farmaceut\u00f3w Katolickich Polski<\/strong><\/p>\n\n\n\n<p>Zobacz:<\/p>\n\n\n\n<ul><li>Prusak M.,&nbsp;<a href=\"https:\/\/wp.naszdziennik.pl\/2020-12-14\/346886,szczepionka-musi-byc-bezpieczna.html\">Szczepionka musi by\u0107 bezpieczna<\/a>, rozmow\u0119 przeprowadzi\u0142 Z. Baranowski, naszdziennik.pl, 14.12.2020.<\/li><\/ul>\n\n\n\n<p class=\"has-text-align-center\">*<\/p>\n\n\n\n<p><strong>Dr Zbigniew Ha\u0142at, epidemiolog, by\u0142y wiceminister zdrowia oraz G\u0142\u00f3wny Inspektor Sanitarny, w rozmowie z TV Trwam<\/strong><\/p>\n\n\n\n<p>Zobacz:<\/p>\n\n\n\n<ul><li>Radio Maryja, <a href=\"https:\/\/www.radiomaryja.pl\/informacje\/tylko-u-nas-dr-z-halat-z-danych-zbieranych-w-usa-wynika-ze-ok-3-proc-osob-przezywa-natychmiastowe-poszczepienne-objawy-uboczne-ktore-nie-pozwalaja-im-na-pojscie-do-pracy-czy-wykonywanie-zwykl\/\">[TYLKO U NAS] Dr Z. Ha\u0142at: Z danych zbieranych w USA wynika, \u017ce ok. 3 proc. os\u00f3b prze\u017cywa natychmiastowe, poszczepienne objawy uboczne, kt\u00f3re nie pozwalaj\u0105 im na p\u00f3j\u015bcie do pracy czy wykonywanie zwyk\u0142ych czynno\u015bci. To du\u017co<\/a>, radiomaryja.pl, 20.12.2020.<\/li><\/ul>\n\n\n\n<p class=\"has-text-align-center\">*<\/p>\n\n\n\n<p class=\"has-text-align-center\"><a href=\"https:\/\/episkopat.pl\/doc\/185326.kongregacja-nauki-wiary-opublikowala-dokument-nt-szczepionek-przeciwko-covid-19\"><strong>Nota Kongregacji Nauki Wiary<br><\/strong> <strong>na temat moralnej oceny stosowania niekt\u00f3rych szczepionek przeciw COVID-19<\/strong><\/a><strong><br>21.12.2020<br>[episkopat.pl]<\/strong><\/p>\n\n\n<a href=\"http:\/\/dobreszczepionki.pl\/wp-content\/uploads\/2026\/01\/1.1._Nota-Kongregacji-Nauki-i-Wiary-21-12-2020.pdf\" class=\"pdfemb-viewer\" style=\"\" data-width=\"max\" data-height=\"max\"  data-toolbar=\"both\" data-toolbar-fixed=\"on\">1.1._Nota-Kongregacji-Nauki-i-Wiary-21-12-2020<br\/><\/a>\n\n\n\n<p>Zobacz:<\/p>\n\n\n\n<ul><li>Congregazione per la Dottrina della Fede, <a href=\"http:\/\/www.vatican.va\/roman_curia\/congregations\/cfaith\/documents\/rc_con_cfaith_doc_20201221_nota-vaccini-anticovid_it.html\">Nota sulla moralit\u00e0 dell\u2019uso di alcuni vaccini anti-COVID-19<\/a>, Roma, 21.12.2020, vatican.va, 21.12.2020.<\/li><\/ul>\n\n\n\n<p class=\"has-text-align-center\">*<\/p>\n\n\n\n<p class=\"has-text-align-center\"><strong><a href=\"https:\/\/episkopat.pl\/doc\/185361.stanowisko-zespolu-ekspertow-ds-bioetycznych-konferencji-episkopatu-polski-dotyczace-szczepionek\">Stanowisko Zespo\u0142u Ekspert\u00f3w ds. Bioetycznych KEP dotycz\u0105ce szczepionek<\/a><br>23.12.2020<br>[episkopat.pl]<\/strong><\/p>\n\n\n<a href=\"http:\/\/dobreszczepionki.pl\/wp-content\/uploads\/2026\/01\/1.2._Stanowisko-Zespolu-Ekspertow-KEP-ds.-Bioetycznych-23-12-2020.pdf\" class=\"pdfemb-viewer\" style=\"\" data-width=\"max\" data-height=\"max\"  data-toolbar=\"both\" data-toolbar-fixed=\"on\">1.2._Stanowisko-Zespolu-Ekspertow-KEP-ds.-Bioetycznych-23-12-2020<br\/><\/a>\n\n\n\n<p class=\"has-text-align-center\">*<\/p>\n\n\n\n<p><strong>Szczepionka dla wszystkich: 20 punkt\u00f3w na rzecz sprawiedliwszego i zdrowszego \u015bwiata<\/strong><\/p>\n\n\n\n<p>Watyka\u0144ska Komisja ds. COVID-19 oraz Papieska Akademia \u017bycia 29.12.2020 wyda\u0142y wsp\u00f3lne dwudziestopunktowe o\u015bwiadczenie dotycz\u0105ce szczepionek przeciw COVID-19. Dokument odnosi si\u0119 do og\u00f3lnych kwestii stosowania szczepionek, od bada\u0144 i rozwoju po patenty i wykorzystanie komercyjne, w tym zatwierdzenie, dystrybucj\u0119 i stosowanie.<\/p>\n\n\n\n<p>Zobacz:<\/p>\n\n\n\n<ul><li>Commissione Vaticana per il COVID-19 e Pontificia Accademia per la Vita, <a href=\"http:\/\/www.academyforlife.va\/content\/dam\/pav\/documenti%20pdf\/2020\/Covid_Accademia_IHD_22dicembre\/28.12.20_ITA_VACCINO%20DSSUI-PAV_Updated%20(1).pdf\">Vaccino per tutti. 20 punti per un mondo pi\u00f9 giusto e sano<\/a>, academyforlife.va, 28.12.2020.<\/li><\/ul>\n\n\n\n<p class=\"has-text-align-center\">*<\/p>\n\n\n\n<p><strong>Dr Jolanta Hajdasz, dyrektor Centrum Monitoringu Wolno\u015bci Prasy Stowarzyszenia Dziennikarzy Polskich, w audycji<\/strong> <strong>\u201eMy\u015bl\u0105c Ojczyzna\u201d na antenie Radia Maryja<\/strong><\/p>\n\n\n\n<p>Zobacz:<\/p>\n\n\n\n<ul><li>Radio Maryja, <a href=\"https:\/\/www.radiomaryja.pl\/informacje\/tylko-u-nas-dr-j-hajdasz-zbyt-wiele-podmiotow-korzysta-na-pandemii-bysmy-mogli-bezrefleksyjnie-podejmowac-tak-wazne-dla-zdrowia-i-zycia-decyzje-jakimi-sa-szczepienia\/\">[TYLKO U NAS] Dr J. Hajdasz: Zbyt wiele podmiot\u00f3w korzysta na pandemii, by\u015bmy mogli bezrefleksyjnie podejmowa\u0107 tak wa\u017cne dla zdrowia i \u017cycia decyzje, jakimi s\u0105 szczepienia<\/a>, radiomaryja.pl, 30.12.2020.<\/li><\/ul>\n\n\n\n<p>Ca\u0142\u0105&nbsp; audycj\u0119 mo\u017cna ods\u0142ucha\u0107   [<strong><a href=\"https:\/\/www.radiomaryja.pl\/multimedia\/myslac-ojczyzna-2436\/\">tutaj<\/a><\/strong>].<\/p>\n\n\n\n<p class=\"has-text-align-center\">*<\/p>\n\n\n\n<p class=\"has-text-align-center\"><strong>USCCB Secretariat of Pro-Life Activities<br><a href=\"https:\/\/www.usccb.org\/resources\/Answers%20to%20Key%20Ethical%20Questions%20About%20COVID-19%20Vaccines.pdf\">Odpowiedzi na kluczowe pytania etyczne dotycz\u0105ce szczepionek przeciw COVID-19<\/a><br>1.01.2021<br>[usccb.org]<\/strong><\/p>\n\n\n\n<p class=\"has-text-align-center\">*<\/p>\n\n\n\n<p><strong>Ks. prof. dr hab. Marian Machinek MSF, teolog moralista, o kontrowersjach wok\u00f3\u0142 moralnego wymiaru szczepie\u0144 przeciw pandemii koronawirusa<\/strong><\/p>\n\n\n\n<p>Zobacz:<\/p>\n\n\n\n<ul><li>Machinek M., <a href=\"https:\/\/machinek.pl\/?p=1086\">Kwestia szczepie\u0144 przeciw COVID 19<\/a>, machinek.pl, 09.01.2021.<\/li><\/ul>\n\n\n\n<p class=\"has-text-align-center\">*<\/p>\n\n\n\n<p><strong>Wywiad z ks. dr. hab. Piotrem Kieniewiczem MIC, teologiem moralist\u0105, bioetykiem, cz\u0142onkiem i sekretarzem Zespo\u0142u Ekspert\u00f3w KEP ds. Bioetycznych<\/strong><\/p>\n\n\n\n<p>Zobacz:<\/p>\n\n\n\n<ul><li>Kieniewicz P., <a href=\"https:\/\/www.gosc.pl\/doc\/6689506.Powinnosc-szczepienia\">Powinno\u015b\u0107 szczepienia. O etycznych aspektach szczepie\u0144 przeciw COVID-19 m\u00f3wi bioetyk ks. dr hab. Piotr Kieniewicz MIC<\/a>, rozmow\u0119 przeprowadzi\u0142 B. \u0141ozi\u0144ski, gosc.pl, 14.01.2021.<\/li><\/ul>\n\n\n\n<p class=\"has-text-align-center\">*<\/p>\n\n\n\n<p><strong>Problem etyczno\u015bci szczepionek by\u0142 i jest, a z jeszcze wi\u0119ksz\u0105 pewno\u015bci\u0105 b\u0119dzie tematem niezwykle wa\u017cnym i niezwykle trudnym<\/strong><\/p>\n\n\n\n<p>Zobacz:<\/p>\n\n\n\n<ul><li>Bortkiewicz P., <a href=\"http:\/\/www.katolickie.media.pl\/index.php\/polecane\/16289-ks-prof-pawel-bortkiewicz-tchr-szczepionki\">Szczepionki<\/a>, katolickie.media.pl, 16.01.2021.<\/li><\/ul>\n\n\n\n<p class=\"has-text-align-center\">*<\/p>\n\n\n\n<p><strong>Wywiad z dr. Zbigniewem Ha\u0142atem, epidemiologiem, by\u0142ym wiceministrem zdrowia oraz G\u0142\u00f3wnym<\/strong> <strong>Inspektorem Sanitarnym<\/strong><\/p>\n\n\n\n<p>Zobacz:<\/p>\n\n\n\n<ul><li>Ha\u0142at Z., <a href=\"https:\/\/naszdziennik.pl\/polska-kraj\/231686,niepokoj-uzasadniony.html\">Niepok\u00f3j uzasadniony<\/a>, rozmow\u0119 przeprowadzi\u0142 M. Stanis\u0142awski, naszdziennik.pl, 21.01.2021.<\/li><\/ul>\n\n\n\n<p class=\"has-text-align-center\">*<\/p>\n\n\n\n<p><strong>Stanowisko Zgromadzenia Parlamentarnego Rady Europy ws.&nbsp;szczepie\u0144 przeciw COVID-19<\/strong><\/p>\n\n\n\n<p>Zobacz:<\/p>\n\n\n\n<ul><li>Angloj\u0119zyczna wersja dokumentu z 27.01.2021   [<a href=\"https:\/\/pace.coe.int\/en\/files\/29004\/html\"><strong>tutaj<\/strong><\/a>].<\/li><\/ul>\n\n\n\n<p><strong>ZPRE zaleca, by:<\/strong><\/p>\n\n\n\n<ul><li>zapewni\u0107, by obywatele byli poinformowani, \u017ce szczepienie nie jest obowi\u0105zkowe oraz \u017ce na nikogo nie jest wywierany polityczny, spo\u0142eczny lub inny nacisk, by si\u0119 zaszczepi\u0107, je\u015bli taka osoba sama tego nie chce<\/li><li>zapewni\u0107, by nikt nie by\u0142 dyskryminowany za niezaszczepienie si\u0119 ze wzgl\u0119du na mo\u017cliwe ryzyko zdrowotne lub brak woli szczepienia<\/li><li>rozpowszechnia\u0107 przejrzyst\u0105 informacj\u0119 dotycz\u0105c\u0105 bezpiecze\u0144stwa i mo\u017cliwych efekt\u00f3w ubocznych szczepie\u0144 (\u2026)<\/li><li>zapewni\u0107 przejrzyste komunikowanie tre\u015bci kontrakt\u00f3w z producentami szczepionek i upublicznienie ich do wgl\u0105du parlamentarzyst\u00f3w i opinii publicznej.<\/li><\/ul>\n\n\n\n<p>T\u0142um. z j\u0119z. ang. dr Filip M. Furman, Dyrektor Centrum Nauk Spo\u0142ecznych i Bioetyki Instytutu Ordo Iuris<\/p>\n\n\n\n<p>Za: <\/p>\n\n\n\n<ul><li><a href=\"https:\/\/m.facebook.com\/story.php?story_fbid=1817146358436881&amp;id=544726005678929&amp;__tn__=%2As%2As-R\">Anna Maria Siarkowska<\/a>.<\/li><\/ul>\n\n\n\n<p class=\"has-text-align-center\">*<\/p>\n\n\n\n<p><strong>Oskar\u017cony nie ma obowi\u0105zku dowodzenia swej niewinno\u015bci<\/strong><\/p>\n\n\n\n<p>Zobacz:<\/p>\n\n\n\n<ul><li>R.pr. dr Rafa\u0142 J. Kruszy\u0144ski, LL.M., <a href=\"https:\/\/ordoiuris.pl\/stanowisko-ws-postepowan-przeciwko-sygnatariuszom-apelu-naukowcow-i-lekarzy\">Stanowisko ws. post\u0119powa\u0144 przeciwko sygnatariuszom \u201eApelu naukowc\u00f3w i lekarzy\u201d<\/a>, ordoiuris.pl, 10.02.2021.<\/li><\/ul>\n\n\n\n<p class=\"has-text-align-center\">*<\/p>\n\n\n\n<p><strong>List ks. bp. Wies\u0142awa Lechowicza, Delegata KEP ds. Duszpasterstwa Emigracji Polskiej, dotycz\u0105cy szczepie\u0144 przeciw COVID-19<\/strong><\/p>\n\n\n\n<p>Na stronie Parafii Rzymskokatolickiej pw. NMP Matki Ko\u015bcio\u0142a w Londynie, w sekcji <a href=\"http:\/\/parafiaealing.co.uk\/szczepionki\/\"><strong>O szczepionkach<\/strong><\/a>, opr\u00f3cz&nbsp;ostatnich wypowiedzi Ko\u015bcio\u0142a&nbsp;na temat szczepionek&nbsp;oraz komentarza bioetyka zamieszczony jest tekst listu bp. Wies\u0142awa Lechowicza, Delegata KEP ds. Duszpasterstwa Emigracji Polskiej z 15.02.2021.<\/p>\n\n\n\n<p class=\"has-text-align-center\">*<\/p>\n\n\n\n<p class=\"has-text-align-center\"><strong><a href=\"https:\/\/edwardpentin.co.uk\/wp-content\/uploads\/2021\/03\/STATEMENT-The-Voice-of-Women-in-Defense-of-Unborn-Babies-and-in-Opposition-to-Abortion-tainted-Vaccines-WORD-DOC.pdf\">G\u0142os kobiet <strong><br><strong>w obronie dzieci nienarodzonych<\/strong><\/strong><br>i przeciw szczepionkom ska\u017conym aborcj\u0105<\/a><br>8.03.2021<br>[<a href=\"https:\/\/edwardpentin.co.uk\/wp-content\/uploads\/2021\/03\/STATEMENT-The-Voice-of-Women-in-Defense-of-Unborn-Babies-and-in-Opposition-to-Abortion-tainted-Vaccines-WORD-DOC.pdf\"><\/a>edwardpentin.co.uk]<\/strong><\/p>\n\n\n\n<p>W\u015br\u00f3d 86 sygnatariuszek mi\u0119dzynarodowego obszernego o\u015bwiadczenia<\/p>\n\n\n\n<ul><li><strong>Wanda P\u00f3\u0142tawska<\/strong>&nbsp;\u2013 polska lekarz medycyny, specjalista w dziedzinie psychiatrii, ofiara pseudomedycznych eksperyment\u00f3w w niemieckim nazistowskim obozie koncentracyjnym w Ravensbr\u00fcck.<\/li><\/ul>\n\n\n\n<p>Zobacz:<\/p>\n\n\n\n<ul><li><a href=\"https:\/\/www.pch24.pl\/glos-kobiet-w-obronie-dzieci-nienarodzonych-i-przeciwko-szczepionkom-skazonym-aborcja,82556,i.html#ixzz6ojlUNNWB\">PCh24.pl<\/a>.<\/li><\/ul>\n\n\n\n<p class=\"has-text-align-center\">*<strong><br><a href=\"https:\/\/www.gov.pl\/web\/zdrowie\/petycja-w-sprawie-szczepionek\">Apel <strong>o zapewnienie mieszka\u0144com&nbsp;RP dost\u0119pu do szczepionek, w tym przeciwko COVID-19,<\/strong><br>do wytwarzania kt\u00f3rych na \u017cadnym etapie nie by\u0142 i nie b\u0119dzie wykorzystywany<br>materia\u0142 biologiczny pochodz\u0105cy z cia\u0142 dzieci<br>u\u015bmierconych w wyniku aborcji lub powo\u0142ywanych do istnienia i u\u015bmiercanych pozaustrojowo<\/a><br>19.03.2021<br>[gov.pl]<\/strong><\/p>\n\n\n\n<p class=\"has-text-align-center\">*<\/p>\n\n\n\n<p><strong>Dr Zbigniew Ha\u0142at, epidemiolog, by\u0142y wiceminister zdrowia oraz G\u0142\u00f3wny Inspektor Sanitarny, w rozmowie z portalem Radia Maryja<\/strong><\/p>\n\n\n\n<p>Zobacz:<\/p>\n\n\n\n<ul><li>Jakub Gronczakiewicz\/radiomaryja.pl, <a href=\"https:\/\/www.radiomaryja.pl\/informacje\/tylko-u-nas-dr-z-halat-o-kolejnym-lockdownie-straty-sa-ogromne-skazanie-na-izolacje-i-dystans-aspoleczny-powoduje-ze-najbardziej-cierpia-mlodzi-poczawszy-juz-od-niemowlat-ktore-nie-reaguja-mim\/\">[TYLKO U NAS] Dr Z. Ha\u0142at o kolejnym lockdownie: Straty s\u0105 ogromne. Skazanie na izolacj\u0119 i dystans aspo\u0142eczny powoduje, \u017ce najbardziej cierpi\u0105 m\u0142odzi, pocz\u0105wszy ju\u017c od niemowl\u0105t, kt\u00f3re nie reaguj\u0105 mimik\u0105 na u\u015bmiechaj\u0105cych si\u0119 ludzi, poniewa\u017c nie umiej\u0105<\/a>, radiomaryja.pl, 21.03.2021.<\/li><\/ul>\n\n\n\n<p class=\"has-text-align-center\">*<\/p>\n\n\n\n<p><strong>Episkopat ameryka\u0144ski przygotowa\u0142 wzory list\u00f3w do firm farmaceutycznych, kt\u00f3re wykorzystuj\u0105 linie kom\u00f3rkowe pochodz\u0105ce z aborcji&nbsp;do&nbsp;produkcji i\/lub testowania szczepionek<\/strong><\/p>\n\n\n\n<p>Zobacz:<\/p>\n\n\n\n<ul><li>USCCB Committee on&nbsp;Pro-Life Activities, <a href=\"https:\/\/www.usccb.org\/resources\/letters-pharmaceutical-companies\">Letters to pharmaceutical companies<\/a>, usccb.org, 03.25.2021.<\/li><\/ul>\n\n\n\n<p class=\"has-text-align-center\">*<\/p>\n\n\n\n<p class=\"has-text-align-center\"><strong><a href=\"https:\/\/episkopat.pl\/doc\/185856.stanowisko-przewodniczacego-zespolu-ekspertow-konferencji-episkopatu-polski-ds-bioetycznych-w-sprawie-korzystania-ze-szczepionek-przeciw-covid-19-firm-astrazeneca-i-johnsonjohnson\">Stanowisko Przewodnicz\u0105cego Zespo\u0142u Ekspert\u00f3w KEP ds. Bioetycznych<br> w sprawie korzystania ze szczepionek przeciw COVID-19 firm AstraZeneca i Johnson&amp;Johnson<\/a><br>14.04.2021<br>[episkopat.pl]<\/strong><\/p>\n\n\n<a href=\"http:\/\/dobreszczepionki.pl\/wp-content\/uploads\/2026\/01\/1.3._Stanowisko-Przewodniczacego-Zespolu-Ekspertow-KEP-ds.-Bioetycznych-14-04-2021.pdf\" class=\"pdfemb-viewer\" style=\"\" data-width=\"max\" data-height=\"max\"  data-toolbar=\"both\" data-toolbar-fixed=\"on\">1.3._Stanowisko-Przewodniczacego-Zespolu-Ekspertow-KEP-ds.-Bioetycznych-14-04-2021<br\/><\/a>\n\n\n\n<p class=\"has-text-align-center\">*<\/p>\n\n\n\n<p><strong>Jest szczepionka \u2013 nie ma leku?!<\/strong><\/p>\n\n\n\n<p>Zobacz:<\/p>\n\n\n\n<ul><li>TV Trwam News\/radiomaryja.pl, <a href=\"https:\/\/www.radiomaryja.pl\/informacje\/tylko-u-nas-dr-w-bodnar-zawsze-musi-byc-leczenie-alternatywne-zwalczanie-amantadyny-to-niezrozumienie-sytuacji\/\">[TYLKO U NAS] Dr W. Bodnar: Zawsze musi by\u0107 leczenie alternatywne. Zwalczanie amantadyny to niezrozumienie sytuacji<\/a>, radiomaryja.pl, 15.04.2021.<\/li><\/ul>\n\n\n\n<p class=\"has-text-align-center\">*<\/p>\n\n\n\n<p><strong>Walka z pandemi\u0105 nie usprawiedliwia nieetycznych metod<\/strong><\/p>\n\n\n\n<p>Zobacz:<\/p>\n\n\n\n<ul><li>Wr\u00f3bel U., <a href=\"https:\/\/wp.naszdziennik.pl\/2021-04-16\/350867,nauka-ma-sluzyc-etyce.html\">Nauka ma s\u0142u\u017cy\u0107 etyce<\/a>, naszdziennik.pl, 16.04.2021.<\/li><\/ul>\n\n\n\n<p class=\"has-text-align-center\">*<\/p>\n\n\n\n<p class=\"has-text-align-center\"><strong>Bp J\u00f3zef Wr\u00f3bel SCJ<\/strong><br><strong><a href=\"https:\/\/archidiecezjalubelska.pl\/blog\/bp-jozef-wrobel-scj-okolicznosciowy-komentarz-do-dokumentu-kep-w-sprawie-korzystania-ze-szczepionek\/\">Okoliczno\u015bciowy komentarz do dokumentu KEP w sprawie korzystania ze szczepionek<\/a><br>19.04.2021<br>[archidiecezjalubelska.pl]<\/strong><\/p>\n\n\n<a href=\"http:\/\/dobreszczepionki.pl\/wp-content\/uploads\/2026\/01\/1.4._Okolicznosciowy-komentarz-do-dokumentu-KEP-19-04-2021.pdf\" class=\"pdfemb-viewer\" style=\"\" data-width=\"max\" data-height=\"max\"  data-toolbar=\"both\" data-toolbar-fixed=\"on\">1.4._Okolicznosciowy-komentarz-do-dokumentu-KEP-19-04-2021<br\/><\/a>\n\n\n\n<p class=\"has-text-align-center\">*<\/p>\n\n\n\n<p><strong>Wywiad z prof. Andrzejem Kocha\u0144skim, lekarzem genetykiem z Instytutu Medycyny Do\u015bwiadczalnej i Klinicznej PAN, cz\u0142onkiem Zespo\u0142u Ekspert\u00f3w KEP ds. Bioetycznych<\/strong><\/p>\n\n\n\n<p>Zobacz:<\/p>\n\n\n\n<ul><li>Kocha\u0144ski A., <a href=\"http:\/\/idziemy.pl\/spoleczenstwo\/do-szczepionki-nie-trzeba-aborcji\/68895\">Do szczepionki nie trzeba aborcji<\/a>, rozmow\u0119 przeprowadzi\u0142a M. Odrobi\u0144ska,&nbsp;\u201eIdziemy\u201d [2021] nr 17, idziemy.pl, 20.04.2021.<\/li><\/ul>\n\n\n\n<p class=\"has-text-align-center\">*<\/p>\n\n\n\n<p><strong>Ks. prof. Pawe\u0142 Bortkiewicz TChr, teolog moralista, w audycji \u201eAktualno\u015bci dnia\u201d na antenie Radia Maryja<\/strong><\/p>\n\n\n\n<p>Zobacz:<\/p>\n\n\n\n<ul><li>Radio Maryja, <a href=\"https:\/\/www.radiomaryja.pl\/informacje\/tylko-u-nas-ks-prof-p-bortkiewicz-o-dobrowolnosci-szczepien-wirus-falszywych-informacji-moze-okazac-sie-niemniej-grozny-i-niemniej-zlowieszczy-niz-wirus-spowodowany-covid-19\/\">[TYLKO U NAS] Ks. prof. P. Bortkiewicz o dobrowolno\u015bci szczepie\u0144: Wirus fa\u0142szywych informacji mo\u017ce okaza\u0107 si\u0119 niemniej gro\u017any i niemniej z\u0142owieszczy, ni\u017c wirus spowodowany COVID-19<\/a>, radiomaryja.pl, 22.04.2021.<\/li><\/ul>\n\n\n\n<p>Ca\u0142\u0105 audycj\u0119 mo\u017cna ods\u0142ucha\u0107   [<strong><a href=\"https:\/\/www.radiomaryja.pl\/multimedia\/czy-mozna-mowic-o-dobrowolnosci-szczepien-w-przypadku-gdy-dopuszcza-sie-tylko-jedna-narracje-w-tej-sprawie\/\">tutaj<\/a><\/strong>].<\/p>\n\n\n\n<p class=\"has-text-align-center\">*<\/p>\n\n\n\n<p><strong>Dr Zbigniew Ha\u0142at, epidemiolog, by\u0142y wiceminister zdrowia oraz G\u0142\u00f3wny Inspektor Sanitarny, w programie \u201ePolski punkt widzenia\u201d na antenie TV Trwam<\/strong><\/p>\n\n\n\n<p>Zobacz:<\/p>\n\n\n\n<ul><li>Radio Maryja, <a href=\"https:\/\/www.radiomaryja.pl\/informacje\/tylko-u-nas-dr-z-halat-lockdowny-w-chorobach-przenoszonych-droga-oddechowa-nie-dzialaja-szkodza-i-nie-zabezpieczaja-przed-niczym\/\">[TYLKO U NAS] Dr Z. Ha\u0142at: Lockdowny w chorobach przenoszonych drog\u0105 oddechow\u0105 nie dzia\u0142aj\u0105; szkodz\u0105 i nie zabezpieczaj\u0105 przed niczym<\/a>, radiomaryja.pl, 24.04.2021.<\/li><\/ul>\n\n\n\n<p class=\"has-text-align-center\">*<\/p>\n\n\n\n<p><strong>Dr Micha\u0142 Skwarzy\u0144ski, adiunkt w Katedrze Praw Cz\u0142owieka i Prawa Humanitarnego na KUL, adwokat, w rozmowie z TV Trwam<\/strong><\/p>\n\n\n\n<p>Zobacz:<\/p>\n\n\n\n<ul><li>Radio Maryja, <a href=\"https:\/\/www.radiomaryja.pl\/informacje\/tylko-u-nas-dr-m-skwarzynski-w-przypadku-wprowadzenia-paszportow-covid-owych-lub-przymusowych-szczepien-osoby-nie-mogace-sie-zaszczepic-beda-dyskryminowane\/\">[TYLKO U NAS] Dr M. Skwarzy\u0144ski: W przypadku wprowadzenia paszport\u00f3w COVID-owych lub przymusowych szczepie\u0144 osoby nie mog\u0105ce si\u0119 zaszczepi\u0107 b\u0119d\u0105 dyskryminowane<\/a>, radiomaryja.pl, 04.05.2021.<\/li><\/ul>\n\n\n\n<p class=\"has-text-align-center\">*<\/p>\n\n\n\n<p><strong>Wolno\u015b\u0107 polega nie tylko na podejmowaniu wa\u017cnych decyzji, ale tak\u017ce na poszukiwaniu informacji i potwierdzaniu ich przez niezale\u017cne autorytety z dziedziny nauki<\/strong><\/p>\n\n\n\n<p>Zobacz:<\/p>\n\n\n\n<ul><li>Gadowski W., <a href=\"https:\/\/www.niedziela.pl\/artykul\/153605\/nd\/Nie-szczepie-sie-%E2%80%93-grzesze\">Nie szczepi\u0119 si\u0119 \u2013 grzesz\u0119?<\/a>, \u201eNiedziela Og\u00f3lnopolska\u201d [2021] nr 20, 66, niedziela.pl, 11.05.2021.<\/li><\/ul>\n\n\n\n<p class=\"has-text-align-center\">*<\/p>\n\n\n\n<p><strong>Dr Zbigniew Ha\u0142at, epidemiolog, by\u0142y wiceminister zdrowia oraz G\u0142\u00f3wny Inspektor Sanitarny, w audycji \u201eAktualno\u015bci dnia\u201d na antenie Radia Maryja<\/strong><\/p>\n\n\n\n<p>Zobacz:<\/p>\n\n\n\n<ul><li>Radio Maryja, <a href=\"https:\/\/www.radiomaryja.pl\/informacje\/tylko-u-nas-dr-z-halat-szczepionki-to-pomysl-biznesowy-zyski-firm-ze-sprzedazy-preparatow-testow-czy-masek-sa-niebywale\/\">[TYLKO U NAS] Dr Z. Ha\u0142at: Szczepionki to pomys\u0142 biznesowy; zyski firm ze sprzeda\u017cy preparat\u00f3w, test\u00f3w czy masek s\u0105 niebywa\u0142e<\/a>, radiomaryja.pl, 17.05.2021.<\/li><\/ul>\n\n\n\n<p>Ca\u0142\u0105 audycj\u0119 mo\u017cna ods\u0142ucha\u0107   [<strong><a href=\"https:\/\/www.radiomaryja.pl\/multimedia\/obecna-sytuacja-epidemiologiczna-w-polsce-nadmiarowe-zgony-polakow-spowodowane-paralizem-sluzby-zdrowia\/\">tutaj<\/a><\/strong>].<\/p>\n\n\n\n<p class=\"has-text-align-center\">*<\/p>\n\n\n\n<p><strong>Unijne za\u015bwiadczenie COVID-19<\/strong><\/p>\n\n\n\n<p>Zobacz:<\/p>\n\n\n\n<ul><li>Adw. Joanna Modrzewska \u2013 Centrum Analiz Legislacyjnych Ordo Iuris, <a href=\"https:\/\/ordoiuris.pl\/wolnosci-obywatelskie\/ocena-prawnej-dopuszczalnosci-wprowadzenia-zielonego-certyfikatu-cyfrowego\">Ocena prawnej dopuszczalno\u015bci wprowadzenia Zielonego Certyfikatu Cyfrowego<\/a>, ordoiuris.pl, 18.05.2021.<\/li><\/ul>\n\n\n\n<p class=\"has-text-align-center\">*<\/p>\n\n\n\n<p><strong>Dr Zbigniew Ha\u0142at, epidemiolog, by\u0142y wiceminister zdrowia oraz G\u0142\u00f3wny Inspektor Sanitarny, w audycji \u201eAktualno\u015bci dnia\u201d na antenie Radia Maryja<\/strong><\/p>\n\n\n\n<p>Zobacz:<\/p>\n\n\n\n<ul><li>Radio Maryja, <a href=\"https:\/\/www.radiomaryja.pl\/informacje\/tylko-u-nas-dr-z-halat-o-przymusie-szczepien-segregacji-byc-nie-moze-sprawa-powinni-zajac-sie-polscy-rzecznicy-praw-albo-prokuratorzy\/\">[TYLKO U NAS] Dr Z. Ha\u0142at o przymusie szczepie\u0144: Segregacji by\u0107 nie mo\u017ce. Spraw\u0105 powinni zaj\u0105\u0107 si\u0119 polscy rzecznicy praw albo prokuratorzy<\/a>, radiomaryja.pl, 21.05.2021.<\/li><\/ul>\n\n\n\n<p>Ca\u0142\u0105 audycj\u0119 mo\u017cna ods\u0142ucha\u0107   [<strong><a href=\"https:\/\/www.radiomaryja.pl\/multimedia\/krytyczne-spojrzenie-na-pandemie-paszporty-covidowe-i-szczepionki\/\">tutaj<\/a><\/strong>].<\/p>\n\n\n\n<p class=\"has-text-align-center\">*<\/p>\n\n\n\n<p><strong>Pawe\u0142 Lisicki, redaktor tygodnika <strong>\u201e<\/strong>Do Rzeczy\u201d, w rozmowie z Redakcj\u0105 Informacyjn\u0105 Radia Maryja<\/strong><\/p>\n\n\n\n<p>Zobacz:<\/p>\n\n\n\n<ul><li>Radio Maryja, <a href=\"https:\/\/www.radiomaryja.pl\/informacje\/tylko-u-nas-p-lisicki-paszporty-covidowe-beda-prowadzily-do-dalszego-podzialu-i-coraz-wiekszej-kontroli-spolecznej-to-jest-forma-dyskryminacji\/\">[TYLKO U NAS] P. Lisicki: Paszporty covidowe b\u0119d\u0105 prowadzi\u0142y do dalszego podzia\u0142u&nbsp;i coraz wi\u0119kszej kontroli spo\u0142ecznej. To jest forma dyskryminacji<\/a>, radiomaryja.pl, 30.05.2021.<\/li><\/ul>\n\n\n\n<p class=\"has-text-align-center\">*<\/p>\n\n\n\n<p><strong>Przewodnicz\u0105cy Episkopatu apeluje do Premiera o zmniejszenie obostrze\u0144 w ko\u015bcio\u0142ach<\/strong><\/p>\n\n\n\n<p>Zobacz:<\/p>\n\n\n\n<ul><li><a href=\"https:\/\/episkopat.pl\/doc\/186117.przewodniczacy-episkopatu-apeluje-do-premiera-o-zmniejszenie-obostrzen-w-kosciolach\">List przewodnicz\u0105cego Konferencji Episkopatu Polski abp. Stanis\u0142awa G\u0105deckiego do Prezesa Rady Ministr\u00f3w Mateusza Morawieckiego<\/a>, Warszawa, 07.06.2021, episkopat.pl, 07.06.2021.<\/li><\/ul>\n\n\n\n<p class=\"has-text-align-center\">*<\/p>\n\n\n\n<p><strong>Fundacja Rzecznik Praw Rodzic\u00f3w stanowczo sprzeciwia si\u0119 nak\u0142anianiu do szczepie\u0144 dzieci szczepionkami na koronawirusa<\/strong><\/p>\n\n\n\n<p>Zobacz:<\/p>\n\n\n\n<ul><li><a href=\"https:\/\/rzecznikrodzicow.pl\/2021\/06\/1382\/\">Fundacja Rzecznik Praw Rodzic\u00f3w. O\u015bwiadczenie przeciw szczepieniu dzieci na COVID-19<\/a>, rzecznikrodzicow.pl, 08.06.2021.<\/li><\/ul>\n\n\n\n<p class=\"has-text-align-center\">*<\/p>\n\n\n\n<p><strong>Dr Jolanta Hajdasz, dyrektor Centrum Monitoringu Wolno\u015bci Prasy Stowarzyszenia Dziennikarzy Polskich, w audycji \u201eMy\u015bl\u0105c Ojczyzna\u201d na antenie Radia Maryja<\/strong><\/p>\n\n\n\n<p>Zobacz:<\/p>\n\n\n\n<ul><li>Radio Maryja, <a href=\"https:\/\/www.radiomaryja.pl\/informacje\/tylko-u-nas-dr-j-hajdasz-to-wstyd-i-skandal-ze-prawicowy-rzad-zapomina-o-katolikach\/\">[TYLKO U NAS] Dr J. Hajdasz: To wstyd i skandal, \u017ce prawicowy rz\u0105d zapomina o katolikach<\/a>, radiomaryja.pl, 09.06.2021.<\/li><\/ul>\n\n\n\n<p>Ca\u0142\u0105 audycj\u0119 mo\u017cna ods\u0142ucha\u0107   [<strong><a href=\"https:\/\/www.radiomaryja.pl\/multimedia\/myslac-ojczyzna-2517\/\">tutaj<\/a><\/strong>].<\/p>\n\n\n\n<p class=\"has-text-align-center\">*<\/p>\n\n\n\n<p><strong>Tworzenie paszport\u00f3w odporno\u015bciowych z jednej strony mo\u017ce dawa\u0107 fa\u0142szywe poczucie bezpiecze\u0144stwa zaszczepionym, a z drugiej &#8211; dyskryminowa\u0107 zaszczepionych<\/strong><\/p>\n\n\n\n<p>Zobacz:<\/p>\n\n\n\n<ul><li>Prusak M., <a href=\"http:\/\/www.sfkp.pl\/userfiles\/Paszporty_covidowe_MPrusak.pdf\">Paszporty covidowe<\/a>, \u201eNasz Dziennik\u201d, 12-13.06.2021.<\/li><\/ul>\n\n\n\n<p class=\"has-text-align-center\">*<\/p>\n\n\n\n<p><strong>Mniejsze ryzyko przenoszenia wirus\u00f3w<\/strong><\/p>\n\n\n\n<p>Zobacz:<\/p>\n\n\n\n<ul><li>\u201eNasz Dziennik\u201d\/radiomaryja.pl, <a href=\"https:\/\/www.radiomaryja.pl\/informacje\/komunia-swieta-na-kleczaco-i-do-ust-bezpieczniejsza-niz-komunia-udzielana-na-reke\/\">Komunia \u015awi\u0119ta na kl\u0119cz\u0105co i do ust bezpieczniejsza ni\u017c Komunia udzielana na r\u0119k\u0119<\/a>, radiomaryja.pl, 13.06.2021.<\/li><\/ul>\n\n\n\n<p class=\"has-text-align-center\">*<\/p>\n\n\n\n<p><strong>Francuska komisja etyczna odradza po\u015bpiech w szczepieniu nastolatk\u00f3w<\/strong><\/p>\n\n\n\n<p>Zobacz:<\/p>\n\n\n\n<ul><li>S\u0105dej J., <a href=\"https:\/\/naszdziennik.pl\/swiat\/238831,niebezpieczny-eksperyment.html\">Niebezpieczny eksperyment<\/a>, naszdziennik.pl, 15.06.2021.<\/li><\/ul>\n\n\n\n<p class=\"has-text-align-center\">*<\/p>\n\n\n\n<p><strong>Mariusz Ka\u0142u\u017cny, pose\u0142 Solidarnej Polski, wiceprzewodnicz\u0105cy Parlamentarnego Zespo\u0142u ds. Sanitaryzmu, w rozmowie z Redakcj\u0105 Informacyjn\u0105 Radia Maryja<\/strong><\/p>\n\n\n\n<p>Zobacz:<\/p>\n\n\n\n<ul><li>RIRM\/radiomaryja.pl,&nbsp;<a href=\"https:\/\/www.radiomaryja.pl\/informacje\/dzieci-w-wiekszosci-nie-choruja-ciezko-na-covid-19-wiec-pospiech-i-szczepienie-ich-szczepionka-ktora-jeszcze-nie-jest-sprawdzona-uwazam-za-niezasadne\/\">[TYLKO U NAS] M. Ka\u0142u\u017cny: Dzieci w wi\u0119kszo\u015bci nie choruj\u0105 ci\u0119\u017cko na COVID-19, wi\u0119c po\u015bpiech i szczepienie ich szczepionk\u0105, kt\u00f3ra jeszcze nie jest sprawdzona \u2013 uwa\u017cam za niezasadne<\/a>, radiomaryja.pl, 16.06.2021.<\/li><\/ul>\n\n\n\n<p class=\"has-text-align-center\">*<\/p>\n\n\n\n<p><strong>Dr Jolanta Hajdasz, dyrektor Centrum Monitoringu Wolno\u015bci Prasy Stowarzyszenia Dziennikarzy Polskich, w audycji \u201eMy\u015bl\u0105c Ojczyzna\u201d na antenie Radia Maryja<\/strong><\/p>\n\n\n\n<p>Zobacz:<\/p>\n\n\n\n<ul><li>Radio Maryja, <a href=\"https:\/\/www.radiomaryja.pl\/informacje\/tylko-u-nas-dr-j-hajdasz-o-konferencji-polskiego-stowarzyszenia-niezaleznych-lekarzy-i-naukowcow-zarzucono-rzadzacym-niewlasciwa-strategie-medycznego-dzialania-w-czasie-pandemii-zamiast-leczyc-c\/\">[TYLKO U NAS] Dr J. Hajdasz o konferencji Polskiego Stowarzyszenia Niezale\u017cnych Lekarzy i Naukowc\u00f3w: Zarzucono rz\u0105dz\u0105cym niew\u0142a\u015bciw\u0105 strategi\u0119 medycznego dzia\u0142ania w czasie pandemii \u2013 zamiast leczy\u0107 chorob\u0119 we wczesnym stadium powszechnie dost\u0119pnymi lekami, zamykano przychodnie zdrowia i szpitale<\/a>, radiomaryja.pl, 16.06.2021.<\/li><\/ul>\n\n\n\n<p>Ca\u0142\u0105 audycj\u0119 mo\u017cna ods\u0142ucha\u0107   [<strong><a href=\"https:\/\/www.radiomaryja.pl\/multimedia\/myslac-ojczyzna-2521\/\">tutaj<\/a><\/strong>].<\/p>\n\n\n\n<p class=\"has-text-align-center\">*<\/p>\n\n\n\n<p><strong>Wywiad z dr Ma\u0142gorzat\u0105 Prusak, prezesem zarz\u0105du Stowarzyszenia Farmaceut\u00f3w Katolickich Polski<\/strong><\/p>\n\n\n\n<p>Zobacz:<\/p>\n\n\n\n<ul><li>Prusak M., <a href=\"https:\/\/wp.naszdziennik.pl\/2021-06-24\/353168,antylogika-paszportow-covidowych.html\">Antylogika paszport\u00f3w covidowych<\/a>, rozmow\u0119 przeprowadzi\u0142a U. Wr\u00f3bel, naszdziennik.pl, 24.06.2021.<\/li><\/ul>\n\n\n\n<p>Ca\u0142y artyku\u0142 mo\u017cna przeczyta\u0107   [<strong><a href=\"https:\/\/www.radiomaryja.pl\/informacje\/nasz-dziennik-antylogika-paszportow-covidowych\/\">tutaj<\/a><\/strong>].<\/p>\n\n\n\n<p class=\"has-text-align-center\">*<\/p>\n\n\n\n<p><strong>Wywiad z dr Katarzyn\u0105 Ratkowsk\u0105, psychiatr\u0105, autork\u0105 listu otwartego do Prezydenta i Premiera<\/strong><\/p>\n\n\n\n<p>Zobacz:<\/p>\n\n\n\n<ul><li>Ratkowska K.,&nbsp;<a href=\"https:\/\/naszdziennik.pl\/polska-kraj\/239403,eksperymenty-na-polskich-dzieciach.html\">Eksperymenty na polskich dzieciach<\/a>, rozmow\u0119 przeprowadzi\u0142 J. S\u0105dej, naszdziennik.pl, 26.06.2021.<\/li><li>List otwarty do Prezydenta i Premiera z 06.2021 [<strong><a href=\"https:\/\/naszdziennik.pl\/polska-kraj\/239402,niedopuszczalne-dzialania-wobec-dzieci.html\">tutaj<\/a><\/strong>].<\/li><\/ul>\n\n\n\n<p class=\"has-text-align-center\">*<\/p>\n\n\n\n<p class=\"has-text-align-center\"><strong><a href=\"https:\/\/www.gov.pl\/web\/zdrowie\/petycja-w-sprawie-utrzymania-nieodplatnosci-i-dobrowolnosci-szczepien\">Petycja<br><strong>w sprawie utrzymania zasad nieodp\u0142atno\u015bci i dobrowolno\u015bci szczepie\u0144 zgodnie z przyj\u0119tym<\/strong><br><strong>Narodowym Programem Szczepie\u0144&nbsp;przeciw COVID-19<\/strong><br><strong>Uzasadnienie petycji<\/strong><\/a><br>7.07.2021<br>[gov.pl]<br><\/strong>*<\/p>\n\n\n\n<p><strong>Dr Jolanta Hajdasz, dyrektor Centrum Monitoringu Wolno\u015bci Prasy Stowarzyszenia Dziennikarzy Polskich, w felietonie na antenie Radia Maryja<\/strong><\/p>\n\n\n\n<p>Zobacz:<\/p>\n\n\n\n<ul><li>Radio Maryja, <a href=\"https:\/\/www.radiomaryja.pl\/polecamy\/dr-j-hajdasz-kosciol-nie-powinien-stac-sie-elementem-strategii-marketingowej-zadnego-farmaceutycznego-koncernu\/\">Dr J. Hajdasz: Ko\u015bci\u00f3\u0142 nie powinien sta\u0107 si\u0119 elementem strategii marketingowej \u017cadnego farmaceutycznego koncernu<\/a>, radiomaryja.pl, 07.07.2021.<\/li><\/ul>\n\n\n\n<p class=\"has-text-align-center\">*<\/p>\n\n\n\n<p><strong>Przewodnicz\u0105cy Episkopatu o szczepieniach przeciw COVID-19<\/strong><\/p>\n\n\n\n<p>Zobacz:<\/p>\n\n\n\n<ul><li><a href=\"https:\/\/episkopat.pl\/doc\/186345.przewodniczacy-episkopatu-szczepienia-przeciw-covid-19-sa-waznym-narzedziem-ograniczania-rozprzestrzeniania-sie-wirusa\">O\u015bwiadczenie Przewodnicz\u0105cego Konferencji Episkopatu Polski w kwestii szczepie\u0144 przeciw COVID-19<\/a>, Warszawa, 08.07.2021, episkopat.pl, 08.07.2021.<\/li><\/ul>\n\n\n\n<p class=\"has-text-align-center\">*<\/p>\n\n\n\n<p><strong>Posiedzenie Parlamentarnego Zespo\u0142u ds. Sanitaryzmu ws.&nbsp;szczepie\u0144 dzieci&nbsp;przeciw COVID-19<\/strong><\/p>\n\n\n\n<p>Zobacz:<\/p>\n\n\n\n<ul><li>Radio Maryja, <a href=\"https:\/\/www.radiomaryja.pl\/informacje\/relacja-parlamentarny-zespol-ds-sanitaryzmu-zorganizowal-pierwsza-w-polsce-debate-dotyczaca-szczepien-szczegolnie-dzieci\/\">[RELACJA] Parlamentarny Zesp\u00f3\u0142 ds. Sanitaryzmu zorganizowa\u0142 pierwsz\u0105 w Polsce debat\u0119 dotycz\u0105c\u0105 szczepie\u0144 (szczeg\u00f3lnie dzieci)<\/a>, radiomaryja.pl, 16.07.2021.<\/li><li>Zapis transmisji z 12.07.2021   [<strong><a href=\"https:\/\/sejm.gov.pl\/Sejm9.nsf\/transmisja.xsp?documentId=8A16C3B06E2E2FC2C125870D0025D259&amp;symbol=TRANSMISJA_ARCH&amp;info=T\">tutaj<\/a><\/strong>].<\/li><\/ul>\n\n\n\n<p class=\"has-text-align-center\">*<\/p>\n\n\n\n<p><strong>Apel Przewodnicz\u0105cego Episkopatu w zwi\u0105zku ze wzrostem zaka\u017ce\u0144 w Europie<\/strong><\/p>\n\n\n\n<p>Zobacz:<\/p>\n\n\n\n<ul><li><a href=\"https:\/\/episkopat.pl\/doc\/186380.apel-przewodniczacego-episkopatu-w-zwiazku-ze-wzrostem-zakazen-koronawirusem-w-europie\">Apel Przewodnicz\u0105cego Konferencji Episkopatu Polski w zwi\u0105zku ze wzrostem zaka\u017ce\u0144 w Europie<\/a>, Warszawa, 17.07.2021, episkopat.pl, 17.07.2021.<\/li><\/ul>\n\n\n\n<p class=\"has-text-align-center\">*<\/p>\n\n\n\n<p><strong>Czy szczepionka przeciw COVID-19 jest na tyle bezpieczna, aby podawa\u0107 j\u0105 dzieciom?<\/strong><\/p>\n\n\n\n<p>Zobacz:<\/p>\n\n\n\n<ul><li>Prusak M., <a href=\"http:\/\/www.sfkp.pl\/userfiles\/Prusak_M_Ryzykowne_szczepienie_d.pdf\">Ryzykowne szczepienie<\/a>, \u201eNasz Dziennik\u201d, 17-18.07.2021.<\/li><\/ul>\n\n\n\n<p class=\"has-text-align-center\">*<\/p>\n\n\n\n<p><strong>Dr Zbigniew Ha\u0142at, epidemiolog, by\u0142y wiceminister zdrowia oraz G\u0142\u00f3wny Inspektor Sanitarny, w rozmowie z&nbsp;portalem Radia Maryja<\/strong><\/p>\n\n\n\n<p>Zobacz:<\/p>\n\n\n\n<ul><li>Jakub Gronczakiewicz\/radiomaryja.pl, <a href=\"https:\/\/www.radiomaryja.pl\/informacje\/tylko-u-nas-dr-z-halat-nawet-szkola-podstawowa-uczy-dzieci-iz-przechorowanie-daje-odpornosc-a-ten-kanon-nauki-jest-obecnie-lamany-przez-stwierdzenie-ze-to-nie-przechorowanie-ale-szczepienie-da\/\">[TYLKO U NAS] Z. Ha\u0142at: Nawet szko\u0142a podstawowa uczy dzieci, i\u017c przechorowanie daje odporno\u015b\u0107, a ten kanon nauki jest obecnie \u0142amany przez stwierdzenie, \u017ce to nie przechorowanie, ale szczepienie daje odporno\u015b\u0107<\/a>, radiomaryja, 01.08.2021.<\/li><\/ul>\n\n\n\n<p class=\"has-text-align-center\">*<\/p>\n\n\n\n<p><strong>Pa\u0144stwowy \u201einterdykt<strong>\u201d<\/strong> na Ko\u015bci\u00f3\u0142<\/strong><\/p>\n\n\n\n<p>Zobacz:<\/p>\n\n\n\n<ul><li>Abp Stanis\u0142aw G\u0105decki \/ KAI, <a href=\"http:\/\/archpoznan.pl\/pl\/web\/homilia\/view\/id\/duszpasterstwo-po-pandemii\">Duszpasterstwo po pandemii<\/a>, archpoznan.pl, 05.08.2021.<\/li><\/ul>\n\n\n\n<p class=\"has-text-align-center\">*<\/p>\n\n\n\n<p><strong>Ks. dr hab. Piotr Kieniewicz MIC, <strong>teolog moralista, bioetyk<\/strong>, cz\u0142onek i sekretarz Zespo\u0142u Ekspert\u00f3w KEP ds. Bioetycznych<\/strong>:<\/p>\n\n\n\n<p>,,Ka\u017cdy z nas jest zobowi\u0105zany do odpowiedzialnego podej\u015bcia do sprawy walki z pandemi\u0105. Nikt nas w tym nie zast\u0105pi, bo zast\u0105pi\u0107 nie mo\u017ce. Odpowiedzialno\u015b\u0107 przynale\u017cy do konkretnej osoby, a do spo\u0142eczno\u015bci przynale\u017cy tylko wt\u00f3rnie. <strong>O odpowiedzialno\u015bci mo\u017cemy jednak m\u00f3wi\u0107 tylko tam, gdzie jest wolno\u015b\u0107 i dost\u0119p do informacji.<\/strong> Nikt zatem, cho\u0107by w imi\u0119 najszczytniejszych cel\u00f3w, nie mo\u017ce nam odbiera\u0107 prawa do szukania prawdy o chorobie i sposobach walki z ni\u0105 i do podejmowania decyzji o szczepieniu lub wstrzymaniu si\u0119 od niego. Nie potrzebujemy szczepionkowego przymusu. Potrzebujemy rzetelnych informacji. Potrzebujemy prawdy&#8221;.<\/p>\n\n\n\n<p>Zobacz:<\/p>\n\n\n\n<ul><li>Rokici\u0144ska A., <a href=\"https:\/\/cowzdrowiu.pl\/aktualnosci\/post\/ks-p-kieniewicz-szczepic-sie-czy-nie-to-nie-jest-takie-proste\">Ks. P. Kieniewicz: Szczepi\u0107 si\u0119 czy nie? To nie jest takie proste<\/a>, cowzdrowiu.pl, 16.08.2021.<\/li><\/ul>\n\n\n\n<p class=\"has-text-align-center\">*<\/p>\n\n\n\n<p><strong>Dr Zbigniew Ha\u0142at, epidemiolog, by\u0142y wiceminister zdrowia oraz G\u0142\u00f3wny Inspektor Sanitarny, w audycji \u201eAktualno\u015bci dnia<strong><strong>\u201d<\/strong><\/strong> na antenie Radia Maryja<\/strong><\/p>\n\n\n\n<p>Zobacz:<\/p>\n\n\n\n<ul><li>Radio Maryja, <a href=\"https:\/\/www.radiomaryja.pl\/informacje\/tylko-u-nas-dr-z-halat-wplyw-covid-19-na-calosc-czlowieka-powinien-byc-rozwazony-na-forum-na-ktorym-epidemiolodzy-mieliby-cos-do-powiedzenia-potrzeba-dyskusji-narodowej-gdyz-straty-demograficzn\/\">[TYLKO U NAS] Dr Z. Ha\u0142at: Wp\u0142yw COVID-19 na ca\u0142o\u015b\u0107 cz\u0142owieka powinien by\u0107 rozwa\u017cony na forum, na kt\u00f3rym epidemiolodzy mieliby co\u015b do powiedzenia. Potrzeba dyskusji narodowej, gdy\u017c straty demograficzne s\u0105 ogromne<\/a>, radiomaryja.pl. 13.09.2021.<\/li><\/ul>\n\n\n\n<p>Ca\u0142\u0105 audycj\u0119 mo\u017cna ods\u0142ucha\u0107   [<strong><a href=\"https:\/\/www.radiomaryja.pl\/multimedia\/brak-publicznej-dyskusji-miedzy-epidemiologami-nt-covid-19\/\">tutaj<\/a><\/strong>].<\/p>\n\n\n\n<p class=\"has-text-align-center\">*<\/p>\n\n\n\n<p><strong>Cenzur\u0119 zast\u0105pi\u0142a poprawno\u015b\u0107 polityczna<\/strong><\/p>\n\n\n\n<p>Zobacz:<\/p>\n\n\n\n<ul><li>Chazan B., <a href=\"https:\/\/wp.naszdziennik.pl\/2021-09-18\/355954,pod-butem-nowej-cenzury.html\">Pod butem nowej cenzury<\/a>, naszdziennik.pl, 18-19.09.2021.<\/li><\/ul>\n\n\n\n<p class=\"has-text-align-center\">*<\/p>\n\n\n\n<p><strong>Wywiad z dr. W\u0142odzimierzem Bodnarem, pulmonologiem, kt\u00f3ry od 30 lat stosuje leczenie amantadyn\u0105<\/strong><\/p>\n\n\n\n<p>Zobacz:<\/p>\n\n\n\n<ul><li>Bodnar W, <a href=\"https:\/\/wp.naszdziennik.pl\/2021-09-27\/356191,o-amantadynie-we-wloskim-senacie.html\">O amantadynie we w\u0142oskim Senacie<\/a>, rozmow\u0119&nbsp;przeprowadzi\u0142a A. Prz\u0119\u017aniuk-Parys, naszdziennik.pl, 27.09.2021.<\/li><\/ul>\n\n\n\n<p class=\"has-text-align-center\">*<\/p>\n\n\n\n<p><strong>Przewodnicz\u0105cy Episkopatu apeluje o przestrzeganie obostrze\u0144 sanitarnych w kontek\u015bcie zbli\u017caj\u0105cej si\u0119 uroczysto\u015bci Wszystkich \u015awi\u0119tych<\/strong><\/p>\n\n\n\n<p>Zobacz:<\/p>\n\n\n\n<ul><li><a href=\"https:\/\/episkopat.pl\/doc\/187031.przewodniczacy-episkopatu-apeluje-o-przestrzeganie-obostrzen-sanitarnych-w-kontekscie-uroczystosci-wszystkich-swietych\">Apel Przewodnicz\u0105cego Konferencji Episkopatu Polski o przestrzeganie obostrze\u0144 sanitarnych w kontek\u015bcie zbli\u017caj\u0105cej si\u0119 uroczysto\u015bci&nbsp;Wszystkich \u015awi\u0119tych<\/a>, Warszawa, 22.10.2021, episkopat.pl, 22.10.2021.<\/li><\/ul>\n\n\n\n<p class=\"has-text-align-center\">*<\/p>\n\n\n\n<p><strong>Dyskryminacja niezaszczepionych jest nie tylko nieetyczna, lecz tak\u017ce nieuzasadniona medycznie<\/strong><\/p>\n\n\n\n<p>Zobacz:<\/p>\n\n\n\n<ul><li>Wr\u00f3bel U., <a href=\"https:\/\/naszdziennik.pl\/polska-kraj\/246936,powstrzymac-segregacje.html\">Powstrzyma\u0107 segregacj\u0119<\/a>, naszdziennik.pl, 26.11.2021.<\/li><\/ul>\n\n\n\n<p>Ca\u0142y artyku\u0142 mo\u017cna przeczyta\u0107   [<strong><a href=\"https:\/\/www.radiomaryja.pl\/informacje\/nasz-dziennik-pandemia-powstrzymac-segregacje\/\">tutaj<\/a><\/strong>].<\/p>\n\n\n\n<p class=\"has-text-align-center\">*<\/p>\n\n\n\n<p><strong>Prawne aspekty ogranicze\u0144 covidowych &#8211; raport Instytutu Ordo Iuris<\/strong><\/p>\n\n\n\n<p>Zobacz:<\/p>\n\n\n\n<ul><li><a href=\"https:\/\/ordoiuris.pl\/sites\/default\/files\/inline-files\/Raport_OI_COVID_cz1_0.pdf\">Ograniczenia praw i wolno\u015bci wprowadzone w Polsce w zwi\u0105zku z epidemi\u0105 COVID-19. Cz\u0119\u015b\u0107 pierwsza &#8211; aspekty prawne<\/a>, red. nauk. \u0141. Bernaci\u0144ski, J. Kwa\u015bniewski, Warszawa 2021, ordoiuris.pl, 29.11.2021.<\/li><\/ul>\n\n\n\n<p class=\"has-text-align-center\">*<\/p>\n\n\n\n<p><strong>Wywiad z Ann\u0105 Mari\u0105 Siarkowsk\u0105, pose\u0142 Prawa&nbsp;i Sprawiedliwo\u015bci<\/strong><\/p>\n\n\n\n<p>Zobacz:<\/p>\n\n\n\n<ul><li>Siarkowska A.M., <a href=\"https:\/\/naszdziennik.pl\/polska-kraj\/247180,restrykcje-sa-nieefektywne.html\">Restrykcje s\u0105 nieefektywne<\/a>, rozmow\u0119 przeprowadzi\u0142 M. Kamieniecki, naszdziennik.pl, 02.12.2021.<\/li><\/ul>\n\n\n\n<p>Ca\u0142y artyku\u0142 mo\u017cna przeczyta\u0107   [<strong><a href=\"https:\/\/www.radiomaryja.pl\/informacje\/a-m-siarkowska-dla-naszego-dziennika-kluczowe-jest-nie-tyle-wdrazanie-kolejnych-nieefektywnych-a-szkodliwych-spolecznie-obostrzen-ile-raczej-skoncentrowanie-sie-na-poprawie-spra\/\">tutaj<\/a><\/strong>].<\/p>\n\n\n\n<p class=\"has-text-align-center\">*<\/p>\n\n\n\n<p class=\"has-text-align-center\"><strong>Dr Ma\u0142gorzata Prusak<br><a href=\"https:\/\/sfkp.pl\/userfiles\/COVID_klauzula_sumienia_MPrusak.pdf\">Czy mo\u017cna odm\u00f3wi\u0107 przyj\u0119cia szczepionki przeciw COVID-19, powo\u0142uj\u0105c si\u0119 na klauzul\u0119 sumienia?<\/a><br>8.12.2021<br>[sfkp.pl]<\/strong><\/p>\n\n\n<a href=\"http:\/\/dobreszczepionki.pl\/wp-content\/uploads\/2026\/01\/1.5._Prusak-M-Czy-mozna-odmowic-przyjecia-szczepionki-przeciw-COVID-19-powolujac-sie-na-klauzule-sumienia-SFKP-08-12-2021.pdf\" class=\"pdfemb-viewer\" style=\"\" data-width=\"max\" data-height=\"max\"  data-toolbar=\"both\" data-toolbar-fixed=\"on\">1.5._Prusak-M-Czy-mozna-odmowic-przyjecia-szczepionki-przeciw-COVID-19-powolujac-sie-na-klauzule-sumienia-SFKP-08-12-2021<br\/><\/a>\n\n\n\n<p class=\"has-text-align-center\">*<\/p>\n\n\n\n<p><strong>Przemys\u0142aw Czarnek, minister edukacji i nauki, w&nbsp;programie <strong>\u201e<\/strong>Polski punk widzenia<strong><strong>\u201d<\/strong><\/strong> na antenie TV Trwam<\/strong><\/p>\n\n\n\n<p>Zobacz:<\/p>\n\n\n\n<ul><li>Radio Maryja, <a href=\"https:\/\/www.radiomaryja.pl\/informacje\/tylko-u-nas-min-p-czarnek-nie-stac-nas-na-to-zebysmy-z-powodu-obowiazku-szczepien-stracili-w-marcu-kilkanascie-procent-nauczycieli\/\">[TYLKO U NAS] Min. P. Czarnek: Nie sta\u0107 nas na to, \u017ceby\u015bmy z powodu obowi\u0105zku szczepie\u0144 stracili w marcu kilkana\u015bcie procent nauczycieli<\/a>, radiomaryja.pl, 09.12.2021.<\/li><\/ul>\n\n\n\n<p class=\"has-text-align-center\">*<\/p>\n\n\n\n<p><strong>Nadprzyrodzony i nadrz\u0119dny wobec wszystkich innych spraw charakter sakramentalnej pos\u0142ugi Ko\u015bcio\u0142a<\/strong><\/p>\n\n\n\n<p>Zobacz:<\/p>\n\n\n\n<ul><li>ncregister.com\/dorzeczy.pl\/pch24.pl, <a href=\"https:\/\/www.radiomaryja.pl\/informacje\/ks-kard-g-muller-segregacja-sanitarna-w-swiatyniach-to-grzech-ciezki-przeciwko-danej-od-boga-wladzy\/\">Ks. kard. Gerhard M\u00fcller: Segregacja w \u015bwi\u0105tyniach to grzech ci\u0119\u017cki przeciwko danej od Boga w\u0142adzy<\/a>, radiomaryja.pl, 09.12.2021.<\/li><\/ul>\n\n\n\n<p class=\"has-text-align-center\">*<\/p>\n\n\n\n<p><strong>Dyktatura sanitaryzmu stwarza wra\u017cenie bardzo szczeg\u00f3lnej pr\u00f3by dezynfekcji \u017cycia publicznego z przestrzeni Ko\u015bcio\u0142a<\/strong><\/p>\n\n\n\n<p>Zobacz:<\/p>\n\n\n\n<ul><li>RIRM, <a href=\"https:\/\/www.radiomaryja.pl\/informacje\/kontrowersje-wokol-pomyslu-weryfikacji-szczepien-w-obiektach-sakralnych\/\">Kontrowersje wok\u00f3\u0142 pomys\u0142u weryfikacji szczepie\u0144 w obiektach sakralnych<\/a>, radiomaryja.pl, 10.12.2021.<\/li><\/ul>\n\n\n\n<p class=\"has-text-align-center\">*<\/p>\n\n\n\n<p><strong>Ks. prof. Pawe\u0142 Bortkiewicz TChr, teolog moralista,  w rozmowie z Redakcj\u0105 Informacyjn\u0105 Radia Maryja<\/strong><\/p>\n\n\n\n<p>Zobacz:<\/p>\n\n\n\n<ul><li>Radio Maryja, <a href=\"https:\/\/www.radiomaryja.pl\/informacje\/tylko-u-nas-ks-prof-p-bortkiewicz-tchr-katolicy-w-polsce-sa-ludzmi-swiadomymi-i-odpowiedzialnymi-podejmujac-droge-do-kosciola-decyduja-sie-na-nia-majac-poczucie-zywej-obecnosci-boga-ktora-je\/\">[TYLKO U NAS] Ks. prof. Pawe\u0142 Bortkiewicz TChr: Katolicy w Polsce s\u0105 lud\u017ami \u015bwiadomymi i odpowiedzialnymi. Podejmuj\u0105c drog\u0119 do ko\u015bcio\u0142a, decyduj\u0105 si\u0119 na ni\u0105, maj\u0105c poczucie \u017cywej obecno\u015bci Boga, kt\u00f3ra jest, by\u0142a&nbsp;i pozostanie \u017ar\u00f3d\u0142em mocy \u017cyciowej dla ka\u017cdego z nas<\/a>, radiomaryja.pl, 10.12.2021.&nbsp;&nbsp;<\/li><\/ul>\n\n\n\n<p class=\"has-text-align-center\">*<\/p>\n\n\n\n<p><strong>Utrudnianie albo wr\u0119cz zakazywanie dost\u0119pu do sakrament\u00f3w stoi w jawnej sprzeczno\u015bci z prawem Bo\u017cym<\/strong><\/p>\n\n\n\n<p>Zobacz:<\/p>\n\n\n\n<ul><li>Wojciech Grzywacz\/radiomaryja.pl, <a href=\"https:\/\/www.radiomaryja.pl\/informacje\/w-obronie-autonomii-kosciola\/\">W obronie autonomii Ko\u015bcio\u0142a<\/a>, radiomaryja.pl, 19.12.2021.<\/li><\/ul>\n\n\n\n<p class=\"has-text-align-center\">*<\/p>\n\n\n\n<p><strong>Wiceminister zdrowia o wynikach bada\u0144 laboratoryjnych nad amantadyn\u0105<\/strong><\/p>\n\n\n\n<p>Zobacz:<\/p>\n\n\n\n<ul><li>RIRM, <a href=\"https:\/\/www.radiomaryja.pl\/informacje\/w-kraska-wyniki-badan-nad-amantadyna-sa-dosc-optymistyczne\/\">W. Kraska: Wyniki bada\u0144 nad amantadyn\u0105 s\u0105 do\u015b\u0107 optymistyczne<\/a>, radiomaryja.pl, 20.12.2021.<\/li><\/ul>\n\n\n\n<p class=\"has-text-align-center\">*<\/p>\n\n\n\n<p><strong>Mec. Jerzy Kwa\u015bniewski, prezes zarz\u0105du Instytutu Ordo Iuris, w rozmowie z portalem Radia Maryja<\/strong><\/p>\n\n\n\n<p>Zobacz:<\/p>\n\n\n\n<ul><li>\u0141ukasz Brzezi\u0144ski\/radiomaryja.pl, <a href=\"https:\/\/www.radiomaryja.pl\/informacje\/tylko-u-nas-mec-j-kwasniewski-opinie-ekspertow-who-bardzo-czesto-niepoparte-zadnymi-badaniami-naukowymi-sa-traktowane-przez-rzady-poszczegolnych-panstw-jako-przeslanki-legaliz\/\">[TYLKO U NAS] Mec. J. Kwa\u015bniewski: Opinie ekspert\u00f3w WHO \u2013 bardzo cz\u0119sto niepoparte \u017cadnymi badaniami naukowymi \u2013 s\u0105 traktowane przez rz\u0105dy poszczeg\u00f3lnych pa\u0144stw jako przes\u0142anki legalizacji ograniczania praw i wolno\u015bci obywatelskich<\/a>, radiomaryja.pl, 26.12.2021.<\/li><\/ul>\n\n\n\n<p class=\"has-text-align-center\">*<\/p>\n\n\n\n<p><strong>\u015awiadectwo i przes\u0142anie o. Stanis\u0142awa Jarosza OSPPE o prze\u017cywaniu czasu pandemii covidowej<\/strong><\/p>\n\n\n\n<p>Zobacz:<\/p>\n\n\n\n<ul><li><a href=\"https:\/\/www.youtube.com\/watch?v=wasTTa0Zla4\">M\u00f3g\u0142bym nie \u017cy\u0107, a \u017cyj\u0119 \u2013 mocne \u015bwiadectwo o. St. Jarosza o prze\u017cywaniu czasu pandemii covidowej<\/a>, youtube.com, 31.12.2021.<\/li><\/ul>\n\n\n\n<p class=\"has-text-align-center\">*<\/p>\n\n\n\n<p class=\"has-text-align-center\"><strong><a href=\"https:\/\/stronazycia.pl\/wp-content\/uploads\/2022\/01\/Opinia-Prawna-Pfizer-BioNTech-wer-PDF.pdf\">Opinia prawna<br>w przedmiocie oceny eksperymentalnego charakteru produktu leczniczego <br>Comirnaty (Pfizer\/BioNTech), <strong>okre\u015blanego jako szczepionka przeciwko Covid-19,<\/strong><br>sporz\u0105dzona na dzie\u0144 15.12.2021 r. w Toruniu <br><strong>przez Kancelari\u0119 Adwokack\u0105 Adwokat Joanna W\u0105sik<\/strong><\/a><br>[stronazycia.pl]<\/strong><\/p>\n\n\n\n<p>Ca\u0142\u0105 opini\u0119 mo\u017cna przeczyta\u0107&nbsp;w serwisie Fundacji Pro \u2013 Prawo do \u017bycia.<\/p>\n\n\n\n<p class=\"has-text-align-center\">*<\/p>\n\n\n\n<p><strong>Wsparcie dla Ma\u0142opolskiego Kuratora O\u015bwiaty Barbary Nowak<\/strong><\/p>\n\n\n\n<p>Zobacz:<\/p>\n\n\n\n<ul><li>Wr\u00f3bel. U., <a href=\"https:\/\/wp.naszdziennik.pl\/2022-01-10\/359498,lincz-na-kurator.html\">Lincz na kurator Barbar\u0119 Nowak<\/a>, naszdziennik.pl, 10.01.2022.<\/li><\/ul>\n\n\n\n<p>Ca\u0142y artyku\u0142 mo\u017cna przeczyta\u0107   [<a href=\"https:\/\/www.radiomaryja.pl\/informacje\/nasz-dziennik-lincz-na-kurator-barbare-nowak\/\"><strong>tutaj<\/strong><\/a>].<\/p>\n\n\n\n<p class=\"has-text-align-center\">*<\/p>\n\n\n\n<p><strong>Zdrowotne aspekty ogranicze\u0144 covidowych &#8211; raport Instytutu Ordo Iuris<\/strong><\/p>\n\n\n\n<p>Zobacz:<\/p>\n\n\n\n<ul><li><a href=\"https:\/\/ordoiuris.pl\/sites\/default\/files\/inline-files\/Raport_OI_Raport_OI_COVID_cz2_aspekty_zdrowotne_0.pdf\">Ograniczenia praw i wolno\u015bci wprowadzone w Polsce w zwi\u0105zku z epidemi\u0105 COVID-19. Cz\u0119\u015b\u0107 druga &#8211; aspekty zdrowotne<\/a>, red. nauk. \u0141. Bernaci\u0144ski, J. Kwa\u015bniewski, Warszawa 2021, ordoiuris.pl, 12.01.2022.<\/li><\/ul>\n\n\n\n<p class=\"has-text-align-center\">*<\/p>\n\n\n\n<p><strong>Rados\u0142aw Sierpi\u0144ski, prezes Agencji Bada\u0144 Medycznych w audycji \u201eAktualno\u015bci dnia\u201d&nbsp;na antenie Radia Maryja<\/strong><\/p>\n\n\n\n<p>Zobacz:<\/p>\n\n\n\n<ul><li>Radio Maryja, <a title=\"Odno\u015bnik bezpo\u015bredni: [TYLKO U NAS] Dr hab. n. med. R. Sierpi\u0144ski o odkryciu genu odpowiedzialnego za ci\u0119\u017cki przebieg COVID-19: Jeste\u015bmy w stanie znale\u017a\u0107 tych pacjent\u00f3w, kt\u00f3rzy s\u0105 potencjalnymi kandydatami do ci\u0119\u017ckiego przebiegu choroby\" href=\"https:\/\/www.radiomaryja.pl\/informacje\/tylko-u-nas-dr-hab-n-med-r-sierpinski-o-odkryciu-genu-odpowiedzialnego-za-ciezki-przebieg-covid-19-jestesmy-w-stanie-znalezc-tych-pacjentow-ktorzy-sa-potencjalnymi-kandydatami-do-ciezkiego-prz\/\" rel=\"bookmark\">[TYLKO U NAS] Dr hab. n. med. R. Sierpi\u0144ski o odkryciu genu odpowiedzialnego za ci\u0119\u017cki przebieg COVID-19: Jeste\u015bmy w stanie znale\u017a\u0107 tych pacjent\u00f3w, kt\u00f3rzy s\u0105 potencjalnymi kandydatami do ci\u0119\u017ckiego przebiegu choroby<\/a>, radiomaryja.pl, 15.01.2022.<\/li><\/ul>\n\n\n\n<p>Ca\u0142\u0105 audycj\u0119 z 14.01.2022 mo\u017cna ods\u0142ucha\u0107   [<strong><a href=\"https:\/\/www.radiomaryja.pl\/multimedia\/odkrycie-genu-odpowiedzialnego-za-ciezki-przebieg-covid-19-przez-polskich-naukowcow\/\">tutaj<\/a><\/strong>].&nbsp;<\/p>\n\n\n\n<p class=\"has-text-align-center\">*<\/p>\n\n\n\n<p><strong>Wywiad z ks. kard. Gerhardem Ludwigem M\u00fcllerem, prefektem Kongregacji Nauki Wiary w latach 2012-2017<\/strong><\/p>\n\n\n\n<ul><li>M\u00fcller G.L., <a href=\"https:\/\/wp.naszdziennik.pl\/2022-01-15\/359678,nadciaga-nowy-totalitaryzm.html\">Nadci\u0105ga nowy totalitaryzm<\/a>, rozmow\u0119 przeprowadzi\u0142 on-line 06.12.2021 Instytut \u015bw. Bonifacego, naszdziennik.pl, 15-16.01.2022.<\/li><\/ul>\n\n\n\n<p>Ca\u0142y artyku\u0142 mo\u017cna przeczyta\u0107   [<strong><a href=\"https:\/\/www.radiomaryja.pl\/kosciol\/ks-kard-g-muller-politycy-wykorzystuja-pandemie-do-stworzenia-nowego-czlowieka\/\">tutaj<\/a><\/strong>].<\/p>\n\n\n\n<p class=\"has-text-align-center\">*<\/p>\n\n\n\n<p><strong>Czy szczepionki s\u0105 etyczne?<\/strong><\/p>\n\n\n\n<p>Zobacz:<\/p>\n\n\n\n<ul><li>Radio Maryja, <a href=\"https:\/\/www.radiomaryja.pl\/multimedia\/rykoszetem-czy-szczepionki-sa-etyczne\/\">Rykoszetem: Czy szczepionki s\u0105 etyczne,<\/a> radiomaryja.pl, 19.01.2022.<\/li><\/ul>\n\n\n\n<p class=\"has-text-align-center\">*<\/p>\n\n\n\n<p><strong>Panel ekspercki nt. COVID-19, organizowany przez prezydenta Andrzeja Dud\u0119<\/strong><\/p>\n\n\n\n<p>Zobacz: <\/p>\n\n\n\n<ul><li>TV Trwam News, <a title=\"Odno\u015bnik bezpo\u015bredni: \u201eInfo COVID-19. Zapytaj \u2013 zdecyduj\u201d \u2013 inicjatywa prezydenta dla nieprzekonanych do szczepie\u0144 przeciw koronawirusowi\" href=\"https:\/\/www.radiomaryja.pl\/informacje\/info-covid-19-zapytaj-zdecyduj-inicjatywa-prezydenta-dla-nieprzekonanych-do-szczepien-przeciw-koronawirusowi\/\" rel=\"bookmark\">\u201eInfo COVID-19. Zapytaj \u2013 zdecyduj\u201d \u2013 inicjatywa prezydenta dla nieprzekonanych do szczepie\u0144 przeciw koronawirusowi<\/a>, radiomaryja,pl, 25.01.2022.<\/li><\/ul>\n\n\n\n<p class=\"has-text-align-center\">*<\/p>\n\n\n\n<p><strong>Wojciech Andrusiewicz, rzecznik&nbsp;Ministerstwa Zdrowia, w audycji \u201eAktualno\u015bci dnia\u201d na antenie Radia Maryja<\/strong><\/p>\n\n\n\n<p>Zobacz:<\/p>\n\n\n\n<ul><li>Radio Maryja, <a title=\"Odno\u015bnik bezpo\u015bredni: [TYLKO U NAS] W. Andrusiewicz o nowych sposobach walki z pandemi\u0105: Jednym z najistotniejszych zada\u0144 przy pi\u0105tej fali jest to, \u017ceby osoby starsze mia\u0142y opiek\u0119, by nie musia\u0142y umiera\u0107 dlatego, \u017ce nie by\u0142o lekarza\" href=\"https:\/\/www.radiomaryja.pl\/informacje\/tylko-u-nas-w-andrusiewicz-o-nowych-sposobach-walki-z-pandemia-jednym-z-najistotniejszych-zadan-przy-piatej-fali-jest-to-zeby-osoby-starsze-mialy-opieke-by-nie-musialy-umierac-dlatego-ze-nie-by\/\" rel=\"bookmark\">[TYLKO U NAS] W. Andrusiewicz o nowych sposobach walki z pandemi\u0105: Jednym z najistotniejszych zada\u0144 przy pi\u0105tej fali jest to, \u017ceby osoby starsze mia\u0142y opiek\u0119, by nie musia\u0142y umiera\u0107 dlatego, \u017ce nie by\u0142o lekarza<\/a>, radiomaryja.pl, 26.01.2022.<\/li><\/ul>\n\n\n\n<p>Ca\u0142\u0105 audycj\u0119 mo\u017cna ods\u0142ucha\u0107   [<strong><a href=\"https:\/\/www.radiomaryja.pl\/multimedia\/zmiany-w-sposobach-walki-z-pandemia-covid-19\/\">tutaj<\/a><\/strong>].<\/p>\n\n\n\n<p class=\"has-text-align-center\">*<\/p>\n\n\n\n<p class=\"has-text-align-center\"><strong><a href=\"https:\/\/naszdziennik.pl\/oblicza-pandemii\">Sympozjum \u201eOblicza pandemii\u201d<br><\/a>29.01.2022<br>[naszdziennik.pl]<\/strong><\/p>\n\n\n\n<p class=\"has-text-align-center\"><strong>Wyk\u0142ady<\/strong><\/p>\n\n\n\n<ul><li>Bortkiewicz P., <a href=\"https:\/\/naszdziennik.pl\/polska-kraj\/250482,etyczne-aspekty-szczepienia-przeciw-covid-19.html\">Etyczne aspekty szczepienia przeciw COVID-19<\/a>, naszdziennik.pl, 09.02.2022.<\/li><li>Kocha\u0144ski A., <a href=\"https:\/\/naszdziennik.pl\/polska-kraj\/251004,ochrona-danych-genetycznych-polakow-w-dobie-pandemii.html\">Ochrona danych genetycznych Polak\u00f3w w dobie pandemii<\/a>, naszdziennik.pl, 13.02.2022.<\/li><li>Martyka Z., <a href=\"https:\/\/naszdziennik.pl\/polska-kraj\/251110,wyzwania-ochrony-zdrowia-w-dobie-pandemii.html\">Wyzwania ochrony zdrowia w dobie pandemii<\/a>, naszdziennik.pl, 15.02.2022.<\/li><li>Bodnar W., <a href=\"https:\/\/naszdziennik.pl\/polska-kraj\/251348,batalia-o-amantadyne.html\">Batalia o amantadyn\u0119<\/a>, naszdziennik.pl, 19.02.2022.<\/li><\/ul>\n\n\n\n<p class=\"has-text-align-center\">*<\/p>\n\n\n\n<p><strong>Dr Katarzyna Ratkowska, specjalista psychiatrii, w audycji \u201eAktualno\u015bci dnia\u201d na antenie Radia Maryja<\/strong><\/p>\n\n\n\n<p>Zobacz: <\/p>\n\n\n\n<ul><li>Radio Maryja, <a title=\"Odno\u015bnik bezpo\u015bredni: [TYLKO U NAS] Dr K. Ratkowska: W Polsce ca\u0142y czas s\u0105 robione badania eksperymentalne z podawaniem preparat\u00f3w genetycznych w postaci szczepionki dzieciom od sz\u00f3stego miesi\u0105ca w oficjalnym badaniu klinicznym Pfizera\" href=\"https:\/\/www.radiomaryja.pl\/informacje\/tylko-u-nas-dr-k-ratkowska-w-polsce-caly-czas-sa-robione-badania-eksperymentalne-z-podawaniem-preparatow-genetycznych-w-postaci-szczepionki-dzieciom-od-szostego-miesiaca-w-oficjalnym-badaniu-klini\/\" rel=\"bookmark\">[TYLKO U NAS] Dr K. Ratkowska: W Polsce ca\u0142y czas s\u0105 robione badania eksperymentalne z podawaniem preparat\u00f3w genetycznych w postaci szczepionki dzieciom od sz\u00f3stego miesi\u0105ca w oficjalnym badaniu klinicznym Pfizera<\/a>, radiomaryja.pl, 01.02.2022.<\/li><\/ul>\n\n\n\n<p>Ca\u0142\u0105 audycj\u0119 mo\u017cna ods\u0142ucha\u0107   [<strong><a href=\"https:\/\/www.radiomaryja.pl\/multimedia\/eksperymenty-medyczne-na-niemowletach-i-dzieciach\/\">tutaj<\/a><\/strong>].<\/p>\n\n\n\n<p class=\"has-text-align-center\">*<\/p>\n\n\n\n<p><strong>Dr Jolanta Hajdasz, dyrektor Centrum Monitoringu Wolno\u015bci Prasy Stowarzyszenia Dziennikarzy Polskich, w audycji \u201eMy\u015bl\u0105c Ojczyzna\u201d w Radiu Maryja<\/strong><\/p>\n\n\n\n<p>Zobacz:<\/p>\n\n\n\n<ul><li>Radio Maryja, <a title=\"Odno\u015bnik bezpo\u015bredni: [TYLKO U NAS] Dr J. Hajdasz: Sympozjum \u201eOblicza pandemii\u201d wskaza\u0142o ogromne obszary niedom\u00f3wie\u0144 i manipulacji medialnych, jakie pojawi\u0142y si\u0119 w zwi\u0105zku z pandemi\u0105 koronawirusa w \u015brodkach masowego komunikowania\" href=\"https:\/\/www.radiomaryja.pl\/informacje\/tylko-u-nas-dr-j-hajdasz-sympozjum-oblicza-pandemii-wskazalo-ogromne-obszary-niedomowien-i-manipulacji-medialnych-jakie-pojawily-sie-w-zwiazku-z-pandemia-koronawirusa-w-srodkach\/\" rel=\"bookmark\">[TYLKO U NAS] Dr J. Hajdasz: Sympozjum \u201eOblicza pandemii\u201d wskaza\u0142o ogromne obszary niedom\u00f3wie\u0144 i manipulacji medialnych, jakie pojawi\u0142y si\u0119 w zwi\u0105zku z pandemi\u0105 koronawirusa w \u015brodkach masowego komunikowania<\/a>, radiomaryja.pl, 03.02.2022.<\/li><\/ul>\n\n\n\n<p class=\"has-text-align-center\">*<\/p>\n\n\n\n<p><strong>Dr hab. Hanna Karp, medioznawca, w rozmowie z Redakcj\u0105 Informacyjn\u0105 Radia Maryja<\/strong><\/p>\n\n\n\n<p>Zobacz:<\/p>\n\n\n\n<ul><li>Radio Maryja, <a href=\"https:\/\/www.radiomaryja.pl\/informacje\/tylko-u-nas-dr-hab-h-karp-o-zablokowaniu-przez-youtube-wykladu-dr-z-martyki-sfera-cenzury-bardzo-sie-poszerza\/\">[TYLKO U NAS] Dr hab. H. Karp o zablokowaniu przez YouTube wyk\u0142adu dr. Z. Martyki: Sfera cenzury bardzo si\u0119 poszerza<\/a>, radiomaryja.pl, 03.02.2022.<\/li><\/ul>\n\n\n\n<p class=\"has-text-align-center\">*<\/p>\n\n\n\n<p><strong>Anna Maria Siarkowska, pose\u0142 Prawa i Sprawiedliwo\u015bci, w rozmowie z TV Trwam<\/strong><\/p>\n\n\n\n<p>Zobacz:<\/p>\n\n\n\n<ul><li>Radio Maryja, <a title=\"Odno\u015bnik bezpo\u015bredni: [TYLKO U NAS] A. M. Siarkowska: Powinni\u015bmy skupi\u0107 si\u0119 na leczeniu ludzi, a nie na ich segregowaniu i zach\u0119caniu, \u017ceby donosili na siebie nawzajem\" href=\"https:\/\/www.radiomaryja.pl\/informacje\/tylko-u-nas-a-m-siarkowska-powinnismy-skupic-sie-na-leczeniu-ludzi-a-nie-na-ich-segregowaniu-i-zachecaniu-zeby-donosili-na-siebie-nawzajem\/\" rel=\"bookmark\">[TYLKO U NAS] A. M. Siarkowska: Powinni\u015bmy skupi\u0107 si\u0119 na leczeniu ludzi, a nie na ich segregowaniu i zach\u0119caniu, \u017ceby donosili na siebie nawzajem<\/a>, radiomaryja.pl, 06.02.2022.<\/li><\/ul>\n\n\n\n<p class=\"has-text-align-center\">*<\/p>\n\n\n\n<p><strong>\u0141ukasz Bernaci\u0144ski, prawnik i cz\u0142onek zarz\u0105du Ordo Iuris, w reporta\u017cu \u201eWolno\u015b\u0107 S\u0142owa: Czas absurdu\u201d na antenie TV Trwam<\/strong><\/p>\n\n\n\n<p>Zobacz:<\/p>\n\n\n\n<ul><li>Radio Maryja, <a href=\"https:\/\/www.radiomaryja.pl\/informacje\/tylko-u-nas-l-bernacinski-na-tle-europy-obostrzenia-w-polsce-sa-dosyc-liberalne-ale-powinnismy-walczyc-o-obiektywny-standard-poszanowania-praw-i-wolnosci-obywatelskich\/\">[TYLKO U NAS] \u0141. Bernaci\u0144ski: Na tle Europy obostrzenia w Polsce s\u0105 dosy\u0107 liberalne, ale powinni\u015bmy walczy\u0107 o obiektywny standard poszanowania praw i wolno\u015bci obywatelskich<\/a>, radiomaryja.pl, 09.02.2022.<\/li><\/ul>\n\n\n\n<p class=\"has-text-align-center\">*<\/p>\n\n\n\n<p><strong>Wojciech Andrusiewicz, rzecznik Ministerstwa Zdrowia, w audycji \u201eAktualno\u015bci dnia\u201d na antenie Radia Maryja<\/strong><\/p>\n\n\n\n<p>Zobacz:<\/p>\n\n\n\n<ul><li>Radio Maryja, <a href=\"https:\/\/www.radiomaryja.pl\/informacje\/tylko-u-nas-w-andrusiewicz-ludzie-sami-sie-diagnozuja-sposobami-drogeryjnymi-badz-aptecznymi-sami-sie-izoluja-kontakt-z-zakazeniem-jest-coraz-wiekszy-a-kwarantanna-z-kontaktu-przestaje-odgrywac\/\">[TYLKO U NAS] W. Andrusiewicz: Ludzie sami si\u0119 diagnozuj\u0105 sposobami drogeryjnymi b\u0105d\u017a aptecznymi. Sami si\u0119 izoluj\u0105. Kontakt z zaka\u017ceniem jest coraz wi\u0119kszy, a kwarantanna z kontaktu przestaje odgrywa\u0107 swoj\u0105 rol\u0119<\/a>, radiomaryja.pl, 10.02.2022.&nbsp;&nbsp;<\/li><\/ul>\n\n\n\n<p>Ca\u0142\u0105 audycj\u0119 mo\u017cna ods\u0142ucha\u0107   [<strong><a href=\"https:\/\/www.radiomaryja.pl\/multimedia\/poczatek-konca-pandemii-dzialalnosc-rady-ds-covid-19\/\">tutaj<\/a><\/strong>].<\/p>\n\n\n\n<p class=\"has-text-align-center\">*<\/p>\n\n\n\n<p class=\"has-text-align-center\"><a href=\"https:\/\/www.gov.pl\/attachment\/5ec40a52-d524-4191-898a-3c134cb6871d\"><strong>Opinia prawna <br>dotycz\u0105ca obowi\u0105zku szczepie\u0144 przeciwko COVID \u2013 19<br>dla os\u00f3b wykonuj\u0105cych okre\u015blone zawody (w tym zawody medyczne)<br><strong>na mocy Rozporz\u0105dzenia<\/strong><\/strong> <strong>Ministra Zdrowia z dnia 22 grudnia 2021 r. zmieniaj\u0105cego<br>rozporz\u0105dzenie w sprawie og\u0142oszenia na obszarze Rzeczypospolitej Polskiej stanu epidemii<br><strong>Sporz\u0105dzona dnia 21 lutego 2022 r. w Lublinie przez radc\u00f3w prawnych:<\/strong><br>1) <span role=\"presentation\" dir=\"ltr\"><span role=\"presentation\" dir=\"ltr\">Konrada Cezarego \u0141akomego (LB-1570)<\/span><\/span><br>2) Grzegorza Tr<span role=\"presentation\" dir=\"ltr\">ejgela (LB-1603)<\/span><\/strong><\/a><strong><strong><br><\/strong>[gov.pl]<\/strong><\/p>\n\n\n\n<p class=\"has-text-align-center\">*<\/p>\n\n\n\n<p><strong>Wywiad z dr Katarzyn\u0105 Ratkowsk\u0105, psychiatr\u0105<\/strong><\/p>\n\n\n\n<p>Zobacz:<\/p>\n\n\n\n<ul><li>Ratkowska K., <a href=\"https:\/\/ratujzycie.pl\/dr-ratkowska-nie-mozna-rozwijac-nauki-kosztem-zycia-ludzi\/\">Nie mo\u017cna rozwija\u0107 nauki kosztem \u017cycia ludzi<\/a>, rozmow\u0119 przeprowadzi\u0142a F. Rewucka, zycierodzina.pl, 01.03.2022.<\/li><\/ul>\n\n\n\n<p class=\"has-text-align-center\">*<\/p>\n\n\n\n<p class=\"has-text-align-center\"><a href=\"http:\/\/dobreszczepionki.pl\/wp-content\/uploads\/2026\/01\/6.17._Apel-do-Prezesa-Rady-Ministrow-11-03-2022.pdf\"><strong>Apel do Prezesa Rady Ministr\u00f3w<\/strong><br><strong>o wybudowanie polskiej fabryki szczepionek nie zwi\u0105zanych z aborcj\u0105<\/strong><\/a><strong><br>11.03.2022<br>[dobreszczepionki.pl]<\/strong><\/p>\n\n\n\n<p class=\"has-text-align-center\">*<\/p>\n\n\n\n<p><strong>Zastraszanie lekarzy za leczenie chorych amantadyn\u0105 uderza przede wszystkim w dobro pacjent\u00f3w<\/strong><\/p>\n\n\n\n<p>Zobacz:<\/p>\n\n\n\n<ul><li>Wr\u00f3bel U., <a href=\"https:\/\/naszdziennik.pl\/polska-kraj\/252858,karani-za-leczenie.html\">Karani za leczenie<\/a>, naszdziennik.pl, 19.03.2022.<\/li><\/ul>\n\n\n\n<p>Ca\u0142y artyku\u0142 mo\u017cna przeczyta\u0107   [<strong><a href=\"https:\/\/www.radiomaryja.pl\/informacje\/nasz-dziennik-karani-za-leczenie-amantadyna\/\">tutaj<\/a><\/strong>].<\/p>\n\n\n\n<p class=\"has-text-align-center\">*<\/p>\n\n\n\n<p><strong>Duchowie\u0144stwo i wierni stan\u0119li w obronie pasterza diecezji Arecibo w Portoryko<\/strong><\/p>\n\n\n\n<p>Zobacz:<\/p>\n\n\n\n<ul><li>AG\/Pch24.pl\/radiomaryja.pl,&nbsp;<a href=\"https:\/\/www.radiomaryja.pl\/kosciol\/duchowienstwo-i-wierni-staneli-w-obronie-ks-bp-d-f-torresa-usunietego-z-urzedu-pasterz-diecezji-w-portoryko-byl-przeciwny-przymusowi-szczepien\/\">Duchowie\u0144stwo i wierni stan\u0119li w obronie ks. bp. D. F. Torresa usuni\u0119tego z urz\u0119du. Pasterz diecezji w Portoryko by\u0142 przeciwny przymusowi szczepie\u0144<\/a>, radiomaryja.pl, 20.03.2022.<\/li><\/ul>\n\n\n\n<p class=\"has-text-align-center\">*<\/p>\n\n\n\n<p class=\"has-text-align-center\"><strong>Narodowy Instytut Zdrowia Publicznego PZH \u2013 Pa\u0144stwowy Instytut Badawczy<strong><br><\/strong><a href=\"https:\/\/www.pzh.gov.pl\/wp-content\/uploads\/2022\/04\/Raport-NOP-do-31.03.2022.pdf\"><strong>Niepo\u017c\u0105dane Odczyny Poszczepienne i Niepo\u017c\u0105dane Zdarzenia Medyczne<\/strong><br>w okresie 30 dni po szczepieniu przeciw COVID-19 w Polsce<br>Raport za okres 27.12.2020 \u2013 31.03.2022<\/a><br>[pzh.gov.pl]<\/strong><\/p>\n\n\n\n<p class=\"has-text-align-center\">*<\/p>\n\n\n\n<p><strong>Grupa austriackich duchownych wyda\u0142a o\u015bwiadczenie w odpowiedzi na mandat rz\u0105du dotycz\u0105cy szczepie\u0144 przeciw COVID, wyja\u015bniaj\u0105c sprzeciw<\/strong><\/p>\n\n\n\n<p>Zobacz:<\/p>\n\n\n\n<ul><li> Angielskie t\u0142umaczenie <a href=\"https:\/\/www.lifesitenews.com\/wp-content\/uploads\/2022\/04\/CONFIRMA.pdf\">dokumentu<\/a> oryginalnie napisanego w j\u0119z. niemieckim, lifesitenews.com, 07.04.2022.<\/li><\/ul>\n\n\n\n<p class=\"has-text-align-center\">*<\/p>\n\n\n\n<p><strong>Podsumowanie pandemii z perspektywy lekarza specjalisty, pulmonologa, a tak\u017ce przychodni lekarskiej, kt\u00f3ra stawi\u0142a czo\u0142a wyzwaniu pandemii, pozostaj\u0105c otwart\u0105 na pacjent\u00f3w w czasie jej trwania<\/strong><\/p>\n\n\n\n<p>Zobacz: <\/p>\n\n\n\n<ul><li>Bodnar W., <a href=\"https:\/\/przychodnia-przemysl.pl\/miliony-osob-z-calego-swiata-skorzystalo-z-amantadyny-w-trakcie-pandemii-covid-19-podsumowanie-2-lat\/\">Miliony os\u00f3b z ca\u0142ego \u015bwiata skorzysta\u0142o z amantadyny w trakcie pandemii COVID-19 \u2013 podsumowanie 2 lat<\/a>, przychodnia-przemysl.pl, 20.04.2022.<\/li><\/ul>\n\n\n\n<p class=\"has-text-align-center\">*<\/p>\n\n\n\n<p><strong>Wywiad z dr. n. med. Jackiem Nasi\u0142owskim, specjalist\u0105 chor\u00f3b wewn\u0119trznych i chor\u00f3b p\u0142uc, przewodnicz\u0105cym OM Polskiego Towarzystwa Chor\u00f3b P\u0142uc, ordynatorem OZ Tymczasowego Szpitala Narodowego na Stadionie Narodowym w Warszawie<\/strong><\/p>\n\n\n\n<p>Zobacz:<\/p>\n\n\n\n<ul><li>Nasi\u0142owski J., <a href=\"https:\/\/wp.naszdziennik.pl\/2022-05-28\/363576,zarzuty-sa-bezpodstawne.html\">Zarzuty s\u0105 bezpodstawne<\/a>, rozmow\u0119 przeprowadzi\u0142a U. Wr\u00f3bel, naszdziennik.pl, 28.05.2022.<\/li><\/ul>\n\n\n\n<p>Ca\u0142y artyku\u0142 mo\u017cna przeczyta\u0107   [<strong><a href=\"https:\/\/www.radiomaryja.pl\/informacje\/dr-n-med-j-nasilowski-dla-naszego-dziennika-wszczecie-postepowania-przez-rpp-wobec-medykow-leczacych-amantadyna-i-zarzucanie-im-dzialania-na-szkode-pacjentow-jest-niezrozumiale\/\">tutaj<\/a><\/strong>].<\/p>\n\n\n\n<p class=\"has-text-align-center\">*<\/p>\n\n\n\n<p><strong>Urz\u0119dnicy WHO chc\u0105 kontrolowa\u0107 polityki zdrowotne suwerennych pa\u0144stw<\/strong><\/p>\n\n\n\n<p>Zobacz:<\/p>\n\n\n\n<ul><li>Adw. Jerzy Kwa\u015bniewski \u2013 prezes Instytutu Ordo Iuris, <a href=\"https:\/\/ordoiuris.pl\/wolnosci-obywatelskie\/jerzy-kwasniewski-koniec-pandemii-poczatkiem-wszechwladzy-who\">Jerzy Kwa\u015bniewski: Koniec pandemii pocz\u0105tkiem wszechw\u0142adzy WHO?<\/a>, ordoiuris.pl, 30.05.2022.<\/li><\/ul>\n\n\n\n<p class=\"has-text-align-center\">*<\/p>\n\n\n\n<p><strong>Wywiad z dr. Paw\u0142em Basiukiewiczem, kardiologiem, specjalist\u0105 chor\u00f3b wewn\u0119trznych<\/strong><\/p>\n\n\n\n<p>Zobacz:<\/p>\n\n\n\n<ul><li>Basiukiewicz P., <a href=\"https:\/\/wp.naszdziennik.pl\/2022-06-01\/363660,grozna-siec-powiazan.html\">Gro\u017ana sie\u0107 powi\u0105za\u0144<\/a>, rozmow\u0119 przeprowadzi\u0142a U. Wr\u00f3bel, naszdziennik.pl, 01.06.2022.<\/li><\/ul>\n\n\n\n<p>Ca\u0142y artyku\u0142 mo\u017cna przeczyta\u0107   [<strong><a href=\"https:\/\/www.radiomaryja.pl\/informacje\/dr-p-basiukiewicz-dla-naszego-dziennika-mam-watpliwosci-czy-podpisanie-przez-polske-traktatu-pandemicznego-nie-bedzie-jednoznaczne-z-byciem-zakladnikiem-jakiejs-polityki-niemajace\/\">tutaj<\/a><\/strong>].<\/p>\n\n\n\n<p><strong>Dr hab. Marcin Warcho\u0142, wiceminister sprawiedliwo\u015bci, w audycji \u201eAktualno\u015bci dnia\u201d na antenie Radia Maryja<\/strong><\/p>\n\n\n\n<p>Zobacz:<\/p>\n\n\n\n<ul><li>Radio Maryja, <a href=\"https:\/\/www.radiomaryja.pl\/informacje\/tylko-u-nas-dr-hab-m-warchol-przedmiotem-zainteresowania-who-powinien-byc-nierowny-dostep-do-lekow-nowoczesnych-terapii-a-nie-forsowanie-lewackich-wrogich-czlowiekowi-ideologii\/\">[TYLKO U NAS] Dr hab. M. Warcho\u0142: Przedmiotem zainteresowania WHO powinien by\u0107 nier\u00f3wny dost\u0119p do lek\u00f3w, nowoczesnych terapii, a nie forsowanie lewackich, wrogich cz\u0142owiekowi ideologii<\/a>, radiomaryja.pl, 08.08.2022.<\/li><\/ul>\n\n\n\n<p>Ca\u0142\u0105 audycj\u0119 mo\u017cna ods\u0142ucha\u0107   [<strong><a href=\"https:\/\/www.radiomaryja.pl\/multimedia\/swiatowa-organizacja-zdrowia-jako-agenda-onz-usiluje-narzucic-panstwom-lewicowa-ideologie\/\">tutaj<\/a><\/strong>].<\/p>\n\n\n\n<p class=\"has-text-align-center\">*<\/p>\n\n\n\n<p><strong>Lekkoatleci skar\u017c\u0105 si\u0119 na bezprawne dzia\u0142ania podejmowane przez PZLA<\/strong><\/p>\n\n\n\n<p>Zobacz:<\/p>\n\n\n\n<ul><li>Baranowski Z.,&nbsp;<a href=\"https:\/\/wp.naszdziennik.pl\/2022-08-19\/365765,dyskryminacja-niezaszczepionych.html\">Dyskryminacja niezaszczepionych<\/a>, naszdziennik.pl, 19.08.2022.<\/li><\/ul>\n\n\n\n<p>Ca\u0142y artyku\u0142 mo\u017cna przeczyta\u0107 [<strong><a href=\"https:\/\/www.radiomaryja.pl\/informacje\/nasz-dziennik-dyskryminacja-sportowcow-niezaszczepionych-na-covid-19-w-pzla\/\">tutaj<\/a><\/strong>].<\/p>\n\n\n\n<p class=\"has-text-align-center\">*<\/p>\n\n\n\n<p><strong>W\u0142adze Danii zdecydowa\u0142y o zaprzestaniu powszechnego szczepienia przeciw COVID-19 dzieci i m\u0142odzie\u017cy do 18. roku \u017cycia<\/strong><\/p>\n\n\n\n<p>Zobacz:<\/p>\n\n\n\n<ul><li>Prusak M., <a href=\"http:\/\/www.sfkp.pl\/userfiles\/Znikome_korzysci_MPrusak_ND_22_0.2022.pdf\">Znikome korzy\u015bci<\/a>, \u201eNasz Dziennik\u201d, 29.08.2022.<\/li><\/ul>\n\n\n\n<p class=\"has-text-align-center\">*<\/p>\n\n\n\n<p><strong>Lekarzom stosuj\u0105cym amantadyn\u0119 w leczeniu COVID-19 Rzecznik Praw Pacjenta grozi wysokimi karami<\/strong><\/p>\n\n\n\n<p>Zobacz:<\/p>\n\n\n\n<ul><li>Wr\u00f3bel U., <a href=\"https:\/\/wp.naszdziennik.pl\/2022-09-07\/366284,bezprawny-zakaz-leczenia.html\">Bezprawny zakaz leczenia<\/a>, naszdziennik.pl, 07.09.2022.<\/li><\/ul>\n\n\n\n<p>Ca\u0142y artyku\u0142 mo\u017cna przeczyta\u0107 [<strong><a href=\"https:\/\/www.radiomaryja.pl\/informacje\/nasz-dziennik-bezprawny-zakaz-leczenia\/\">tutaj<\/a><\/strong>].<\/p>\n\n\n\n<p class=\"has-text-align-center\">*<\/p>\n\n\n\n<p><strong>Badania potwierdzaj\u0105 zagro\u017cenia zwi\u0105zane z przyj\u0119ciem szczepienia przeciw COVID-19<\/strong><\/p>\n\n\n\n<p>Zobacz:<\/p>\n\n\n\n<ul><li>Wr\u00f3bel U., <a href=\"https:\/\/naszdziennik.pl\/polska-kraj\/261717,udowodnione-ryzyko.html\">Udowodnione ryzyko<\/a>, naszdziennik.pl, 09.09.2022.<\/li><\/ul>\n\n\n\n<p class=\"has-text-align-center\">*<\/p>\n\n\n\n<p><strong>Korzystna mutacja<\/strong><\/p>\n\n\n\n<p>Zobacz:<\/p>\n\n\n\n<ul><li>Prusak M., <a href=\"https:\/\/naszdziennik.pl\/index.php\/polska-kraj\/264284,omikron-jak-naturalna-szczepionka.html\">Omikron jak naturalna szczepionka<\/a>, naszdziennik.pl, 22.10.2022.<\/li><\/ul>\n\n\n\n<p class=\"has-text-align-center\">*<\/p>\n\n\n\n<p><strong>Prowadzenie rzetelnej debaty nad skutkami przeprowadzonych do tej pory szczepie\u0144 przeciw COVID-19<\/strong> <strong>jest niezwykle trudne<\/strong><\/p>\n\n\n\n<p>Zobacz:<\/p>\n\n\n\n<ul><li>R.pr. dr Bartosz Zalewski \u2013 analityk Centrum Analiz Legislacyjnych Ordo Iuris, <a href=\"https:\/\/ordoiuris.pl\/ordoiuris.pl\/dostep-do-danych-o-szczepieniach-przeciwko-covid-19-utrudniony-przez-bariery-prawne\">Dost\u0119p do danych o szczepieniach przeciwko Covid-19 utrudniony przez bariery prawne<\/a>, ordoiuris.pl, 08.11.2022.<\/li><\/ul>\n\n\n\n<p class=\"has-text-align-center\">*<\/p>\n\n\n\n<p><strong>Dr n. med. Zbigniew Martyka, specjalista chor\u00f3b wewn\u0119trznych i specjalista chor\u00f3b zaka\u017anych, w audycji \u201eAktualno\u015bci dnia\u201d na antenie Radia Maryja<\/strong><\/p>\n\n\n\n<p>Zobacz:<\/p>\n\n\n\n<ul><li>Radio Maryja, <a href=\"https:\/\/www.radiomaryja.pl\/informacje\/tylko-u-nas-dr-n-med-z-martyka-jestem-oskarzany-o-kwestionowanie-powszechnego-stosowania-testowania-natomiast-nikt-nie-odpowiedzial-za-nadmierne-zgony-spowodowane-bledna-polityka-ktora-uniemoz\/\">[TYLKO U NAS] Dr n. med. Z. Martyka: Jestem oskar\u017cany o kwestionowanie powszechnego stosowania testowania, natomiast nikt nie odpowiedzia\u0142 za nadmierne zgony spowodowane b\u0142\u0119dn\u0105 polityk\u0105, kt\u00f3ra uniemo\u017cliwia\u0142a pacjentowi dotarcie do lekarza i podj\u0119cie w\u0142a\u015bciwego leczenia<\/a>, radiomaryja.pl, 06.12.2022.<\/li><\/ul>\n\n\n\n<p>Ca\u0142\u0105 audycj\u0119 mo\u017cna ods\u0142ucha\u0107   [<strong><a href=\"https:\/\/www.radiomaryja.pl\/multimedia\/rozprawa-dyscyplinarna-przed-sadem-lekarskim\/\">tutaj<\/a><\/strong>].<\/p>\n\n\n\n<p class=\"has-text-align-center\">*<\/p>\n\n\n\n<p><strong>Wywiad z dr. n. med. Zbigniewem Martyk\u0105, ordynatorem Oddzia\u0142u Obserwacyjno-Zaka\u017anego Szpitala w D\u0105browie Tarnowskiej<\/strong><\/p>\n\n\n\n<p>Zobacz:<\/p>\n\n\n\n<ul><li>Martyka Z., <a href=\"https:\/\/wp.naszdziennik.pl\/2022-12-12\/368728,kto-odpowie-za-nadmiarowe-zgony.html\">Kto odpowie za nadmiarowe zgony?<\/a>, rozmow\u0119 przeprowadzi\u0142a U. Wr\u00f3bel, naszdziennik.pl, 12.12.2022.<\/li><\/ul>\n\n\n\n<p>Ca\u0142y artyku\u0142 mo\u017cna przeczyta\u0107 [<strong><a href=\"https:\/\/www.radiomaryja.pl\/informacje\/nasz-dziennik-kto-odpowie-za-nadmiarowe-zgony\/\">tutaj<\/a><\/strong>].<\/p>\n\n\n\n<p class=\"has-text-align-center\">*<\/p>\n\n\n\n<p><strong>Rozprawa przed s\u0105dem lekarskim przeciwko&nbsp;dr. n. med. Zbigniewowi Martyce<\/strong><\/p>\n\n\n\n<p>Zobacz:<\/p>\n\n\n\n<ul><li>AB, \u201eNasz Dziennik\u201d, <a href=\"https:\/\/naszdziennik.pl\/polska-kraj\/267525,najwazniejsza-jest-prawda.html\">Najwa\u017cniejsza jest prawda<\/a>, naszdziennik.pl, 19.12.2022.<\/li><\/ul>\n\n\n\n<p class=\"has-text-align-center\">*<\/p>\n\n\n\n<p><strong>Okr\u0119gowy S\u0105d Lekarski w Krakowie odebra\u0142 19.12.2022 dr. n. med. Zbigniewowi Martyce prawo wykonywania zawodu na 1 rok<\/strong><\/p>\n\n\n\n<p>Zobacz:<\/p>\n\n\n\n<ul><li>Radio Maryja, <a href=\"https:\/\/www.radiomaryja.pl\/informacje\/dr-zbigniew-martyka-pozbawiony-na-rok-wykonywania-zawodu-za-krytykowanie-oficjalnych-metod-leczenia-covid-19\/\">Dr Zbigniew Martyka pozbawiony na rok wykonywania zawodu za krytykowanie oficjalnych metod leczenia COVID-19<\/a>, radiomaryja.pl, 19.12.2022.<\/li><\/ul>\n\n\n\n<p class=\"has-text-align-center\">*<\/p>\n\n\n\n<p><strong>Bezpodstawne zarzuty<\/strong><\/p>\n\n\n\n<p>Zobacz:<\/p>\n\n\n\n<ul><li> Wr\u00f3bel U., <a href=\"https:\/\/wp.naszdziennik.pl\/2022-12-20\/368914,kara-za-mowienie-prawdy.html\">Kara za m\u00f3wienie prawdy<\/a>, naszdziennik.pl, 20.12.2022.<\/li><\/ul>\n\n\n\n<p class=\"has-text-align-center\">*<\/p>\n\n\n\n<p><strong>Eksperci s\u0105 zgodni. Proces wytoczony dr. n. med. Zbigniewowi Martyce i wyrok naruszaj\u0105 Konstytucj\u0119<\/strong><\/p>\n\n\n\n<p>Zobacz:<\/p>\n\n\n\n<ul><li>Wr\u00f3bel U., <a href=\"https:\/\/wp.naszdziennik.pl\/2022-12-21\/368931,podeptana-etyka-lekarska.html\">Podeptana etyka lekarska<\/a>, naszdziennik.pl, 21.12.2022.<\/li><\/ul>\n\n\n\n<p class=\"has-text-align-center\">*<\/p>\n\n\n\n<p><strong>Wywiad z dr. n. med. Zbigniewem Martyk\u0105, specjalist\u0105 chor\u00f3b wewn\u0119trznych i specjalist\u0105 chor\u00f3b zaka\u017anych, ordynatorem Oddzia\u0142u Obserwacyjno-Zaka\u017anego w Zespole Opieki Zdrowotnej w D\u0105browie Tarnowskiej<\/strong><\/p>\n\n\n\n<p>Zobacz:<\/p>\n\n\n\n<ul><li>Martyka Z., <a href=\"https:\/\/wp.naszdziennik.pl\/2022-12-21\/368943,knebel-na-prawde.html\">Knebel na prawd\u0119<\/a>, rozmow\u0119 przeprowadzi\u0142a U. Wr\u00f3bel, naszdziennik.pl, 21.12.2022.<\/li><\/ul>\n\n\n\n<p class=\"has-text-align-center\">*<\/p>\n\n\n\n<p><strong>Nie mo\u017cna zakazywa\u0107 krytyki wyra\u017canej publicznie, je\u015bli jest ona oparta na wiedzy naukowej<\/strong><\/p>\n\n\n\n<p>Zobacz:<\/p>\n\n\n\n<ul><li>TV Trwam News, <a href=\"https:\/\/www.radiomaryja.pl\/informacje\/wyrok-ws-dr-zbigniewa-martyki-cenzura-big-pharmy\/\">Wyrok ws. dr. Zbigniewa Martyki \u2013 cenzura \u201ebig pharmy\u201d?<\/a>, radiomaryja.pl, 22.12.2022.<\/li><\/ul>\n\n\n\n<p class=\"has-text-align-center\">*<\/p>\n\n\n\n<p><strong>Dr n. med. Zbigniew Martyka, specjalista chor\u00f3b wewn\u0119trznych i specjalista chor\u00f3b zaka\u017anych, w audycji \u201eAktualno\u015bci dnia\u201d na antenie Radia Maryja<\/strong><\/p>\n\n\n\n<p>Zobacz:<\/p>\n\n\n\n<ul><li>Radio Maryja, <a href=\"https:\/\/www.radiomaryja.pl\/informacje\/tylko-u-nas-dr-n-med-z-martyka-o-wyroku-sadu-odbierajacego-mu-na-rok-prawo-do-wykonywania-zawodu-gdyby-sprawa-byla-prowadzona-zgodnie-z-zasadami-uczciwosci-prawa-sprawiedliwosci-prawdy-to-wy\/\">[TYLKO U NAS] Dr n. med. Z. Martyka o wyroku s\u0105du odbieraj\u0105cego mu na rok prawo do wykonywania zawodu: Gdyby sprawa by\u0142a prowadzona zgodnie z zasadami uczciwo\u015bci, prawa, sprawiedliwo\u015bci, prawdy, to wyrok by\u0142by tylko jeden \u2013 uniewinniaj\u0105cy<\/a>, radiomaryja.pl, 23.12.2022.<\/li><\/ul>\n\n\n\n<p>Ca\u0142\u0105 audycj\u0119 mo\u017cna ods\u0142ucha\u0107   [<strong><a href=\"https:\/\/www.radiomaryja.pl\/multimedia\/dr-n-med-zbigniew-martyka-pozbawiony-na-rok-prawa-do-wykonywania-zawodu-za-krytykowanie-oficjalnych-metod-leczenia-covid-19\/\">tutaj<\/a><\/strong>].<\/p>\n\n\n\n<p class=\"has-text-align-center\">*<\/p>\n\n\n\n<p><strong>Papie\u017c na 56. \u015awiatowy Dzie\u0144 Pokoju o epoce post-covidowej i wojnie w Ukrainie<\/strong><\/p>\n\n\n\n<p>Zobacz:<\/p>\n\n\n\n<ul><li>Or\u0119dzie Jego \u015awi\u0105tobliwo\u015bci Franciszka na 56. \u015awiatowy Dzie\u0144 Pokoju 1 stycznia 2023 roku&nbsp;<a href=\"https:\/\/www.vatican.va\/content\/francesco\/pl\/messages\/peace\/documents\/20221208-messaggio-56giornatamondiale-pace2023.html\">Nikt nie mo\u017ce ocali\u0107 si\u0119 sam. Po Covidzie-19 wyruszy\u0107 na nowo, by wsp\u00f3lnie wytycza\u0107 drogi pokoju<\/a>, Watykan, 08.12.2022, vatican.va, 01.01.2023.<\/li><\/ul>\n\n\n\n<p class=\"has-text-align-center\">*<\/p>\n\n\n\n<p><strong>Dopuszczalno\u015b\u0107 nie oznacza przymusu<\/strong><\/p>\n\n\n\n<p>Zobacz:<\/p>\n\n\n\n<ul><li>Bortkiewicz P., <a href=\"https:\/\/wp.naszdziennik.pl\/2023-01-20\/369622,poklosie-dyktatury-sanitaryzmu.html\">Pok\u0142osie dyktatury sanitaryzmu<\/a>, naszdziennik.pl, 20.01.2023.<\/li><\/ul>\n\n\n\n<p>Ca\u0142y artyku\u0142 mo\u017cna przeczyta\u0107 [<strong><a href=\"https:\/\/www.radiomaryja.pl\/informacje\/poklosie-dyktatury-sanitaryzmu\/\">tutaj<\/a><\/strong>].<\/p>\n\n\n\n<p class=\"has-text-align-center\">*<\/p>\n\n\n\n<p><strong>Wiceminister Sprawiedliwo\u015bci w obronie dr. n. med. Zbigniewa Martyki<\/strong><\/p>\n\n\n\n<p>Zobacz:<\/p>\n\n\n\n<ul><li>RIRM, <a href=\"https:\/\/www.radiomaryja.pl\/informacje\/wsparcie-dla-dr-z-martyki-pozbawionego-wykonywania-zawodu-lekarza-wicemin-m-warchol-bede-osobiscie-prosil-o-zaangazowanie-prokuratora-generalnego-w-tej-sprawie\/\">Wsparcie dla dr. Z. Martyki pozbawionego wykonywania zawodu lekarza. Wicemin. M. Warcho\u0142: B\u0119d\u0119 osobi\u015bcie prosi\u0142 o zaanga\u017cowanie Prokuratora Generalnego w tej sprawie<\/a>, radiomaryja.pl, 30.01.2023.<\/li><\/ul>\n\n\n\n<p class=\"has-text-align-center\">*<\/p>\n\n\n\n<p><strong>G\u0142os w trwaj\u0105cej w Polsce dyskusji na temat zasadno\u015bci szczepie\u0144 dzieci przeciw COVID-19<\/strong><\/p>\n\n\n\n<p>Zobacz:<\/p>\n\n\n\n<ul><li>Lek. Pawe\u0142 Basiukiewicz, <a href=\"https:\/\/pch24.pl\/pawel-basiukiewicz-szczepienia-najmlodszych-dzieci-ryzykowne-dzialania-ministerstwa-zdrowia\/\">Pawe\u0142 Basiukiewicz: Szczepienia najm\u0142odszych dzieci \u2013 ryzykowne dzia\u0142ania Ministerstwa Zdrowia<\/a>, pch24.pl, 31.01.2023.<\/li><\/ul>\n\n\n\n<p class=\"has-text-align-center\">*<\/p>\n\n\n\n<p><strong>Obowi\u0105zek uwzgl\u0119dnienia dobra dziecka<\/strong><\/p>\n\n\n\n<p>Zobacz:<\/p>\n\n\n\n<ul><li>Aleksandra Mrozowska \u2013 analityk Centrum Bada\u0144 i Analiz Ordo Iuris, <a href=\"https:\/\/ordoiuris.pl\/ordoiuris.pl\/szczepienia-dzieci-w-domach-dziecka%E2%80%93kto-wezmie-odpowiedzialnosc-za-dobro-maloletnich\">Szczepienia dzieci w domach dziecka \u2013 kto we\u017amie odpowiedzialno\u015b\u0107 za dobro ma\u0142oletnich?<\/a>, ordoiuris.pl, 06.02.2023.<\/li><\/ul>\n\n\n\n<p class=\"has-text-align-center\">*<\/p>\n\n\n\n<p><strong>Czy s\u0105d lekarski by\u0142 obiektywny w sprawach dotycz\u0105cych lekarzy, kt\u00f3rzy krytykowali polityk\u0119 dzia\u0142a\u0144 przeciwpandemicznych?<\/strong><\/p>\n\n\n\n<p>Zobacz:<\/p>\n\n\n\n<ul><li>Baranowski Z., <a href=\"https:\/\/naszdziennik.pl\/polska-kraj\/271084,ustawione-wyroki.html\">Ustawione wyroki?<\/a>, naszdziennik.pl, 18.02.2023.<\/li><\/ul>\n\n\n\n<p class=\"has-text-align-center\">*<br><strong><a href=\"http:\/\/kslpmazowsze.pl\/wp-content\/uploads\/2023\/02\/APEL-OM-KSLP-do-Prezesa-NIL-%C5%81ukasza-Jankowskiego-wobec-os%C4%85dzania-lekarzy.-18.02.2023.pdf\">Apel Katolickiego Stowarzyszenia Lekarzy Polskich Oddzia\u0142 Mazowiecki<br>w sprawie prze\u015bladowania niekt\u00f3rych lekarzy przez organy s\u0105dowe<br>Naczelnej Izby Lekarskiej oraz Okr\u0119gowych Izb Lekarskich<\/a><br>18.02.2023<br>[kslpmazowsze.pl]<\/strong><\/p>\n\n\n\n<p class=\"has-text-align-center\">*<\/p>\n\n\n\n<p><strong>Odbudowa przemys\u0142u farmaceutycznego w Europie powinna by\u0107 priorytetem Unii Europejskiej<\/strong><\/p>\n\n\n\n<p>Zobacz:<\/p>\n\n\n\n<ul><li>Wr\u00f3bel U., <a href=\"https:\/\/wp.naszdziennik.pl\/2023-03-04\/370744,zablokowany-rozwoj.html\">Zablokowany rozw\u00f3j<\/a>, naszdziennik.pl, 04-05.03.2023.<\/li><\/ul>\n\n\n\n<p class=\"has-text-align-center\">*<\/p>\n\n\n\n<p><strong>Grzegorz Kucharewicz, by\u0142y prezes Naczelnej Rady Aptekarskiej, w audycji \u201eAktualno\u015bci dnia\u201d na antenie Radia Maryja<\/strong><\/p>\n\n\n\n<p>Zobacz:<\/p>\n\n\n\n<ul><li>Radio Maryja, <a href=\"https:\/\/www.radiomaryja.pl\/informacje\/tylko-u-nas-g-kucharewicz-uzaleznienie-od-produkcji-w-azji-oraz-przeniesienie-produkcji-substancji-do-wytwarzania-lekow-w-ten-rejon-jest-jedna-z-przyczyn-braku-lekow-w-czasie-pandemii-wielu-produ\/\">[TYLKO U NAS] G. Kucharewicz: Uzale\u017cnienie od produkcji w Azji oraz przeniesienie produkcji substancji do wytwarzania lek\u00f3w w ten rejon jest jedn\u0105 z przyczyn braku lek\u00f3w. W czasie pandemii wielu producent\u00f3w wstrzyma\u0142o dzia\u0142alno\u015b\u0107<\/a>, radiomaryja.pl, 06.03.2023.<\/li><\/ul>\n\n\n\n<p>Ca\u0142\u0105 audycj\u0119 mo\u017cna ods\u0142ucha\u0107   [<strong><a href=\"https:\/\/www.radiomaryja.pl\/multimedia\/trudna-sytuacja-na-rynku-lekow-w-polsce\/\">tutaj<\/a><\/strong>].<\/p>\n\n\n\n<p class=\"has-text-align-center\">*<\/p>\n\n\n\n<p><strong>Nale\u017cy znale\u017a\u0107 dok\u0142adn\u0105 przyczyn\u0119 wyst\u0105pienia powik\u0142a\u0144 po przyj\u0119ciu szczepionki mRNA przeciw COVID-19<\/strong><\/p>\n\n\n\n<p>Zobacz:<\/p>\n\n\n\n<ul><li>Prusak M., <a href=\"https:\/\/wp.naszdziennik.pl\/2023-03-11\/370917,powiklania-po-szczepieniu-przeciw-covid-19.html\">Powik\u0142ania po szczepieniu przeciw Covid-19<\/a>, naszdziennik.pl, 11-12.03.2023.<\/li><\/ul>\n\n\n\n<p class=\"has-text-align-center\">*<\/p>\n\n\n\n<p><strong>Wywiad z dr. Paw\u0142em Basiukiewiczem, kardiologiem, specjalist\u0105 chor\u00f3b wewn\u0119trznych<\/strong><\/p>\n\n\n\n<p>Zobacz:<\/p>\n\n\n\n<ul><li>Wr\u00f3bel U., <a href=\"https:\/\/wp.naszdziennik.pl\/2023-03-23\/371221,skandaliczne-zastraszanie-lekarzy.html\">Skandaliczne zastraszanie lekarzy<\/a>, naszdziennik.pl, 23.03.2023.<\/li><\/ul>\n\n\n\n<p>Ca\u0142y artyku\u0142 mo\u017cna przeczyta\u0107   [<strong><a href=\"https:\/\/www.radiomaryja.pl\/informacje\/nasz-dziennik-skandaliczne-zastraszanie-lekarzy\/\">tutaj<\/a><\/strong>].<\/p>\n\n\n\n<p class=\"has-text-align-center\">*<\/p>\n\n\n\n<p><strong>Czy obligatoryjno\u015b\u0107 przynale\u017cno\u015bci do izb lekarskich jest zgodna z Konstytucj\u0105?<\/strong><\/p>\n\n\n\n<p>Zobacz:<\/p>\n\n\n\n<ul><li>Wr\u00f3bel U., <a href=\"https:\/\/wp.naszdziennik.pl\/2023-03-28\/371353,skonczyc-z-przymusem.html\">Sko\u0144czy\u0107 z przymusem<\/a>, naszdziennik, 28.03.2023.<\/li><\/ul>\n\n\n\n<p class=\"has-text-align-center\">*<\/p>\n\n\n\n<p><strong>Odebranie prawa wykonywania zawodu lekarza za badanie pacjent\u00f3w?<\/strong><\/p>\n\n\n\n<p>Zobacz:<\/p>\n\n\n\n<ul><li>Bodnar W., <a href=\"https:\/\/przychodnia-przemysl.pl\/kary-dla-lekarzy-ktorzy-badali-osobiscie-pacjentow-w-pandemii\/\">Kary dla lekarzy, kt\u00f3rzy badali osobi\u015bcie pacjent\u00f3w w pandemii?<\/a>, przychodnia-przemysl.pl, 04.04.2023.<\/li><\/ul>\n\n\n\n<p class=\"has-text-align-center\">*<\/p>\n\n\n\n<p><strong>Wywiad z mec. Arkadiuszem Tetel\u0105, prawnikiem z Wielkopolskiej Izby Adwokackiej<\/strong><\/p>\n\n\n\n<p>Zobacz:<\/p>\n\n\n\n<ul><li>Tetela A., <a href=\"https:\/\/wp.naszdziennik.pl\/2023-04-15\/371786,kazdy-ma-prawo-do-wlasnych-pogladow.html\">Ka\u017cdy ma prawo do w\u0142asnych pogl\u0105d\u00f3w<\/a>, rozmow\u0119 przeprowadzi\u0142a U. Wr\u00f3bel, naszdziennik.pl, 15-16.04.2023.<\/li><\/ul>\n\n\n\n<p class=\"has-text-align-center\">*<\/p>\n\n\n\n<p><strong>Dr n. med. Zbigniew Martyka, internista, specjalista chor\u00f3b zaka\u017anych, w audycji \u201eRozmowy niedoko\u0144czone\u201d na antenie TV Trwam<\/strong><\/p>\n\n\n\n<p>Temat:<\/p>\n\n\n\n<ul><li>Wolno\u015b\u0107 i odpowiedzialno\u015b\u0107 w zawodzie lekarza cz. I<\/li><\/ul>\n\n\n\n<p>Zobacz:<\/p>\n\n\n\n<ul><li>Radio Maryja, <a href=\"https:\/\/www.radiomaryja.pl\/informacje\/tylko-u-nas-dr-n-med-z-martyka-po-szczepieniach-na-covid-19-w-ciagu-roku-jest-wiecej-powiklan-niz-z-powodu-wszystkich-innych-szczepien-w-ciagu-ostatnich-10-lat\/\">[TYLKO U NAS] Dr n. med. Z. Martyka: Po szczepieniach na COVID-19 w ci\u0105gu roku jest wi\u0119cej powik\u0142a\u0144, ni\u017c z powodu wszystkich innych szczepie\u0144 w ci\u0105gu ostatnich 10 lat<\/a>, radiomaryja.pl, 27.04.2023.<\/li><\/ul>\n\n\n\n<p>Zobacz tak\u017ce:<\/p>\n\n\n\n<ul><li>Rozmowy niedoko\u0144czone: Wolno\u015b\u0107 i odpowiedzialno\u015b\u0107 w zawodzie lekarza cz. II, radiomaryja.pl, 27.04.2023   [<a href=\"https:\/\/www.radiomaryja.pl\/multimedia\/rozmowy-niedokonczone-wolnosc-i-odpowiedzialnosc-w-zawodzie-lekarza-cz-ii\/\"><strong>tutaj<\/strong><\/a>].<\/li><\/ul>\n\n\n\n<p class=\"has-text-align-center\">*<\/p>\n\n\n\n<p><strong>Dr Jerzy Milewski, specjalista chor\u00f3b wewn\u0119trznych, ekspert rynku farmaceutycznego i medycznego, w audycji \u201eRozmowy niedoko\u0144czone\u201d na antenie TV Trwam<\/strong><\/p>\n\n\n\n<p>Temat:<\/p>\n\n\n\n<ul><li>Wolno\u015b\u0107 i odpowiedzialno\u015b\u0107 w zawodzie lekarza cz. I<\/li><\/ul>\n\n\n\n<p>Zobacz:<\/p>\n\n\n\n<ul><li>Radio Maryja, <a href=\"https:\/\/www.radiomaryja.pl\/informacje\/tylko-u-nas-lek-med-j-milewski-podczas-pandemii-covid-19-nie-chodzilo-o-prawde-lecz-o-nastraszenie-ludzi\/\">[TYLKO U NAS] Lek. med. J. Milewski: Podczas pandemii COVID-19 nie chodzi\u0142o o prawd\u0119, lecz o nastraszenie ludzi<\/a>, radiomaryja.pl, 03.05.2023.<\/li><\/ul>\n\n\n\n<p>Wi\u0119cej:<\/p>\n\n\n\n<ul><li>Rozmowy niedoko\u0144czone: Wolno\u015b\u0107 i odpowiedzialno\u015b\u0107 w zawodzie lekarza cz. II, radiomaryja.pl, 27.04.2023   [<a href=\"https:\/\/www.radiomaryja.pl\/multimedia\/rozmowy-niedokonczone-wolnosc-i-odpowiedzialnosc-w-zawodzie-lekarza-cz-ii\/\"><strong>tutaj<\/strong><\/a>].<\/li><\/ul>\n\n\n\n<p class=\"has-text-align-center\">*<\/p>\n\n\n\n<p><strong>Wywiad z dr. Zbigniewem Martyk\u0105, internist\u0105, specjalist\u0105 chor\u00f3b zaka\u017anych<\/strong><\/p>\n\n\n\n<p>Zobacz:<\/p>\n\n\n\n<ul><li>Martyka Z., <a href=\"https:\/\/naszdziennik.pl\/polska-kraj\/275544,lekarz-musi-byc-wierny-sumieniu.html\">Lekarz musi by\u0107 wierny sumieniu<\/a>, naszdziennik.pl, 04.05.2023.<\/li><\/ul>\n\n\n\n<p class=\"has-text-align-center\">*<\/p>\n\n\n\n<p><strong>Odmowa szczepie\u0144 dzieci b\u0119dzie oznacza\u0107 mandat?<\/strong><\/p>\n\n\n\n<p>Zobacz:<\/p>\n\n\n\n<ul><li>Gajkowska P.,&nbsp;<a href=\"https:\/\/wp.naszdziennik.pl\/2023-06-09\/373184,niepokojace-plany-resortu.html\">Niepokoj\u0105ce plany resortu<\/a>, naszdziennik.pl, 09.06.2023<\/li><\/ul>\n\n\n\n<p class=\"has-text-align-center\">*<\/p>\n\n\n\n<p><strong>Szczepienia przeciw HPV dla nastolatk\u00f3w budz\u0105 zastrze\u017cenia etyczne<\/strong><\/p>\n\n\n\n<p>Zobacz:<\/p>\n\n\n\n<ul><li>Wr\u00f3bel U., <a href=\"https:\/\/wp.naszdziennik.pl\/2023-06-20\/373453,nie-ucza-zapobiegac.html\">Nie ucz\u0105 zapobiega\u0107<\/a>, naszdziennik.pl, 20.06.2023.<\/li><\/ul>\n\n\n\n<p class=\"has-text-align-center\">*<\/p>\n\n\n\n<p><strong>Dr n. med. Aleksandra Kici\u0144ska, specjalista chor\u00f3b wewn\u0119trznych i immunologii klinicznej, fizjolog p\u0142odno\u015bci, za\u0142o\u017cyciel InVivo Medical Clinic, wyk\u0142adowca Gda\u0144skiego Uniwersytetu Medycznego, w audycji \u201eAktualno\u015bci dnia\u201d na antenie Radia Maryja<\/strong><\/p>\n\n\n\n<p>Zobacz:<\/p>\n\n\n\n<ul><li>Radio Maryja, <a href=\"https:\/\/www.radiomaryja.pl\/informacje\/dr-n-med-a-kicinska-o-programie-szczepien-przeciwko-hpv-szczepienie-chroni-przed-bardzo-powaznym-nowotworem-jakim-jest-rak-szyjki-macicy-u-kobiet\/\">Dr n. med. A. Kici\u0144ska o programie szczepie\u0144 przeciwko HPV: Szczepienie chroni przed bardzo powa\u017cnym nowotworem, jakim jest rak szyjki macicy u kobiet<\/a>, radiomaryja.pl, 23.06.2023.<\/li><\/ul>\n\n\n\n<p>Ca\u0142\u0105 audycj\u0119 mo\u017cna ods\u0142ucha\u0107   [<strong><a href=\"https:\/\/www.radiomaryja.pl\/multimedia\/szczepienia-przeciwko-hpv-2\/\">tutaj<\/a><\/strong>].<\/p>\n\n\n\n<p class=\"has-text-align-center\">*<\/p>\n\n\n\n<p><strong>Zgromadzenie Og\u00f3lne Rady Europy domaga si\u0119 od rz\u0105d\u00f3w wi\u0119kszego zaanga\u017cowania w prace nad traktatem antypandemicznym WHO<\/strong><\/p>\n\n\n\n<p>Zobacz:<\/p>\n\n\n\n<ul><li>Wr\u00f3bel U., <a href=\"https:\/\/naszdziennik.pl\/polska-kraj\/278809,wieszcza-kolejne-pandemie.html\">Wieszcz\u0105 kolejne pandemie<\/a>, naszdziennik.pl, 30.06.2023.<\/li><\/ul>\n\n\n\n<p class=\"has-text-align-center\">*<\/p>\n\n\n\n<p><strong>Koniec stanu zagro\u017cenia epidemicznego w Polsce<\/strong><\/p>\n\n\n\n<p>Zobacz:<\/p>\n\n\n\n<ul><li>RIRM, <a href=\"https:\/\/www.radiomaryja.pl\/informacje\/w-polsce-w-sobote-zostal-zniesiony-stan-zagrozenia-epidemicznego-w-zwiazku-z-covid-19\/\">W Polsce w sobot\u0119 zosta\u0142 zniesiony stan zagro\u017cenia epidemicznego w zwi\u0105zku z COVID-19<\/a>, radiomaryja.pl, 01.07.2023.<\/li><\/ul>\n\n\n\n<p class=\"has-text-align-center\">*<\/p>\n\n\n\n<p><strong>Niepokoj\u0105ce jest zalecenie, by szczepi\u0107 przeciwko wirusowi HPV<\/strong> <strong>dziewczynki ju\u017c od dziewi\u0105tego roku \u017cycia<\/strong><\/p>\n\n\n\n<p>Zobacz:<\/p>\n\n\n\n<ul><li>Guziak-Nowak M.,&nbsp;<a href=\"https:\/\/wp.naszdziennik.pl\/2023-07-22\/374344,czy-potrzebujemy-szczepionki-na-hpv.html\">Czy potrzebujemy szczepionki na HPV?<\/a>, naszdziennik.pl, 22-23.07.2023.<\/li><\/ul>\n\n\n\n<p class=\"has-text-align-center\">*<\/p>\n\n\n\n<p><strong>Bezpiecze\u0144stwo lekowe Europy<\/strong><\/p>\n\n\n\n<p>Zobacz:<\/p>\n\n\n\n<ul><li>Wr\u00f3bel U.,&nbsp;<a href=\"https:\/\/wp.naszdziennik.pl\/2023-08-10\/374830,europa-bez-strategii-lekowej.html\">Europa bez strategii lekowej<\/a>, naszdziennik.pl, 10.08.2023.<\/li><\/ul>\n\n\n\n<p class=\"has-text-align-center\">*<\/p>\n\n\n\n<p><strong>Czas obudzi\u0107 sumienia<\/strong><\/p>\n\n\n\n<p>\u201eNiekt\u00f3re nowoczesne technologie stosowane w lecznictwie mog\u0105 cho\u0107by zachwyca\u0107, ale niestety w ich rozwoju znajduj\u0105 si\u0119 elementy, kt\u00f3re budz\u0105 sprzeciw etyczny.&nbsp;<strong>Badania i produkcja niekt\u00f3rych lek\u00f3w, jak te\u017c opracowywanie nowych terapii realizowane s\u0105 kosztem nienarodzonych istot ludzkich<\/strong>, u\u017cywa si\u0119 pobranych z nich tkanek i kom\u00f3rek. Warto, a cho\u0107by nale\u017cy zapozna\u0107 si\u0119 ze skal\u0105 tego zjawiska, szczeg\u00f3lnie i\u017c wiedza w spo\u0142ecze\u0144stwie na ten temat jest nieznaczna lub marginalizowana\u201d.*<\/p>\n\n\n\n<p>* Fragment artyku\u0142u dr Ma\u0142gorzaty Prusak:&nbsp;<a href=\"https:\/\/www.sfkp.pl\/userfiles\/ND_M_Prusak_18_11.23.pdf\">Post\u0119p w medycynie \u2013 czyim kosztem?<\/a>, \u201eNasz Dziennik\u201d, 18-19.11.2023.<\/p>\n\n\n\n<p class=\"has-text-align-center\">*<\/p>\n\n\n\n<p><strong>Komisja Europejska chce zr\u00f3wna\u0107 ludzkie zarodki z krwi\u0105 i kom\u00f3rkami cia\u0142a<\/strong><\/p>\n\n\n\n<p>Zobacz:<\/p>\n\n\n\n<ul><li>Wr\u00f3bel U.,&nbsp;<a href=\"https:\/\/naszdziennik.pl\/mysl\/287779,na-drodze-do-eugeniki.html\">Na drodze do eugeniki<\/a>, naszdziennik.pl, 25.11.2023.<\/li><\/ul>\n\n\n\n<p class=\"has-text-align-center\">*<\/p>\n\n\n\n<p><strong>Dr in\u017c. Eugeniusz Babicz w programie \u201eWie\u015b \u2013 to te\u017c Polska\u201d na antenie TV Trwam<\/strong><\/p>\n\n\n\n<p>Zobacz:<\/p>\n\n\n\n<ul><li>Radio Maryja,&nbsp;<a href=\"https:\/\/www.radiomaryja.pl\/informacje\/dr-inz-e-babicz-przyroda-jest-skonstruowana-tak-madrze-ze-ma-wszystkie-leki-dla-czlowieka-na-kazda-pore-roku\/\">Dr in\u017c. E. Babicz: Przyroda jest skonstruowana tak m\u0105drze, \u017ce ma wszystkie leki dla cz\u0142owieka na ka\u017cd\u0105 por\u0119 roku<\/a>, radiomaryja.pl, 25.12.2023.<\/li><\/ul>\n\n\n\n<p class=\"has-text-align-center\">*<\/p>\n\n\n\n<p><strong>Stworzenie pot\u0119\u017cnych mi\u0119dzynarodowych baz danych i laboratori\u00f3w pod auspicjami WHO mo\u017ce prowadzi\u0107 do braku ochrony naszych danych genetycznych<\/strong><\/p>\n\n\n\n<p>Zobacz:<\/p>\n\n\n\n<ul><li>Prusak M.,&nbsp;<a href=\"http:\/\/www.sfkp.pl\/userfiles\/Niebezpieczny_traktat_antypandem.2023.pdf\">Niebezpieczny traktat antypandemiczny<\/a>, \u201eNasz Dziennik\u201d,&nbsp;27.12.2023.<\/li><\/ul>\n\n\n\n<p class=\"has-text-align-center\">*<\/p>\n\n\n\n<p><strong>Rodzice maj\u0105 prawo \u017c\u0105da\u0107 badania sk\u0142adu szczepionek, kt\u00f3re wywo\u0142uj\u0105 niepo\u017c\u0105dane odczyny poszczepienne<\/strong><\/p>\n\n\n\n<p>Zobacz:<\/p>\n\n\n\n<ul><li>Wr\u00f3bel U.,&nbsp;<a href=\"https:\/\/wp.naszdziennik.pl\/2024-06-05\/382700,sprawdza-sklad-szczepionki.html\">Sprawdz\u0105 sk\u0142ad szczepionki<\/a>, naszdziennik.pl, 05.06.2024.<\/li><\/ul>\n\n\n\n<p>Ca\u0142y artyku\u0142 jest dost\u0119pny [<a href=\"https:\/\/www.radiomaryja.pl\/informacje\/zatrucia-metalami-ciezkimi-po-obowiazkowych-szczepieniach-nsa-rodzice-maja-prawo-zadac-badania-skladu-szczepionek-ktore-wywoluja-niepozadane-odczyny-poszczepienne\/\"><strong>tutaj<\/strong><\/a>].<\/p>\n\n\n\n<p class=\"has-text-align-center\">*<\/p>\n\n\n\n<p><strong>Traktat antypandemiczny WHO nie zosta\u0142 podpisany<\/strong><\/p>\n\n\n\n<p>Zobacz:<\/p>\n\n\n\n<ul><li>Adw. Jerzy Kwa\u015bniewski \u2013 prezes Ordo Iuris,&nbsp;<a href=\"https:\/\/ordoiuris.pl\/wolnosci-obywatelskie\/traktat-who-przepadl-na-razie\">Traktat WHO przepad\u0142\u2026 na razie<\/a>, ordoiuris.pl, 11.06.2024.<\/li><\/ul>\n\n\n\n<p class=\"has-text-align-center\">*<\/p>\n\n\n\n<p><strong>Prof. Piotr Rieske, biotechnolog i analityk medyczny, w audycji \u201eAktualno\u015bci dnia\u201d na antenie Radia Maryja<\/strong><\/p>\n\n\n\n<p>Zobacz:<\/p>\n\n\n\n<ul><li>Radio Maryja, <a href=\"https:\/\/www.radiomaryja.pl\/informacje\/prof-p-rieske-rodzina-jest-setki-razy-skuteczniejsza-szczepionka-przeciwnarkotyczna-niz-szczepionka-biotechnologiczna\/\">Prof. P. Rieske: Rodzina jest setki razy skuteczniejsz\u0105 szczepionk\u0105 przeciwnarkotyczn\u0105 ni\u017c szczepionka biotechnologiczna<\/a>, radiomaryja.pl, 29.06.2024.<\/li><\/ul>\n\n\n\n<p>Ca\u0142\u0105 audycj\u0119 mo\u017cna ods\u0142ucha\u0107   [<strong><a href=\"https:\/\/www.radiomaryja.pl\/multimedia\/kwestia-kryzysu-opioidowego\/\">tutaj<\/a><\/strong>].<\/p>\n\n\n\n<p class=\"has-text-align-center\">*<\/p>\n\n\n\n<p><strong>Pr\u00f3ba seksualizacji dzieci i nacisk na rodzic\u00f3w<\/strong><\/p>\n\n\n\n<p>Zobacz:<\/p>\n\n\n\n<ul><li>Wr\u00f3bel U., <a href=\"https:\/\/naszdziennik.pl\/polska-kraj\/303130,presja-na-szczepienie.html\">Presja na szczepienie<\/a>, naszdziennik.pl, 02.08.2024.<\/li><\/ul>\n\n\n\n<p class=\"has-text-align-center\">*<\/p>\n\n\n\n<p><strong>Czy szczepienie przeciwko HPV zapobiegnie rakowi szyjki macicy?<\/strong><\/p>\n\n\n\n<p>Zobacz:<\/p>\n\n\n\n<ul><li>Human Life International \u2013 Polska,&nbsp;<a href=\"https:\/\/www.hli.org.pl\/pl\/news-pl\/11110-szczepionki-na-hpv-nie-sa-bezpieczne-apel-do-rodzicow-nie-dajcie-sie-oklamywac\">Szczepionki na HPV nie s\u0105 bezpieczne !!! Apel do rodzic\u00f3w! \u201eNie dajcie si\u0119 ok\u0142amywa\u0107!\u201d<\/a>, hli.org.pl, 26.09.2024.<\/li><\/ul>\n\n\n\n<p class=\"has-text-align-center\">*<\/p>\n\n\n\n<p class=\"has-text-align-center\"><strong>Wniosek do Pa\u0144stwowego Powiatowego Inspektora Sanitarnego w Toruniu<br> o udzielenie informacji co do stosowania prawa z 28.10.2024<br><a href=\"https:\/\/www.gov.pl\/attachment\/b4130741-266b-47c6-88a6-b5893502afe9\"><strong>Petycja z 28.10.2024<\/strong><\/a><br><a href=\"https:\/\/www.gov.pl\/attachment\/e8c751b1-fc0f-42cb-a804-75a0ca7796de\"><strong>Za\u0142\u0105cznik z 2.12.2024 do petycji<\/strong><\/a><br><a href=\"https:\/\/www.gov.pl\/attachment\/77314cf3-9480-46f7-9063-7925557e62a0\">Odpowied\u017a Ministerstwa Zdrowia z 8.01.2025 na petycj\u0119<\/a><br>[<a href=\"https:\/\/www.gov.pl\/web\/zdrowie\/petycja-z-28-pazdziernika-2024-r-dotyczaca-obowiazku-szczepien-ochronnych\">gov.pl<\/a>]<\/strong><\/p>\n\n\n\n<p class=\"has-text-align-center\">*<\/p>\n\n\n\n<p><strong>Rzeczypospolita Polska ma czas na zg\u0142oszenie zastrze\u017ce\u0144 b\u0105d\u017a odrzucenie poprawek do Mi\u0119dzynarodowych Przepis\u00f3w Zdrowotnych nie p\u00f3\u017aniej, ni\u017c w terminie do 19 lipca 2025 roku<\/strong><\/p>\n\n\n\n<p>Zobacz:<\/p>\n\n\n\n<ul><li>Instytut Na Rzecz Kultury Prawnej Ordo Iuris, <a href=\"https:\/\/ordoiuris.pl\/wolnosci-obywatelskie\/ordo-iuris-po-raz-kolejny-w-sejmie-posiedzenie-zespolu-do-spraw-who\">Ordo Iuris po raz kolejny w Sejmie. Posiedzenie Zespo\u0142u do spraw WHO<\/a>, ordoiuris.pl, 05.12.2024.<\/li><\/ul>\n\n\n\n<p class=\"has-text-align-center\">*<\/p>\n\n\n\n<p><strong>Termin zako\u0144czenia prac nad tzw. traktatem pandemicznym ma by\u0107 gotowy do maja 2025 roku<\/strong><\/p>\n\n\n\n<p>Zobacz:<\/p>\n\n\n\n<ul><li>Instytut Na Rzecz Kultury Prawnej Ordo Iuris, <a href=\"https:\/\/ordoiuris.pl\/wolnosci-obywatelskie\/traktat-pandemiczny-coraz-blizej-ogloszono-termin-zakonczenia-prac\">Traktat pandemiczny coraz bli\u017cej. Og\u0142oszono termin zako\u0144czenia prac<\/a>, ordoiuris.pl, 23.12.2024.<\/li><\/ul>\n\n\n\n<p class=\"has-text-align-center\">*<\/p>\n\n\n\n<p><strong>Dr n. med. Zbigniew Martyka, specjalista chor\u00f3b wewn\u0119trznych i specjalista chor\u00f3b zaka\u017anych, w rozmowie z \u201eNaszym Dziennikiem\u201d<\/strong><\/p>\n\n\n\n<p>Zobacz:<\/p>\n\n\n\n<ul><li>Radio Maryja, <a href=\"https:\/\/www.radiomaryja.pl\/informacje\/dr-n-med-z-martyka-dla-naszego-dziennika-sad-bez-analizy-odrzucil-wszystkie-przedstawione-przeze-mnie-badania-naukowe-dla-sadu-wazniejsze-byly-zalecenia\/\">Dr n. med. Z. Martyka dla \u201eNaszego Dziennika\u201d: S\u0105d bez analizy odrzuci\u0142 wszystkie przedstawione przeze mnie badania naukowe. Dla s\u0105du wa\u017cniejsze by\u0142y zalecenia<\/a>, radiomaryja.pl, 01.04.2025.<\/li><\/ul>\n\n\n\n<p class=\"has-text-align-center\">*<\/p>\n\n\n\n<p><strong>Negocjacje nad porozumieniem pandemicznym<\/strong><\/p>\n\n\n\n<p>Zobacz:<\/p>\n\n\n\n<ul><li>Radio Maryja, <a href=\"https:\/\/www.radiomaryja.pl\/informacje\/kraje-nalezace-do-who-zgodzily-sie-na-tresc-porozumienia-dotyczacego-walki-z-przyszlymi-pandemiami\/\">Kraje nale\u017c\u0105ce do WHO zgodzi\u0142y si\u0119 na tre\u015b\u0107 porozumienia dotycz\u0105cego walki z przysz\u0142ymi pandemiami<\/a>, radiomaryja.pl, 16.04.2025.<\/li><\/ul>\n\n\n\n<p class=\"has-text-align-center\">*<\/p>\n\n\n\n<p><strong>Patryk Ignaszczak, analityk Instytutu Ordo Iuris, w audycji \u201eAktualno\u015bci dnia\u201d na antenie Radia Maryja<\/strong><\/p>\n\n\n\n<p>Zobacz:<\/p>\n\n\n\n<ul><li>Radio Maryja, <a href=\"https:\/\/www.radiomaryja.pl\/informacje\/p-ignaszczak-jest-nadzieja-na-wyeliminowanie-ideologicznej-dzialalnosci-swiatowej-organizacji-zdrowia\/\">P. Ignaszczak: Jest nadzieja na wyeliminowanie ideologicznej dzia\u0142alno\u015bci \u015awiatowej Organizacji Zdrowia<\/a>, radiomaryja.pl, 16.05.2025.<\/li><\/ul>\n\n\n\n<p>Ca\u0142\u0105 audycj\u0119 mo\u017cna ods\u0142ucha\u0107   [<strong><a href=\"https:\/\/www.radiomaryja.pl\/multimedia\/19-maja-rozpocznie-sie-78-swiatowe-zgromadzenie-zdrowia-uczestnicy-wydarzenia-maja-debatowac-m-in-nad-tzw-traktatem-pandemicznym\/\">tutaj<\/a><\/strong>].<\/p>\n\n\n\n<p class=\"has-text-align-center\">*<\/p>\n\n\n\n<p><strong>Cz\u0142onkowie \u015awiatowej Organizacji Zdrowia przyj\u0119li tzw. traktat pandemiczny. Ma on w za\u0142o\u017ceniu okre\u015bla\u0107 zasady i narz\u0119dzia mi\u0119dzynarodowej wsp\u00f3\u0142pracy podczas pandemii<\/strong><\/p>\n\n\n\n<p>Zobacz:<\/p>\n\n\n\n<ul><li>RIRM,&nbsp;<a href=\"https:\/\/www.radiomaryja.pl\/informacje\/who-przyjela-tzw-traktat-pandemiczny\/\">WHO przyj\u0119\u0142a tzw. traktat pandemiczny<\/a>, radiomaryja.pl, 21.05.2025.<\/li><li>Patryk Ignaszczak \u2013 analityk Centrum Prawa Mi\u0119dzynarodowego Ordo Iuris,&nbsp;<a href=\"https:\/\/ordoiuris.pl\/wolnosci-obywatelskie\/analiza-tzw-traktatu-pandemicznego-swiatowej-organizacji-zdrowia\">Analiza tzw. traktatu pandemicznego \u015awiatowej Organizacji Zdrowia<\/a>, ordoiuris.pl, 05.06.2025.<\/li><\/ul>\n\n\n\n<p class=\"has-text-align-center\">*<\/p>\n\n\n\n<p><strong>5 lat po og\u0142oszeniu pandemii, lekarze nadal s\u0105 represjonowani za krytyk\u0119 szczepie\u0144 przeciwko COVID-19 lub obostrze\u0144 wprowadzonych przez rz\u0105d<\/strong><\/p>\n\n\n\n<p>Zobacz:<\/p>\n\n\n\n<ul><li>Instytut Na Rzecz Kultury Prawnej Ordo Iuris, <a href=\"https:\/\/ordoiuris.pl\/wolnosc-sumienia\/ordo-iuris-pomaga-lekarce-represjonowanej-za-krytyke-polityki-sanitarnej-rzadu\">Ordo Iuris pomaga lekarce represjonowanej za krytyk\u0119 polityki sanitarnej rz\u0105du podczas pandemii COVID-19<\/a>, ordoiuris.pl, 18.06.2025.<\/li><\/ul>\n\n\n\n<p class=\"has-text-align-center\">*<\/p>\n\n\n\n<p><strong>Czy \u201eszczepionki<strong>\u201d<\/strong> przeciw COVID-19 niszcz\u0105 zdrowie pilot\u00f3w linii lotniczych w USA?<\/strong><\/p>\n\n\n\n<p>Zobacz:<\/p>\n\n\n\n<ul><li>Mainwaring D.,&nbsp;<a href=\"https:\/\/www.lifesitenews.com\/news\/sudden-deaths-incapacitations-soar-among-covid-jabbed-airline-pilots-report\/?utm_source=popular\">Sudden deaths, incapacitations soar among COVID-jabbed airline pilots: report<\/a>, lifesitenews.com, 08.25.2025.<\/li><\/ul>\n\n\n\n<p class=\"has-text-align-center\">*<\/p>\n\n\n\n<p><strong>Trwaj\u0105 prace nad tzw. za\u0142\u0105cznikiem PABS, kt\u00f3ry ma by\u0107 uzupe\u0142nieniem niedawno przyj\u0119tego Traktatu pandemicznego<\/strong><\/p>\n\n\n\n<p>Zobacz:<\/p>\n\n\n\n<ul><li>Ordo Iuris,&nbsp;<a href=\"https:\/\/ordoiuris.pl\/informacje-prasowe\/miedzynarodowe-przepisy-zdrowotne-wchodza-w-zycie-prace-nad-uzupelnieniem-traktatu-pandemicznego-kontynuowane\/\">Mi\u0119dzynarodowe Przepisy Zdrowotne wchodz\u0105 w \u017cycie, prace nad uzupe\u0142nieniem Traktatu pandemicznego kontynuowane<\/a>, ordoiuris.pl, 08.10.2025.<\/li><\/ul>\n\n\n\n<p class=\"has-text-align-center\">*<\/p>\n\n\n\n<p><strong>Politycy Prawa i Sprawiedliwo\u015bci staj\u0105 w obronie lekarzy, kt\u00f3rzy s\u0105 szykanowani za trosk\u0119 o dobro swoich pacjent\u00f3w<\/strong><\/p>\n\n\n\n<p>Zobacz:<\/p>\n\n\n\n<ul><li>RIRM,&nbsp;<a href=\"https:\/\/www.radiomaryja.pl\/informacje\/poslowie-pis-bronia-lekarzy-ktorzy-ostrzegali-przed-mozliwymi-skutkami-ubocznymi-szczepionek-przeciwko-covid-19-pos-m-warchol-probuje-sie-tych-inaczej-myslacych-majacych-inny-poglad-zdyscyplinow\/\">Pos\u0142owie PIS broni\u0105 lekarzy, kt\u00f3rzy ostrzegali przed mo\u017cliwymi skutkami ubocznymi szczepionek przeciwko COVID-19. Pos. M. Warcho\u0142: Pr\u00f3buje si\u0119 tych inaczej my\u015bl\u0105cych, maj\u0105cych inny pogl\u0105d zdyscyplinowa\u0107 \u015brodkami karnymi<\/a>, radiomaryja.pl, 17.10.2025.<\/li><\/ul>\n\n\n\n<p class=\"has-text-align-center\">*<\/p>\n\n\n\n<p><strong>Ustawa Prawo farmaceutyczne: Reklama produktu leczniczego nie mo\u017ce by\u0107 kierowana do dzieci ani zawiera\u0107 \u017cadnego elementu, kt\u00f3ry jest do nich kierowany<\/strong><\/p>\n\n\n\n<p>Zobacz;<\/p>\n\n\n\n<ul><li>KROPS,&nbsp;<a href=\"https:\/\/www.ratujmyszkole.pl\/nowacka-po-stronie-koncernow-farmaceutycznych\/\">Nowacka po stronie koncern\u00f3w farmaceutycznych<\/a>, ratujmyszkole.pl, 18.10.2025.<\/li><\/ul>\n\n\n\n<p class=\"has-text-align-center\">*<\/p>\n\n\n\n<p class=\"has-text-align-center\"><strong><a href=\"https:\/\/proelio.pl\/component\/onispetitions\/petitions\/viewpetition\/78-nie-dla-zniesienia-dobrowolnosci-w-szczepieniach-d\">NIE dla zniesienia dobrowolno\u015bci w szczepieniach dzieci przeciw HPV<\/a><a href=\"https:\/\/episkopat.pl\/doc\/228925.List-Prezydium-Konferencji-Episkopatu-Polski-w-sprawie-nowego\"><br><\/a>Ministerstwo Zdrowia opublikowa\u0142o projekt rozporz\u0105dzenia<br>wprowadzaj\u0105cy obowi\u0105zek szczepie\u0144 dzieci przeciw HPV. Wyra\u017amy sprzeciw<br>20.10.2025<br>[proelio.pl]<\/strong><\/p>\n\n\n\n<p class=\"has-text-align-center\">*<\/p>\n\n\n\n<p class=\"has-text-align-center\"><strong><a href=\"https:\/\/proelio.pl\/petycje\/viewpetition\/81-odpowiedzialna-profilaktyka-hpv-musi-obejmowac-wsp\">Odpowiedzialna profilaktyka HPV musi obejmowa\u0107 <\/a><br><a href=\"https:\/\/citizengo.org\/pl\/ot\/15418---ostateczne-g%C5%82osowanie-za-kilka-dni-podpisz-i-sko%C5%84cz-z-traktatem-pandemicznym-who---\"><\/a><a href=\"https:\/\/proelio.pl\/petycje\/viewpetition\/81-odpowiedzialna-profilaktyka-hpv-musi-obejmowac-wsp\">wspieranie wstrzemi\u0119\u017aliwo\u015bci seksualnej i wierno\u015bci ma\u0142\u017ce\u0144skiej<\/a><br>Apel do Minister Zdrowia o uzupe\u0142nienie dzia\u0142a\u0144 podejmowanych w ramach profilaktyki HPV<br>5.02.2026<br>[proelio.pl]<\/strong><\/p>\n\n\n\n<p class=\"has-text-align-center\">*<\/p>\n\n\n\n<p><strong>Od przysz\u0142ego roku szczepienia dzieci przeciwko wirusowi HPV maj\u0105 by\u0107 obowi\u0105zkowe<\/strong><\/p>\n\n\n\n<p>Zobacz:<\/p>\n\n\n\n<ul><li>RIRM, <a href=\"https:\/\/www.radiomaryja.pl\/informacje\/szczepienie-dzieci-przeciwko-wirusowi-hpv-obowiazkowe-od-2027-roku\/\">Szczepienie dzieci przeciwko wirusowi HPV obowi\u0105zkowe od 2027 roku?<\/a>, radiomaryja.pl, 09.02.2026.<\/li><\/ul>\n\n\n\n<p>Wi\u0119cej:<\/p>\n\n\n\n<ul><li>Wr\u00f3bel U., <a href=\"https:\/\/sklep.naszdziennik.pl\/nasz-dziennik\/4102-nasz-dziennik-poniedzialek-9-lutego-2026-nr-32-8503.html\">Najpierw presja, potem przymus<\/a>, naszdziennik.pl, 09.02.2026.<\/li><\/ul>\n\n\n\n<p class=\"has-text-align-center\">*<\/p>\n\n\n\n<p><strong>Dr Katarzyna Ratkowska, specjalista psychiatrii, w audycji \u201eAktualno\u015bci dnia\u201d na antenie Radia Maryja<\/strong><\/p>\n\n\n\n<p>Zobacz:<\/p>\n\n\n\n<ul><li>Radio Maryja,&nbsp;<a href=\"https:\/\/www.radiomaryja.pl\/informacje\/dr-k-ratkowska-w-czasie-pandemii-mowilam-o-powaznych-powiklaniach-po-szczepieniach-na-covid-19-spelnialam-swoj-moralny-i-prawny-obowiazek-i-za-to-ja-oraz-inni-lekarze-jestesmy-oskarzani\/\">Dr K. Ratkowska: W czasie pandemii m\u00f3wi\u0142am o powa\u017cnych powik\u0142aniach po szczepieniach na COVID-19. Spe\u0142ni\u0142am sw\u00f3j moralny i prawny obowi\u0105zek i za to ja i inni lekarze jeste\u015bmy oskar\u017cani<\/a>, radiomaryja.pl, 04.03.2026.<\/li><\/ul>\n\n\n\n<p>Ca\u0142\u0105 audycj\u0119 mo\u017cna ods\u0142ucha\u0107   [<strong><a href=\"https:\/\/www.radiomaryja.pl\/multimedia\/postepowanie-karne-przeciwko-lekarz-katarzynie-ratkowskiej-za-leczenie-pacjentow-z-covid-19-amantadyna-w-czasie-pandemii-oraz-ostrzegania-pacjentow-i-spoleczenstwa-o-powiklaniach-ktore-powoduja-szcze\/\">tutaj<\/a><\/strong>].<\/p>\n\n\n\n<p class=\"has-text-align-center\">*<\/p>\n\n\n\n<p class=\"has-text-align-center\"><strong><a href=\"https:\/\/citizengo.org\/pl\/fr\/17758-stop-obowi%C4%85zkowym-szczepieniom-hpv---pozw%C3%B3lcie-rodzicom-decydowa%C4%87\">Stop obowi\u0105zkowym szczepieniom HPV \u2013 pozw\u00f3lcie rodzicom decydowa\u0107<\/a><br>Petycja do Minister Zdrowia<br>16.03.2026<br>[citizengo.org]<\/strong><\/p>\n\n\n\n<p class=\"has-text-align-center\">*<\/p>\n\n\n\n<p><strong>By\u0142y szef toksykologii w firmie Pfizer: Nawet 60 tys. os\u00f3b w Niemczech zmar\u0142o z powodu szczepionki na COVID-19<\/strong><\/p>\n\n\n\n<p>Zobacz: <\/p>\n\n\n\n<ul><li>So\u0144ta Z.,&nbsp;<a href=\"https:\/\/wp.naszdziennik.pl\/2026-04-15\/401445,zabojczy-preparat.html\">Zab\u00f3jczy preparat<\/a>, naszdziennik.pl, 15.04.2026.<\/li><\/ul>\n\n\n\n<p>Ca\u0142y artyku\u0142 jest dost\u0119pny [<strong><a href=\"https:\/\/www.radiomaryja.pl\/informacje\/nasz-dziennik-byly-szef-toksykologii-w-firmie-pfizer-nawet-60-tys-osob-w-niemczech-zmarlo-z-powodu-szczepionki-na-covid-19\/\">tutaj<\/a><\/strong>].<\/p>\n\n\n\n<p class=\"has-text-align-center\">*<\/p>\n\n\n\n<p class=\"has-text-align-center\"><strong>Wp\u0142yw zmian traktatowych na suwerenno\u015b\u0107 w dziedzinie edukacji, zdrowia i polityki rodzinnej<br><a href=\"https:\/\/ordoiuris.pl\/wp-content\/uploads\/2026\/04\/wplyw-zmian-traktatowych-polityka-rodzinna-infografika-scaled-1.pdf\">Infografika<\/a><br>30.04.2026<br>[ordoiuris.pl]<br><\/strong><\/p>\n\n\n\n<p class=\"has-text-align-center\">*<\/p>\n\n\n\n<p><strong>Zobacz:<\/strong><\/p>\n\n\n\n<ul><li><strong><a href=\"http:\/\/dobreszczepionki.pl\/?page_id=28776\">Literatura o szczepionkach<\/a>.<\/strong><\/li><\/ul>\n\n\n\n<p class=\"has-text-align-right\"><strong>Aktualizacja: 01.05.2026<\/strong><\/p>\n","protected":false},"excerpt":{"rendered":"<p>&nbsp;&nbsp;&nbsp;&nbsp;&nbsp;&nbsp;&nbsp;&nbsp;&nbsp;&nbsp;&nbsp;&nbsp;&nbsp;&nbsp;&nbsp;&nbsp;&nbsp;&nbsp;&nbsp;&nbsp;\u201eIstnieje&nbsp; powa\u017cny&nbsp; obowi\u0105zek&nbsp; stosowania&nbsp; alternatywnych&nbsp; szczepionek&nbsp; oraz&nbsp;&nbsp; &nbsp; &nbsp;sprzeciwu sumienia w odniesieniu do tych, kt\u00f3re s\u0105 moralnie problematyczne\u201d Papieska Akademia \u017bycia * Aborcja jest wyrafinowanym z\u0142em. Je\u015bli aborcj\u0105 jest odebranie \u017cycia niewinnej i bezbronnej osobie ludzkiej, to czyn ten jest zawsze i wsz\u0119dzie moralnie nies\u0142uszny. * Cho\u0107 prawie wszyscy rodzice uczestnicz\u0105 w Programie Szczepie\u0144 Ochronnych <a href=\"http:\/\/dobreszczepionki.pl\/\">Read More<\/a><\/p>\n","protected":false},"author":1,"featured_media":0,"parent":0,"menu_order":1,"comment_status":"closed","ping_status":"closed","template":"","meta":[],"_links":{"self":[{"href":"http:\/\/dobreszczepionki.pl\/index.php?rest_route=\/wp\/v2\/pages\/8"}],"collection":[{"href":"http:\/\/dobreszczepionki.pl\/index.php?rest_route=\/wp\/v2\/pages"}],"about":[{"href":"http:\/\/dobreszczepionki.pl\/index.php?rest_route=\/wp\/v2\/types\/page"}],"author":[{"embeddable":true,"href":"http:\/\/dobreszczepionki.pl\/index.php?rest_route=\/wp\/v2\/users\/1"}],"replies":[{"embeddable":true,"href":"http:\/\/dobreszczepionki.pl\/index.php?rest_route=%2Fwp%2Fv2%2Fcomments&post=8"}],"version-history":[{"count":4726,"href":"http:\/\/dobreszczepionki.pl\/index.php?rest_route=\/wp\/v2\/pages\/8\/revisions"}],"predecessor-version":[{"id":43945,"href":"http:\/\/dobreszczepionki.pl\/index.php?rest_route=\/wp\/v2\/pages\/8\/revisions\/43945"}],"wp:attachment":[{"href":"http:\/\/dobreszczepionki.pl\/index.php?rest_route=%2Fwp%2Fv2%2Fmedia&parent=8"}],"curies":[{"name":"wp","href":"https:\/\/api.w.org\/{rel}","templated":true}]}}